{"id":2255,"date":"2016-09-09T11:23:24","date_gmt":"2016-09-09T11:23:24","guid":{"rendered":"https:\/\/www.facsa.com\/municipios\/?page_id=2255"},"modified":"2026-04-24T12:46:50","modified_gmt":"2026-04-24T10:46:50","slug":"marratxi","status":"publish","type":"page","link":"https:\/\/www.facsa.com\/municipios\/marratxi\/","title":{"rendered":"Marratx\u00ed Cat"},"content":{"rendered":"<p>[et_pb_section fb_built=\u00bb1&#8243; fullwidth=\u00bbon\u00bb admin_label=\u00bbbloque con nombre municipio\u00bb _builder_version=\u00bb4.16&#8243; width=\u00bb100%\u00bb custom_margin=\u00bb0px|||\u00bb global_colors_info=\u00bb{}\u00bb][et_pb_fullwidth_header title=\u00bbMarratx\u00ed\u00bb subhead=\u00bbServei Municipal d\u00b4Aigua Potable i Clavegueram\u00bb text_orientation=\u00bbcenter\u00bb admin_label=\u00bbt\u00edtulo del municipio\u00bb _builder_version=\u00bb4.16&#8243; title_font=\u00bb||||||||\u00bb title_font_size=\u00bb40px\u00bb title_line_height=\u00bb1.1em\u00bb subhead_font=\u00bb||||||||\u00bb subhead_text_align=\u00bbcenter\u00bb subhead_font_size=\u00bb35px\u00bb subhead_letter_spacing=\u00bb1px\u00bb subhead_line_height=\u00bb1.1em\u00bb background_color=\u00bbrgba(255, 255, 255, 0)\u00bb background_size=\u00bbinitial\u00bb background_position=\u00bbtop_left\u00bb background_repeat=\u00bbrepeat\u00bb background_layout=\u00bblight\u00bb width=\u00bb100%\u00bb max_width=\u00bb100%\u00bb custom_margin=\u00bb0px|0px|0px|0px|false|false\u00bb custom_padding=\u00bb0px|0px|0px|0px|false|false\u00bb global_colors_info=\u00bb{}\u00bb button_one_text_size__hover_enabled=\u00bboff\u00bb button_two_text_size__hover_enabled=\u00bboff\u00bb button_one_text_color__hover_enabled=\u00bboff\u00bb button_two_text_color__hover_enabled=\u00bboff\u00bb button_one_border_width__hover_enabled=\u00bboff\u00bb button_two_border_width__hover_enabled=\u00bboff\u00bb button_one_border_color__hover_enabled=\u00bboff\u00bb button_two_border_color__hover_enabled=\u00bboff\u00bb button_one_border_radius__hover_enabled=\u00bboff\u00bb button_two_border_radius__hover_enabled=\u00bboff\u00bb button_one_letter_spacing__hover_enabled=\u00bboff\u00bb button_two_letter_spacing__hover_enabled=\u00bboff\u00bb button_one_bg_color__hover_enabled=\u00bboff\u00bb button_two_bg_color__hover_enabled=\u00bboff\u00bb][\/et_pb_fullwidth_header][\/et_pb_section][et_pb_section fb_built=\u00bb1&#8243; fullwidth=\u00bbon\u00bb admin_label=\u00bbbloque del carrusel\u00bb _builder_version=\u00bb4.16&#8243; global_module=\u00bb8588&#8243; global_colors_info=\u00bb{}\u00bb][et_pb_fullwidth_slider admin_label=\u00bbCarrusel de im\u00e1genes\u00bb _builder_version=\u00bb4.27.2&#8243; auto=\u00bbon\u00bb auto_speed=\u00bb3000&#8243; link_option_url_new_window=\u00bbon\u00bb box_shadow_style=\u00bbpreset6&#8243; box_shadow_blur=\u00bb10px\u00bb box_shadow_color=\u00bbrgba(0,0,0,0.1)\u00bb global_colors_info=\u00bb{}\u00bb button_text_size__hover_enabled=\u00bboff\u00bb button_one_text_size__hover_enabled=\u00bboff\u00bb button_two_text_size__hover_enabled=\u00bboff\u00bb button_text_color__hover_enabled=\u00bboff\u00bb button_one_text_color__hover_enabled=\u00bboff\u00bb button_two_text_color__hover_enabled=\u00bboff\u00bb button_border_width__hover_enabled=\u00bboff\u00bb button_one_border_width__hover_enabled=\u00bboff\u00bb button_two_border_width__hover_enabled=\u00bboff\u00bb button_border_color__hover_enabled=\u00bboff\u00bb button_one_border_color__hover_enabled=\u00bboff\u00bb button_two_border_color__hover_enabled=\u00bboff\u00bb button_border_radius__hover_enabled=\u00bboff\u00bb button_one_border_radius__hover_enabled=\u00bboff\u00bb button_two_border_radius__hover_enabled=\u00bboff\u00bb button_letter_spacing__hover_enabled=\u00bboff\u00bb button_one_letter_spacing__hover_enabled=\u00bboff\u00bb button_two_letter_spacing__hover_enabled=\u00bboff\u00bb button_bg_color__hover_enabled=\u00bboff\u00bb button_one_bg_color__hover_enabled=\u00bboff\u00bb button_two_bg_color__hover_enabled=\u00bboff\u00bb][et_pb_slide button_link=\u00bbhttps:\/\/situacionhidrica.facsa.com\/\u00bb url_new_window=\u00bbon\u00bb _builder_version=\u00bb4.27.2&#8243; background_enable_color=\u00bboff\u00bb background_image=\u00bbhttps:\/\/www.facsa.com\/municipios\/wp-content\/uploads\/2025\/06\/Banner_Web_SituacionHidrica_VAL_FACSA.jpg\u00bb background_enable_image=\u00bbon\u00bb link_option_url=\u00bbhttps:\/\/situacionhidrica.facsa.com\/\u00bb link_option_url_new_window=\u00bbon\u00bb global_colors_info=\u00bb{}\u00bb button_text_size__hover_enabled=\u00bboff\u00bb button_one_text_size__hover_enabled=\u00bboff\u00bb button_two_text_size__hover_enabled=\u00bboff\u00bb button_text_color__hover_enabled=\u00bboff\u00bb button_one_text_color__hover_enabled=\u00bboff\u00bb button_two_text_color__hover_enabled=\u00bboff\u00bb button_border_width__hover_enabled=\u00bboff\u00bb button_one_border_width__hover_enabled=\u00bboff\u00bb button_two_border_width__hover_enabled=\u00bboff\u00bb button_border_color__hover_enabled=\u00bboff\u00bb button_one_border_color__hover_enabled=\u00bboff\u00bb button_two_border_color__hover_enabled=\u00bboff\u00bb button_border_radius__hover_enabled=\u00bboff\u00bb button_one_border_radius__hover_enabled=\u00bboff\u00bb button_two_border_radius__hover_enabled=\u00bboff\u00bb button_letter_spacing__hover_enabled=\u00bboff\u00bb button_one_letter_spacing__hover_enabled=\u00bboff\u00bb button_two_letter_spacing__hover_enabled=\u00bboff\u00bb button_bg_color__hover_enabled=\u00bboff\u00bb button_one_bg_color__hover_enabled=\u00bboff\u00bb button_two_bg_color__hover_enabled=\u00bboff\u00bb sticky_transition=\u00bbon\u00bb][\/et_pb_slide][et_pb_slide _builder_version=\u00bb4.16&#8243; background_enable_color=\u00bboff\u00bb background_image=\u00bbhttps:\/\/www.facsa.com\/municipios\/wp-content\/uploads\/2021\/04\/Banner-general.jpg\u00bb background_enable_image=\u00bbon\u00bb global_colors_info=\u00bb{}\u00bb button_text_size__hover_enabled=\u00bboff\u00bb button_one_text_size__hover_enabled=\u00bboff\u00bb button_two_text_size__hover_enabled=\u00bboff\u00bb button_text_color__hover_enabled=\u00bboff\u00bb button_one_text_color__hover_enabled=\u00bboff\u00bb button_two_text_color__hover_enabled=\u00bboff\u00bb button_border_width__hover_enabled=\u00bboff\u00bb button_one_border_width__hover_enabled=\u00bboff\u00bb button_two_border_width__hover_enabled=\u00bboff\u00bb button_border_color__hover_enabled=\u00bboff\u00bb button_one_border_color__hover_enabled=\u00bboff\u00bb button_two_border_color__hover_enabled=\u00bboff\u00bb button_border_radius__hover_enabled=\u00bboff\u00bb button_one_border_radius__hover_enabled=\u00bboff\u00bb button_two_border_radius__hover_enabled=\u00bboff\u00bb button_letter_spacing__hover_enabled=\u00bboff\u00bb button_one_letter_spacing__hover_enabled=\u00bboff\u00bb button_two_letter_spacing__hover_enabled=\u00bboff\u00bb button_bg_color__hover_enabled=\u00bboff\u00bb button_one_bg_color__hover_enabled=\u00bboff\u00bb button_two_bg_color__hover_enabled=\u00bboff\u00bb sticky_transition=\u00bbon\u00bb][\/et_pb_slide][et_pb_slide button_link=\u00bbhttps:\/\/facsa-eoficina.grupogimeno.com\/?lang=ca\u00bb url_new_window=\u00bbon\u00bb _builder_version=\u00bb4.27.2&#8243; background_enable_color=\u00bboff\u00bb background_image=\u00bbhttps:\/\/www.facsa.com\/municipios\/wp-content\/uploads\/2024\/06\/BannerWebMunicipios_1920x495_Campa\u00c3\u00b1aGesti\u00c3\u00b3nOnlineCitaPrevia_Val_FACSA-1.jpg\u00bb background_enable_image=\u00bbon\u00bb link_option_url=\u00bbhttps:\/\/facsa-eoficina.grupogimeno.com\/?lang=ca\u00bb link_option_url_new_window=\u00bbon\u00bb global_colors_info=\u00bb{}\u00bb button_text_size__hover_enabled=\u00bboff\u00bb button_one_text_size__hover_enabled=\u00bboff\u00bb button_two_text_size__hover_enabled=\u00bboff\u00bb button_text_color__hover_enabled=\u00bboff\u00bb button_one_text_color__hover_enabled=\u00bboff\u00bb button_two_text_color__hover_enabled=\u00bboff\u00bb button_border_width__hover_enabled=\u00bboff\u00bb button_one_border_width__hover_enabled=\u00bboff\u00bb button_two_border_width__hover_enabled=\u00bboff\u00bb button_border_color__hover_enabled=\u00bboff\u00bb button_one_border_color__hover_enabled=\u00bboff\u00bb button_two_border_color__hover_enabled=\u00bboff\u00bb button_border_radius__hover_enabled=\u00bboff\u00bb button_one_border_radius__hover_enabled=\u00bboff\u00bb button_two_border_radius__hover_enabled=\u00bboff\u00bb button_letter_spacing__hover_enabled=\u00bboff\u00bb button_one_letter_spacing__hover_enabled=\u00bboff\u00bb button_two_letter_spacing__hover_enabled=\u00bboff\u00bb button_bg_color__hover_enabled=\u00bboff\u00bb button_one_bg_color__hover_enabled=\u00bboff\u00bb button_two_bg_color__hover_enabled=\u00bboff\u00bb sticky_transition=\u00bbon\u00bb][\/et_pb_slide][\/et_pb_fullwidth_slider][\/et_pb_section][et_pb_section fb_built=\u00bb1&#8243; custom_padding_last_edited=\u00bbon|desktop\u00bb disabled_on=\u00bboff|off|off\u00bb admin_label=\u00bbbanner destacados municipios web\u00bb _builder_version=\u00bb4.16&#8243; background_color=\u00bb#f4f4f4&#8243; module_alignment=\u00bbcenter\u00bb custom_margin=\u00bb0px|0px|0px|0px|false|false\u00bb custom_padding=\u00bb0px|0px|0px||false|false\u00bb custom_padding_tablet=\u00bb50px|0|50px|0&#8243; custom_padding_phone=\u00bb\u00bb border_color_all=\u00bb#ffffff\u00bb transparent_background=\u00bboff\u00bb global_colors_info=\u00bb{}\u00bb][et_pb_row disabled_on=\u00bboff|off|off\u00bb admin_label=\u00bbFila web\u00bb module_class=\u00bb et_pb_row_fullwidth\u00bb _builder_version=\u00bb4.16&#8243; background_size=\u00bbinitial\u00bb background_position=\u00bbtop_left\u00bb background_repeat=\u00bbrepeat\u00bb width=\u00bb89%\u00bb width_tablet=\u00bb80%\u00bb width_phone=\u00bb\u00bb width_last_edited=\u00bbon|desktop\u00bb max_width=\u00bb89%\u00bb max_width_tablet=\u00bb80%\u00bb max_width_phone=\u00bb\u00bb max_width_last_edited=\u00bbon|desktop\u00bb module_alignment=\u00bbcenter\u00bb custom_margin=\u00bb0px|0px||0px|false|false\u00bb custom_padding=\u00bb9px|0px|9px|0px|false|false\u00bb make_fullwidth=\u00bbon\u00bb global_colors_info=\u00bb{}\u00bb][et_pb_column type=\u00bb4_4&#8243; _builder_version=\u00bb4.16&#8243; custom_padding=\u00bb|0px||0px|false|false\u00bb global_colors_info=\u00bb{}\u00bb custom_padding__hover=\u00bb|||\u00bb][et_pb_text _builder_version=\u00bb4.16&#8243; text_font=\u00bb||||||||\u00bb text_text_color=\u00bb#f4f4f4&#8243; header_text_color=\u00bb#969696&#8243; text_orientation=\u00bbcenter\u00bb width=\u00bb81%\u00bb max_width=\u00bb81%\u00bb module_alignment=\u00bbcenter\u00bb custom_margin=\u00bb0px|0px|0px|0px|false|false\u00bb custom_padding=\u00bb0px|0px|0px|0px|false|false\u00bb global_colors_info=\u00bb{}\u00bb]<\/p>\n<p style=\"text-align: center;\"><span style=\"color: #969696;\"><span style=\"color: #969696;\" line-height:310=\"\">Recorde que pot realitzar\u00a0<b>les seves gestions telef\u00f2nicament o mitjan\u00e7ant la nostra<\/b> <a href=\"https:\/\/facsa-eoficina.grupogimeno.com\/\" target=\"_blank\" rel=\"noopener noreferrer\"><strong><span style=\"color: #00ccff;\">oficina virtual<\/span><\/strong><\/a>. Si necessita acudir a les nostres oficines d&#8217;atenci\u00f3 presencial, evite esperes innecess\u00e0ries sol\u00b7licitant<b>\u00a0cita pr\u00e8via<\/b>\u00a0telefonant a la seva oficina habitual o<b>\u00a0punxant<\/b>\u00a0<a href=\"https:\/\/citaprevia.waternology.es:8443\/citaprevia\/#!\/es\/home?uuid=82a8-0242a-11ec-999f5\" target=\"_blank\" rel=\"noopener noreferrer\"><strong><span style=\"color: #00ccff;\">aqu\u00ed<\/span><\/strong><\/a>.<\/span><\/span><\/p>\n<p>[\/et_pb_text][\/et_pb_column][\/et_pb_row][\/et_pb_section][et_pb_section fb_built=\u00bb1&#8243; custom_padding_last_edited=\u00bbon|desktop\u00bb disabled_on=\u00bboff|off|off\u00bb admin_label=\u00bbbanner destacados municipios web\u00bb _builder_version=\u00bb4.27.2&#8243; background_color=\u00bb#e02b20&#8243; custom_margin=\u00bb0px||0px|\u00bb custom_padding=\u00bb0px||0px|\u00bb custom_padding_tablet=\u00bb50px|0|50px|0&#8243; custom_padding_phone=\u00bb\u00bb hover_enabled=\u00bb0&#8243; border_color_all=\u00bb#ffffff\u00bb transparent_background=\u00bboff\u00bb global_colors_info=\u00bb{}\u00bb sticky_enabled=\u00bb0&#8243;][et_pb_row disabled_on=\u00bboff|off|off\u00bb admin_label=\u00bbFila web\u00bb module_class=\u00bb et_pb_row_fullwidth\u00bb _builder_version=\u00bb4.16&#8243; background_size=\u00bbinitial\u00bb background_position=\u00bbtop_left\u00bb background_repeat=\u00bbrepeat\u00bb width=\u00bb89%\u00bb width_tablet=\u00bb80%\u00bb width_phone=\u00bb\u00bb width_last_edited=\u00bbon|desktop\u00bb max_width=\u00bb89%\u00bb max_width_tablet=\u00bb80%\u00bb max_width_phone=\u00bb\u00bb max_width_last_edited=\u00bbon|desktop\u00bb module_alignment=\u00bbcenter\u00bb custom_margin=\u00bb0px|||\u00bb custom_padding=\u00bb9px||9px|\u00bb make_fullwidth=\u00bbon\u00bb global_colors_info=\u00bb{}\u00bb][et_pb_column type=\u00bb4_4&#8243; _builder_version=\u00bb4.16&#8243; custom_padding=\u00bb|||\u00bb global_colors_info=\u00bb{}\u00bb custom_padding__hover=\u00bb|||\u00bb][et_pb_text _builder_version=\u00bb4.16&#8243; text_font=\u00bb||||||||\u00bb text_orientation=\u00bbcenter\u00bb min_height=\u00bb44.1px\u00bb custom_margin=\u00bb0px||19px|||\u00bb custom_padding=\u00bb4px||0px|||\u00bb global_colors_info=\u00bb{}\u00bb]<\/p>\n<p><span style=\"color: #000000;\"><span><img decoding=\"async\" src=\"https:\/\/www.facsa.com\/municipios\/wp-content\/uploads\/2021\/03\/icono_alerta2.png\" \/><\/span><span style=\"color: #ffffff;\" line-height:310=\"\">ATENCI\u00d3! Facsa comunica als seus usuaris\/\u00e0ries que, per treballs de millora en la xarxa, el <strong>dimecres dia 29\/04\/2026<\/strong> es produir\u00e0 un tall en el subministrament d&#8217;aigua potable o falta de pressi\u00f3, des de les <strong>07:00h<\/strong> fins a finalitzaci\u00f3 dels treballs, aprox. <strong>17:00h<\/strong>. El subministrament es restablir\u00e0 sense previ av\u00eds. <strong>Afectar\u00e0 a Son Ramonell: ARBRE DE LA CIENCIA, INSTITUT, MIQUEL POR\u00c7EL, ANSELM TURMEDA, JAFUDA CRESQUES, JOSEP M.\u00aa OLMS, MELSION ROSSELLO, LLOREN\u00c7 DURAN, ANDREU FERRER, GUILLEM FORTEZA, FERRAN LEAL, CATALINA VIVES, ROSA ROIG, GABRIEL VINYAS, ALEXANDRE ROSSELLO, MATEU OBRADOR, JOAN CAPO, GUILLEM CIFRE DE COLONYA, SON RAMONELL, JOSEP M.\u00aa EYARALAR, JOAN ROSSELLO, J.LL. PONS I GALLARZA, PERE VIRGILI, GUILLEM COLOM, JOAN ALCOVER, MIQUEL DELS SANTS OLIVER, MAR\u00cdA AGUIL\u00d3, BERENGUER PIQUER i una part de CAMI MUNTANYA. Preguem disculpen les mol\u00e8sties.\u00a0<\/strong><\/span><\/span><\/p>\n<p>[\/et_pb_text][\/et_pb_column][\/et_pb_row][\/et_pb_section][et_pb_section fb_built=\u00bb1&#8243; custom_padding_last_edited=\u00bbon|desktop\u00bb admin_label=\u00bbsecci\u00f3n enlaces destacados\u00bb _builder_version=\u00bb4.16&#8243; custom_padding_tablet=\u00bb50px|0|50px|0&#8243; custom_padding_phone=\u00bb\u00bb transparent_background=\u00bboff\u00bb global_colors_info=\u00bb{}\u00bb][et_pb_row column_structure=\u00bb1_3,1_3,1_3&#8243; _builder_version=\u00bb4.16&#8243; _module_preset=\u00bbdefault\u00bb global_colors_info=\u00bb{}\u00bb][et_pb_column type=\u00bb1_3&#8243; _builder_version=\u00bb4.16&#8243; _module_preset=\u00bbdefault\u00bb global_colors_info=\u00bb{}\u00bb][et_pb_image src=\u00bbhttps:\/\/www.facsa.com\/municipios\/wp-content\/uploads\/2021\/04\/Val_Cita_previa-1.jpg\u00bb title_text=\u00bbVal_Azul_Cita_previa\u00bb url=\u00bbhttps:\/\/citaprevia.waternology.es\u00bb url_new_window=\u00bbon\u00bb align=\u00bbcenter\u00bb admin_label=\u00bbcita online\u00bb _builder_version=\u00bb4.16&#8243; _module_preset=\u00bbdefault\u00bb global_colors_info=\u00bb{}\u00bb src__hover_enabled=\u00bbon|hover\u00bb src__hover=\u00bbhttps:\/\/www.facsa.com\/municipios\/wp-content\/uploads\/2021\/04\/Val_Azul_Cita_previa-1.jpg\u00bb][\/et_pb_image][\/et_pb_column][et_pb_column type=\u00bb1_3&#8243; _builder_version=\u00bb4.16&#8243; _module_preset=\u00bbdefault\u00bb global_colors_info=\u00bb{}\u00bb][et_pb_image src=\u00bbhttps:\/\/www.facsa.com\/municipios\/wp-content\/uploads\/2021\/04\/Val_eOficina-1.jpg\u00bb title_text=\u00bbVal_Azul_eOficina\u00bb url=\u00bbhttps:\/\/facsa-eoficina.grupogimeno.com\/?lang=ca\u00bb url_new_window=\u00bbon\u00bb align=\u00bbcenter\u00bb admin_label=\u00bbeoficina\u00bb _builder_version=\u00bb4.16&#8243; _module_preset=\u00bbdefault\u00bb global_colors_info=\u00bb{}\u00bb src__hover_enabled=\u00bbon|hover\u00bb src__hover=\u00bbhttps:\/\/www.facsa.com\/municipios\/wp-content\/uploads\/2021\/04\/Val_Azul_eOficina-1.jpg\u00bb][\/et_pb_image][\/et_pb_column][et_pb_column type=\u00bb1_3&#8243; _builder_version=\u00bb4.16&#8243; _module_preset=\u00bbdefault\u00bb global_colors_info=\u00bb{}\u00bb][et_pb_image src=\u00bbhttps:\/\/www.facsa.com\/municipios\/wp-content\/uploads\/2021\/04\/Val_Factura-1.jpg\u00bb title_text=\u00bbVal_Azul_Factura\u00bb url=\u00bbhttps:\/\/facsa-eoficina.grupogimeno.com\/explicacion-recibo?lang=ca\u00bb url_new_window=\u00bbon\u00bb align=\u00bbcenter\u00bb admin_label=\u00bbfactura\u00bb _builder_version=\u00bb4.16&#8243; _module_preset=\u00bbdefault\u00bb global_colors_info=\u00bb{}\u00bb src__hover_enabled=\u00bbon|hover\u00bb src__hover=\u00bbhttps:\/\/www.facsa.com\/municipios\/wp-content\/uploads\/2021\/04\/Val_Azul_Factura-1.jpg\u00bb][\/et_pb_image][\/et_pb_column][\/et_pb_row][\/et_pb_section][et_pb_section fb_built=\u00bb1&#8243; custom_padding_last_edited=\u00bbon|desktop\u00bb admin_label=\u00bbsecci\u00f3n im\u00e1genes destacadas\u00bb _builder_version=\u00bb4.16&#8243; background_color=\u00bb#f4f4f4&#8243; custom_padding_tablet=\u00bb50px|0|50px|0&#8243; custom_padding_phone=\u00bb\u00bb transparent_background=\u00bboff\u00bb global_colors_info=\u00bb{}\u00bb][et_pb_row column_structure=\u00bb1_4,1_4,1_4,1_4&#8243; _builder_version=\u00bb4.16&#8243; _module_preset=\u00bbdefault\u00bb global_colors_info=\u00bb{}\u00bb][et_pb_column type=\u00bb1_4&#8243; _builder_version=\u00bb4.16&#8243; _module_preset=\u00bbdefault\u00bb global_colors_info=\u00bb{}\u00bb][et_pb_blurb title=\u00bbTarifes del municipi\u00bb url=\u00bbhttps:\/\/www.facsa.com\/municipios\/wp-content\/uploads\/2022\/05\/Tarifas_Marratxi_cat.pdf\u00bb url_new_window=\u00bbon\u00bb image=\u00bbhttps:\/\/www.facsa.com\/municipios\/wp-content\/uploads\/2021\/03\/Gris_icono_tarifas.png\u00bb admin_label=\u00bbTarifas\u00bb _builder_version=\u00bb4.16&#8243; _module_preset=\u00bbdefault\u00bb header_font=\u00bb|700|||||||\u00bb header_text_align=\u00bbcenter\u00bb header_text_color=\u00bb#969696&#8243; header_font_size=\u00bb23px\u00bb header_letter_spacing=\u00bb1px\u00bb body_text_color=\u00bb#969696&#8243; child_filter_saturate=\u00bb90%\u00bb link_option_url=\u00bbhttps:\/\/www.facsa.com\/municipios\/wp-content\/uploads\/2022\/05\/Tarifas_Marratxi_cat.pdf\u00bb global_colors_info=\u00bb{}\u00bb child_filter_hue_rotate__hover_enabled=\u00bbon|hover\u00bb image__hover_enabled=\u00bbon|desktop\u00bb image__hover=\u00bbhttps:\/\/www.facsa.com\/municipios\/wp-content\/uploads\/2021\/03\/Azul_icono_tarifas.png\u00bb header_text_color__hover_enabled=\u00bbon|hover\u00bb header_text_color__hover=\u00bb#00537f\u00bb body_text_color__hover_enabled=\u00bbon|hover\u00bb body_text_color__hover=\u00bb#00537f\u00bb]<\/p>\n<p style=\"text-align: center;\">Consulta les tarifes de subministrament d&#8217;aigua potable del teu municipi<\/p>\n<p>[\/et_pb_blurb][\/et_pb_column][et_pb_column type=\u00bb1_4&#8243; _builder_version=\u00bb4.16&#8243; _module_preset=\u00bbdefault\u00bb global_colors_info=\u00bb{}\u00bb][et_pb_blurb title=\u00bbQualitat de l&#8217;aigua\u00bb url=\u00bbhttps:\/\/www.facsa.com\/municipios\/marratxi\/marratxi-calidad-del-agua_vlc\/\u00bb image=\u00bbhttps:\/\/www.facsa.com\/municipios\/wp-content\/uploads\/2021\/03\/Gris_icono_calidad.png\u00bb admin_label=\u00bbCalidad\u00bb _builder_version=\u00bb4.27.2&#8243; _module_preset=\u00bbdefault\u00bb header_font=\u00bb|700|||||||\u00bb header_text_align=\u00bbcenter\u00bb header_text_color=\u00bb#969696&#8243; header_font_size=\u00bb23px\u00bb header_letter_spacing=\u00bb1px\u00bb body_text_color=\u00bb#969696&#8243; child_filter_saturate=\u00bb90%\u00bb link_option_url=\u00bbhttps:\/\/www.facsa.com\/municipios\/marratxi\/marratxi-calidad-del-agua_vlc\/\u00bb global_colors_info=\u00bb{}\u00bb child_filter_hue_rotate__hover_enabled=\u00bbon|hover\u00bb image__hover_enabled=\u00bbon|hover\u00bb image__hover=\u00bbhttps:\/\/www.facsa.com\/municipios\/wp-content\/uploads\/2021\/03\/Azul_icono_calidad.png\u00bb header_text_color__hover_enabled=\u00bbon|hover\u00bb header_text_color__hover=\u00bb#00537f\u00bb body_text_color__hover_enabled=\u00bbon|hover\u00bb body_text_color__hover=\u00bb#00537f\u00bb]<\/p>\n<p style=\"text-align: center;\"><span>Accedeix a la documentaci\u00f3 explicativa m\u00e9s rellevant de la qualitat de l&#8217;aigua<\/span><\/p>\n<p>[\/et_pb_blurb][\/et_pb_column][et_pb_column type=\u00bb1_4&#8243; _builder_version=\u00bb4.16&#8243; _module_preset=\u00bbdefault\u00bb global_colors_info=\u00bb{}\u00bb][et_pb_blurb title=\u00bbNormativa\u00bb url=\u00bbhttps:\/\/www.facsa.com\/municipios\/wp-content\/uploads\/2021\/07\/Normativa_Marratxi_cat.pdf%20&#8243; url_new_window=\u00bbon\u00bb image=\u00bbhttps:\/\/www.facsa.com\/municipios\/wp-content\/uploads\/2021\/03\/Gris_normativa.png\u00bb admin_label=\u00bbNormativas\u00bb _builder_version=\u00bb4.16&#8243; _module_preset=\u00bbdefault\u00bb header_font=\u00bb|700|||||||\u00bb header_text_align=\u00bbcenter\u00bb header_text_color=\u00bb#969696&#8243; header_font_size=\u00bb23px\u00bb header_letter_spacing=\u00bb1px\u00bb body_text_color=\u00bb#969696&#8243; child_filter_saturate=\u00bb90%\u00bb global_colors_info=\u00bb{}\u00bb child_filter_hue_rotate__hover_enabled=\u00bbon|hover\u00bb image__hover_enabled=\u00bbon|hover\u00bb image__hover=\u00bbhttps:\/\/www.facsa.com\/municipios\/wp-content\/uploads\/2021\/03\/Azul_normativa.png\u00bb header_text_color__hover_enabled=\u00bbon|hover\u00bb header_text_color__hover=\u00bb#00537f\u00bb body_text_color__hover_enabled=\u00bbon|hover\u00bb body_text_color__hover=\u00bb#00537f\u00bb]<\/p>\n<p style=\"text-align: center;\">Coneix la normativa que regula l&#8217;abastiment de l&#8217;aigua en el teu municipi<\/p>\n<p>[\/et_pb_blurb][\/et_pb_column][et_pb_column type=\u00bb1_4&#8243; _builder_version=\u00bb4.16&#8243; _module_preset=\u00bbdefault\u00bb global_colors_info=\u00bb{}\u00bb][et_pb_blurb title=\u00bbGesti\u00f3 de clients\u00bb url=\u00bbhttps:\/\/www.facsa.com\/municipios\/wp-content\/uploads\/2024\/06\/Gestion-Clientes_Marratxi_cat.pdf\u00bb url_new_window=\u00bbon\u00bb image=\u00bbhttps:\/\/www.facsa.com\/municipios\/wp-content\/uploads\/2021\/03\/Gris_icono_gestion_clientes.png\u00bb admin_label=\u00bbClientes\u00bb _builder_version=\u00bb4.25.2&#8243; _module_preset=\u00bbdefault\u00bb header_font=\u00bb|700|||||||\u00bb header_text_align=\u00bbcenter\u00bb header_text_color=\u00bb#969696&#8243; header_font_size=\u00bb23px\u00bb header_letter_spacing=\u00bb1px\u00bb body_text_color=\u00bb#969696&#8243; child_filter_saturate=\u00bb90%\u00bb link_option_url=\u00bbhttps:\/\/www.facsa.com\/municipios\/wp-content\/uploads\/2024\/06\/Gestion-Clientes_Marratxi_cat.pdf\u00bb global_colors_info=\u00bb{}\u00bb child_filter_hue_rotate__hover_enabled=\u00bbon|hover\u00bb image__hover_enabled=\u00bbon|hover\u00bb image__hover=\u00bbhttps:\/\/www.facsa.com\/municipios\/wp-content\/uploads\/2021\/03\/Azul_icono_gestion_clientes.png\u00bb header_text_color__hover_enabled=\u00bbon|hover\u00bb header_text_color__hover=\u00bb#00537f\u00bb body_text_color__hover_enabled=\u00bbon|hover\u00bb body_text_color__hover=\u00bb#00537f\u00bb]<\/p>\n<p style=\"text-align: center;\">Informa&#8217;t de la documentaci\u00f3 necess\u00e0ria per a donar-te d&#8217;alta, baixa o canvi de titular<\/p>\n<p>[\/et_pb_blurb][\/et_pb_column][\/et_pb_row][\/et_pb_section][et_pb_section fb_built=\u00bb1&#8243; _builder_version=\u00bb4.16&#8243; global_colors_info=\u00bb{}\u00bb][et_pb_row _builder_version=\u00bb4.16&#8243; background_size=\u00bbinitial\u00bb background_position=\u00bbtop_left\u00bb background_repeat=\u00bbrepeat\u00bb global_colors_info=\u00bb{}\u00bb][et_pb_column type=\u00bb4_4&#8243; _builder_version=\u00bb4.16&#8243; custom_padding=\u00bb|||\u00bb global_colors_info=\u00bb{}\u00bb custom_padding__hover=\u00bb|||\u00bb][et_pb_text admin_label=\u00bbT\u00edtulo contacto municipio\u00bb _builder_version=\u00bb4.16&#8243; background_size=\u00bbinitial\u00bb background_position=\u00bbtop_left\u00bb background_repeat=\u00bbrepeat\u00bb module_alignment=\u00bbleft\u00bb use_border_color=\u00bboff\u00bb border_color=\u00bb#ffffff\u00bb border_style=\u00bbsolid\u00bb global_colors_info=\u00bb{}\u00bb]<\/p>\n<h1 style=\"text-align: center;\">Contacte Marratx\u00ed<\/h1>\n<p>[\/et_pb_text][et_pb_text admin_label=\u00bbDatos Contacto\u00bb _builder_version=\u00bb4.27.2&#8243; background_size=\u00bbinitial\u00bb background_position=\u00bbtop_left\u00bb background_repeat=\u00bbrepeat\u00bb module_alignment=\u00bbleft\u00bb border_color_all=\u00bb#ffffff\u00bb border_style_all=\u00bbsolid\u00bb use_border_color=\u00bboff\u00bb border_color=\u00bb#ffffff\u00bb border_style=\u00bbsolid\u00bb global_colors_info=\u00bb{}\u00bb]<\/p>\n<p style=\"text-align: center;\"><span style=\"vertical-align: inherit;\"><span style=\"vertical-align: inherit;\"><span style=\"vertical-align: inherit;\"><span style=\"vertical-align: inherit;\"><span style=\"vertical-align: inherit;\"><span style=\"vertical-align: inherit;\"><span style=\"vertical-align: inherit;\"><span style=\"vertical-align: inherit;\"><span style=\"vertical-align: inherit;\"><span style=\"vertical-align: inherit;\">Carrer Casa del Poble, 1A, 07141 Marratx\u00ed | <\/span><\/span><\/span><\/span><\/span><\/span><\/span><\/span><\/span><span style=\"vertical-align: inherit;\"><span style=\"vertical-align: inherit;\"><span style=\"vertical-align: inherit;\"><span style=\"vertical-align: inherit;\"><span style=\"vertical-align: inherit;\"><span style=\"vertical-align: inherit;\"><span style=\"vertical-align: inherit;\"><span style=\"vertical-align: inherit;\"><span style=\"vertical-align: inherit;\">Telf. <\/span><\/span><\/span><\/span><\/span><\/span><\/span><\/span><\/span><\/span><a class=\"fl r-ispA0_CUJ4lw\" title=\"Llamar a FACSA Marratx\u00ed\" href=\"tel:+34971603771\"><span style=\"vertical-align: inherit;\"><span style=\"vertical-align: inherit;\"><span style=\"vertical-align: inherit;\"><span style=\"vertical-align: inherit;\"><span style=\"vertical-align: inherit;\"><span style=\"vertical-align: inherit;\"><span style=\"vertical-align: inherit;\"><span style=\"vertical-align: inherit;\"><span style=\"vertical-align: inherit;\"><span style=\"vertical-align: inherit;\">971 603 771<\/span><\/span><\/span><\/span><\/span><\/span><\/span><\/span><\/span><\/span><\/a><span style=\"vertical-align: inherit;\"><span style=\"vertical-align: inherit;\"><span style=\"vertical-align: inherit;\"><span style=\"vertical-align: inherit;\"><span style=\"vertical-align: inherit;\"><span style=\"vertical-align: inherit;\"><span style=\"vertical-align: inherit;\"><span style=\"vertical-align: inherit;\"><span style=\"vertical-align: inherit;\"><span style=\"vertical-align: inherit;\"> &#8211; <\/span><\/span><\/span><\/span><\/span><\/span><\/span><\/span><\/span><\/span><a class=\"fl r-ispA0_CUJ4lw\" title=\"Llamar a FACSA Marratx\u00ed\" href=\"tel:+34900100545\"><span style=\"vertical-align: inherit;\"><span style=\"vertical-align: inherit;\"><span style=\"vertical-align: inherit;\"><span style=\"vertical-align: inherit;\"><span style=\"vertical-align: inherit;\"><span style=\"vertical-align: inherit;\"><span style=\"vertical-align: inherit;\"><span style=\"vertical-align: inherit;\"><span style=\"vertical-align: inherit;\"><span style=\"vertical-align: inherit;\">900 100 545<\/span><\/span><\/span><\/span><\/span><\/span><\/span><\/span><\/span><\/span><\/a><span style=\"vertical-align: inherit;\"><span style=\"vertical-align: inherit;\"><span style=\"vertical-align: inherit;\"><span style=\"vertical-align: inherit;\"><span style=\"vertical-align: inherit;\"><span style=\"vertical-align: inherit;\"><span style=\"vertical-align: inherit;\"><span style=\"vertical-align: inherit;\"><span style=\"vertical-align: inherit;\"><span style=\"vertical-align: inherit;\"> \u00a0| <\/span><\/span><\/span><\/span><\/span><\/span><\/span><\/span><\/span><\/span><a title=\"Enviar mail a FACSA Marratx\u00ed\" href=\"mailto:marratxi@facsa.com\"><span style=\"vertical-align: inherit;\"><span style=\"vertical-align: inherit;\"><span style=\"vertical-align: inherit;\"><span style=\"vertical-align: inherit;\"><span style=\"vertical-align: inherit;\"><span style=\"vertical-align: inherit;\"><span style=\"vertical-align: inherit;\"><span style=\"vertical-align: inherit;\"><span style=\"vertical-align: inherit;\"><span style=\"vertical-align: inherit;\">marratxi@facsa.com<\/span><\/span><\/span><\/span><\/span><\/span><\/span><\/span><\/span><\/span><\/a><\/p>\n<p style=\"text-align: center;\"><span>Per a\u00a0<\/span><u>avaries<\/u><span>\u00a024h. pot cridar als tel\u00e8fons a dalt indicats<\/span><\/p>\n<p style=\"text-align: center;\"><strong><span style=\"vertical-align: inherit;\"><span style=\"vertical-align: inherit;\"><span style=\"vertical-align: inherit;\"><span style=\"vertical-align: inherit;\"><span style=\"vertical-align: inherit;\"><span style=\"vertical-align: inherit;\"><span style=\"vertical-align: inherit;\"><span style=\"vertical-align: inherit;\"><span style=\"vertical-align: inherit;\"><span style=\"vertical-align: inherit;\">HORARI DE L&#8217;OFICINA<\/span><\/span><\/span><\/span><\/span><\/span><\/span><\/span><\/span><\/span><\/strong><\/p>\n<p style=\"text-align: center;\"><strong>Dilluns, dimarts, dijous i divendres de 8&#8217;00 \u2013 15&#8217;00h i dimecres de 8&#8217;00 \u2013 14&#8217;00h i de 15&#8217;00 &#8211; 18&#8217;00h<\/strong><\/p>\n<p style=\"text-align: center;\"><strong>Estiu:<\/strong> del 2 de juny al 30 de setembre de 8&#8217;00 \u2013 15&#8217;00h<\/p>\n<p style=\"text-align: center;\"><strong>Nadal:<\/strong> 24 i 31 de desembre de 8&#8217;00 &#8211; 13&#8217;00<\/p>\n<p style=\"text-align: center;\"><strong>Festes locals:<\/strong> del 22 al 26 de juny de 2026 de 8&#8217;30 \u2013 13&#8217;00h<\/p>\n<p style=\"text-align: center;\"><strong>Festius oficina tancada<\/strong><\/p>\n<p style=\"text-align: center;\">[\/et_pb_text][\/et_pb_column][\/et_pb_row][et_pb_row column_structure=\u00bb1_2,1_2&#8243; _builder_version=\u00bb4.16&#8243; background_size=\u00bbinitial\u00bb background_position=\u00bbtop_left\u00bb background_repeat=\u00bbrepeat\u00bb global_colors_info=\u00bb{}\u00bb][et_pb_column type=\u00bb1_2&#8243; _builder_version=\u00bb4.16&#8243; custom_padding=\u00bb|||\u00bb global_colors_info=\u00bb{}\u00bb custom_padding__hover=\u00bb|||\u00bb][et_pb_contact_form email=\u00bbmarratxi@facsa.com \u00bb custom_message=\u00bbNombre: %%Name%%||et_pb_line_break_holder||Email: %%Email%%||et_pb_line_break_holder||Mensaje: %%Message%%\u00bb success_message=\u00bbEl seu missatge s&#8217;ha enviat amb \u00e8xit. Gr\u00e0cies.\u00bb submit_button_text=\u00bbEnviar\u00bb module_class=\u00bbformMailalma\u00bb _builder_version=\u00bb4.16&#8243; _unique_id=\u00bb0efc9bf6-c093-4100-a0c9-6289a5096ad5&#8243; custom_css_main_element=\u00bb.formMail textarea {|| min-height: 210px!important;||}\u00bb border_radii=\u00bbon|0px|0px|0px|0px\u00bb border_color_all=\u00bb#ffffff\u00bb border_style_all=\u00bbsolid\u00bb use_border_color=\u00bboff\u00bb border_color=\u00bb#ffffff\u00bb border_style=\u00bbsolid\u00bb input_border_radius=\u00bb0&#8243; saved_tabs=\u00bball\u00bb global_colors_info=\u00bb{}\u00bb][et_pb_contact_field field_id=\u00bbName\u00bb field_title=\u00bbNombre\u00bb _builder_version=\u00bb4.16&#8243; global_colors_info=\u00bb{}\u00bb button_text_size__hover_enabled=\u00bboff\u00bb button_one_text_size__hover_enabled=\u00bboff\u00bb button_two_text_size__hover_enabled=\u00bboff\u00bb button_text_color__hover_enabled=\u00bboff\u00bb button_one_text_color__hover_enabled=\u00bboff\u00bb button_two_text_color__hover_enabled=\u00bboff\u00bb button_border_width__hover_enabled=\u00bboff\u00bb button_one_border_width__hover_enabled=\u00bboff\u00bb button_two_border_width__hover_enabled=\u00bboff\u00bb button_border_color__hover_enabled=\u00bboff\u00bb button_one_border_color__hover_enabled=\u00bboff\u00bb button_two_border_color__hover_enabled=\u00bboff\u00bb button_border_radius__hover_enabled=\u00bboff\u00bb button_one_border_radius__hover_enabled=\u00bboff\u00bb button_two_border_radius__hover_enabled=\u00bboff\u00bb button_letter_spacing__hover_enabled=\u00bboff\u00bb button_one_letter_spacing__hover_enabled=\u00bboff\u00bb button_two_letter_spacing__hover_enabled=\u00bboff\u00bb button_bg_color__hover_enabled=\u00bboff\u00bb button_one_bg_color__hover_enabled=\u00bboff\u00bb button_two_bg_color__hover_enabled=\u00bboff\u00bb][\/et_pb_contact_field][et_pb_contact_field field_id=\u00bbEmail\u00bb field_title=\u00bbCorreo electr\u00f3nico\u00bb field_type=\u00bbemail\u00bb _builder_version=\u00bb4.16&#8243; form_field_font=\u00bb||||\u00bb use_border_color=\u00bboff\u00bb global_colors_info=\u00bb{}\u00bb button_text_size__hover_enabled=\u00bboff\u00bb button_one_text_size__hover_enabled=\u00bboff\u00bb button_two_text_size__hover_enabled=\u00bboff\u00bb button_text_color__hover_enabled=\u00bboff\u00bb button_one_text_color__hover_enabled=\u00bboff\u00bb button_two_text_color__hover_enabled=\u00bboff\u00bb button_border_width__hover_enabled=\u00bboff\u00bb button_one_border_width__hover_enabled=\u00bboff\u00bb button_two_border_width__hover_enabled=\u00bboff\u00bb button_border_color__hover_enabled=\u00bboff\u00bb button_one_border_color__hover_enabled=\u00bboff\u00bb button_two_border_color__hover_enabled=\u00bboff\u00bb button_border_radius__hover_enabled=\u00bboff\u00bb button_one_border_radius__hover_enabled=\u00bboff\u00bb button_two_border_radius__hover_enabled=\u00bboff\u00bb button_letter_spacing__hover_enabled=\u00bboff\u00bb button_one_letter_spacing__hover_enabled=\u00bboff\u00bb button_two_letter_spacing__hover_enabled=\u00bboff\u00bb button_bg_color__hover_enabled=\u00bboff\u00bb button_one_bg_color__hover_enabled=\u00bboff\u00bb button_two_bg_color__hover_enabled=\u00bboff\u00bb][\/et_pb_contact_field][et_pb_contact_field field_id=\u00bbMessage\u00bb field_title=\u00bbMensaje\u00bb fullwidth_field=\u00bbon\u00bb _builder_version=\u00bb4.16&#8243; global_colors_info=\u00bb{}\u00bb button_text_size__hover_enabled=\u00bboff\u00bb button_one_text_size__hover_enabled=\u00bboff\u00bb button_two_text_size__hover_enabled=\u00bboff\u00bb button_text_color__hover_enabled=\u00bboff\u00bb button_one_text_color__hover_enabled=\u00bboff\u00bb button_two_text_color__hover_enabled=\u00bboff\u00bb button_border_width__hover_enabled=\u00bboff\u00bb button_one_border_width__hover_enabled=\u00bboff\u00bb button_two_border_width__hover_enabled=\u00bboff\u00bb button_border_color__hover_enabled=\u00bboff\u00bb button_one_border_color__hover_enabled=\u00bboff\u00bb button_two_border_color__hover_enabled=\u00bboff\u00bb button_border_radius__hover_enabled=\u00bboff\u00bb button_one_border_radius__hover_enabled=\u00bboff\u00bb button_two_border_radius__hover_enabled=\u00bboff\u00bb button_letter_spacing__hover_enabled=\u00bboff\u00bb button_one_letter_spacing__hover_enabled=\u00bboff\u00bb button_two_letter_spacing__hover_enabled=\u00bboff\u00bb button_bg_color__hover_enabled=\u00bboff\u00bb button_one_bg_color__hover_enabled=\u00bboff\u00bb button_two_bg_color__hover_enabled=\u00bboff\u00bb][\/et_pb_contact_field][et_pb_contact_field field_id=\u00bbtxtLOPD\u00bb field_title=\u00bbINFORMACI\u00d3 B\u00c0SICA SOBRE PROTECCI\u00d3 DE DADES | Responsable del tractament. L&#8217;entitat responsable \u00e9s Societat de Foment Agr\u00edcola Castellonenc, S.A. (FACSA), amb domicili social en Carrer Major n\u00fam. 82-84 &#8211; 12001 &#8211; Castell\u00f3, Espanya. Si aix\u00ed ho desitja pot contactar amb nosaltres a trav\u00e9s de l&#8217;adre\u00e7a postal anteriorment descrita o directament amb el nostre Delegat de Protecci\u00f3 de Dades en la seg\u00fcent adre\u00e7a de correu electr\u00f2nic info@facsa.com | Finalitat i legitimaci\u00f3. L&#8217;entitat responsable \u00e9s Societat de Foment Agr\u00edcola Castellonenc, S.A. (FACSA), amb domicili social en Carrer Major n\u00fam. 82-84 &#8211; 12001 &#8211; Castell\u00f3, Espanya. Si aix\u00ed ho desitja pot contactar amb nosaltres a trav\u00e9s de l&#8217;adre\u00e7a postal anteriorment descrita o directament amb el nostre Delegat de Protecci\u00f3 de Dades en la seg\u00fcent adre\u00e7a de correu electr\u00f2nic info@facsa.com | Drets. Podr\u00e0 accedir, rectificar, suprimir, oposar-se a determinats tractaments, incloent la presa automatitzada de decisions, aix\u00ed com exercir el seu dret a la limitaci\u00f3 del tractament i a la portabilitat de dades. Addicionalment podr\u00e0 revocar lliurement i en tot moment els consentiments prestats. Vost\u00e9 pot exercitar els drets anteriorment descrits a trav\u00e9s dels seg\u00fcents canals: (i) Per escrit, per mitj\u00e0 de sol\u00b7licitud dirigida a Carrer Major n\u00fam. 82-84 &#8211; 12001 &#8211; Castell\u00f3, Espanya (ii) Per correu electr\u00f2nic a la seg\u00fcent direcci\u00f3 info@facsa.com | Informaci\u00f3 addicional. Pot consultar la informaci\u00f3 addicional i detallada sobre la Protecci\u00f3 de Dades en https:\/\/www.facsa.com\/politica-de-privacidad\/\u00bb field_type=\u00bbtext\u00bb required_mark=\u00bboff\u00bb fullwidth_field=\u00bbon\u00bb _builder_version=\u00bb4.16&#8243; form_field_background_color=\u00bb#ffffff\u00bb custom_margin_tablet=\u00bb||150px|\u00bb custom_margin_phone=\u00bb||150px|\u00bb custom_padding_tablet=\u00bb||150px|\u00bb custom_padding_phone=\u00bb||150px|\u00bb form_field_font_size_tablet=\u00bb9&#8243; form_field_font_size_phone=\u00bb9&#8243; form_field_line_height_tablet=\u00bb2em\u00bb form_field_line_height_phone=\u00bb2em\u00bb field_background_color=\u00bb#ffffff\u00bb global_colors_info=\u00bb{}\u00bb button_text_size__hover_enabled=\u00bboff\u00bb button_one_text_size__hover_enabled=\u00bboff\u00bb button_two_text_size__hover_enabled=\u00bboff\u00bb button_text_color__hover_enabled=\u00bboff\u00bb button_one_text_color__hover_enabled=\u00bboff\u00bb button_two_text_color__hover_enabled=\u00bboff\u00bb button_border_width__hover_enabled=\u00bboff\u00bb button_one_border_width__hover_enabled=\u00bboff\u00bb button_two_border_width__hover_enabled=\u00bboff\u00bb button_border_color__hover_enabled=\u00bboff\u00bb button_one_border_color__hover_enabled=\u00bboff\u00bb button_two_border_color__hover_enabled=\u00bboff\u00bb button_border_radius__hover_enabled=\u00bboff\u00bb button_one_border_radius__hover_enabled=\u00bboff\u00bb button_two_border_radius__hover_enabled=\u00bboff\u00bb button_letter_spacing__hover_enabled=\u00bboff\u00bb button_one_letter_spacing__hover_enabled=\u00bboff\u00bb button_two_letter_spacing__hover_enabled=\u00bboff\u00bb button_bg_color__hover_enabled=\u00bboff\u00bb button_one_bg_color__hover_enabled=\u00bboff\u00bb button_two_bg_color__hover_enabled=\u00bboff\u00bb][\/et_pb_contact_field][et_pb_contact_field field_id=\u00bbLOPD\u00bb field_title=\u00bbProtecci\u00f3n de datos personales\u00bb field_type=\u00bbcheckbox\u00bb checkbox_options=\u00bb%91{%22value%22:%22Consent el tractament de les meues dades per a gestionar les sol\u00b7licituds de contacte.%22,%22checked%22:0}%93&#8243; fullwidth_field=\u00bbon\u00bb _builder_version=\u00bb4.16&#8243; form_field_font_size=\u00bb12&#8243; custom_margin=\u00bb-50px|||\u00bb custom_margin_tablet=\u00bb-60px|||\u00bb custom_margin_phone=\u00bb-60px|||\u00bb form_field_font_size_tablet=\u00bb10&#8243; form_field_font_size_phone=\u00bb10&#8243; global_colors_info=\u00bb{}\u00bb button_text_size__hover_enabled=\u00bboff\u00bb button_one_text_size__hover_enabled=\u00bboff\u00bb button_two_text_size__hover_enabled=\u00bboff\u00bb button_text_color__hover_enabled=\u00bboff\u00bb button_one_text_color__hover_enabled=\u00bboff\u00bb button_two_text_color__hover_enabled=\u00bboff\u00bb button_border_width__hover_enabled=\u00bboff\u00bb button_one_border_width__hover_enabled=\u00bboff\u00bb button_two_border_width__hover_enabled=\u00bboff\u00bb button_border_color__hover_enabled=\u00bboff\u00bb button_one_border_color__hover_enabled=\u00bboff\u00bb button_two_border_color__hover_enabled=\u00bboff\u00bb button_border_radius__hover_enabled=\u00bboff\u00bb button_one_border_radius__hover_enabled=\u00bboff\u00bb button_two_border_radius__hover_enabled=\u00bboff\u00bb button_letter_spacing__hover_enabled=\u00bboff\u00bb button_one_letter_spacing__hover_enabled=\u00bboff\u00bb button_two_letter_spacing__hover_enabled=\u00bboff\u00bb button_bg_color__hover_enabled=\u00bboff\u00bb button_one_bg_color__hover_enabled=\u00bboff\u00bb button_two_bg_color__hover_enabled=\u00bboff\u00bb][\/et_pb_contact_field][\/et_pb_contact_form][\/et_pb_column][et_pb_column type=\u00bb1_2&#8243; _builder_version=\u00bb4.16&#8243; custom_padding=\u00bb|||\u00bb global_colors_info=\u00bb{}\u00bb custom_padding__hover=\u00bb|||\u00bb][et_pb_map address=\u00bbCarrer Casa del Poble, 07141 Sa Cabaneta, Illes Balears, Espa\u00f1a\u00bb zoom_level=\u00bb17&#8243; address_lat=\u00bb39.62312303028637&#8243; address_lng=\u00bb2.7415881343586257&#8243; _builder_version=\u00bb4.16&#8243; global_colors_info=\u00bb{}\u00bb][et_pb_map_pin title=\u00bbOficina d&#8217;atenci\u00f3 al client\u00bb pin_address=\u00bbCarrer Casa del Poble, 396, 07141 Sa Cabaneta, Illes Balears, Espa\u00f1a\u00bb pin_address_lat=\u00bb39.62290412190594&#8243; pin_address_lng=\u00bb2.741819393848459&#8243; _builder_version=\u00bb3.0.47&#8243; global_colors_info=\u00bb{}\u00bb] [\/et_pb_map_pin][\/et_pb_map][\/et_pb_column][\/et_pb_row][\/et_pb_section]<\/p>\n","protected":false},"excerpt":{"rendered":"<p>Recorde que pot realitzar\u00a0les seves gestions telef\u00f2nicament o mitjan\u00e7ant la nostra oficina virtual. Si necessita acudir a les nostres oficines d&#8217;atenci\u00f3 presencial, evite esperes innecess\u00e0ries sol\u00b7licitant\u00a0cita pr\u00e8via\u00a0telefonant a la seva oficina habitual o\u00a0punxant\u00a0aqu\u00ed.ATENCI\u00d3! Facsa comunica als seus usuaris\/\u00e0ries que, per treballs de millora en la xarxa, el dimecres dia 29\/04\/2026 es produir\u00e0 un tall en [&hellip;]<\/p>\n","protected":false},"author":2,"featured_media":0,"parent":0,"menu_order":1,"comment_status":"closed","ping_status":"closed","template":"","meta":{"_et_pb_use_builder":"on","_et_pb_old_content":"","_et_gb_content_width":"","footnotes":""},"class_list":["post-2255","page","type-page","status-publish","hentry"],"yoast_head":"<!-- This site is optimized with the Yoast SEO plugin v26.7 - https:\/\/yoast.com\/wordpress\/plugins\/seo\/ -->\n<title>Marratx\u00ed Cat - Municipios FACSA<\/title>\n<meta name=\"robots\" content=\"index, follow, max-snippet:-1, max-image-preview:large, max-video-preview:-1\" \/>\n<link rel=\"canonical\" href=\"https:\/\/www.facsa.com\/municipios\/marratxi\/\" \/>\n<meta property=\"og:locale\" content=\"es_ES\" \/>\n<meta property=\"og:type\" content=\"article\" \/>\n<meta property=\"og:title\" content=\"Marratx\u00ed Cat - Municipios FACSA\" \/>\n<meta property=\"og:description\" content=\"Recorde que pot realitzar\u00a0les seves gestions telef\u00f2nicament o mitjan\u00e7ant la nostra oficina virtual. Si necessita acudir a les nostres oficines d&#039;atenci\u00f3 presencial, evite esperes innecess\u00e0ries sol\u00b7licitant\u00a0cita pr\u00e8via\u00a0telefonant a la seva oficina habitual o\u00a0punxant\u00a0aqu\u00ed.ATENCI\u00d3! Facsa comunica als seus usuaris\/\u00e0ries que, per treballs de millora en la xarxa, el dimecres dia 29\/04\/2026 es produir\u00e0 un tall en [&hellip;]\" \/>\n<meta property=\"og:url\" content=\"https:\/\/www.facsa.com\/municipios\/marratxi\/\" \/>\n<meta property=\"og:site_name\" content=\"Municipios FACSA\" \/>\n<meta property=\"article:modified_time\" content=\"2026-04-24T10:46:50+00:00\" \/>\n<meta property=\"og:image\" content=\"https:\/\/www.facsa.com\/municipios\/wp-content\/uploads\/2021\/03\/icono_alerta2.png\" \/>\n<meta name=\"twitter:card\" content=\"summary_large_image\" \/>\n<meta name=\"twitter:label1\" content=\"Tiempo de lectura\" \/>\n\t<meta name=\"twitter:data1\" content=\"21 minutos\" \/>\n<script type=\"application\/ld+json\" class=\"yoast-schema-graph\">{\"@context\":\"https:\/\/schema.org\",\"@graph\":[{\"@type\":\"WebPage\",\"@id\":\"https:\/\/www.facsa.com\/municipios\/marratxi\/\",\"url\":\"https:\/\/www.facsa.com\/municipios\/marratxi\/\",\"name\":\"Marratx\u00ed Cat - Municipios FACSA\",\"isPartOf\":{\"@id\":\"https:\/\/www.facsa.com\/municipios\/#website\"},\"primaryImageOfPage\":{\"@id\":\"https:\/\/www.facsa.com\/municipios\/marratxi\/#primaryimage\"},\"image\":{\"@id\":\"https:\/\/www.facsa.com\/municipios\/marratxi\/#primaryimage\"},\"thumbnailUrl\":\"https:\/\/www.facsa.com\/municipios\/wp-content\/uploads\/2021\/03\/icono_alerta2.png\",\"datePublished\":\"2016-09-09T11:23:24+00:00\",\"dateModified\":\"2026-04-24T10:46:50+00:00\",\"breadcrumb\":{\"@id\":\"https:\/\/www.facsa.com\/municipios\/marratxi\/#breadcrumb\"},\"inLanguage\":\"es\",\"potentialAction\":[{\"@type\":\"ReadAction\",\"target\":[\"https:\/\/www.facsa.com\/municipios\/marratxi\/\"]}]},{\"@type\":\"ImageObject\",\"inLanguage\":\"es\",\"@id\":\"https:\/\/www.facsa.com\/municipios\/marratxi\/#primaryimage\",\"url\":\"https:\/\/www.facsa.com\/municipios\/wp-content\/uploads\/2021\/03\/icono_alerta2.png\",\"contentUrl\":\"https:\/\/www.facsa.com\/municipios\/wp-content\/uploads\/2021\/03\/icono_alerta2.png\",\"width\":22,\"height\":17},{\"@type\":\"BreadcrumbList\",\"@id\":\"https:\/\/www.facsa.com\/municipios\/marratxi\/#breadcrumb\",\"itemListElement\":[{\"@type\":\"ListItem\",\"position\":1,\"name\":\"Portada\",\"item\":\"https:\/\/www.facsa.com\/municipios\/almassora\/\"},{\"@type\":\"ListItem\",\"position\":2,\"name\":\"Marratx\u00ed Cat\"}]},{\"@type\":\"WebSite\",\"@id\":\"https:\/\/www.facsa.com\/municipios\/#website\",\"url\":\"https:\/\/www.facsa.com\/municipios\/\",\"name\":\"Municipios FACSA\",\"description\":\"Web de municipios de Facsa\",\"potentialAction\":[{\"@type\":\"SearchAction\",\"target\":{\"@type\":\"EntryPoint\",\"urlTemplate\":\"https:\/\/www.facsa.com\/municipios\/?s={search_term_string}\"},\"query-input\":{\"@type\":\"PropertyValueSpecification\",\"valueRequired\":true,\"valueName\":\"search_term_string\"}}],\"inLanguage\":\"es\"}]}<\/script>\n<!-- \/ Yoast SEO plugin. -->","yoast_head_json":{"title":"Marratx\u00ed Cat - Municipios FACSA","robots":{"index":"index","follow":"follow","max-snippet":"max-snippet:-1","max-image-preview":"max-image-preview:large","max-video-preview":"max-video-preview:-1"},"canonical":"https:\/\/www.facsa.com\/municipios\/marratxi\/","og_locale":"es_ES","og_type":"article","og_title":"Marratx\u00ed Cat - Municipios FACSA","og_description":"Recorde que pot realitzar\u00a0les seves gestions telef\u00f2nicament o mitjan\u00e7ant la nostra oficina virtual. Si necessita acudir a les nostres oficines d'atenci\u00f3 presencial, evite esperes innecess\u00e0ries sol\u00b7licitant\u00a0cita pr\u00e8via\u00a0telefonant a la seva oficina habitual o\u00a0punxant\u00a0aqu\u00ed.ATENCI\u00d3! Facsa comunica als seus usuaris\/\u00e0ries que, per treballs de millora en la xarxa, el dimecres dia 29\/04\/2026 es produir\u00e0 un tall en [&hellip;]","og_url":"https:\/\/www.facsa.com\/municipios\/marratxi\/","og_site_name":"Municipios FACSA","article_modified_time":"2026-04-24T10:46:50+00:00","og_image":[{"url":"https:\/\/www.facsa.com\/municipios\/wp-content\/uploads\/2021\/03\/icono_alerta2.png","type":"","width":"","height":""}],"twitter_card":"summary_large_image","twitter_misc":{"Tiempo de lectura":"21 minutos"},"schema":{"@context":"https:\/\/schema.org","@graph":[{"@type":"WebPage","@id":"https:\/\/www.facsa.com\/municipios\/marratxi\/","url":"https:\/\/www.facsa.com\/municipios\/marratxi\/","name":"Marratx\u00ed Cat - Municipios FACSA","isPartOf":{"@id":"https:\/\/www.facsa.com\/municipios\/#website"},"primaryImageOfPage":{"@id":"https:\/\/www.facsa.com\/municipios\/marratxi\/#primaryimage"},"image":{"@id":"https:\/\/www.facsa.com\/municipios\/marratxi\/#primaryimage"},"thumbnailUrl":"https:\/\/www.facsa.com\/municipios\/wp-content\/uploads\/2021\/03\/icono_alerta2.png","datePublished":"2016-09-09T11:23:24+00:00","dateModified":"2026-04-24T10:46:50+00:00","breadcrumb":{"@id":"https:\/\/www.facsa.com\/municipios\/marratxi\/#breadcrumb"},"inLanguage":"es","potentialAction":[{"@type":"ReadAction","target":["https:\/\/www.facsa.com\/municipios\/marratxi\/"]}]},{"@type":"ImageObject","inLanguage":"es","@id":"https:\/\/www.facsa.com\/municipios\/marratxi\/#primaryimage","url":"https:\/\/www.facsa.com\/municipios\/wp-content\/uploads\/2021\/03\/icono_alerta2.png","contentUrl":"https:\/\/www.facsa.com\/municipios\/wp-content\/uploads\/2021\/03\/icono_alerta2.png","width":22,"height":17},{"@type":"BreadcrumbList","@id":"https:\/\/www.facsa.com\/municipios\/marratxi\/#breadcrumb","itemListElement":[{"@type":"ListItem","position":1,"name":"Portada","item":"https:\/\/www.facsa.com\/municipios\/almassora\/"},{"@type":"ListItem","position":2,"name":"Marratx\u00ed Cat"}]},{"@type":"WebSite","@id":"https:\/\/www.facsa.com\/municipios\/#website","url":"https:\/\/www.facsa.com\/municipios\/","name":"Municipios FACSA","description":"Web de municipios de Facsa","potentialAction":[{"@type":"SearchAction","target":{"@type":"EntryPoint","urlTemplate":"https:\/\/www.facsa.com\/municipios\/?s={search_term_string}"},"query-input":{"@type":"PropertyValueSpecification","valueRequired":true,"valueName":"search_term_string"}}],"inLanguage":"es"}]}},"_links":{"self":[{"href":"https:\/\/www.facsa.com\/municipios\/wp-json\/wp\/v2\/pages\/2255","targetHints":{"allow":["GET"]}}],"collection":[{"href":"https:\/\/www.facsa.com\/municipios\/wp-json\/wp\/v2\/pages"}],"about":[{"href":"https:\/\/www.facsa.com\/municipios\/wp-json\/wp\/v2\/types\/page"}],"author":[{"embeddable":true,"href":"https:\/\/www.facsa.com\/municipios\/wp-json\/wp\/v2\/users\/2"}],"replies":[{"embeddable":true,"href":"https:\/\/www.facsa.com\/municipios\/wp-json\/wp\/v2\/comments?post=2255"}],"version-history":[{"count":161,"href":"https:\/\/www.facsa.com\/municipios\/wp-json\/wp\/v2\/pages\/2255\/revisions"}],"predecessor-version":[{"id":26400,"href":"https:\/\/www.facsa.com\/municipios\/wp-json\/wp\/v2\/pages\/2255\/revisions\/26400"}],"wp:attachment":[{"href":"https:\/\/www.facsa.com\/municipios\/wp-json\/wp\/v2\/media?parent=2255"}],"curies":[{"name":"wp","href":"https:\/\/api.w.org\/{rel}","templated":true}]}}