{"id":13330,"date":"2023-07-19T15:13:33","date_gmt":"2023-07-19T15:13:33","guid":{"rendered":"https:\/\/www.facsa.com\/municipios\/?page_id=13330"},"modified":"2024-09-20T05:46:58","modified_gmt":"2024-09-20T03:46:58","slug":"qualitat-de-laigua","status":"publish","type":"page","link":"https:\/\/www.facsa.com\/municipios\/qualitat-de-laigua\/","title":{"rendered":"Qualitat de l\u00b4aigua"},"content":{"rendered":"<p>[et_pb_section fb_built=\u00bb1&#8243; fullwidth=\u00bbon\u00bb _builder_version=\u00bb4.16&#8243; _module_preset=\u00bbdefault\u00bb custom_margin=\u00bb-24px||||false|false\u00bb global_colors_info=\u00bb{}\u00bb][et_pb_fullwidth_image src=\u00bbhttps:\/\/www.facsa.com\/municipios\/wp-content\/uploads\/2023\/07\/banner-agua.jpg\u00bb title_text=\u00bbbanner agua\u00bb _builder_version=\u00bb4.16&#8243; _module_preset=\u00bbdefault\u00bb global_colors_info=\u00bb{}\u00bb][\/et_pb_fullwidth_image][\/et_pb_section][et_pb_section fb_built=\u00bb1&#8243; fullwidth=\u00bbon\u00bb admin_label=\u00bbbloque con nombre municipio\u00bb _builder_version=\u00bb4.16&#8243; width=\u00bb100%\u00bb max_width=\u00bb100%\u00bb module_alignment=\u00bbcenter\u00bb custom_margin=\u00bb0px|||\u00bb locked=\u00bboff\u00bb global_colors_info=\u00bb{}\u00bb][et_pb_fullwidth_header title=\u00bbQualitat de l\u00b4Aigua\u00bb text_orientation=\u00bbcenter\u00bb content_max_width=\u00bb1920px\u00bb admin_label=\u00bbt\u00edtulo del municipio\u00bb _builder_version=\u00bb4.16&#8243; title_font=\u00bb||||||||\u00bb title_font_size=\u00bb40px\u00bb title_line_height=\u00bb1.1em\u00bb subhead_font=\u00bb||||||||\u00bb subhead_text_align=\u00bbcenter\u00bb subhead_font_size=\u00bb35px\u00bb subhead_letter_spacing=\u00bb1px\u00bb subhead_line_height=\u00bb1.1em\u00bb background_color=\u00bbrgba(255, 255, 255, 0)\u00bb background_size=\u00bbinitial\u00bb background_position=\u00bbtop_left\u00bb background_repeat=\u00bbrepeat\u00bb background_layout=\u00bblight\u00bb width=\u00bb100%\u00bb max_width=\u00bb100%\u00bb module_alignment=\u00bbcenter\u00bb custom_margin=\u00bb0px|0px|-33px|0px|false|false\u00bb custom_padding=\u00bb0px|0px|0px|0px|false|false\u00bb global_colors_info=\u00bb{}\u00bb button_one_text_size__hover_enabled=\u00bboff\u00bb button_two_text_size__hover_enabled=\u00bboff\u00bb button_one_text_color__hover_enabled=\u00bboff\u00bb button_two_text_color__hover_enabled=\u00bboff\u00bb button_one_border_width__hover_enabled=\u00bboff\u00bb button_two_border_width__hover_enabled=\u00bboff\u00bb button_one_border_color__hover_enabled=\u00bboff\u00bb button_two_border_color__hover_enabled=\u00bboff\u00bb button_one_border_radius__hover_enabled=\u00bboff\u00bb button_two_border_radius__hover_enabled=\u00bboff\u00bb button_one_letter_spacing__hover_enabled=\u00bboff\u00bb button_two_letter_spacing__hover_enabled=\u00bboff\u00bb button_one_bg_color__hover_enabled=\u00bboff\u00bb button_two_bg_color__hover_enabled=\u00bboff\u00bb][\/et_pb_fullwidth_header][\/et_pb_section][et_pb_section fb_built=\u00bb1&#8243; custom_padding_last_edited=\u00bbon|desktop\u00bb disabled_on=\u00bboff|off|off\u00bb admin_label=\u00bbbanner destacados municipios web\u00bb _builder_version=\u00bb4.16&#8243; background_enable_color=\u00bboff\u00bb custom_margin=\u00bb0px||173px||false|false\u00bb custom_padding=\u00bb0px||0px|\u00bb custom_padding_tablet=\u00bb50px|0|50px|0&#8243; custom_padding_phone=\u00bb\u00bb border_color_all=\u00bb#ffffff\u00bb transparent_background=\u00bboff\u00bb locked=\u00bboff\u00bb global_colors_info=\u00bb{}\u00bb][et_pb_row disabled_on=\u00bboff|off|off\u00bb admin_label=\u00bbFila web\u00bb module_class=\u00bb et_pb_row_fullwidth\u00bb _builder_version=\u00bb4.16&#8243; background_size=\u00bbinitial\u00bb background_position=\u00bbtop_left\u00bb background_repeat=\u00bbrepeat\u00bb width=\u00bb57%\u00bb width_tablet=\u00bb80%\u00bb width_phone=\u00bb\u00bb width_last_edited=\u00bbon|desktop\u00bb max_width=\u00bb89%\u00bb max_width_tablet=\u00bb80%\u00bb max_width_phone=\u00bb\u00bb max_width_last_edited=\u00bbon|desktop\u00bb module_alignment=\u00bbcenter\u00bb custom_margin=\u00bb0px|||\u00bb custom_padding=\u00bb9px||9px|\u00bb make_fullwidth=\u00bbon\u00bb global_colors_info=\u00bb{}\u00bb][et_pb_column type=\u00bb4_4&#8243; _builder_version=\u00bb4.16&#8243; custom_padding=\u00bb|||\u00bb global_colors_info=\u00bb{}\u00bb custom_padding__hover=\u00bb|||\u00bb][et_pb_text _builder_version=\u00bb4.16&#8243; text_font=\u00bb||||||||\u00bb text_text_color=\u00bb#f4f4f4&#8243; header_text_color=\u00bb#969696&#8243; text_orientation=\u00bbcenter\u00bb custom_margin=\u00bb0px||6px||false|false\u00bb custom_padding=\u00bb20px||20px||false|false\u00bb global_colors_info=\u00bb{}\u00bb]<\/p>\n<p style=\"font-weight: 400; text-align: justify;\"><span style=\"color: #999999;\">La\u00a0<span style=\"color: #00ccff;\"><strong>Qualitat de l&#8217;Aigua<\/strong><\/span>\u00a0de consum est\u00e0 regulada en tots els pa\u00efsos de la UE per una mateixa normativa comunit\u00e0ria, la Directiva 2020\/2184\/CE. Aquesta normativa parteix de les recomanacions de l&#8217;Organitzaci\u00f3 Mundial de la Salut (OMS) i s&#8217;articula a Espanya a trav\u00e9s del Reial decret 3\/2023 de 10 de gener, pel qual s&#8217;estableixen els criteris t\u00e8cnic-sanitaris de la qualitat de l&#8217;aigua de consum, el seu control i subministrament. Els controls realitzats pel Servei de prove\u00efment d&#8217;aigua potable del municipi no es limiten als establats per aquesta legislaci\u00f3.<\/span><\/p>\n<p style=\"font-weight: 400; text-align: justify;\"><span style=\"color: #999999;\">El sistema de control es refor\u00e7a amb els controls interns addicionals que realitzem en el marc del nostre comprom\u00eds amb la garantia sanit\u00e0ria de l&#8217;aigua distribu\u00efda en els prove\u00efments que operem. Aquests controls es duen a terme en laboratoris acreditats per la norma ISO 17025, m\u00e0xim reconeixement internacional per a recon\u00e8ixer als laboratoris d&#8217;an\u00e0lisis, i mitjan\u00e7ant el control amb equips de mesura en continu dels par\u00e0metres clau de l&#8217;aigua de consum.<\/span><\/p>\n<p style=\"font-weight: 400; text-align: justify;\"><span style=\"color: #999999;\">\u00a0<\/span><\/p>\n<p style=\"font-weight: 400; text-align: justify;\"><span style=\"color: #00ccff;\"><strong>Com puc consultar la qualificaci\u00f3 sanit\u00e0ria de l&#8217;aigua d&#8217;un municipi?<\/strong><\/span><\/p>\n<p style=\"font-weight: 400; text-align: justify;\"><span style=\"color: #999999;\">El Ministeri de Sanitat compta amb una plataforma denominada SINAC (Sistema d&#8217;Informaci\u00f3 Nacional d&#8217;Aigua de Consum) a trav\u00e9s de la qual qualsevol ciutad\u00e0 pot accedir a la qualificaci\u00f3 sanit\u00e0ria actualitzada de l&#8217;aigua d&#8217;una xarxa determinada, aix\u00ed com un hist\u00f2ric d&#8217;anal\u00edtiques de caracteritzaci\u00f3 de l&#8217;aigua, control, complets i radioactivitat. Aix\u00f2 pot consultar-se des de la p\u00e0gina web:\u00a0<a href=\"https:\/\/sinacv2.sanidad.gob.es\/SinacV2\/Index.do\" data-saferedirecturl=\"https:\/\/www.google.com\/url?q=https:\/\/sinacv2.sanidad.gob.es\/SinacV2\/Index.do&amp;source=gmail&amp;ust=1689852687863000&amp;usg=AOvVaw0bxj7vVZMdCkD656Tv5DG6\" style=\"color: #999999;\">https:\/\/sinacv2.sanidad.gob.es\/SinacV2\/Index.do<\/a>, en la secci\u00f3 Acc\u00e9s Ciutad\u00e0\/Informaci\u00f3 actual d&#8217;aigua de consum.<\/span><\/p>\n<p style=\"font-weight: 400; text-align: justify;\"><span style=\"color: #999999;\">\u00a0<\/span><\/p>\n<p style=\"font-weight: 400; text-align: justify;\"><span style=\"color: #999999;\"><strong>A continuaci\u00f3, selecciona el teu municipi i consulta l&#8217;anal\u00edtica completa recent de l&#8217;aigua de les seues xarxes de prove\u00efment:<\/strong><\/span><\/p>\n<p>[\/et_pb_text][et_pb_toggle title=\u00bbSelecciona el teu municipi\u00bb icon_color=\u00bb#00ccff\u00bb open_icon_color=\u00bb#00ccff\u00bb _builder_version=\u00bb4.25.2&#8243; _module_preset=\u00bbdefault\u00bb title_text_color=\u00bb#969696&#8243; body_text_color=\u00bb#00ccff\u00bb width=\u00bb100%\u00bb custom_margin=\u00bb10px||||false|false\u00bb global_colors_info=\u00bb{}\u00bb body_text_color__hover_enabled=\u00bbon|hover\u00bb body_text_color__hover=\u00bb#00ccff\u00bb]<\/p>\n<p><span style=\"color: #00537f;\"><a style=\"color: #00537f;\" href=\"https:\/\/www.facsa.com\/municipios\/qualitat-de-laigua\/#alamedadelasagra\">Alameda de la Sagra<\/a><\/span><br \/><span style=\"color: #00537f;\"><a style=\"color: #00537f;\" href=\"https:\/\/www.facsa.com\/municipios\/qualitat-de-laigua\/#albocasser\">Alboc\u00e0sser<\/a><\/span><br \/><span style=\"color: #00537f;\"><a style=\"color: #00537f;\" href=\"https:\/\/www.facsa.com\/municipios\/qualitat-de-laigua\/#alcaladexivert\">Alcal\u00e0 de Xivert<\/a><\/span><br \/><span style=\"color: #00537f;\"><a style=\"color: #00537f;\" href=\"https:\/\/www.facsa.com\/municipios\/qualitat-de-laigua\/#alcora\">Alcora (L&#8217;)<\/a><\/span><br \/><span style=\"color: #00537f;\"><a style=\"color: #00537f;\" href=\"https:\/\/www.facsa.com\/municipios\/qualitat-de-laigua\/#almassora\">Almassora<\/a><\/span><br \/><span style=\"color: #00537f;\"><a style=\"color: #00537f;\" href=\"https:\/\/www.facsa.com\/municipios\/qualitat-de-laigua\/#almuniadedonagodina\">Almunia de Do\u00f1a Godina (La)<\/a><\/span><br \/><span style=\"color: #00537f;\"><a style=\"color: #00537f;\" href=\"https:\/\/www.facsa.com\/municipios\/qualitat-de-laigua\/#aresdelmaestrat\">Ares del Maestrat<\/a><\/span><br \/><span style=\"color: #00537f;\"><a style=\"color: #00537f;\" href=\"https:\/\/www.facsa.com\/municipios\/qualitat-de-laigua\/#bejis\">Bej\u00eds<\/a><\/span><br \/><span style=\"color: #00537f;\"><a style=\"color: #00537f;\" href=\"https:\/\/www.facsa.com\/municipios\/qualitat-de-laigua\/#benlloc\">Benlloc<\/a><\/span><br \/><span style=\"color: #00537f;\"><a style=\"color: #00537f;\" href=\"https:\/\/www.facsa.com\/municipios\/qualitat-de-laigua\/#betxi\">Betx\u00ed<\/a><\/span><br \/><span style=\"color: #00537f;\"><a style=\"color: #00537f;\" href=\"https:\/\/www.facsa.com\/municipios\/qualitat-de-laigua\/#borrianaburriana\">Borriana\/Burriana<\/a><\/span><br \/><span style=\"color: #00537f;\"><a style=\"color: #00537f;\" href=\"https:\/\/www.facsa.com\/municipios\/qualitat-de-laigua\/#burgodeebro\">Burgo de Ebro (El)<\/a><\/span><br \/><span style=\"color: #00537f;\"><a style=\"color: #00537f;\" href=\"https:\/\/www.facsa.com\/municipios\/qualitat-de-laigua\/#cabanes\">Cabanes<\/a><\/span><br \/><span style=\"color: #00537f;\"><a style=\"color: #00537f;\" href=\"https:\/\/www.facsa.com\/municipios\/qualitat-de-laigua\/#calig\">C\u00e0lig<\/a><\/span><br \/><span style=\"color: #00537f;\"><a style=\"color: #00537f;\" href=\"https:\/\/www.facsa.com\/municipios\/qualitat-de-laigua\/#canetloroig\">Canet Lo Roig<\/a><\/span><br \/><span style=\"color: #00537f;\"><a style=\"color: #00537f;\" href=\"https:\/\/www.facsa.com\/municipios\/qualitat-de-laigua\/#castellnovo\">Castellnovo<\/a><\/span><br \/><span style=\"color: #00537f;\"><a style=\"color: #00537f;\" href=\"https:\/\/www.facsa.com\/municipios\/qualitat-de-laigua\/#cati\">Cat\u00ed<\/a><\/span><br \/><span style=\"color: #00537f;\"><a style=\"color: #00537f;\" href=\"https:\/\/www.facsa.com\/municipios\/qualitat-de-laigua\/#cerveradelmaestre\">Cervera del Maestre<\/a><\/span><br \/><span style=\"color: #00537f;\"><a style=\"color: #00537f;\" href=\"https:\/\/www.facsa.com\/municipios\/qualitat-de-laigua\/#cirat\">Cirat<\/a><\/span><br \/><span style=\"color: #00537f;\"><a style=\"color: #00537f;\" href=\"https:\/\/www.facsa.com\/municipios\/qualitat-de-laigua\/#covesdevinroma\">Coves de Vinrom\u00e0 (Les)<\/a><\/span><br \/><span style=\"color: #00537f;\"><a style=\"color: #00537f;\" href=\"https:\/\/www.facsa.com\/municipios\/qualitat-de-laigua\/#culla\">Culla<\/a><\/span><br \/><span style=\"color: #00537f;\"><a style=\"color: #00537f;\" href=\"https:\/\/www.facsa.com\/municipios\/qualitat-de-laigua\/#espadilla\">Espadilla<\/a><\/span><br \/><span style=\"color: #00537f;\"><a style=\"color: #00537f;\" href=\"https:\/\/www.facsa.com\/municipios\/qualitat-de-laigua\/#fanzara\">Fanzara<\/a><\/span><br \/><span style=\"color: #00537f;\"><a style=\"color: #00537f;\" href=\"https:\/\/www.facsa.com\/municipios\/qualitat-de-laigua\/#lallosa\">La Llosa<\/a><\/span><br \/><span style=\"color: #00537f;\"><a style=\"color: #00537f;\" href=\"https:\/\/www.facsa.com\/municipios\/qualitat-de-laigua\/#vallduixo\">Vall d&#8217;Uix\u00f3 (La)<\/a><\/span><br \/><span style=\"color: #00537f;\"><a style=\"color: #00537f;\" href=\"https:\/\/www.facsa.com\/municipios\/qualitat-de-laigua\/#marratxi\">Marratx\u00ed<\/a><\/span><br \/><span style=\"color: #00537f;\"><a style=\"color: #00537f;\" href=\"https:\/\/www.facsa.com\/municipios\/qualitat-de-laigua\/#municipiomoncofa\">Moncofa<\/a><\/span><br \/><span style=\"color: #00537f;\"><a style=\"color: #00537f;\" href=\"https:\/\/www.facsa.com\/municipios\/qualitat-de-laigua\/#montan\">Mont\u00e1n<\/a><\/span><br \/><span style=\"color: #00537f;\"><a style=\"color: #00537f;\" href=\"https:\/\/www.facsa.com\/municipios\/qualitat-de-laigua\/#navajas\">Navajas<\/a><\/span><br \/><span style=\"color: #00537f;\"><a style=\"color: #00537f;\" href=\"https:\/\/www.facsa.com\/municipios\/qualitat-de-laigua\/#nules\">Nules<\/a><\/span><br \/><span style=\"color: #00537f;\"><a style=\"color: #00537f;\" href=\"https:\/\/www.facsa.com\/municipios\/qualitat-de-laigua\/#onda\">Onda<\/a><\/span><br \/><span style=\"color: #00537f;\"><a style=\"color: #00537f;\" href=\"https:\/\/www.facsa.com\/municipios\/qualitat-de-laigua\/#oropesadelmarorpesa\">Oropesa del Mar\/Orpesa<\/a><\/span><br \/><span style=\"color: #00537f;\"><a style=\"color: #00537f;\" href=\"https:\/\/www.facsa.com\/municipios\/qualitat-de-laigua\/#peniscolapeniscola\">Pen\u00edscola\/Pe\u00f1\u00edscola<\/a><\/span><br \/><span style=\"color: #00537f;\"><a style=\"color: #00537f;\" href=\"https:\/\/www.facsa.com\/municipios\/qualitat-de-laigua\/#poblatornesa\">Pobla Tornesa (La)<\/a><\/span><br \/><span style=\"color: #00537f;\"><a style=\"color: #00537f;\" href=\"https:\/\/www.facsa.com\/municipios\/qualitat-de-laigua\/#ribesalbes\">Ribesalbes<\/a><\/span><br \/><span style=\"color: #00537f;\"><a style=\"color: #00537f;\" href=\"https:\/\/www.facsa.com\/municipios\/qualitat-de-laigua\/#romeral\">Romeral (El)<\/a><\/span><br \/><span style=\"color: #00537f;\"><a style=\"color: #00537f;\" href=\"https:\/\/www.facsa.com\/municipios\/qualitat-de-laigua\/#salzadella\">Salzadella (La)<\/a><\/span><br \/><span style=\"color: #00537f;\"><a style=\"color: #00537f;\" href=\"https:\/\/www.facsa.com\/municipios\/qualitat-de-laigua\/#santonideportmany\">Sant Antoni de Portmany<\/a><\/span><br \/><span style=\"color: #00537f;\"><a style=\"color: #00537f;\" href=\"https:\/\/www.facsa.com\/municipios\/qualitat-de-laigua\/#santjordisanjorge\">Sant Jordi\/San Jorge<\/a><\/span><br \/><span style=\"color: #00537f;\"><a style=\"color: #00537f;\" href=\"https:\/\/www.facsa.com\/municipios\/qualitat-de-laigua\/#santmateu\">Sant Mateu<\/a><\/span><br \/><span style=\"color: #00537f;\"><a style=\"color: #00537f;\" href=\"https:\/\/www.facsa.com\/municipios\/qualitat-de-laigua\/#segorbe\">Segorbe<\/a><\/span><br \/><span style=\"color: #00537f;\"><a style=\"color: #00537f;\" href=\"https:\/\/www.facsa.com\/municipios\/qualitat-de-laigua\/#sierraengarceran\">Sierra Engarcer\u00e1n<\/a><\/span><br \/><span style=\"color: #00537f;\"><a style=\"color: #00537f;\" href=\"https:\/\/www.facsa.com\/municipios\/qualitat-de-laigua\/#suerassuera\">Sueras\/Suera <\/a><a style=\"color: #00537f;\" href=\"https:\/\/www.facsa.com\/municipios\/qualitat-de-laigua\/#tales\">Tales<\/a><\/span><br \/><span style=\"color: #00537f;\"><a style=\"color: #00537f;\" href=\"https:\/\/www.facsa.com\/municipios\/qualitat-de-laigua\/#tirig\">Tirig<\/a><\/span><br \/><span style=\"color: #00537f;\"><a style=\"color: #00537f;\" href=\"https:\/\/www.facsa.com\/municipios\/qualitat-de-laigua\/#toga\">Toga<\/a><\/span><br \/><span style=\"color: #00537f;\"><a style=\"color: #00537f;\" href=\"https:\/\/www.facsa.com\/municipios\/qualitat-de-laigua\/#torralbadelpinar\">Torralba Del Pinar<\/a><\/span><br \/><span style=\"color: #00537f;\"><a style=\"color: #00537f;\" href=\"https:\/\/www.facsa.com\/municipios\/qualitat-de-laigua\/#torreendomenech\">Torre Endomenech<\/a><\/span><br \/><span style=\"color: #00537f;\"><a style=\"color: #00537f;\" href=\"https:\/\/www.facsa.com\/municipios\/qualitat-de-laigua\/#Torreblanca\">Torreblanca<\/a><\/span><br \/><span style=\"color: #00537f;\"><a style=\"color: #00537f;\" href=\"https:\/\/www.facsa.com\/municipios\/qualitat-de-laigua\/#traiguera\">Traiguera<\/a><\/span><br \/><span style=\"color: #00537f;\"><a style=\"color: #00537f;\" href=\"https:\/\/www.facsa.com\/municipios\/qualitat-de-laigua\/#userasuseres\">Useras\/Useres (Les)<\/a><\/span><br \/><span style=\"color: #00537f;\"><a style=\"color: #00537f;\" href=\"https:\/\/www.facsa.com\/municipios\/qualitat-de-laigua\/#valldalba\">Vall d&#8217;Alba<\/a><\/span><br \/><span style=\"color: #00537f;\"><a style=\"color: #00537f;\" href=\"https:\/\/www.facsa.com\/municipios\/qualitat-de-laigua\/#vallat\">Vallat<\/a><\/span><br \/><span style=\"color: #00537f;\"><a style=\"color: #00537f;\" href=\"https:\/\/www.facsa.com\/municipios\/qualitat-de-laigua\/#vilafames\">Vilafam\u00e9s<\/a><\/span><br \/><span style=\"color: #00537f;\"><a style=\"color: #00537f;\" href=\"https:\/\/www.facsa.com\/municipios\/qualitat-de-laigua\/#vilafrancavillafrancadelcid\">Vilafranca\/Villafranca del Cid<\/a><\/span><br \/><span style=\"color: #00537f;\"><a style=\"color: #00537f;\" href=\"https:\/\/www.facsa.com\/municipios\/qualitat-de-laigua\/#vilanovadalcolea\">Vilanova d&#8217;Alcolea<\/a><\/span><br \/><span style=\"color: #00537f;\"><a style=\"color: #00537f;\" href=\"https:\/\/www.facsa.com\/municipios\/qualitat-de-laigua\/#vilareal\">Vila-Real<\/a><\/span><br \/><span style=\"color: #00537f;\"><a style=\"color: #00537f;\" href=\"https:\/\/www.facsa.com\/municipios\/qualitat-de-laigua\/#vilavella\">Vilavella (La)<\/a><\/span><br \/><span style=\"color: #00537f;\"><a style=\"color: #00537f;\" href=\"https:\/\/www.facsa.com\/municipios\/qualitat-de-laigua\/#vinaros\">Vinar\u00f2s<\/a><\/span><br \/><span style=\"color: #00537f;\"><a style=\"color: #00537f;\" href=\"https:\/\/www.facsa.com\/municipios\/qualitat-de-laigua\/#xilxes\">Xilxes<\/a><\/span><\/p>\n<p>[\/et_pb_toggle][\/et_pb_column][\/et_pb_row][\/et_pb_section][et_pb_section fb_built=\u00bb1&#8243; module_id=\u00bbalamedadelasagra\u00bb _builder_version=\u00bb4.16&#8243; _module_preset=\u00bbdefault\u00bb global_colors_info=\u00bb{}\u00bb][et_pb_row _builder_version=\u00bb4.16&#8243; _module_preset=\u00bbdefault\u00bb global_colors_info=\u00bb{}\u00bb][et_pb_column type=\u00bb4_4&#8243; _builder_version=\u00bb4.16&#8243; _module_preset=\u00bbdefault\u00bb global_colors_info=\u00bb{}\u00bb][et_pb_text module_id=\u00bbalamedadelasagra\u00bb _builder_version=\u00bb4.16&#8243; _module_preset=\u00bbdefault\u00bb text_font_size=\u00bb15px\u00bb header_font_size=\u00bb34px\u00bb custom_margin=\u00bb||21px||false|false\u00bb global_colors_info=\u00bb{}\u00bb]<\/p>\n<h1 style=\"text-align: center;\"><span data-sheets-value=\"{&quot;1&quot;:2,&quot;2&quot;:&quot;Alameda de la Sagra&quot;}\" data-sheets-userformat=\"{&quot;2&quot;:6783,&quot;3&quot;:{&quot;1&quot;:0},&quot;4&quot;:{&quot;1&quot;:2,&quot;2&quot;:15921906},&quot;5&quot;:{&quot;1&quot;:[{&quot;1&quot;:2,&quot;2&quot;:0,&quot;5&quot;:{&quot;1&quot;:2,&quot;2&quot;:0}},{&quot;1&quot;:0,&quot;2&quot;:0,&quot;3&quot;:3},{&quot;1&quot;:1,&quot;2&quot;:0,&quot;4&quot;:1}]},&quot;6&quot;:{&quot;1&quot;:[{&quot;1&quot;:2,&quot;2&quot;:0,&quot;5&quot;:{&quot;1&quot;:2,&quot;2&quot;:0}},{&quot;1&quot;:0,&quot;2&quot;:0,&quot;3&quot;:3},{&quot;1&quot;:1,&quot;2&quot;:0,&quot;4&quot;:1}]},&quot;7&quot;:{&quot;1&quot;:[{&quot;1&quot;:2,&quot;2&quot;:0,&quot;5&quot;:{&quot;1&quot;:2,&quot;2&quot;:0}},{&quot;1&quot;:0,&quot;2&quot;:0,&quot;3&quot;:3},{&quot;1&quot;:1,&quot;2&quot;:0,&quot;4&quot;:1}]},&quot;8&quot;:{&quot;1&quot;:[{&quot;1&quot;:2,&quot;2&quot;:0,&quot;5&quot;:{&quot;1&quot;:2,&quot;2&quot;:0}},{&quot;1&quot;:0,&quot;2&quot;:0,&quot;3&quot;:3},{&quot;1&quot;:1,&quot;2&quot;:0,&quot;4&quot;:1}]},&quot;9&quot;:2,&quot;12&quot;:0,&quot;14&quot;:{&quot;1&quot;:2,&quot;2&quot;:0},&quot;15&quot;:&quot;\\&quot;Calibri Light\\&quot;, sans-serif&quot;}\">Alameda de la Sagra<\/span><\/h1>\n<p>[\/et_pb_text][et_pb_image src=\u00bbhttps:\/\/www.facsa.com\/municipios\/wp-content\/uploads\/2023\/07\/Icono-PDF-pdf.png\u00bb title_text=\u00bbIcono PDF-pdf\u00bb align=\u00bbcenter\u00bb _builder_version=\u00bb4.16&#8243; _module_preset=\u00bbdefault\u00bb width=\u00bb9%\u00bb max_width=\u00bb2%\u00bb custom_margin=\u00bb||25px||false|false\u00bb global_colors_info=\u00bb{}\u00bb][\/et_pb_image][et_pb_text _builder_version=\u00bb4.16&#8243; _module_preset=\u00bbdefault\u00bb locked=\u00bboff\u00bb global_colors_info=\u00bb{}\u00bb]<\/p>\n<p style=\"text-align: center;\"><span style=\"color: #00ccff;\"><strong><a href=\"https:\/\/www.facsa.com\/municipios\/wp-content\/uploads\/2024\/06\/Red-Alameda-de-la-Sagra-N\u00facleo-Urbano.pdf\" target=\"_blank\" rel=\"noopener\" style=\"color: #00ccff;\" onmouseover=\"this.style.color='#00ccff';\" onmouseout=\"this.style.color='#00ccff';\">Anal\u00edtica<\/a> <\/strong><\/span><strong>\u00a0<span style=\"color: #999999;\">Red Alameda de la Sagra &#8211; N\u00facleo Urbano\u00a0 <span style=\"color: #00ccff;\"><a href=\"https:\/\/www.facsa.com\/municipios\/wp-content\/uploads\/2024\/06\/CS-info-Red-Alameda-de-la-Sagra-N\u00facleo-Urbano.pdf\" target=\"_blank\" rel=\"noopener\" style=\"color: #00ccff;\" onmouseover=\"this.style.color='#00ccff';\" onmouseout=\"this.style.color='#00ccff';\">Informaci\u00f3n red<\/a><\/span><\/span><\/strong><span style=\"color: #333300;\"><strong><a href=\"https:\/\/www.facsa.com\/municipios\/wp-content\/uploads\/2023\/07\/Red-Alameda-de-la-Sagra-N\u00facleo-Urbano-1.pdf\" target=\"_blank\" rel=\"noopener\" style=\"color: #969696;\" onmouseover=\"this.style.color='#00ccff';\" onmouseout=\"this.style.color='#969696';\"><br \/><\/a><\/strong><\/span><span style=\"color: #333300;\"><br \/><\/span><\/p>\n<p>[\/et_pb_text][\/et_pb_column][\/et_pb_row][\/et_pb_section][et_pb_section fb_built=\u00bb1&#8243; module_id=\u00bbalbocasser\u00bb _builder_version=\u00bb4.16&#8243; _module_preset=\u00bbdefault\u00bb global_colors_info=\u00bb{}\u00bb][et_pb_row _builder_version=\u00bb4.16&#8243; _module_preset=\u00bbdefault\u00bb global_colors_info=\u00bb{}\u00bb][et_pb_column type=\u00bb4_4&#8243; _builder_version=\u00bb4.16&#8243; _module_preset=\u00bbdefault\u00bb global_colors_info=\u00bb{}\u00bb][et_pb_text module_id=\u00bbalbocasser\u00bb _builder_version=\u00bb4.16&#8243; _module_preset=\u00bbdefault\u00bb text_font_size=\u00bb15px\u00bb header_font_size=\u00bb34px\u00bb custom_margin=\u00bb||21px||false|false\u00bb global_colors_info=\u00bb{}\u00bb]<\/p>\n<h1 style=\"text-align: center;\"><span data-sheets-value=\"{&quot;1&quot;:2,&quot;2&quot;:&quot;Alameda de la Sagra&quot;}\" data-sheets-userformat=\"{&quot;2&quot;:6783,&quot;3&quot;:{&quot;1&quot;:0},&quot;4&quot;:{&quot;1&quot;:2,&quot;2&quot;:15921906},&quot;5&quot;:{&quot;1&quot;:[{&quot;1&quot;:2,&quot;2&quot;:0,&quot;5&quot;:{&quot;1&quot;:2,&quot;2&quot;:0}},{&quot;1&quot;:0,&quot;2&quot;:0,&quot;3&quot;:3},{&quot;1&quot;:1,&quot;2&quot;:0,&quot;4&quot;:1}]},&quot;6&quot;:{&quot;1&quot;:[{&quot;1&quot;:2,&quot;2&quot;:0,&quot;5&quot;:{&quot;1&quot;:2,&quot;2&quot;:0}},{&quot;1&quot;:0,&quot;2&quot;:0,&quot;3&quot;:3},{&quot;1&quot;:1,&quot;2&quot;:0,&quot;4&quot;:1}]},&quot;7&quot;:{&quot;1&quot;:[{&quot;1&quot;:2,&quot;2&quot;:0,&quot;5&quot;:{&quot;1&quot;:2,&quot;2&quot;:0}},{&quot;1&quot;:0,&quot;2&quot;:0,&quot;3&quot;:3},{&quot;1&quot;:1,&quot;2&quot;:0,&quot;4&quot;:1}]},&quot;8&quot;:{&quot;1&quot;:[{&quot;1&quot;:2,&quot;2&quot;:0,&quot;5&quot;:{&quot;1&quot;:2,&quot;2&quot;:0}},{&quot;1&quot;:0,&quot;2&quot;:0,&quot;3&quot;:3},{&quot;1&quot;:1,&quot;2&quot;:0,&quot;4&quot;:1}]},&quot;9&quot;:2,&quot;12&quot;:0,&quot;14&quot;:{&quot;1&quot;:2,&quot;2&quot;:0},&quot;15&quot;:&quot;\\&quot;Calibri Light\\&quot;, sans-serif&quot;}\">Alboc\u00e0sser<\/span><\/h1>\n<p>[\/et_pb_text][et_pb_image src=\u00bbhttps:\/\/www.facsa.com\/municipios\/wp-content\/uploads\/2023\/07\/Icono-PDF-pdf.png\u00bb title_text=\u00bbIcono PDF-pdf\u00bb align=\u00bbcenter\u00bb _builder_version=\u00bb4.16&#8243; _module_preset=\u00bbdefault\u00bb width=\u00bb9%\u00bb max_width=\u00bb2%\u00bb custom_margin=\u00bb||25px||false|false\u00bb global_colors_info=\u00bb{}\u00bb][\/et_pb_image][et_pb_text _builder_version=\u00bb4.16&#8243; _module_preset=\u00bbdefault\u00bb locked=\u00bboff\u00bb global_colors_info=\u00bb{}\u00bb]<\/p>\n<p style=\"text-align: center;\"><span style=\"color: #00ccff;\"><strong><a href=\"https:\/\/www.facsa.com\/municipios\/wp-content\/uploads\/2024\/06\/Red-Alboc\u00e0sser.pdf\" target=\"_blank\" rel=\"noopener\" style=\"color: #00ccff;\" onmouseover=\"this.style.color='#00ccff';\" onmouseout=\"this.style.color='#00ccff';\">Anal\u00edtica<\/a> <\/strong><\/span><strong>\u00a0<span style=\"color: #999999;\">Red Alboc\u00e0sser\u00a0 <span style=\"color: #00ccff;\"><a href=\"https:\/\/www.facsa.com\/municipios\/wp-content\/uploads\/2024\/06\/VA-Info_Red-Albocasser.pdf\" target=\"_blank\" rel=\"noopener\" style=\"color: #00ccff;\" onmouseover=\"this.style.color='#00ccff';\" onmouseout=\"this.style.color='#00ccff';\">Informaci\u00f3n red<\/a><\/span><\/span><\/strong><span style=\"color: #333300;\"><strong><a href=\"https:\/\/www.facsa.com\/municipios\/wp-content\/uploads\/2023\/07\/Red-Alameda-de-la-Sagra-N\u00facleo-Urbano-1.pdf\" target=\"_blank\" rel=\"noopener\" style=\"color: #969696;\" onmouseover=\"this.style.color='#00ccff';\" onmouseout=\"this.style.color='#969696';\"><br \/><\/a><\/strong><\/span><span style=\"color: #333300;\"><br \/><\/span><\/p>\n<p>[\/et_pb_text][et_pb_text _builder_version=\u00bb4.16&#8243; _module_preset=\u00bbdefault\u00bb locked=\u00bboff\u00bb global_colors_info=\u00bb{}\u00bb]<\/p>\n<p style=\"text-align: center;\"><span style=\"color: #00ccff;\"><strong><a href=\"https:\/\/www.facsa.com\/municipios\/wp-content\/uploads\/2024\/06\/Red-de-distribuci\u00f3n-de-Alboc\u00e0sser-2-Mas-Roig-y-Diseminados.pdf\" target=\"_blank\" rel=\"noopener\" style=\"color: #00ccff;\" onmouseover=\"this.style.color='#00ccff';\" onmouseout=\"this.style.color='#00ccff';\">Anal\u00edtica<\/a> <\/strong><\/span><strong>\u00a0<span style=\"color: #999999;\">Red de distribuci\u00f3n de Alboc\u00e0sser 2 &#8211; Mas Roig y Diseminados\u00a0 <span style=\"color: #00ccff;\"><a href=\"https:\/\/www.facsa.com\/municipios\/wp-content\/uploads\/2024\/06\/VA-Info_Red-de-distribucion-de-Albocasser-2-Mas-Roig-y-diseminados.pdf\" target=\"_blank\" rel=\"noopener\" style=\"color: #00ccff;\" onmouseover=\"this.style.color='#00ccff';\" onmouseout=\"this.style.color='#00ccff';\">Informaci\u00f3n red<\/a><\/span><\/span><\/strong><span style=\"color: #333300;\"><strong><a href=\"https:\/\/www.facsa.com\/municipios\/wp-content\/uploads\/2023\/07\/Red-Alameda-de-la-Sagra-N\u00facleo-Urbano-1.pdf\" target=\"_blank\" rel=\"noopener\" style=\"color: #969696;\" onmouseover=\"this.style.color='#00ccff';\" onmouseout=\"this.style.color='#969696';\"><br \/><\/a><\/strong><\/span><span style=\"color: #333300;\"><br \/><\/span><\/p>\n<p>[\/et_pb_text][\/et_pb_column][\/et_pb_row][\/et_pb_section][et_pb_section fb_built=\u00bb1&#8243; module_id=\u00bbalcaladexivert\u00bb _builder_version=\u00bb4.16&#8243; _module_preset=\u00bbdefault\u00bb global_colors_info=\u00bb{}\u00bb][et_pb_row _builder_version=\u00bb4.16&#8243; _module_preset=\u00bbdefault\u00bb global_colors_info=\u00bb{}\u00bb][et_pb_column type=\u00bb4_4&#8243; _builder_version=\u00bb4.16&#8243; _module_preset=\u00bbdefault\u00bb global_colors_info=\u00bb{}\u00bb][et_pb_text _builder_version=\u00bb4.16&#8243; _module_preset=\u00bbdefault\u00bb text_font_size=\u00bb15px\u00bb header_font_size=\u00bb34px\u00bb custom_margin=\u00bb||21px||false|false\u00bb global_colors_info=\u00bb{}\u00bb]<\/p>\n<h1 style=\"text-align: center;\">Alcal\u00e0 de Xivert<\/h1>\n<p>[\/et_pb_text][et_pb_image src=\u00bbhttps:\/\/www.facsa.com\/municipios\/wp-content\/uploads\/2023\/07\/Icono-PDF-pdf.png\u00bb title_text=\u00bbIcono PDF-pdf\u00bb align=\u00bbcenter\u00bb _builder_version=\u00bb4.16&#8243; _module_preset=\u00bbdefault\u00bb width=\u00bb9%\u00bb max_width=\u00bb2%\u00bb custom_margin=\u00bb||25px||false|false\u00bb global_colors_info=\u00bb{}\u00bb][\/et_pb_image][et_pb_text _builder_version=\u00bb4.16&#8243; _module_preset=\u00bbdefault\u00bb locked=\u00bboff\u00bb global_colors_info=\u00bb{}\u00bb]<\/p>\n<p style=\"text-align: center;\"><span style=\"color: #00ccff;\"><strong><a href=\"https:\/\/www.facsa.com\/municipios\/wp-content\/uploads\/2024\/06\/Red-Alcal\u00e0-De-Xivert-Pueblo.pdf\" target=\"_blank\" rel=\"noopener\" style=\"color: #00ccff;\" onmouseover=\"this.style.color='#00ccff';\" onmouseout=\"this.style.color='#00ccff';\">Anal\u00edtica<\/a> <\/strong><\/span><strong>\u00a0<span style=\"color: #999999;\">Red Alcal\u00e0 De Xibert -Pueblo\u00a0 <span style=\"color: #00ccff;\"><a href=\"https:\/\/www.facsa.com\/municipios\/wp-content\/uploads\/2024\/06\/VA-Info-Red-Alcal\u00e0-De-Xivert-Pueblo.pdf\" target=\"_blank\" rel=\"noopener\" style=\"color: #00ccff;\" onmouseover=\"this.style.color='#00ccff';\" onmouseout=\"this.style.color='#00ccff';\">Informaci\u00f3n red<\/a><\/span><\/span><\/strong><span style=\"color: #333300;\"><strong><a href=\"https:\/\/www.facsa.com\/municipios\/wp-content\/uploads\/2023\/07\/Red-Alameda-de-la-Sagra-N\u00facleo-Urbano-1.pdf\" target=\"_blank\" rel=\"noopener\" style=\"color: #969696;\" onmouseover=\"this.style.color='#00ccff';\" onmouseout=\"this.style.color='#969696';\"><br \/><\/a><\/strong><\/span><span style=\"color: #333300;\"><\/span><strong><span style=\"color: #999999;\"><span style=\"color: #00ccff;\"><\/span><\/span><\/strong><\/p>\n<p style=\"text-align: center;\"><span style=\"color: #00ccff;\"><strong><a href=\"https:\/\/www.facsa.com\/municipios\/wp-content\/uploads\/2024\/06\/Red-Alcal\u00e0-De-Xivert-Alcossebre-y-Cap-i-Corp.pdf\" target=\"_blank\" rel=\"noopener\" style=\"color: #00ccff;\" onmouseover=\"this.style.color='#00ccff';\" onmouseout=\"this.style.color='#00ccff';\">Anal\u00edtica<\/a> <\/strong><\/span><strong>\u00a0<span style=\"color: #999999;\">Red Alcal\u00e0 De Xibert &#8211; Alcossebre y Cap i Corp \u00a0<span style=\"color: #00ccff;\"><a href=\"https:\/\/www.facsa.com\/municipios\/wp-content\/uploads\/2024\/06\/VA-Info-Red-Alcal\u00e0-De-Xivert-Alcossebre-y-Cap-i-Corp.pdf\" target=\"_blank\" rel=\"noopener\" style=\"color: #00ccff;\" onmouseover=\"this.style.color='#00ccff';\" onmouseout=\"this.style.color='#00ccff';\">Informaci\u00f3n red<\/a><\/span><\/span><\/strong><span style=\"color: #333300;\"><strong><a href=\"https:\/\/www.facsa.com\/municipios\/wp-content\/uploads\/2023\/07\/Red-Alameda-de-la-Sagra-N\u00facleo-Urbano-1.pdf\" target=\"_blank\" rel=\"noopener\" style=\"color: #969696;\" onmouseover=\"this.style.color='#00ccff';\" onmouseout=\"this.style.color='#969696';\"><br \/><\/a><\/strong><\/span><span style=\"color: #333300;\"><\/span><strong><span style=\"color: #999999;\"><span style=\"color: #00ccff;\"><\/span><\/span><\/strong><\/p>\n<p style=\"text-align: center;\"><span style=\"color: #00ccff;\"><strong><a href=\"https:\/\/www.facsa.com\/municipios\/wp-content\/uploads\/2024\/06\/Red-Alcal\u00e0-De-Xivert-Las-Fuentes.pdf\" target=\"_blank\" rel=\"noopener\" style=\"color: #00ccff;\" onmouseover=\"this.style.color='#00ccff';\" onmouseout=\"this.style.color='#00ccff';\">Anal\u00edtica<\/a> <\/strong><\/span><strong>\u00a0<span style=\"color: #999999;\">Red Alcal\u00e0 De Xibert &#8211; Las Fuentes <span style=\"color: #00ccff;\"><a href=\"https:\/\/www.facsa.com\/municipios\/wp-content\/uploads\/2024\/06\/VA-Info-Red-Alcal\u00e0-De-Xivert-Las-Fuentes.pdf\" target=\"_blank\" rel=\"noopener\" style=\"color: #00ccff;\" onmouseover=\"this.style.color='#00ccff';\" onmouseout=\"this.style.color='#00ccff';\">Informaci\u00f3n red<\/a><\/span><\/span><\/strong><span style=\"color: #333300;\"><strong><a href=\"https:\/\/www.facsa.com\/municipios\/wp-content\/uploads\/2023\/07\/Red-Alameda-de-la-Sagra-N\u00facleo-Urbano-1.pdf\" target=\"_blank\" rel=\"noopener\" style=\"color: #969696;\" onmouseover=\"this.style.color='#00ccff';\" onmouseout=\"this.style.color='#969696';\"><br \/><\/a><\/strong><\/span><span style=\"color: #333300;\"><\/span><strong><span style=\"color: #999999;\"><span style=\"color: #00ccff;\"><\/span><\/span><\/strong><\/p>\n<p style=\"text-align: center;\"><span style=\"color: #00ccff;\"><strong><a href=\"https:\/\/www.facsa.com\/municipios\/wp-content\/uploads\/2024\/06\/Red-Alcal\u00e0-De-Xivert-Marcolina.pdf\" target=\"_blank\" rel=\"noopener\" style=\"color: #00ccff;\" onmouseover=\"this.style.color='#00ccff';\" onmouseout=\"this.style.color='#00ccff';\">Anal\u00edtica<\/a> <\/strong><\/span><strong>\u00a0<span style=\"color: #999999;\">Red Alcal\u00e0 De Xibert &#8211; Marcolina <span style=\"color: #00ccff;\"><a href=\"https:\/\/www.facsa.com\/municipios\/wp-content\/uploads\/2024\/06\/VA-Info-Red-Alcal\u00e0-De-Xivert-Marcolina.pdf\" target=\"_blank\" rel=\"noopener\" style=\"color: #00ccff;\" onmouseover=\"this.style.color='#00ccff';\" onmouseout=\"this.style.color='#00ccff';\">Informaci\u00f3n red<\/a><\/span><\/span><\/strong><span style=\"color: #333300;\"><strong><a href=\"https:\/\/www.facsa.com\/municipios\/wp-content\/uploads\/2023\/07\/Red-Alameda-de-la-Sagra-N\u00facleo-Urbano-1.pdf\" target=\"_blank\" rel=\"noopener\" style=\"color: #969696;\" onmouseover=\"this.style.color='#00ccff';\" onmouseout=\"this.style.color='#969696';\"><br \/><\/a><\/strong><\/span><span style=\"color: #333300;\"><br \/><\/span><\/p>\n<p style=\"text-align: center;\"><strong><span style=\"color: #999999;\"><span style=\"color: #00ccff;\"><\/span><\/span><\/strong><\/p>\n<p>[\/et_pb_text][\/et_pb_column][\/et_pb_row][\/et_pb_section][et_pb_section fb_built=\u00bb1&#8243; module_id=\u00bbalcora\u00bb _builder_version=\u00bb4.16&#8243; _module_preset=\u00bbdefault\u00bb global_colors_info=\u00bb{}\u00bb][et_pb_row _builder_version=\u00bb4.16&#8243; _module_preset=\u00bbdefault\u00bb global_colors_info=\u00bb{}\u00bb][et_pb_column type=\u00bb4_4&#8243; _builder_version=\u00bb4.16&#8243; _module_preset=\u00bbdefault\u00bb global_colors_info=\u00bb{}\u00bb][et_pb_text _builder_version=\u00bb4.16&#8243; _module_preset=\u00bbdefault\u00bb text_font_size=\u00bb15px\u00bb header_font_size=\u00bb34px\u00bb custom_margin=\u00bb||21px||false|false\u00bb global_colors_info=\u00bb{}\u00bb]<\/p>\n<h1 style=\"text-align: center;\">L\u00b4Alcora<\/h1>\n<p>[\/et_pb_text][et_pb_image src=\u00bbhttps:\/\/www.facsa.com\/municipios\/wp-content\/uploads\/2023\/07\/Icono-PDF-pdf.png\u00bb title_text=\u00bbIcono PDF-pdf\u00bb align=\u00bbcenter\u00bb _builder_version=\u00bb4.16&#8243; _module_preset=\u00bbdefault\u00bb width=\u00bb9%\u00bb max_width=\u00bb2%\u00bb custom_margin=\u00bb||25px||false|false\u00bb global_colors_info=\u00bb{}\u00bb][\/et_pb_image][et_pb_text _builder_version=\u00bb4.16&#8243; _module_preset=\u00bbdefault\u00bb custom_padding=\u00bb0px|||||\u00bb locked=\u00bboff\u00bb global_colors_info=\u00bb{}\u00bb]<\/p>\n<p style=\"text-align: center;\"><span style=\"color: #00ccff;\"><strong><a href=\"https:\/\/www.facsa.com\/municipios\/wp-content\/uploads\/2024\/06\/Red-Alcora-La-Foya.pdf\" target=\"_blank\" rel=\"noopener\" style=\"color: #00ccff;\" onmouseover=\"this.style.color='#00ccff';\" onmouseout=\"this.style.color='#00ccff';\">Anal\u00edtica<\/a> <\/strong><\/span><strong>\u00a0<span style=\"color: #999999;\">Red Alcora &#8211; La Foya <span style=\"color: #00ccff;\"><a href=\"https:\/\/www.facsa.com\/municipios\/wp-content\/uploads\/2024\/06\/VA-Info-Red-Alcora-La-Foya.pdf\" target=\"_blank\" rel=\"noopener\" style=\"color: #00ccff;\" onmouseover=\"this.style.color='#00ccff';\" onmouseout=\"this.style.color='#00ccff';\">Informaci\u00f3n red<\/a><\/span><\/span><\/strong><span style=\"color: #333300;\"><strong><a href=\"https:\/\/www.facsa.com\/municipios\/wp-content\/uploads\/2023\/07\/Red-Alameda-de-la-Sagra-N\u00facleo-Urbano-1.pdf\" target=\"_blank\" rel=\"noopener\" style=\"color: #969696;\" onmouseover=\"this.style.color='#00ccff';\" onmouseout=\"this.style.color='#969696';\"><br \/><\/a><\/strong><\/span><span style=\"color: #333300;\"><\/span><strong><span style=\"color: #999999;\"><span style=\"color: #00ccff;\"><\/span><\/span><\/strong><\/p>\n<p style=\"text-align: center;\"><span style=\"color: #00ccff;\"><strong><a href=\"https:\/\/www.facsa.com\/municipios\/wp-content\/uploads\/2024\/06\/Red-Alcora-Zona-Industrial.pdf\" target=\"_blank\" rel=\"noopener\" style=\"color: #00ccff;\" onmouseover=\"this.style.color='#00ccff';\" onmouseout=\"this.style.color='#00ccff';\">Anal\u00edtica<\/a> <\/strong><\/span><strong>\u00a0<span style=\"color: #999999;\">Red Alcora &#8211; Zona Industrial <span style=\"color: #00ccff;\"><a href=\"https:\/\/www.facsa.com\/municipios\/wp-content\/uploads\/2024\/06\/VA-Info-Red-Alcora-Zona-Industrial.pdf\" target=\"_blank\" rel=\"noopener\" style=\"color: #00ccff;\" onmouseover=\"this.style.color='#00ccff';\" onmouseout=\"this.style.color='#00ccff';\">Informaci\u00f3n red<\/a><\/span><\/span><\/strong><span style=\"color: #333300;\"><strong><a href=\"https:\/\/www.facsa.com\/municipios\/wp-content\/uploads\/2023\/07\/Red-Alameda-de-la-Sagra-N\u00facleo-Urbano-1.pdf\" target=\"_blank\" rel=\"noopener\" style=\"color: #969696;\" onmouseover=\"this.style.color='#00ccff';\" onmouseout=\"this.style.color='#969696';\"><br \/><\/a><\/strong><\/span><span style=\"color: #333300;\"><\/span><strong><span style=\"color: #999999;\"><span style=\"color: #00ccff;\"><\/span><\/span><\/strong><\/p>\n<p style=\"text-align: center;\"><span style=\"color: #00ccff;\"><strong><a href=\"https:\/\/www.facsa.com\/municipios\/wp-content\/uploads\/2024\/06\/Red-Alcora-2-Red-Fuentes-Publicas.pdf\" target=\"_blank\" rel=\"noopener\" style=\"color: #00ccff;\" onmouseover=\"this.style.color='#00ccff';\" onmouseout=\"this.style.color='#00ccff';\">Anal\u00edtica<\/a> <\/strong><\/span><strong>\u00a0<span style=\"color: #999999;\">Red Alcora 2 &#8211; Red Fuentes Publicas <span style=\"color: #00ccff;\"><a href=\"https:\/\/www.facsa.com\/municipios\/wp-content\/uploads\/2024\/06\/VA-Info-Red-Alcora-2-Red-Fuentes-Publicas.pdf\" target=\"_blank\" rel=\"noopener\" style=\"color: #00ccff;\" onmouseover=\"this.style.color='#00ccff';\" onmouseout=\"this.style.color='#00ccff';\">Informaci\u00f3n red<\/a><\/span><\/span><\/strong><span style=\"color: #333300;\"><strong><a href=\"https:\/\/www.facsa.com\/municipios\/wp-content\/uploads\/2023\/07\/Red-Alameda-de-la-Sagra-N\u00facleo-Urbano-1.pdf\" target=\"_blank\" rel=\"noopener\" style=\"color: #969696;\" onmouseover=\"this.style.color='#00ccff';\" onmouseout=\"this.style.color='#969696';\"><br \/><\/a><\/strong><\/span><span style=\"color: #333300;\"><\/span><strong><span style=\"color: #999999;\"><span style=\"color: #00ccff;\"><\/span><\/span><\/strong><\/p>\n<p style=\"text-align: center;\"><span style=\"color: #00ccff;\"><strong><a href=\"https:\/\/www.facsa.com\/municipios\/wp-content\/uploads\/2024\/06\/Red-Alcora-3-Araya.pdf\" target=\"_blank\" rel=\"noopener\" style=\"color: #00ccff;\" onmouseover=\"this.style.color='#00ccff';\" onmouseout=\"this.style.color='#00ccff';\">Anal\u00edtica<\/a> <\/strong><\/span><strong>\u00a0<span style=\"color: #999999;\">Red Alcora 3 &#8211; Araya <span style=\"color: #00ccff;\"><a href=\"https:\/\/www.facsa.com\/municipios\/wp-content\/uploads\/2024\/06\/VA-Info-Red-Alcora-3-Araya.pdf\" target=\"_blank\" rel=\"noopener\" style=\"color: #00ccff;\" onmouseover=\"this.style.color='#00ccff';\" onmouseout=\"this.style.color='#00ccff';\">Informaci\u00f3n red<\/a><\/span><\/span><\/strong><span style=\"color: #333300;\"><strong><a href=\"https:\/\/www.facsa.com\/municipios\/wp-content\/uploads\/2023\/07\/Red-Alameda-de-la-Sagra-N\u00facleo-Urbano-1.pdf\" target=\"_blank\" rel=\"noopener\" style=\"color: #969696;\" onmouseover=\"this.style.color='#00ccff';\" onmouseout=\"this.style.color='#969696';\"><\/a><\/strong><\/span><span style=\"color: #333300;\"><strong><a href=\"https:\/\/www.facsa.com\/municipios\/wp-content\/uploads\/2023\/07\/Red-Alameda-de-la-Sagra-N\u00facleo-Urbano-1.pdf\" target=\"_blank\" rel=\"noopener\" style=\"color: #969696;\" onmouseover=\"this.style.color='#00ccff';\" onmouseout=\"this.style.color='#969696';\"><\/a><\/strong><\/span><span style=\"color: #333300;\"><\/span><strong><span style=\"color: #999999;\"><span style=\"color: #00ccff;\"><\/span><\/span><\/strong><\/p>\n<p style=\"text-align: center;\"><span style=\"color: #00ccff;\"><strong><a href=\"https:\/\/www.facsa.com\/municipios\/wp-content\/uploads\/2024\/06\/Red-Alcora-y-Red-San-Cristobal.pdf\" target=\"_blank\" rel=\"noopener\" style=\"color: #00ccff;\" onmouseover=\"this.style.color='#00ccff';\" onmouseout=\"this.style.color='#00ccff';\">Anal\u00edtica<\/a> <\/strong><\/span><strong>\u00a0<span style=\"color: #999999;\">Red Alcora y Red San Crist\u00f3bal <span style=\"color: #00ccff;\"><a href=\"https:\/\/www.facsa.com\/municipios\/wp-content\/uploads\/2024\/06\/VA-Info-Red-Alcora-y-Red-San-Crist\u00f3bal.pdf\" target=\"_blank\" rel=\"noopener\" style=\"color: #00ccff;\" onmouseover=\"this.style.color='#00ccff';\" onmouseout=\"this.style.color='#00ccff';\">Informaci\u00f3n red<\/a><\/span><\/span><\/strong><\/p>\n<p style=\"text-align: center;\"><span style=\"color: #333300;\"><strong><\/strong><\/span><span style=\"color: #333300;\"><br \/><\/span><\/p>\n<p style=\"text-align: center;\"><strong><span style=\"color: #999999;\"><span style=\"color: #00ccff;\"><\/span><\/span><\/strong><\/p>\n<p style=\"text-align: center;\"><strong><span style=\"color: #999999;\"><span style=\"color: #00ccff;\"><\/span><\/span><\/strong><\/p>\n<p>[\/et_pb_text][\/et_pb_column][\/et_pb_row][\/et_pb_section][et_pb_section fb_built=\u00bb1&#8243; module_id=\u00bbalcora\u00bb _builder_version=\u00bb4.16&#8243; _module_preset=\u00bbdefault\u00bb global_colors_info=\u00bb{}\u00bb][et_pb_row _builder_version=\u00bb4.16&#8243; _module_preset=\u00bbdefault\u00bb global_colors_info=\u00bb{}\u00bb][et_pb_column type=\u00bb4_4&#8243; _builder_version=\u00bb4.16&#8243; _module_preset=\u00bbdefault\u00bb global_colors_info=\u00bb{}\u00bb][et_pb_text _builder_version=\u00bb4.16&#8243; _module_preset=\u00bbdefault\u00bb text_font_size=\u00bb15px\u00bb header_font_size=\u00bb34px\u00bb custom_margin=\u00bb||21px||false|false\u00bb global_colors_info=\u00bb{}\u00bb]<\/p>\n<h1 style=\"text-align: center;\">Alcudia<\/h1>\n<p>[\/et_pb_text][et_pb_image src=\u00bbhttps:\/\/www.facsa.com\/municipios\/wp-content\/uploads\/2023\/07\/Icono-PDF-pdf.png\u00bb title_text=\u00bbIcono PDF-pdf\u00bb align=\u00bbcenter\u00bb _builder_version=\u00bb4.16&#8243; _module_preset=\u00bbdefault\u00bb width=\u00bb9%\u00bb max_width=\u00bb2%\u00bb custom_margin=\u00bb||25px||false|false\u00bb global_colors_info=\u00bb{}\u00bb][\/et_pb_image][et_pb_text _builder_version=\u00bb4.16&#8243; _module_preset=\u00bbdefault\u00bb custom_padding=\u00bb0px|||||\u00bb locked=\u00bboff\u00bb global_colors_info=\u00bb{}\u00bb]<\/p>\n<p style=\"text-align: center;\"><span style=\"color: #00ccff;\"><strong><a href=\"https:\/\/www.facsa.com\/municipios\/wp-content\/uploads\/2024\/06\/Alcudia-Red-Alcanada.pdf\" target=\"_blank\" rel=\"noopener\" style=\"color: #00ccff;\" onmouseover=\"this.style.color='#00ccff';\" onmouseout=\"this.style.color='#00ccff';\">Anal\u00edtica<\/a> <\/strong><\/span><strong>\u00a0<span style=\"color: #999999;\">Red Alcudia &#8211; Red Alcanada <span style=\"color: #00ccff;\"><a href=\"https:\/\/www.facsa.com\/municipios\/wp-content\/uploads\/2024\/06\/VA-Info-Red-Alcudia-Red-Alcanada.pdf\" target=\"_blank\" rel=\"noopener\" style=\"color: #00ccff;\" onmouseover=\"this.style.color='#00ccff';\" onmouseout=\"this.style.color='#00ccff';\">Informaci\u00f3n red<\/a><\/span><\/span><\/strong><span style=\"color: #333300;\"><strong><a href=\"https:\/\/www.facsa.com\/municipios\/wp-content\/uploads\/2023\/07\/Red-Alameda-de-la-Sagra-N\u00facleo-Urbano-1.pdf\" target=\"_blank\" rel=\"noopener\" style=\"color: #969696;\" onmouseover=\"this.style.color='#00ccff';\" onmouseout=\"this.style.color='#969696';\"><br \/><\/a><\/strong><\/span><span style=\"color: #333300;\"><\/span><strong><span style=\"color: #999999;\"><span style=\"color: #00ccff;\"><\/span><\/span><\/strong><\/p>\n<p style=\"text-align: center;\"><span style=\"color: #00ccff;\"><strong><a href=\"https:\/\/www.facsa.com\/municipios\/wp-content\/uploads\/2024\/06\/Red-de-Alcudia-y-Puerto.pdf\" target=\"_blank\" rel=\"noopener\" style=\"color: #00ccff;\" onmouseover=\"this.style.color='#00ccff';\" onmouseout=\"this.style.color='#00ccff';\">Anal\u00edtica<\/a> <\/strong><\/span><strong> <span style=\"color: #999999;\">Red Alcudia &#8211; <\/span><span style=\"color: #999999;\"> <span>Red Alcudia y puerto<\/span> <span style=\"color: #00ccff;\"><a href=\"https:\/\/www.facsa.com\/municipios\/wp-content\/uploads\/2024\/06\/VA-Info-Red-Alcudia-Red-Alcudia-y-puerto.pdf\" target=\"_blank\" rel=\"noopener\" style=\"color: #00ccff;\" onmouseover=\"this.style.color='#00ccff';\" onmouseout=\"this.style.color='#00ccff';\">Informaci\u00f3n red<\/a><\/span><\/span><\/strong><span style=\"color: #333300;\"><strong><a href=\"https:\/\/www.facsa.com\/municipios\/wp-content\/uploads\/2023\/07\/Red-Alameda-de-la-Sagra-N\u00facleo-Urbano-1.pdf\" target=\"_blank\" rel=\"noopener\" style=\"color: #969696;\" onmouseover=\"this.style.color='#00ccff';\" onmouseout=\"this.style.color='#969696';\"><br \/><\/a><\/strong><\/span><span style=\"color: #333300;\"><\/span><strong><span style=\"color: #999999;\"><span style=\"color: #00ccff;\"><\/span><\/span><\/strong><\/p>\n<p style=\"text-align: center;\"><span style=\"color: #00ccff;\"><strong><a href=\"https:\/\/www.facsa.com\/municipios\/wp-content\/uploads\/2024\/06\/Red-de-Bonaire.pdf\" target=\"_blank\" rel=\"noopener\" style=\"color: #00ccff;\" onmouseover=\"this.style.color='#00ccff';\" onmouseout=\"this.style.color='#00ccff';\">Anal\u00edtica<\/a> <\/strong><\/span><strong>\u00a0<span style=\"color: #999999;\">Red Alcudia &#8211; <span> Red Bonaire<\/span> \u00a0<span style=\"color: #00ccff;\"><a href=\"https:\/\/www.facsa.com\/municipios\/wp-content\/uploads\/2024\/06\/Red-de-Bonaire.pdf\" target=\"_blank\" rel=\"noopener\" style=\"color: #00ccff;\" onmouseover=\"this.style.color='#00ccff';\" onmouseout=\"this.style.color='#00ccff';\">Informaci\u00f3n red<\/a><\/span><\/span><\/strong><span style=\"color: #333300;\"><strong><a href=\"https:\/\/www.facsa.com\/municipios\/wp-content\/uploads\/2023\/07\/Red-Alameda-de-la-Sagra-N\u00facleo-Urbano-1.pdf\" target=\"_blank\" rel=\"noopener\" style=\"color: #969696;\" onmouseover=\"this.style.color='#00ccff';\" onmouseout=\"this.style.color='#969696';\"><br \/><\/a><\/strong><\/span><span style=\"color: #333300;\"><\/span><strong><span style=\"color: #999999;\"><span style=\"color: #00ccff;\"><\/span><\/span><\/strong><\/p>\n<p style=\"text-align: center;\"><span style=\"color: #00ccff;\"><strong><a href=\"https:\/\/www.facsa.com\/municipios\/wp-content\/uploads\/2024\/06\/Red-de-Crestaig-S\u00b4Ubach-y-Son-Toni-Sa-Pobla.pdf\" target=\"_blank\" rel=\"noopener\" style=\"color: #00ccff;\" onmouseover=\"this.style.color='#00ccff';\" onmouseout=\"this.style.color='#00ccff';\">Anal\u00edtica<\/a> <\/strong><\/span><strong> <span style=\"color: #999999;\">Red Alcudia &#8211; <span>Red crestaig, s&#8217;ubach y son toni<\/span><\/span><span style=\"color: #999999;\">\u00a0<span style=\"color: #00ccff;\"><a href=\"https:\/\/www.facsa.com\/municipios\/wp-content\/uploads\/2024\/06\/VA-Info-Red-Sa-Pobla-Red-crestaig-subach-y-son-toni.pdf\" target=\"_blank\" rel=\"noopener\" style=\"color: #00ccff;\" onmouseover=\"this.style.color='#00ccff';\" onmouseout=\"this.style.color='#00ccff';\">Informaci\u00f3n red<\/a><\/span><\/span><\/strong><span style=\"color: #333300;\"><strong><a href=\"https:\/\/www.facsa.com\/municipios\/wp-content\/uploads\/2023\/07\/Red-Alameda-de-la-Sagra-N\u00facleo-Urbano-1.pdf\" target=\"_blank\" rel=\"noopener\" style=\"color: #969696;\" onmouseover=\"this.style.color='#00ccff';\" onmouseout=\"this.style.color='#969696';\"><\/a><\/strong><\/span><span style=\"color: #333300;\"><strong><a href=\"https:\/\/www.facsa.com\/municipios\/wp-content\/uploads\/2023\/07\/Red-Alameda-de-la-Sagra-N\u00facleo-Urbano-1.pdf\" target=\"_blank\" rel=\"noopener\" style=\"color: #969696;\" onmouseover=\"this.style.color='#00ccff';\" onmouseout=\"this.style.color='#969696';\"><\/a><\/strong><\/span><span style=\"color: #333300;\"><\/span><strong><span style=\"color: #999999;\"><span style=\"color: #00ccff;\"><\/span><\/span><\/strong><strong><span style=\"color: #999999;\"><\/span><\/strong><\/p>\n<p style=\"text-align: center;\"><span style=\"color: #333300;\"><strong><span style=\"color: #00ccff;\"><a href=\"https:\/\/www.facsa.com\/municipios\/wp-content\/uploads\/2024\/06\/Red-Es-Forti-Cala-Egos-Santany\u00ed.pdf\" target=\"_blank\" rel=\"noopener\" style=\"color: #00ccff;\" onmouseover=\"this.style.color='#00ccff';\" onmouseout=\"this.style.color='#00ccff';\">Anal\u00edtica<\/a> <\/span><span style=\"color: #999999;\">Red Es Forti-Cala Egos (Santany\u00ed)<\/span><span style=\"color: #999999;\">\u00a0<span style=\"color: #00ccff;\"><a href=\"https:\/\/www.facsa.com\/municipios\/wp-content\/uploads\/2024\/06\/VA-Info-Red-Santanyi-Red-Es-Fort\u00ed-Cala-Egos.pdf\" target=\"_blank\" rel=\"noopener\" style=\"color: #00ccff;\" onmouseover=\"this.style.color='#00ccff';\" onmouseout=\"this.style.color='#00ccff';\">Informaci\u00f3n red<\/a><\/span><\/span><\/strong><\/span><span style=\"color: #333300;\"><br \/><\/span><\/p>\n<p style=\"text-align: center;\"><strong><span style=\"color: #999999;\"><span style=\"color: #00ccff;\"><\/span><\/span><\/strong><\/p>\n<p style=\"text-align: center;\"><strong><span style=\"color: #999999;\"><span style=\"color: #00ccff;\"><\/span><\/span><\/strong><\/p>\n<p>[\/et_pb_text][\/et_pb_column][\/et_pb_row][\/et_pb_section][et_pb_section fb_built=\u00bb1&#8243; module_id=\u00bbalmassora\u00bb _builder_version=\u00bb4.16&#8243; _module_preset=\u00bbdefault\u00bb global_colors_info=\u00bb{}\u00bb][et_pb_row _builder_version=\u00bb4.16&#8243; _module_preset=\u00bbdefault\u00bb global_colors_info=\u00bb{}\u00bb][et_pb_column type=\u00bb4_4&#8243; _builder_version=\u00bb4.16&#8243; _module_preset=\u00bbdefault\u00bb global_colors_info=\u00bb{}\u00bb][et_pb_text _builder_version=\u00bb4.16&#8243; _module_preset=\u00bbdefault\u00bb text_font_size=\u00bb15px\u00bb header_font_size=\u00bb34px\u00bb custom_margin=\u00bb||21px||false|false\u00bb global_colors_info=\u00bb{}\u00bb]<\/p>\n<h1 style=\"text-align: center;\">Almassora<\/h1>\n<p>[\/et_pb_text][et_pb_image src=\u00bbhttps:\/\/www.facsa.com\/municipios\/wp-content\/uploads\/2023\/07\/Icono-PDF-pdf.png\u00bb title_text=\u00bbIcono PDF-pdf\u00bb align=\u00bbcenter\u00bb _builder_version=\u00bb4.16&#8243; _module_preset=\u00bbdefault\u00bb width=\u00bb9%\u00bb max_width=\u00bb2%\u00bb custom_margin=\u00bb||25px||false|false\u00bb global_colors_info=\u00bb{}\u00bb][\/et_pb_image][et_pb_text _builder_version=\u00bb4.16&#8243; _module_preset=\u00bbdefault\u00bb custom_padding=\u00bb0px|||||\u00bb locked=\u00bboff\u00bb global_colors_info=\u00bb{}\u00bb]<\/p>\n<p style=\"text-align: center;\"><span style=\"color: #00ccff;\"><strong><a href=\"https:\/\/www.facsa.com\/municipios\/wp-content\/uploads\/2024\/06\/Red-Almassora-Pol\u00edgono-Industrial-Ramonet-y-Mijares.pdf\" target=\"_blank\" rel=\"noopener\" style=\"color: #00ccff;\" onmouseover=\"this.style.color='#00ccff';\" onmouseout=\"this.style.color='#00ccff';\">Anal\u00edtica<\/a> <\/strong><\/span><strong>\u00a0<span style=\"color: #999999;\"><span data-sheets-root=\"1\" data-sheets-value=\"{&quot;1&quot;:2,&quot;2&quot;:&quot;Red Almassora - Pol\u00edgono Industrial Ramonet y Mijares&quot;}\" data-sheets-userformat=\"{&quot;2&quot;:4266,&quot;4&quot;:{&quot;1&quot;:2,&quot;2&quot;:15921906},&quot;6&quot;:{&quot;1&quot;:[{&quot;1&quot;:2,&quot;2&quot;:0,&quot;5&quot;:{&quot;1&quot;:2,&quot;2&quot;:0}},{&quot;1&quot;:0,&quot;2&quot;:0,&quot;3&quot;:3},{&quot;1&quot;:1,&quot;2&quot;:0,&quot;4&quot;:1}]},&quot;8&quot;:{&quot;1&quot;:[{&quot;1&quot;:2,&quot;2&quot;:0,&quot;5&quot;:{&quot;1&quot;:2,&quot;2&quot;:0}},{&quot;1&quot;:0,&quot;2&quot;:0,&quot;3&quot;:3},{&quot;1&quot;:1,&quot;2&quot;:0,&quot;4&quot;:1}]},&quot;10&quot;:2,&quot;15&quot;:&quot;\\&quot;Calibri Light\\&quot;&quot;}\">Red Almassora &#8211; Pol\u00edgono Industrial Ramonet y Mijares<\/span> <span style=\"color: #00ccff;\"><a href=\"https:\/\/www.facsa.com\/municipios\/wp-content\/uploads\/2024\/06\/VA-Info-Red-Almassora-Pol\u00edgono-Industrial-Ramonet-y-Mijares.pdf\" target=\"_blank\" rel=\"noopener\" style=\"color: #00ccff;\" onmouseover=\"this.style.color='#00ccff';\" onmouseout=\"this.style.color='#00ccff';\">Informaci\u00f3n red<\/a><\/span><\/span><\/strong><span style=\"color: #333300;\"><strong><a href=\"https:\/\/www.facsa.com\/municipios\/wp-content\/uploads\/2023\/07\/Red-Alameda-de-la-Sagra-N\u00facleo-Urbano-1.pdf\" target=\"_blank\" rel=\"noopener\" style=\"color: #969696;\" onmouseover=\"this.style.color='#00ccff';\" onmouseout=\"this.style.color='#969696';\"><br \/><\/a><\/strong><\/span><span style=\"color: #333300;\"><\/span><strong><span style=\"color: #999999;\"><span style=\"color: #00ccff;\"><\/span><\/span><\/strong><\/p>\n<p style=\"text-align: center;\"><span style=\"color: #00ccff;\"><strong><a href=\"https:\/\/www.facsa.com\/municipios\/wp-content\/uploads\/2024\/06\/Red-Almassora-N\u00facleo-Urbano.pdf\" target=\"_blank\" rel=\"noopener\" style=\"color: #00ccff;\" onmouseover=\"this.style.color='#00ccff';\" onmouseout=\"this.style.color='#00ccff';\">Anal\u00edtica<\/a> <\/strong><\/span><strong><span style=\"color: #999999;\"><span data-sheets-root=\"1\" data-sheets-value=\"{&quot;1&quot;:2,&quot;2&quot;:&quot;Red Almassora - N\u00facleo Urbano&quot;}\" data-sheets-userformat=\"{&quot;2&quot;:4266,&quot;4&quot;:{&quot;1&quot;:2,&quot;2&quot;:15921906},&quot;6&quot;:{&quot;1&quot;:[{&quot;1&quot;:2,&quot;2&quot;:0,&quot;5&quot;:{&quot;1&quot;:2,&quot;2&quot;:0}},{&quot;1&quot;:0,&quot;2&quot;:0,&quot;3&quot;:3},{&quot;1&quot;:1,&quot;2&quot;:0,&quot;4&quot;:1}]},&quot;8&quot;:{&quot;1&quot;:[{&quot;1&quot;:2,&quot;2&quot;:0,&quot;5&quot;:{&quot;1&quot;:2,&quot;2&quot;:0}},{&quot;1&quot;:0,&quot;2&quot;:0,&quot;3&quot;:3},{&quot;1&quot;:1,&quot;2&quot;:0,&quot;4&quot;:1}]},&quot;10&quot;:2,&quot;15&quot;:&quot;\\&quot;Calibri Light\\&quot;&quot;}\">Red Almassora &#8211; N\u00facleo Urbano<\/span><\/span><span style=\"color: #999999;\">\u00a0<span style=\"color: #00ccff;\"><a href=\"https:\/\/www.facsa.com\/municipios\/wp-content\/uploads\/2024\/06\/VA-Info-Red-Almassora-N\u00facleo-Urbano.pdf\" target=\"_blank\" rel=\"noopener\" style=\"color: #00ccff;\" onmouseover=\"this.style.color='#00ccff';\" onmouseout=\"this.style.color='#00ccff';\">Informaci\u00f3n red<\/a><\/span><\/span><\/strong><span style=\"color: #333300;\"><strong><a href=\"https:\/\/www.facsa.com\/municipios\/wp-content\/uploads\/2023\/07\/Red-Alameda-de-la-Sagra-N\u00facleo-Urbano-1.pdf\" target=\"_blank\" rel=\"noopener\" style=\"color: #969696;\" onmouseover=\"this.style.color='#00ccff';\" onmouseout=\"this.style.color='#969696';\"><br \/><\/a><\/strong><\/span><span style=\"color: #333300;\"><\/span><strong><span style=\"color: #999999;\"><span style=\"color: #00ccff;\"><\/span><\/span><\/strong><\/p>\n<p style=\"text-align: center;\"><span style=\"color: #00ccff;\"><strong><a href=\"https:\/\/www.facsa.com\/municipios\/wp-content\/uploads\/2024\/06\/Red-Almassora-5-Supoi-8.pdf\" target=\"_blank\" rel=\"noopener\" style=\"color: #00ccff;\" onmouseover=\"this.style.color='#00ccff';\" onmouseout=\"this.style.color='#00ccff';\">Anal\u00edtica<\/a> <\/strong><\/span><strong>\u00a0<span style=\"color: #999999;\">Re<span data-sheets-root=\"1\" data-sheets-value=\"{&quot;1&quot;:2,&quot;2&quot;:&quot;Red Almassora 5 - Supoi - 8&quot;}\" data-sheets-userformat=\"{&quot;2&quot;:4266,&quot;4&quot;:{&quot;1&quot;:2,&quot;2&quot;:15921906},&quot;6&quot;:{&quot;1&quot;:[{&quot;1&quot;:2,&quot;2&quot;:0,&quot;5&quot;:{&quot;1&quot;:2,&quot;2&quot;:0}},{&quot;1&quot;:0,&quot;2&quot;:0,&quot;3&quot;:3},{&quot;1&quot;:1,&quot;2&quot;:0,&quot;4&quot;:1}]},&quot;8&quot;:{&quot;1&quot;:[{&quot;1&quot;:2,&quot;2&quot;:0,&quot;5&quot;:{&quot;1&quot;:2,&quot;2&quot;:0}},{&quot;1&quot;:0,&quot;2&quot;:0,&quot;3&quot;:3},{&quot;1&quot;:1,&quot;2&quot;:0,&quot;4&quot;:1}]},&quot;10&quot;:2,&quot;15&quot;:&quot;\\&quot;Calibri Light\\&quot;&quot;}\">d Almassora 5 &#8211; Supoi &#8211; 8<\/span>\u00a0\u00a0<span style=\"color: #00ccff;\"><a href=\"https:\/\/www.facsa.com\/municipios\/wp-content\/uploads\/2024\/06\/VA-Info-Red-Almassora-5-Supoi-8.pdf\" target=\"_blank\" rel=\"noopener\" style=\"color: #00ccff;\" onmouseover=\"this.style.color='#00ccff';\" onmouseout=\"this.style.color='#00ccff';\">Informaci\u00f3n red<\/a><\/span><\/span><\/strong><span style=\"color: #333300;\"><strong><a href=\"https:\/\/www.facsa.com\/municipios\/wp-content\/uploads\/2023\/07\/Red-Alameda-de-la-Sagra-N\u00facleo-Urbano-1.pdf\" target=\"_blank\" rel=\"noopener\" style=\"color: #969696;\" onmouseover=\"this.style.color='#00ccff';\" onmouseout=\"this.style.color='#969696';\"><br \/><\/a><\/strong><\/span><span style=\"color: #333300;\"><\/span><strong><span style=\"color: #999999;\"><span style=\"color: #00ccff;\"><\/span><\/span><\/strong><\/p>\n<p style=\"text-align: center;\"><span style=\"color: #00ccff;\"><strong><a href=\"https:\/\/www.facsa.com\/municipios\/wp-content\/uploads\/2024\/06\/Red-Almassora-2-Playa.pdf\" target=\"_blank\" rel=\"noopener\" style=\"color: #00ccff;\" onmouseover=\"this.style.color='#00ccff';\" onmouseout=\"this.style.color='#00ccff';\">Anal\u00edtica<\/a> <\/strong><\/span><strong><span style=\"color: #999999;\"><span data-sheets-root=\"1\" data-sheets-value=\"{&quot;1&quot;:2,&quot;2&quot;:&quot;Red Almassora 2 - Playa&quot;}\" data-sheets-userformat=\"{&quot;2&quot;:4266,&quot;4&quot;:{&quot;1&quot;:2,&quot;2&quot;:15921906},&quot;6&quot;:{&quot;1&quot;:[{&quot;1&quot;:2,&quot;2&quot;:0,&quot;5&quot;:{&quot;1&quot;:2,&quot;2&quot;:0}},{&quot;1&quot;:0,&quot;2&quot;:0,&quot;3&quot;:3},{&quot;1&quot;:1,&quot;2&quot;:0,&quot;4&quot;:1}]},&quot;8&quot;:{&quot;1&quot;:[{&quot;1&quot;:2,&quot;2&quot;:0,&quot;5&quot;:{&quot;1&quot;:2,&quot;2&quot;:0}},{&quot;1&quot;:0,&quot;2&quot;:0,&quot;3&quot;:3},{&quot;1&quot;:1,&quot;2&quot;:0,&quot;4&quot;:1}]},&quot;10&quot;:2,&quot;15&quot;:&quot;\\&quot;Calibri Light\\&quot;&quot;}\">Red Almassora 2 &#8211; Playa<\/span><\/span><span style=\"color: #999999;\">\u00a0<span style=\"color: #00ccff;\"><a href=\"https:\/\/www.facsa.com\/municipios\/wp-content\/uploads\/2024\/06\/VA-Info-Red-Almassora-2-Playa.pdf\" target=\"_blank\" rel=\"noopener\" style=\"color: #00ccff;\" onmouseover=\"this.style.color='#00ccff';\" onmouseout=\"this.style.color='#00ccff';\">Informaci\u00f3n red<\/a><\/span><\/span><\/strong><span style=\"color: #333300;\"><strong><a href=\"https:\/\/www.facsa.com\/municipios\/wp-content\/uploads\/2023\/07\/Red-Alameda-de-la-Sagra-N\u00facleo-Urbano-1.pdf\" target=\"_blank\" rel=\"noopener\" style=\"color: #969696;\" onmouseover=\"this.style.color='#00ccff';\" onmouseout=\"this.style.color='#999999';\"><\/a><\/strong><\/span><span style=\"color: #333300;\"><strong><a href=\"https:\/\/www.facsa.com\/municipios\/wp-content\/uploads\/2023\/07\/Red-Alameda-de-la-Sagra-N\u00facleo-Urbano-1.pdf\" target=\"_blank\" rel=\"noopener\" style=\"color: #969696;\" onmouseover=\"this.style.color='#00ccff';\" onmouseout=\"this.style.color='#999999';\"><\/a><\/strong><\/span><span style=\"color: #333300;\"><\/span><strong><span style=\"color: #999999;\"><span style=\"color: #00ccff;\"><\/span><\/span><\/strong><strong><span style=\"color: #999999;\"><\/span><\/strong><\/p>\n<p style=\"text-align: center;\"><span style=\"color: #333300;\"><strong><span style=\"color: #00ccff;\"><a href=\"https:\/\/www.facsa.com\/municipios\/wp-content\/uploads\/2024\/06\/Red-Almassora-3-Barrio-Tellado.pdf\" target=\"_blank\" rel=\"noopener\" style=\"color: #00ccff;\" onmouseover=\"this.style.color='#00ccff';\" onmouseout=\"this.style.color='#00ccff';\">Anal\u00edtica<\/a> <\/span><span style=\"color: #999999;\"><span data-sheets-root=\"1\" data-sheets-value=\"{&quot;1&quot;:2,&quot;2&quot;:&quot;Red Almassora 3 - Barrio Tellado&quot;}\" data-sheets-userformat=\"{&quot;2&quot;:4266,&quot;4&quot;:{&quot;1&quot;:2,&quot;2&quot;:15921906},&quot;6&quot;:{&quot;1&quot;:[{&quot;1&quot;:2,&quot;2&quot;:0,&quot;5&quot;:{&quot;1&quot;:2,&quot;2&quot;:0}},{&quot;1&quot;:0,&quot;2&quot;:0,&quot;3&quot;:3},{&quot;1&quot;:1,&quot;2&quot;:0,&quot;4&quot;:1}]},&quot;8&quot;:{&quot;1&quot;:[{&quot;1&quot;:2,&quot;2&quot;:0,&quot;5&quot;:{&quot;1&quot;:2,&quot;2&quot;:0}},{&quot;1&quot;:0,&quot;2&quot;:0,&quot;3&quot;:3},{&quot;1&quot;:1,&quot;2&quot;:0,&quot;4&quot;:1}]},&quot;10&quot;:2,&quot;15&quot;:&quot;\\&quot;Calibri Light\\&quot;&quot;}\">Red Almassora 3 &#8211; Barrio Tellado<\/span><\/span><span style=\"color: #999999;\">\u00a0<span style=\"color: #00ccff;\"><a href=\"https:\/\/www.facsa.com\/municipios\/wp-content\/uploads\/2024\/06\/VA-Info-Red-Almassora-3-Barrio-Tellado.pdf\" target=\"_blank\" rel=\"noopener\" style=\"color: #00ccff;\" onmouseover=\"this.style.color='#00ccff';\" onmouseout=\"this.style.color='#00ccff';\">Informaci\u00f3n red<\/a><\/span><\/span><\/strong><\/span><span style=\"color: #333300;\"><\/span><strong><span style=\"color: #999999;\"><span style=\"color: #00ccff;\"><\/span><\/span><\/strong><span style=\"color: #333300;\"><strong><span style=\"color: #999999;\"><span style=\"color: #00ccff;\"><\/span><\/span><\/strong><\/span><\/p>\n<p style=\"text-align: center;\"><span style=\"color: #333300;\"><strong><span style=\"color: #00ccff;\"><a href=\"https:\/\/www.facsa.com\/municipios\/wp-content\/uploads\/2024\/06\/Red-Almassora-4-Pol\u00edgono.pdf\" target=\"_blank\" rel=\"noopener\" style=\"color: #00ccff;\" onmouseover=\"this.style.color='#00ccff';\" onmouseout=\"this.style.color='#00ccff';\">Anal\u00edtica<\/a> <\/span><span style=\"color: #999999;\"><span data-sheets-root=\"1\" data-sheets-value=\"{&quot;1&quot;:2,&quot;2&quot;:&quot;Red Almassora 4 - Pol\u00edgono&quot;}\" data-sheets-userformat=\"{&quot;2&quot;:4266,&quot;4&quot;:{&quot;1&quot;:2,&quot;2&quot;:15921906},&quot;6&quot;:{&quot;1&quot;:[{&quot;1&quot;:2,&quot;2&quot;:0,&quot;5&quot;:{&quot;1&quot;:2,&quot;2&quot;:0}},{&quot;1&quot;:0,&quot;2&quot;:0,&quot;3&quot;:3},{&quot;1&quot;:1,&quot;2&quot;:0,&quot;4&quot;:1}]},&quot;8&quot;:{&quot;1&quot;:[{&quot;1&quot;:2,&quot;2&quot;:0,&quot;5&quot;:{&quot;1&quot;:2,&quot;2&quot;:0}},{&quot;1&quot;:0,&quot;2&quot;:0,&quot;3&quot;:3},{&quot;1&quot;:1,&quot;2&quot;:0,&quot;4&quot;:1}]},&quot;10&quot;:2,&quot;15&quot;:&quot;\\&quot;Calibri Light\\&quot;&quot;}\">Red Almassora 4 &#8211; Pol\u00edgono<\/span><\/span><span style=\"color: #999999;\">\u00a0<span style=\"color: #00ccff;\"><a href=\"https:\/\/www.facsa.com\/municipios\/wp-content\/uploads\/2024\/06\/VA-Info-Red-Almassora-4-Pol\u00edgono.pdf\" target=\"_blank\" rel=\"noopener\" style=\"color: #00ccff;\" onmouseover=\"this.style.color='#00ccff';\" onmouseout=\"this.style.color='#00ccff';\">Informaci\u00f3n red<\/a><\/span><\/span><\/strong><\/span><span style=\"color: #333300;\"><\/span><strong><span style=\"color: #999999;\"><span style=\"color: #00ccff;\"><\/span><\/span><\/strong><span style=\"color: #333300;\"><strong><span style=\"color: #999999;\"><span style=\"color: #00ccff;\"><\/span><\/span><\/strong><\/span><\/p>\n<p style=\"text-align: center;\"><strong><span style=\"color: #999999;\"><span style=\"color: #00ccff;\"><\/span><\/span><\/strong><\/p>\n<p>[\/et_pb_text][\/et_pb_column][\/et_pb_row][\/et_pb_section][et_pb_section fb_built=\u00bb1&#8243; module_id=\u00bbalmuniadedonagodina\u00bb _builder_version=\u00bb4.16&#8243; _module_preset=\u00bbdefault\u00bb global_colors_info=\u00bb{}\u00bb][et_pb_row _builder_version=\u00bb4.16&#8243; _module_preset=\u00bbdefault\u00bb global_colors_info=\u00bb{}\u00bb][et_pb_column type=\u00bb4_4&#8243; _builder_version=\u00bb4.16&#8243; _module_preset=\u00bbdefault\u00bb global_colors_info=\u00bb{}\u00bb][et_pb_text _builder_version=\u00bb4.16&#8243; _module_preset=\u00bbdefault\u00bb text_font_size=\u00bb15px\u00bb header_font_size=\u00bb34px\u00bb custom_margin=\u00bb||21px||false|false\u00bb global_colors_info=\u00bb{}\u00bb]<\/p>\n<h1 style=\"text-align: center;\">Almunia de Do\u00f1a Godina<\/h1>\n<p>[\/et_pb_text][et_pb_image src=\u00bbhttps:\/\/www.facsa.com\/municipios\/wp-content\/uploads\/2023\/07\/Icono-PDF-pdf.png\u00bb title_text=\u00bbIcono PDF-pdf\u00bb align=\u00bbcenter\u00bb _builder_version=\u00bb4.16&#8243; _module_preset=\u00bbdefault\u00bb width=\u00bb9%\u00bb max_width=\u00bb2%\u00bb custom_margin=\u00bb||25px||false|false\u00bb global_colors_info=\u00bb{}\u00bb][\/et_pb_image][et_pb_text _builder_version=\u00bb4.16&#8243; _module_preset=\u00bbdefault\u00bb locked=\u00bboff\u00bb global_colors_info=\u00bb{}\u00bb]<\/p>\n<p style=\"text-align: center;\"><span style=\"color: #333300;\"><strong><span style=\"color: #00ccff;\"><a href=\"https:\/\/www.facsa.com\/municipios\/wp-content\/uploads\/2024\/06\/Red-La-Almunia-y-Pol\u00edgono-industrial-II.pdf\" target=\"_blank\" rel=\"noopener\" style=\"color: #00ccff;\" onmouseover=\"this.style.color='#00ccff';\" onmouseout=\"this.style.color='#00ccff';\">Anal\u00edtica<\/a> <\/span><span style=\"color: #999999;\"><span data-sheets-root=\"1\" data-sheets-value=\"{&quot;1&quot;:2,&quot;2&quot;:&quot;Red Bej\u00eds 5 - Masia las Ventas&quot;}\" data-sheets-userformat=\"{&quot;2&quot;:4266,&quot;4&quot;:{&quot;1&quot;:2,&quot;2&quot;:15921906},&quot;6&quot;:{&quot;1&quot;:[{&quot;1&quot;:2,&quot;2&quot;:0,&quot;5&quot;:{&quot;1&quot;:2,&quot;2&quot;:0}},{&quot;1&quot;:0,&quot;2&quot;:0,&quot;3&quot;:3},{&quot;1&quot;:1,&quot;2&quot;:0,&quot;4&quot;:1}]},&quot;8&quot;:{&quot;1&quot;:[{&quot;1&quot;:2,&quot;2&quot;:0,&quot;5&quot;:{&quot;1&quot;:2,&quot;2&quot;:0}},{&quot;1&quot;:0,&quot;2&quot;:0,&quot;3&quot;:3},{&quot;1&quot;:1,&quot;2&quot;:0,&quot;4&quot;:1}]},&quot;10&quot;:2,&quot;15&quot;:&quot;\\&quot;Calibri Light\\&quot;&quot;}\">Red La Almunia y Pol\u00edgono Industrial II <\/span><\/span><span style=\"color: #999999;\"><span style=\"color: #00ccff;\"><a href=\"https:\/\/www.facsa.com\/municipios\/wp-content\/uploads\/2024\/06\/CS-Info_Red-La-Almunia-y-Pol\u00edgono-Industrial-II.pdf\" target=\"_blank\" rel=\"noopener\" style=\"color: #00ccff;\" onmouseover=\"this.style.color='#00ccff';\" onmouseout=\"this.style.color='#00ccff';\">Informaci\u00f3n red<\/a><\/span><\/span><\/strong><\/span><\/p>\n<p>[\/et_pb_text][\/et_pb_column][\/et_pb_row][\/et_pb_section][et_pb_section fb_built=\u00bb1&#8243; module_id=\u00bbaresdelmaestrat\u00bb _builder_version=\u00bb4.16&#8243; _module_preset=\u00bbdefault\u00bb global_colors_info=\u00bb{}\u00bb][et_pb_row _builder_version=\u00bb4.16&#8243; _module_preset=\u00bbdefault\u00bb global_colors_info=\u00bb{}\u00bb][et_pb_column type=\u00bb4_4&#8243; _builder_version=\u00bb4.16&#8243; _module_preset=\u00bbdefault\u00bb global_colors_info=\u00bb{}\u00bb][et_pb_text module_id=\u00bbaresdelmaestrat\u00bb _builder_version=\u00bb4.16&#8243; _module_preset=\u00bbdefault\u00bb text_font_size=\u00bb15px\u00bb header_font_size=\u00bb34px\u00bb custom_margin=\u00bb||21px||false|false\u00bb global_colors_info=\u00bb{}\u00bb]<\/p>\n<h1 style=\"text-align: center;\">Ares del Maestrat<\/h1>\n<p>[\/et_pb_text][et_pb_image src=\u00bbhttps:\/\/www.facsa.com\/municipios\/wp-content\/uploads\/2023\/07\/Icono-PDF-pdf.png\u00bb title_text=\u00bbIcono PDF-pdf\u00bb align=\u00bbcenter\u00bb _builder_version=\u00bb4.16&#8243; _module_preset=\u00bbdefault\u00bb width=\u00bb9%\u00bb max_width=\u00bb2%\u00bb custom_margin=\u00bb||25px||false|false\u00bb global_colors_info=\u00bb{}\u00bb][\/et_pb_image][et_pb_text _builder_version=\u00bb4.16&#8243; _module_preset=\u00bbdefault\u00bb locked=\u00bboff\u00bb global_colors_info=\u00bb{}\u00bb]<\/p>\n<p style=\"text-align: center;\"><span style=\"color: #00ccff;\"><strong><a href=\"https:\/\/www.facsa.com\/municipios\/wp-content\/uploads\/2024\/06\/Red-Ares-del-Maestre-N\u00facleo-Urbano.pdf\" target=\"_blank\" rel=\"noopener\" style=\"color: #00ccff;\" onmouseover=\"this.style.color='#00ccff';\" onmouseout=\"this.style.color='#00ccff';\">Anal\u00edtica<\/a> <\/strong><\/span><strong>\u00a0<span style=\"color: #999999;\"><span>Red Ares del Maestre &#8211; N\u00facleo Urbano<\/span> <span style=\"color: #00ccff;\"><a href=\"https:\/\/www.facsa.com\/municipios\/wp-content\/uploads\/2024\/06\/VA-Info_Red-Ares-del-Maestre-N\u00facleo-urbano.pdf\" target=\"_blank\" rel=\"noopener\" style=\"color: #00ccff;\" onmouseover=\"this.style.color='#00ccff';\" onmouseout=\"this.style.color='#00ccff';\">Informaci\u00f3n red<\/a><\/span><\/span><\/strong><span style=\"color: #333300;\"><strong><a href=\"https:\/\/www.facsa.com\/municipios\/wp-content\/uploads\/2023\/07\/Red-Alameda-de-la-Sagra-N\u00facleo-Urbano-1.pdf\" target=\"_blank\" rel=\"noopener\" style=\"color: #969696;\" onmouseover=\"this.style.color='#00ccff';\" onmouseout=\"this.style.color='#969696';\"><br \/><\/a><\/strong><\/span><span style=\"color: #333300;\"><br \/><\/span><\/p>\n<p>[\/et_pb_text][\/et_pb_column][\/et_pb_row][\/et_pb_section][et_pb_section fb_built=\u00bb1&#8243; module_id=\u00bbbejis\u00bb _builder_version=\u00bb4.16&#8243; _module_preset=\u00bbdefault\u00bb global_colors_info=\u00bb{}\u00bb][et_pb_row _builder_version=\u00bb4.16&#8243; _module_preset=\u00bbdefault\u00bb global_colors_info=\u00bb{}\u00bb][et_pb_column type=\u00bb4_4&#8243; _builder_version=\u00bb4.16&#8243; _module_preset=\u00bbdefault\u00bb global_colors_info=\u00bb{}\u00bb][et_pb_text module_id=\u00bbaresdelmaestrat\u00bb _builder_version=\u00bb4.16&#8243; _module_preset=\u00bbdefault\u00bb text_font_size=\u00bb15px\u00bb header_font_size=\u00bb34px\u00bb custom_margin=\u00bb||21px||false|false\u00bb global_colors_info=\u00bb{}\u00bb]<\/p>\n<h1 style=\"text-align: center;\">Bej\u00eds<\/h1>\n<p>[\/et_pb_text][et_pb_image src=\u00bbhttps:\/\/www.facsa.com\/municipios\/wp-content\/uploads\/2023\/07\/Icono-PDF-pdf.png\u00bb title_text=\u00bbIcono PDF-pdf\u00bb align=\u00bbcenter\u00bb _builder_version=\u00bb4.16&#8243; _module_preset=\u00bbdefault\u00bb width=\u00bb9%\u00bb max_width=\u00bb2%\u00bb custom_margin=\u00bb||25px||false|false\u00bb global_colors_info=\u00bb{}\u00bb][\/et_pb_image][et_pb_text _builder_version=\u00bb4.16&#8243; _module_preset=\u00bbdefault\u00bb custom_padding=\u00bb0px|||||\u00bb locked=\u00bboff\u00bb global_colors_info=\u00bb{}\u00bb]<\/p>\n<p style=\"text-align: center;\"><span style=\"color: #00ccff;\"><strong><a href=\"https:\/\/www.facsa.com\/municipios\/wp-content\/uploads\/2024\/06\/Red-Bej\u00eds.pdf\" target=\"_blank\" rel=\"noopener\" style=\"color: #00ccff;\" onmouseover=\"this.style.color='#00ccff';\" onmouseout=\"this.style.color='#00ccff';\">Anal\u00edtica<\/a> <\/strong><\/span><strong>\u00a0<span style=\"color: #999999;\"><span data-sheets-root=\"1\" data-sheets-value=\"{&quot;1&quot;:2,&quot;2&quot;:&quot;Red Bej\u00eds&quot;}\" data-sheets-userformat=\"{&quot;2&quot;:4266,&quot;4&quot;:{&quot;1&quot;:2,&quot;2&quot;:15921906},&quot;6&quot;:{&quot;1&quot;:[{&quot;1&quot;:2,&quot;2&quot;:0,&quot;5&quot;:{&quot;1&quot;:2,&quot;2&quot;:0}},{&quot;1&quot;:0,&quot;2&quot;:0,&quot;3&quot;:3},{&quot;1&quot;:1,&quot;2&quot;:0,&quot;4&quot;:1}]},&quot;8&quot;:{&quot;1&quot;:[{&quot;1&quot;:2,&quot;2&quot;:0,&quot;5&quot;:{&quot;1&quot;:2,&quot;2&quot;:0}},{&quot;1&quot;:0,&quot;2&quot;:0,&quot;3&quot;:3},{&quot;1&quot;:1,&quot;2&quot;:0,&quot;4&quot;:1}]},&quot;10&quot;:2,&quot;15&quot;:&quot;\\&quot;Calibri Light\\&quot;&quot;}\">Red Bej\u00eds<\/span> <span style=\"color: #00ccff;\"><a href=\"https:\/\/www.facsa.com\/municipios\/wp-content\/uploads\/2024\/06\/VA-Info-Red-Bej\u00eds.pdf\" target=\"_blank\" rel=\"noopener\" style=\"color: #00ccff;\" onmouseover=\"this.style.color='#00ccff';\" onmouseout=\"this.style.color='#00ccff';\">Informaci\u00f3n red<\/a><\/span><\/span><\/strong><span style=\"color: #333300;\"><strong><a href=\"https:\/\/www.facsa.com\/municipios\/wp-content\/uploads\/2023\/07\/Red-Alameda-de-la-Sagra-N\u00facleo-Urbano-1.pdf\" target=\"_blank\" rel=\"noopener\" style=\"color: #969696;\" onmouseover=\"this.style.color='#00ccff';\" onmouseout=\"this.style.color='#969696';\"><br \/><\/a><\/strong><\/span><span style=\"color: #333300;\"><\/span><strong><span style=\"color: #999999;\"><span style=\"color: #00ccff;\"><\/span><\/span><\/strong><\/p>\n<p style=\"text-align: center;\"><span style=\"color: #00ccff;\"><strong><a href=\"https:\/\/www.facsa.com\/municipios\/wp-content\/uploads\/2024\/06\/Red-Bej\u00eds-2-Arteas-de-abajo.pdf\" target=\"_blank\" rel=\"noopener\" style=\"color: #00ccff;\" onmouseover=\"this.style.color='#00ccff';\" onmouseout=\"this.style.color='#00ccff';\">Anal\u00edtica<\/a> <\/strong><\/span><strong><span style=\"color: #999999;\"><span data-sheets-root=\"1\" data-sheets-value=\"{&quot;1&quot;:2,&quot;2&quot;:&quot;Red Bej\u00eds 2 - Arteas de Abajo&quot;}\" data-sheets-userformat=\"{&quot;2&quot;:4266,&quot;4&quot;:{&quot;1&quot;:2,&quot;2&quot;:15921906},&quot;6&quot;:{&quot;1&quot;:[{&quot;1&quot;:2,&quot;2&quot;:0,&quot;5&quot;:{&quot;1&quot;:2,&quot;2&quot;:0}},{&quot;1&quot;:0,&quot;2&quot;:0,&quot;3&quot;:3},{&quot;1&quot;:1,&quot;2&quot;:0,&quot;4&quot;:1}]},&quot;8&quot;:{&quot;1&quot;:[{&quot;1&quot;:2,&quot;2&quot;:0,&quot;5&quot;:{&quot;1&quot;:2,&quot;2&quot;:0}},{&quot;1&quot;:0,&quot;2&quot;:0,&quot;3&quot;:3},{&quot;1&quot;:1,&quot;2&quot;:0,&quot;4&quot;:1}]},&quot;10&quot;:2,&quot;15&quot;:&quot;\\&quot;Calibri Light\\&quot;&quot;}\">Red Bej\u00eds 2 &#8211; Arteas de Abajo<\/span><\/span><span style=\"color: #999999;\">\u00a0<span style=\"color: #00ccff;\"><a href=\"https:\/\/www.facsa.com\/municipios\/wp-content\/uploads\/2024\/06\/VA-Info-Red-Bej\u00eds-2-Arteas-de-abajo.pdf\" target=\"_blank\" rel=\"noopener\" style=\"color: #00ccff;\" onmouseover=\"this.style.color='#00ccff';\" onmouseout=\"this.style.color='#00ccff';\">Informaci\u00f3n red<\/a><\/span><\/span><\/strong><span style=\"color: #333300;\"><strong><a href=\"https:\/\/www.facsa.com\/municipios\/wp-content\/uploads\/2023\/07\/Red-Alameda-de-la-Sagra-N\u00facleo-Urbano-1.pdf\" target=\"_blank\" rel=\"noopener\" style=\"color: #969696;\" onmouseover=\"this.style.color='#00ccff';\" onmouseout=\"this.style.color='#969696';\"><br \/><\/a><\/strong><\/span><span style=\"color: #333300;\"><\/span><strong><span style=\"color: #999999;\"><span style=\"color: #00ccff;\"><\/span><\/span><\/strong><\/p>\n<p style=\"text-align: center;\"><span style=\"color: #00ccff;\"><strong><a href=\"https:\/\/www.facsa.com\/municipios\/wp-content\/uploads\/2024\/06\/Red-Bej\u00eds-3-Arteas-de-arriba.pdf\" target=\"_blank\" rel=\"noopener\" style=\"color: #00ccff;\" onmouseover=\"this.style.color='#00ccff';\" onmouseout=\"this.style.color='#00ccff';\">Anal\u00edtica<\/a> <\/strong><\/span><strong>\u00a0<span style=\"color: #999999;\"><span data-sheets-root=\"1\" data-sheets-value=\"{&quot;1&quot;:2,&quot;2&quot;:&quot;Red Bej\u00eds 3 - Arteas de Arriba&quot;}\" data-sheets-userformat=\"{&quot;2&quot;:4266,&quot;4&quot;:{&quot;1&quot;:2,&quot;2&quot;:15921906},&quot;6&quot;:{&quot;1&quot;:[{&quot;1&quot;:2,&quot;2&quot;:0,&quot;5&quot;:{&quot;1&quot;:2,&quot;2&quot;:0}},{&quot;1&quot;:0,&quot;2&quot;:0,&quot;3&quot;:3},{&quot;1&quot;:1,&quot;2&quot;:0,&quot;4&quot;:1}]},&quot;8&quot;:{&quot;1&quot;:[{&quot;1&quot;:2,&quot;2&quot;:0,&quot;5&quot;:{&quot;1&quot;:2,&quot;2&quot;:0}},{&quot;1&quot;:0,&quot;2&quot;:0,&quot;3&quot;:3},{&quot;1&quot;:1,&quot;2&quot;:0,&quot;4&quot;:1}]},&quot;10&quot;:2,&quot;15&quot;:&quot;\\&quot;Calibri Light\\&quot;&quot;}\">Red Bej\u00eds 3 &#8211; Arteas de Arriba<\/span>\u00a0\u00a0<span style=\"color: #00ccff;\"><a href=\"https:\/\/www.facsa.com\/municipios\/wp-content\/uploads\/2024\/06\/VA-Info-Red-Bej\u00eds-3-Arteas-de-Arriba.pdf\" target=\"_blank\" rel=\"noopener\" style=\"color: #00ccff;\" onmouseover=\"this.style.color='#00ccff';\" onmouseout=\"this.style.color='#00ccff';\">Informaci\u00f3n red<\/a><\/span><\/span><\/strong><span style=\"color: #333300;\"><strong><a href=\"https:\/\/www.facsa.com\/municipios\/wp-content\/uploads\/2023\/07\/Red-Alameda-de-la-Sagra-N\u00facleo-Urbano-1.pdf\" target=\"_blank\" rel=\"noopener\" style=\"color: #969696;\" onmouseover=\"this.style.color='#00ccff';\" onmouseout=\"this.style.color='#969696';\"><br \/><\/a><\/strong><\/span><span style=\"color: #333300;\"><\/span><strong><span style=\"color: #999999;\"><span style=\"color: #00ccff;\"><\/span><\/span><\/strong><\/p>\n<p style=\"text-align: center;\"><span style=\"color: #00ccff;\"><strong><a href=\"https:\/\/www.facsa.com\/municipios\/wp-content\/uploads\/2024\/06\/Red-Bej\u00eds-4-Mas\u00eda-de-Los-P\u00e9rez.pdf\" target=\"_blank\" rel=\"noopener\" style=\"color: #00ccff;\" onmouseover=\"this.style.color='#00ccff';\" onmouseout=\"this.style.color='#00ccff';\">Anal\u00edtica<\/a> <\/strong><\/span><strong><span style=\"color: #999999;\"><span data-sheets-root=\"1\" data-sheets-value=\"{&quot;1&quot;:2,&quot;2&quot;:&quot;Red Bej\u00eds 4 - Masia de los Perez&quot;}\" data-sheets-userformat=\"{&quot;2&quot;:4266,&quot;4&quot;:{&quot;1&quot;:2,&quot;2&quot;:15921906},&quot;6&quot;:{&quot;1&quot;:[{&quot;1&quot;:2,&quot;2&quot;:0,&quot;5&quot;:{&quot;1&quot;:2,&quot;2&quot;:0}},{&quot;1&quot;:0,&quot;2&quot;:0,&quot;3&quot;:3},{&quot;1&quot;:1,&quot;2&quot;:0,&quot;4&quot;:1}]},&quot;8&quot;:{&quot;1&quot;:[{&quot;1&quot;:2,&quot;2&quot;:0,&quot;5&quot;:{&quot;1&quot;:2,&quot;2&quot;:0}},{&quot;1&quot;:0,&quot;2&quot;:0,&quot;3&quot;:3},{&quot;1&quot;:1,&quot;2&quot;:0,&quot;4&quot;:1}]},&quot;10&quot;:2,&quot;15&quot;:&quot;\\&quot;Calibri Light\\&quot;&quot;}\">Red Bej\u00eds 4 &#8211; Masia de los Perez<\/span><\/span><span style=\"color: #999999;\">\u00a0<span style=\"color: #00ccff;\"><a href=\"https:\/\/www.facsa.com\/municipios\/wp-content\/uploads\/2024\/06\/VA-Info-Red-Bej\u00eds-4-Mas\u00eda-de-Los-P\u00e9rez.pdf\" target=\"_blank\" rel=\"noopener\" style=\"color: #00ccff;\" onmouseover=\"this.style.color='#00ccff';\" onmouseout=\"this.style.color='#00ccff';\">Informaci\u00f3n red<\/a><\/span><\/span><\/strong><span style=\"color: #333300;\"><strong><a href=\"https:\/\/www.facsa.com\/municipios\/wp-content\/uploads\/2023\/07\/Red-Alameda-de-la-Sagra-N\u00facleo-Urbano-1.pdf\" target=\"_blank\" rel=\"noopener\" style=\"color: #969696;\" onmouseover=\"this.style.color='#00ccff';\" onmouseout=\"this.style.color='#969696';\"><\/a><\/strong><\/span><span style=\"color: #333300;\"><strong><a href=\"https:\/\/www.facsa.com\/municipios\/wp-content\/uploads\/2023\/07\/Red-Alameda-de-la-Sagra-N\u00facleo-Urbano-1.pdf\" target=\"_blank\" rel=\"noopener\" style=\"color: #969696;\" onmouseover=\"this.style.color='#00ccff';\" onmouseout=\"this.style.color='#969696';\"><\/a><\/strong><\/span><span style=\"color: #333300;\"><\/span><strong><span style=\"color: #999999;\"><span style=\"color: #00ccff;\"><\/span><\/span><\/strong><strong><span style=\"color: #999999;\"><\/span><\/strong><\/p>\n<p style=\"text-align: center;\"><span style=\"color: #333300;\"><strong><span style=\"color: #00ccff;\"><a href=\"https:\/\/www.facsa.com\/municipios\/wp-content\/uploads\/2024\/06\/Red-Bej\u00eds-5-Mas\u00eda-Las-Ventas.pdf\" target=\"_blank\" rel=\"noopener\" style=\"color: #00ccff;\" onmouseover=\"this.style.color='#00ccff';\" onmouseout=\"this.style.color='#00ccff';\">Anal\u00edtica<\/a> <\/span><span style=\"color: #999999;\"><span data-sheets-root=\"1\" data-sheets-value=\"{&quot;1&quot;:2,&quot;2&quot;:&quot;Red Bej\u00eds 5 - Masia las Ventas&quot;}\" data-sheets-userformat=\"{&quot;2&quot;:4266,&quot;4&quot;:{&quot;1&quot;:2,&quot;2&quot;:15921906},&quot;6&quot;:{&quot;1&quot;:[{&quot;1&quot;:2,&quot;2&quot;:0,&quot;5&quot;:{&quot;1&quot;:2,&quot;2&quot;:0}},{&quot;1&quot;:0,&quot;2&quot;:0,&quot;3&quot;:3},{&quot;1&quot;:1,&quot;2&quot;:0,&quot;4&quot;:1}]},&quot;8&quot;:{&quot;1&quot;:[{&quot;1&quot;:2,&quot;2&quot;:0,&quot;5&quot;:{&quot;1&quot;:2,&quot;2&quot;:0}},{&quot;1&quot;:0,&quot;2&quot;:0,&quot;3&quot;:3},{&quot;1&quot;:1,&quot;2&quot;:0,&quot;4&quot;:1}]},&quot;10&quot;:2,&quot;15&quot;:&quot;\\&quot;Calibri Light\\&quot;&quot;}\">Red Bej\u00eds 5 &#8211; Masia las Ventas<\/span><\/span><span style=\"color: #999999;\">\u00a0<span style=\"color: #00ccff;\"><a href=\"https:\/\/www.facsa.com\/municipios\/wp-content\/uploads\/2024\/06\/VA-Info-Red-Bej\u00eds-5-Mas\u00eda-Las-Ventas.pdf\" target=\"_blank\" rel=\"noopener\" style=\"color: #00ccff;\" onmouseover=\"this.style.color='#00ccff';\" onmouseout=\"this.style.color='#00ccff';\">Informaci\u00f3n red<\/a><\/span><\/span><\/strong><\/span><span style=\"color: #333300;\"><br \/><\/span><\/p>\n<p style=\"text-align: center;\"><strong><span style=\"color: #999999;\"><span style=\"color: #00ccff;\"><\/span><\/span><\/strong><\/p>\n<p style=\"text-align: center;\"><strong><span style=\"color: #999999;\"><span style=\"color: #00ccff;\"><\/span><\/span><\/strong><\/p>\n<p>[\/et_pb_text][\/et_pb_column][\/et_pb_row][\/et_pb_section][et_pb_section fb_built=\u00bb1&#8243; module_id=\u00bbbenlloc\u00bb _builder_version=\u00bb4.16&#8243; _module_preset=\u00bbdefault\u00bb global_colors_info=\u00bb{}\u00bb][et_pb_row _builder_version=\u00bb4.16&#8243; _module_preset=\u00bbdefault\u00bb global_colors_info=\u00bb{}\u00bb][et_pb_column type=\u00bb4_4&#8243; _builder_version=\u00bb4.16&#8243; _module_preset=\u00bbdefault\u00bb global_colors_info=\u00bb{}\u00bb][et_pb_text module_id=\u00bbaresdelmaestrat\u00bb _builder_version=\u00bb4.16&#8243; _module_preset=\u00bbdefault\u00bb text_font_size=\u00bb15px\u00bb header_font_size=\u00bb34px\u00bb custom_margin=\u00bb||21px||false|false\u00bb global_colors_info=\u00bb{}\u00bb]<\/p>\n<h1 style=\"text-align: center;\"><span data-sheets-value=\"{&quot;1&quot;:2,&quot;2&quot;:&quot;Benlloc&quot;}\" data-sheets-userformat=\"{&quot;2&quot;:6779,&quot;3&quot;:{&quot;1&quot;:0},&quot;4&quot;:{&quot;1&quot;:2,&quot;2&quot;:15921906},&quot;6&quot;:{&quot;1&quot;:[{&quot;1&quot;:2,&quot;2&quot;:0,&quot;5&quot;:{&quot;1&quot;:2,&quot;2&quot;:0}},{&quot;1&quot;:0,&quot;2&quot;:0,&quot;3&quot;:3},{&quot;1&quot;:1,&quot;2&quot;:0,&quot;4&quot;:1}]},&quot;7&quot;:{&quot;1&quot;:[{&quot;1&quot;:2,&quot;2&quot;:0,&quot;5&quot;:{&quot;1&quot;:2,&quot;2&quot;:0}},{&quot;1&quot;:0,&quot;2&quot;:0,&quot;3&quot;:3},{&quot;1&quot;:1,&quot;2&quot;:0,&quot;4&quot;:1}]},&quot;8&quot;:{&quot;1&quot;:[{&quot;1&quot;:2,&quot;2&quot;:0,&quot;5&quot;:{&quot;1&quot;:2,&quot;2&quot;:0}},{&quot;1&quot;:0,&quot;2&quot;:0,&quot;3&quot;:3},{&quot;1&quot;:1,&quot;2&quot;:0,&quot;4&quot;:1}]},&quot;9&quot;:2,&quot;12&quot;:0,&quot;14&quot;:{&quot;1&quot;:2,&quot;2&quot;:0},&quot;15&quot;:&quot;\\&quot;Calibri Light\\&quot;, sans-serif&quot;}\">Benlloc<\/span><\/h1>\n<p>[\/et_pb_text][et_pb_image src=\u00bbhttps:\/\/www.facsa.com\/municipios\/wp-content\/uploads\/2023\/07\/Icono-PDF-pdf.png\u00bb title_text=\u00bbIcono PDF-pdf\u00bb align=\u00bbcenter\u00bb _builder_version=\u00bb4.16&#8243; _module_preset=\u00bbdefault\u00bb width=\u00bb9%\u00bb max_width=\u00bb2%\u00bb custom_margin=\u00bb||25px||false|false\u00bb global_colors_info=\u00bb{}\u00bb][\/et_pb_image][et_pb_text _builder_version=\u00bb4.16&#8243; _module_preset=\u00bbdefault\u00bb locked=\u00bboff\u00bb global_colors_info=\u00bb{}\u00bb]<\/p>\n<p style=\"text-align: center;\"><span style=\"color: #333300;\"><strong><span style=\"color: #00ccff;\"><a href=\"https:\/\/www.facsa.com\/municipios\/wp-content\/uploads\/2024\/06\/Red-Benlloc.pdf\" target=\"_blank\" rel=\"noopener\" style=\"color: #00ccff;\" onmouseover=\"this.style.color='#00ccff';\" onmouseout=\"this.style.color='#00ccff';\">Anal\u00edtica<\/a> <\/span><span style=\"color: #999999;\"><span data-sheets-root=\"1\" data-sheets-value=\"{&quot;1&quot;:2,&quot;2&quot;:&quot;Red Bej\u00eds 5 - Masia las Ventas&quot;}\" data-sheets-userformat=\"{&quot;2&quot;:4266,&quot;4&quot;:{&quot;1&quot;:2,&quot;2&quot;:15921906},&quot;6&quot;:{&quot;1&quot;:[{&quot;1&quot;:2,&quot;2&quot;:0,&quot;5&quot;:{&quot;1&quot;:2,&quot;2&quot;:0}},{&quot;1&quot;:0,&quot;2&quot;:0,&quot;3&quot;:3},{&quot;1&quot;:1,&quot;2&quot;:0,&quot;4&quot;:1}]},&quot;8&quot;:{&quot;1&quot;:[{&quot;1&quot;:2,&quot;2&quot;:0,&quot;5&quot;:{&quot;1&quot;:2,&quot;2&quot;:0}},{&quot;1&quot;:0,&quot;2&quot;:0,&quot;3&quot;:3},{&quot;1&quot;:1,&quot;2&quot;:0,&quot;4&quot;:1}]},&quot;10&quot;:2,&quot;15&quot;:&quot;\\&quot;Calibri Light\\&quot;&quot;}\">Red Benlloc<\/span><\/span><span style=\"color: #999999;\">\u00a0<span style=\"color: #00ccff;\"><a href=\"https:\/\/www.facsa.com\/municipios\/wp-content\/uploads\/2024\/06\/VA-Info_Red-Benlloc.pdf\" target=\"_blank\" rel=\"noopener\" style=\"color: #00ccff;\" onmouseover=\"this.style.color='#00ccff';\" onmouseout=\"this.style.color='#00ccff';\">Informaci\u00f3n red<\/a><\/span><\/span><\/strong><\/span><\/p>\n<p>[\/et_pb_text][\/et_pb_column][\/et_pb_row][\/et_pb_section][et_pb_section fb_built=\u00bb1&#8243; module_id=\u00bbbetxi\u00bb _builder_version=\u00bb4.16&#8243; _module_preset=\u00bbdefault\u00bb global_colors_info=\u00bb{}\u00bb][et_pb_row _builder_version=\u00bb4.16&#8243; _module_preset=\u00bbdefault\u00bb global_colors_info=\u00bb{}\u00bb][et_pb_column type=\u00bb4_4&#8243; _builder_version=\u00bb4.16&#8243; _module_preset=\u00bbdefault\u00bb global_colors_info=\u00bb{}\u00bb][et_pb_text module_id=\u00bbaresdelmaestrat\u00bb _builder_version=\u00bb4.16&#8243; _module_preset=\u00bbdefault\u00bb text_font_size=\u00bb15px\u00bb header_font_size=\u00bb34px\u00bb custom_margin=\u00bb||21px||false|false\u00bb global_colors_info=\u00bb{}\u00bb]<\/p>\n<h1 style=\"text-align: center;\"><span data-sheets-value=\"{&quot;1&quot;:2,&quot;2&quot;:&quot;Benlloc&quot;}\" data-sheets-userformat=\"{&quot;2&quot;:6779,&quot;3&quot;:{&quot;1&quot;:0},&quot;4&quot;:{&quot;1&quot;:2,&quot;2&quot;:15921906},&quot;6&quot;:{&quot;1&quot;:[{&quot;1&quot;:2,&quot;2&quot;:0,&quot;5&quot;:{&quot;1&quot;:2,&quot;2&quot;:0}},{&quot;1&quot;:0,&quot;2&quot;:0,&quot;3&quot;:3},{&quot;1&quot;:1,&quot;2&quot;:0,&quot;4&quot;:1}]},&quot;7&quot;:{&quot;1&quot;:[{&quot;1&quot;:2,&quot;2&quot;:0,&quot;5&quot;:{&quot;1&quot;:2,&quot;2&quot;:0}},{&quot;1&quot;:0,&quot;2&quot;:0,&quot;3&quot;:3},{&quot;1&quot;:1,&quot;2&quot;:0,&quot;4&quot;:1}]},&quot;8&quot;:{&quot;1&quot;:[{&quot;1&quot;:2,&quot;2&quot;:0,&quot;5&quot;:{&quot;1&quot;:2,&quot;2&quot;:0}},{&quot;1&quot;:0,&quot;2&quot;:0,&quot;3&quot;:3},{&quot;1&quot;:1,&quot;2&quot;:0,&quot;4&quot;:1}]},&quot;9&quot;:2,&quot;12&quot;:0,&quot;14&quot;:{&quot;1&quot;:2,&quot;2&quot;:0},&quot;15&quot;:&quot;\\&quot;Calibri Light\\&quot;, sans-serif&quot;}\">Betx\u00ed<\/span><\/h1>\n<p>[\/et_pb_text][et_pb_image src=\u00bbhttps:\/\/www.facsa.com\/municipios\/wp-content\/uploads\/2023\/07\/Icono-PDF-pdf.png\u00bb title_text=\u00bbIcono PDF-pdf\u00bb align=\u00bbcenter\u00bb _builder_version=\u00bb4.16&#8243; _module_preset=\u00bbdefault\u00bb width=\u00bb9%\u00bb max_width=\u00bb2%\u00bb custom_margin=\u00bb||25px||false|false\u00bb global_colors_info=\u00bb{}\u00bb][\/et_pb_image][et_pb_text _builder_version=\u00bb4.16&#8243; _module_preset=\u00bbdefault\u00bb locked=\u00bboff\u00bb global_colors_info=\u00bb{}\u00bb]<\/p>\n<p style=\"text-align: center;\"><span style=\"color: #333300;\"><strong><span style=\"color: #00ccff;\"><a href=\"https:\/\/www.facsa.com\/municipios\/wp-content\/uploads\/2024\/06\/Red-Betx\u00ed.pdf\" target=\"_blank\" rel=\"noopener\" style=\"color: #00ccff;\" onmouseover=\"this.style.color='#00ccff';\" onmouseout=\"this.style.color='#00ccff';\">Anal\u00edtica<\/a> <\/span><span style=\"color: #999999;\"><span data-sheets-root=\"1\" data-sheets-value=\"{&quot;1&quot;:2,&quot;2&quot;:&quot;Red Bej\u00eds 5 - Masia las Ventas&quot;}\" data-sheets-userformat=\"{&quot;2&quot;:4266,&quot;4&quot;:{&quot;1&quot;:2,&quot;2&quot;:15921906},&quot;6&quot;:{&quot;1&quot;:[{&quot;1&quot;:2,&quot;2&quot;:0,&quot;5&quot;:{&quot;1&quot;:2,&quot;2&quot;:0}},{&quot;1&quot;:0,&quot;2&quot;:0,&quot;3&quot;:3},{&quot;1&quot;:1,&quot;2&quot;:0,&quot;4&quot;:1}]},&quot;8&quot;:{&quot;1&quot;:[{&quot;1&quot;:2,&quot;2&quot;:0,&quot;5&quot;:{&quot;1&quot;:2,&quot;2&quot;:0}},{&quot;1&quot;:0,&quot;2&quot;:0,&quot;3&quot;:3},{&quot;1&quot;:1,&quot;2&quot;:0,&quot;4&quot;:1}]},&quot;10&quot;:2,&quot;15&quot;:&quot;\\&quot;Calibri Light\\&quot;&quot;}\">Red Betx\u00ed <\/span><\/span><span style=\"color: #999999;\"><span style=\"color: #00ccff;\"><a href=\"https:\/\/www.facsa.com\/municipios\/wp-content\/uploads\/2024\/06\/VA-Info_Red-Betx\u00ed.pdf\" target=\"_blank\" rel=\"noopener\" style=\"color: #00ccff;\" onmouseover=\"this.style.color='#00ccff';\" onmouseout=\"this.style.color='#00ccff';\">Informaci\u00f3n red<\/a><\/span><\/span><\/strong><\/span><\/p>\n<p>[\/et_pb_text][\/et_pb_column][\/et_pb_row][\/et_pb_section][et_pb_section fb_built=\u00bb1&#8243; module_id=\u00bbborrianaburriana\u00bb _builder_version=\u00bb4.16&#8243; _module_preset=\u00bbdefault\u00bb global_colors_info=\u00bb{}\u00bb][et_pb_row _builder_version=\u00bb4.16&#8243; _module_preset=\u00bbdefault\u00bb global_colors_info=\u00bb{}\u00bb][et_pb_column type=\u00bb4_4&#8243; _builder_version=\u00bb4.16&#8243; _module_preset=\u00bbdefault\u00bb global_colors_info=\u00bb{}\u00bb][et_pb_text module_id=\u00bbaresdelmaestrat\u00bb _builder_version=\u00bb4.16&#8243; _module_preset=\u00bbdefault\u00bb text_font_size=\u00bb15px\u00bb header_font_size=\u00bb34px\u00bb custom_margin=\u00bb||21px||false|false\u00bb global_colors_info=\u00bb{}\u00bb]<\/p>\n<h1 style=\"text-align: center;\"><span data-sheets-value=\"{&quot;1&quot;:2,&quot;2&quot;:&quot;Benlloc&quot;}\" data-sheets-userformat=\"{&quot;2&quot;:6779,&quot;3&quot;:{&quot;1&quot;:0},&quot;4&quot;:{&quot;1&quot;:2,&quot;2&quot;:15921906},&quot;6&quot;:{&quot;1&quot;:[{&quot;1&quot;:2,&quot;2&quot;:0,&quot;5&quot;:{&quot;1&quot;:2,&quot;2&quot;:0}},{&quot;1&quot;:0,&quot;2&quot;:0,&quot;3&quot;:3},{&quot;1&quot;:1,&quot;2&quot;:0,&quot;4&quot;:1}]},&quot;7&quot;:{&quot;1&quot;:[{&quot;1&quot;:2,&quot;2&quot;:0,&quot;5&quot;:{&quot;1&quot;:2,&quot;2&quot;:0}},{&quot;1&quot;:0,&quot;2&quot;:0,&quot;3&quot;:3},{&quot;1&quot;:1,&quot;2&quot;:0,&quot;4&quot;:1}]},&quot;8&quot;:{&quot;1&quot;:[{&quot;1&quot;:2,&quot;2&quot;:0,&quot;5&quot;:{&quot;1&quot;:2,&quot;2&quot;:0}},{&quot;1&quot;:0,&quot;2&quot;:0,&quot;3&quot;:3},{&quot;1&quot;:1,&quot;2&quot;:0,&quot;4&quot;:1}]},&quot;9&quot;:2,&quot;12&quot;:0,&quot;14&quot;:{&quot;1&quot;:2,&quot;2&quot;:0},&quot;15&quot;:&quot;\\&quot;Calibri Light\\&quot;, sans-serif&quot;}\">Borriana\/Burriana<\/span><\/h1>\n<p>[\/et_pb_text][et_pb_image src=\u00bbhttps:\/\/www.facsa.com\/municipios\/wp-content\/uploads\/2023\/07\/Icono-PDF-pdf.png\u00bb title_text=\u00bbIcono PDF-pdf\u00bb align=\u00bbcenter\u00bb _builder_version=\u00bb4.16&#8243; _module_preset=\u00bbdefault\u00bb width=\u00bb9%\u00bb max_width=\u00bb2%\u00bb custom_margin=\u00bb||25px||false|false\u00bb global_colors_info=\u00bb{}\u00bb][\/et_pb_image][et_pb_text _builder_version=\u00bb4.16&#8243; _module_preset=\u00bbdefault\u00bb custom_padding=\u00bb0px|||||\u00bb locked=\u00bboff\u00bb global_colors_info=\u00bb{}\u00bb]<\/p>\n<p style=\"text-align: center;\"><span style=\"color: #00ccff;\"><strong><a href=\"https:\/\/www.facsa.com\/municipios\/wp-content\/uploads\/2024\/06\/Red-Burriana-Pueblo.pdf\" target=\"_blank\" rel=\"noopener\" style=\"color: #00ccff;\" onmouseover=\"this.style.color='#00ccff';\" onmouseout=\"this.style.color='#00ccff';\">Anal\u00edtica<\/a> <\/strong><\/span><strong>\u00a0<span style=\"color: #999999;\"><span data-sheets-root=\"1\" data-sheets-value=\"{&quot;1&quot;:2,&quot;2&quot;:&quot;Red Bej\u00eds&quot;}\" data-sheets-userformat=\"{&quot;2&quot;:4266,&quot;4&quot;:{&quot;1&quot;:2,&quot;2&quot;:15921906},&quot;6&quot;:{&quot;1&quot;:[{&quot;1&quot;:2,&quot;2&quot;:0,&quot;5&quot;:{&quot;1&quot;:2,&quot;2&quot;:0}},{&quot;1&quot;:0,&quot;2&quot;:0,&quot;3&quot;:3},{&quot;1&quot;:1,&quot;2&quot;:0,&quot;4&quot;:1}]},&quot;8&quot;:{&quot;1&quot;:[{&quot;1&quot;:2,&quot;2&quot;:0,&quot;5&quot;:{&quot;1&quot;:2,&quot;2&quot;:0}},{&quot;1&quot;:0,&quot;2&quot;:0,&quot;3&quot;:3},{&quot;1&quot;:1,&quot;2&quot;:0,&quot;4&quot;:1}]},&quot;10&quot;:2,&quot;15&quot;:&quot;\\&quot;Calibri Light\\&quot;&quot;}\">Red Burriana &#8211; Pueblo<\/span>\u00a0<span style=\"color: #00ccff;\"><a href=\"https:\/\/www.facsa.com\/municipios\/wp-content\/uploads\/2024\/06\/VA-Info_Red_Burriana-Pueblo.pdf\" target=\"_blank\" rel=\"noopener\" style=\"color: #00ccff;\" onmouseover=\"this.style.color='#00ccff';\" onmouseout=\"this.style.color='#00ccff';\">Informaci\u00f3n red<\/a><\/span><\/span><\/strong><span style=\"color: #333300;\"><strong><a href=\"https:\/\/www.facsa.com\/municipios\/wp-content\/uploads\/2023\/07\/Red-Alameda-de-la-Sagra-N\u00facleo-Urbano-1.pdf\" target=\"_blank\" rel=\"noopener\" style=\"color: #969696;\" onmouseover=\"this.style.color='#00ccff';\" onmouseout=\"this.style.color='#969696';\"><br \/><\/a><\/strong><\/span><span style=\"color: #333300;\"><\/span><strong><span style=\"color: #999999;\"><span style=\"color: #00ccff;\"><\/span><\/span><\/strong><\/p>\n<p style=\"text-align: center;\"><span style=\"color: #00ccff;\"><strong><a href=\"https:\/\/www.facsa.com\/municipios\/wp-content\/uploads\/2024\/06\/Red-Burriana-Playa.pdf\" target=\"_blank\" rel=\"noopener\" style=\"color: #00ccff;\" onmouseover=\"this.style.color='#00ccff';\" onmouseout=\"this.style.color='#00ccff';\">Anal\u00edtica<\/a> <\/strong><\/span><strong><span style=\"color: #999999;\"><span data-sheets-root=\"1\" data-sheets-value=\"{&quot;1&quot;:2,&quot;2&quot;:&quot;Red Bej\u00eds 2 - Arteas de Abajo&quot;}\" data-sheets-userformat=\"{&quot;2&quot;:4266,&quot;4&quot;:{&quot;1&quot;:2,&quot;2&quot;:15921906},&quot;6&quot;:{&quot;1&quot;:[{&quot;1&quot;:2,&quot;2&quot;:0,&quot;5&quot;:{&quot;1&quot;:2,&quot;2&quot;:0}},{&quot;1&quot;:0,&quot;2&quot;:0,&quot;3&quot;:3},{&quot;1&quot;:1,&quot;2&quot;:0,&quot;4&quot;:1}]},&quot;8&quot;:{&quot;1&quot;:[{&quot;1&quot;:2,&quot;2&quot;:0,&quot;5&quot;:{&quot;1&quot;:2,&quot;2&quot;:0}},{&quot;1&quot;:0,&quot;2&quot;:0,&quot;3&quot;:3},{&quot;1&quot;:1,&quot;2&quot;:0,&quot;4&quot;:1}]},&quot;10&quot;:2,&quot;15&quot;:&quot;\\&quot;Calibri Light\\&quot;&quot;}\">Red Burriana &#8211; Playa<\/span><\/span><span style=\"color: #999999;\">\u00a0<span style=\"color: #00ccff;\"><a href=\"https:\/\/www.facsa.com\/municipios\/wp-content\/uploads\/2024\/06\/VA-Info_Red_Burriana-Playa.pdf\" target=\"_blank\" rel=\"noopener\" style=\"color: #00ccff;\" onmouseover=\"this.style.color='#00ccff';\" onmouseout=\"this.style.color='#00ccff';\">Informaci\u00f3n red<\/a><\/span><\/span><\/strong><span style=\"color: #333300;\"><strong><a href=\"https:\/\/www.facsa.com\/municipios\/wp-content\/uploads\/2023\/07\/Red-Alameda-de-la-Sagra-N\u00facleo-Urbano-1.pdf\" target=\"_blank\" rel=\"noopener\" style=\"color: #969696;\" onmouseover=\"this.style.color='#00ccff';\" onmouseout=\"this.style.color='#969696';\"><br \/><\/a><\/strong><\/span><span style=\"color: #333300;\"><\/span><strong><span style=\"color: #999999;\"><span style=\"color: #00ccff;\"><\/span><\/span><\/strong><\/p>\n<p style=\"text-align: center;\"><span style=\"color: #00ccff;\"><strong><a href=\"https:\/\/www.facsa.com\/municipios\/wp-content\/uploads\/2024\/06\/Red-de-Alquerias-de-Santa-B\u00e1rbara.pdf\" target=\"_blank\" rel=\"noopener\" style=\"color: #00ccff;\" onmouseover=\"this.style.color='#00ccff';\" onmouseout=\"this.style.color='#00ccff';\">Anal\u00edtica<\/a> <\/strong><\/span><strong>\u00a0<span style=\"color: #999999;\"><span data-sheets-root=\"1\" data-sheets-value=\"{&quot;1&quot;:2,&quot;2&quot;:&quot;Red Bej\u00eds 3 - Arteas de Arriba&quot;}\" data-sheets-userformat=\"{&quot;2&quot;:4266,&quot;4&quot;:{&quot;1&quot;:2,&quot;2&quot;:15921906},&quot;6&quot;:{&quot;1&quot;:[{&quot;1&quot;:2,&quot;2&quot;:0,&quot;5&quot;:{&quot;1&quot;:2,&quot;2&quot;:0}},{&quot;1&quot;:0,&quot;2&quot;:0,&quot;3&quot;:3},{&quot;1&quot;:1,&quot;2&quot;:0,&quot;4&quot;:1}]},&quot;8&quot;:{&quot;1&quot;:[{&quot;1&quot;:2,&quot;2&quot;:0,&quot;5&quot;:{&quot;1&quot;:2,&quot;2&quot;:0}},{&quot;1&quot;:0,&quot;2&quot;:0,&quot;3&quot;:3},{&quot;1&quot;:1,&quot;2&quot;:0,&quot;4&quot;:1}]},&quot;10&quot;:2,&quot;15&quot;:&quot;\\&quot;Calibri Light\\&quot;&quot;}\">Red de Alquer\u00edas de Santa B\u00e1rbara<\/span>\u00a0\u00a0<span style=\"color: #00ccff;\"><a href=\"https:\/\/www.facsa.com\/municipios\/wp-content\/uploads\/2024\/06\/VA-Info_Red_Alquerias-de-Santa-B\u00e1rbara.pdf\" target=\"_blank\" rel=\"noopener\" style=\"color: #00ccff;\" onmouseover=\"this.style.color='#00ccff';\" onmouseout=\"this.style.color='#00ccff';\">Informaci\u00f3n red<\/a><\/span><\/span><\/strong><span style=\"color: #333300;\"><strong><a href=\"https:\/\/www.facsa.com\/municipios\/wp-content\/uploads\/2023\/07\/Red-Alameda-de-la-Sagra-N\u00facleo-Urbano-1.pdf\" target=\"_blank\" rel=\"noopener\" style=\"color: #969696;\" onmouseover=\"this.style.color='#00ccff';\" onmouseout=\"this.style.color='#969696';\"><\/a><\/strong><\/span><span style=\"color: #333300;\"><strong><span style=\"color: #999999;\"><span style=\"color: #00ccff;\"><a href=\"https:\/\/www.facsa.com\/municipios\/wp-content\/uploads\/2024\/06\/CS-Info-Red-Bej\u00eds-5-Mas\u00eda-Las-Ventas.pdf\" target=\"_blank\" rel=\"noopener\" style=\"color: #00ccff;\" onmouseover=\"this.style.color='#00ccff';\" onmouseout=\"this.style.color='#00ccff';\"><\/a><\/span><\/span><\/strong><\/span><span style=\"color: #333300;\"><br \/><\/span><\/p>\n<p style=\"text-align: center;\"><strong><span style=\"color: #999999;\"><span style=\"color: #00ccff;\"><\/span><\/span><\/strong><\/p>\n<p style=\"text-align: center;\"><strong><span style=\"color: #999999;\"><span style=\"color: #00ccff;\"><\/span><\/span><\/strong><\/p>\n<p>[\/et_pb_text][\/et_pb_column][\/et_pb_row][\/et_pb_section][et_pb_section fb_built=\u00bb1&#8243; module_id=\u00bbburgodeebro\u00bb _builder_version=\u00bb4.16&#8243; _module_preset=\u00bbdefault\u00bb global_colors_info=\u00bb{}\u00bb][et_pb_row _builder_version=\u00bb4.16&#8243; _module_preset=\u00bbdefault\u00bb global_colors_info=\u00bb{}\u00bb][et_pb_column type=\u00bb4_4&#8243; _builder_version=\u00bb4.16&#8243; _module_preset=\u00bbdefault\u00bb global_colors_info=\u00bb{}\u00bb][et_pb_text module_id=\u00bbaresdelmaestrat\u00bb _builder_version=\u00bb4.16&#8243; _module_preset=\u00bbdefault\u00bb text_font_size=\u00bb15px\u00bb header_font_size=\u00bb34px\u00bb custom_margin=\u00bb||21px||false|false\u00bb global_colors_info=\u00bb{}\u00bb]<\/p>\n<h1 style=\"text-align: center;\"><span data-sheets-value=\"{&quot;1&quot;:2,&quot;2&quot;:&quot;Benlloc&quot;}\" data-sheets-userformat=\"{&quot;2&quot;:6779,&quot;3&quot;:{&quot;1&quot;:0},&quot;4&quot;:{&quot;1&quot;:2,&quot;2&quot;:15921906},&quot;6&quot;:{&quot;1&quot;:[{&quot;1&quot;:2,&quot;2&quot;:0,&quot;5&quot;:{&quot;1&quot;:2,&quot;2&quot;:0}},{&quot;1&quot;:0,&quot;2&quot;:0,&quot;3&quot;:3},{&quot;1&quot;:1,&quot;2&quot;:0,&quot;4&quot;:1}]},&quot;7&quot;:{&quot;1&quot;:[{&quot;1&quot;:2,&quot;2&quot;:0,&quot;5&quot;:{&quot;1&quot;:2,&quot;2&quot;:0}},{&quot;1&quot;:0,&quot;2&quot;:0,&quot;3&quot;:3},{&quot;1&quot;:1,&quot;2&quot;:0,&quot;4&quot;:1}]},&quot;8&quot;:{&quot;1&quot;:[{&quot;1&quot;:2,&quot;2&quot;:0,&quot;5&quot;:{&quot;1&quot;:2,&quot;2&quot;:0}},{&quot;1&quot;:0,&quot;2&quot;:0,&quot;3&quot;:3},{&quot;1&quot;:1,&quot;2&quot;:0,&quot;4&quot;:1}]},&quot;9&quot;:2,&quot;12&quot;:0,&quot;14&quot;:{&quot;1&quot;:2,&quot;2&quot;:0},&quot;15&quot;:&quot;\\&quot;Calibri Light\\&quot;, sans-serif&quot;}\">Burgo de Ebro<\/span><\/h1>\n<p>[\/et_pb_text][et_pb_image src=\u00bbhttps:\/\/www.facsa.com\/municipios\/wp-content\/uploads\/2023\/07\/Icono-PDF-pdf.png\u00bb title_text=\u00bbIcono PDF-pdf\u00bb align=\u00bbcenter\u00bb _builder_version=\u00bb4.16&#8243; _module_preset=\u00bbdefault\u00bb width=\u00bb9%\u00bb max_width=\u00bb2%\u00bb custom_margin=\u00bb||25px||false|false\u00bb global_colors_info=\u00bb{}\u00bb][\/et_pb_image][et_pb_text _builder_version=\u00bb4.16&#8243; _module_preset=\u00bbdefault\u00bb locked=\u00bboff\u00bb global_colors_info=\u00bb{}\u00bb]<\/p>\n<p style=\"text-align: center;\"><span style=\"color: #333300;\"><strong><span style=\"color: #00ccff;\"><a href=\"https:\/\/www.facsa.com\/municipios\/wp-content\/uploads\/2024\/06\/Red-El-Burgo-de-Ebro-GAA.pdf\" target=\"_blank\" rel=\"noopener\" style=\"color: #00ccff;\" onmouseover=\"this.style.color='#00ccff';\" onmouseout=\"this.style.color='#00ccff';\">Anal\u00edtica<\/a> <\/span><span style=\"color: #999999;\"><span data-sheets-root=\"1\" data-sheets-value=\"{&quot;1&quot;:2,&quot;2&quot;:&quot;Red Bej\u00eds 5 - Masia las Ventas&quot;}\" data-sheets-userformat=\"{&quot;2&quot;:4266,&quot;4&quot;:{&quot;1&quot;:2,&quot;2&quot;:15921906},&quot;6&quot;:{&quot;1&quot;:[{&quot;1&quot;:2,&quot;2&quot;:0,&quot;5&quot;:{&quot;1&quot;:2,&quot;2&quot;:0}},{&quot;1&quot;:0,&quot;2&quot;:0,&quot;3&quot;:3},{&quot;1&quot;:1,&quot;2&quot;:0,&quot;4&quot;:1}]},&quot;8&quot;:{&quot;1&quot;:[{&quot;1&quot;:2,&quot;2&quot;:0,&quot;5&quot;:{&quot;1&quot;:2,&quot;2&quot;:0}},{&quot;1&quot;:0,&quot;2&quot;:0,&quot;3&quot;:3},{&quot;1&quot;:1,&quot;2&quot;:0,&quot;4&quot;:1}]},&quot;10&quot;:2,&quot;15&quot;:&quot;\\&quot;Calibri Light\\&quot;&quot;}\">Red El Burgo de Ebro &#8211; GAA <\/span><\/span><span style=\"color: #999999;\"><span style=\"color: #00ccff;\"><a href=\"https:\/\/www.facsa.com\/municipios\/wp-content\/uploads\/2024\/06\/CS-Info_Red-GAA-El-Burgo-de-Ebro-red.pdf\" target=\"_blank\" rel=\"noopener\" style=\"color: #00ccff;\" onmouseover=\"this.style.color='#00ccff';\" onmouseout=\"this.style.color='#00ccff';\">Informaci\u00f3n red<\/a><\/span><\/span><\/strong><\/span><\/p>\n<p>[\/et_pb_text][\/et_pb_column][\/et_pb_row][\/et_pb_section][et_pb_section fb_built=\u00bb1&#8243; module_id=\u00bbcabanes\u00bb _builder_version=\u00bb4.16&#8243; _module_preset=\u00bbdefault\u00bb global_colors_info=\u00bb{}\u00bb][et_pb_row _builder_version=\u00bb4.16&#8243; _module_preset=\u00bbdefault\u00bb global_colors_info=\u00bb{}\u00bb][et_pb_column type=\u00bb4_4&#8243; _builder_version=\u00bb4.16&#8243; _module_preset=\u00bbdefault\u00bb global_colors_info=\u00bb{}\u00bb][et_pb_text module_id=\u00bbaresdelmaestrat\u00bb _builder_version=\u00bb4.16&#8243; _module_preset=\u00bbdefault\u00bb text_font_size=\u00bb15px\u00bb header_font_size=\u00bb34px\u00bb custom_margin=\u00bb||21px||false|false\u00bb global_colors_info=\u00bb{}\u00bb]<\/p>\n<h1 style=\"text-align: center;\"><span data-sheets-value=\"{&quot;1&quot;:2,&quot;2&quot;:&quot;Cabanes&quot;}\" data-sheets-userformat=\"{&quot;2&quot;:6779,&quot;3&quot;:{&quot;1&quot;:0},&quot;4&quot;:{&quot;1&quot;:2,&quot;2&quot;:15921906},&quot;6&quot;:{&quot;1&quot;:[{&quot;1&quot;:2,&quot;2&quot;:0,&quot;5&quot;:{&quot;1&quot;:2,&quot;2&quot;:0}},{&quot;1&quot;:0,&quot;2&quot;:0,&quot;3&quot;:3},{&quot;1&quot;:1,&quot;2&quot;:0,&quot;4&quot;:1}]},&quot;7&quot;:{&quot;1&quot;:[{&quot;1&quot;:2,&quot;2&quot;:0,&quot;5&quot;:{&quot;1&quot;:2,&quot;2&quot;:0}},{&quot;1&quot;:0,&quot;2&quot;:0,&quot;3&quot;:3},{&quot;1&quot;:1,&quot;2&quot;:0,&quot;4&quot;:1}]},&quot;8&quot;:{&quot;1&quot;:[{&quot;1&quot;:2,&quot;2&quot;:0,&quot;5&quot;:{&quot;1&quot;:2,&quot;2&quot;:0}},{&quot;1&quot;:0,&quot;2&quot;:0,&quot;3&quot;:3},{&quot;1&quot;:1,&quot;2&quot;:0,&quot;4&quot;:1}]},&quot;9&quot;:2,&quot;12&quot;:0,&quot;14&quot;:{&quot;1&quot;:2,&quot;2&quot;:0},&quot;15&quot;:&quot;\\&quot;Calibri Light\\&quot;, sans-serif&quot;}\">Cabanes<\/span><\/h1>\n<p>[\/et_pb_text][et_pb_image src=\u00bbhttps:\/\/www.facsa.com\/municipios\/wp-content\/uploads\/2023\/07\/Icono-PDF-pdf.png\u00bb title_text=\u00bbIcono PDF-pdf\u00bb align=\u00bbcenter\u00bb _builder_version=\u00bb4.16&#8243; _module_preset=\u00bbdefault\u00bb width=\u00bb9%\u00bb max_width=\u00bb2%\u00bb custom_margin=\u00bb||25px||false|false\u00bb global_colors_info=\u00bb{}\u00bb][\/et_pb_image][et_pb_text _builder_version=\u00bb4.16&#8243; _module_preset=\u00bbdefault\u00bb custom_padding=\u00bb0px|||||\u00bb locked=\u00bboff\u00bb global_colors_info=\u00bb{}\u00bb]<\/p>\n<p style=\"text-align: center;\"><span style=\"color: #00ccff;\"><strong><a href=\"https:\/\/www.facsa.com\/municipios\/wp-content\/uploads\/2024\/06\/Red-Cabanes.pdf\" target=\"_blank\" rel=\"noopener\" style=\"color: #00ccff;\" onmouseover=\"this.style.color='#00ccff';\" onmouseout=\"this.style.color='#00ccff';\">Anal\u00edtica<\/a> <\/strong><\/span><strong>\u00a0<span style=\"color: #999999;\"><span data-sheets-root=\"1\" data-sheets-value=\"{&quot;1&quot;:2,&quot;2&quot;:&quot;Red Bej\u00eds&quot;}\" data-sheets-userformat=\"{&quot;2&quot;:4266,&quot;4&quot;:{&quot;1&quot;:2,&quot;2&quot;:15921906},&quot;6&quot;:{&quot;1&quot;:[{&quot;1&quot;:2,&quot;2&quot;:0,&quot;5&quot;:{&quot;1&quot;:2,&quot;2&quot;:0}},{&quot;1&quot;:0,&quot;2&quot;:0,&quot;3&quot;:3},{&quot;1&quot;:1,&quot;2&quot;:0,&quot;4&quot;:1}]},&quot;8&quot;:{&quot;1&quot;:[{&quot;1&quot;:2,&quot;2&quot;:0,&quot;5&quot;:{&quot;1&quot;:2,&quot;2&quot;:0}},{&quot;1&quot;:0,&quot;2&quot;:0,&quot;3&quot;:3},{&quot;1&quot;:1,&quot;2&quot;:0,&quot;4&quot;:1}]},&quot;10&quot;:2,&quot;15&quot;:&quot;\\&quot;Calibri Light\\&quot;&quot;}\">Red Cabanes<\/span>\u00a0<span style=\"color: #00ccff;\"><a href=\"https:\/\/www.facsa.com\/municipios\/wp-content\/uploads\/2024\/06\/VA-Info_Red-Cabanes.pdf\" target=\"_blank\" rel=\"noopener\" style=\"color: #00ccff;\" onmouseover=\"this.style.color='#00ccff';\" onmouseout=\"this.style.color='#00ccff';\">Informaci\u00f3n red<\/a><\/span><\/span><\/strong><span style=\"color: #333300;\"><strong><a href=\"https:\/\/www.facsa.com\/municipios\/wp-content\/uploads\/2023\/07\/Red-Alameda-de-la-Sagra-N\u00facleo-Urbano-1.pdf\" target=\"_blank\" rel=\"noopener\" style=\"color: #969696;\" onmouseover=\"this.style.color='#00ccff';\" onmouseout=\"this.style.color='#969696';\"><br \/><\/a><\/strong><\/span><span style=\"color: #333300;\"><\/span><strong><span style=\"color: #999999;\"><span style=\"color: #00ccff;\"><\/span><\/span><\/strong><\/p>\n<p style=\"text-align: center;\"><span style=\"color: #00ccff;\"><strong><a href=\"https:\/\/www.facsa.com\/municipios\/wp-content\/uploads\/2024\/06\/Red-Ribera-Cabanes.pdf\" target=\"_blank\" rel=\"noopener\" style=\"color: #00ccff;\" onmouseover=\"this.style.color='#00ccff';\" onmouseout=\"this.style.color='#00ccff';\">Anal\u00edtica<\/a> <\/strong><\/span><strong><span style=\"color: #999999;\"><span data-sheets-root=\"1\" data-sheets-value=\"{&quot;1&quot;:2,&quot;2&quot;:&quot;Red Bej\u00eds 2 - Arteas de Abajo&quot;}\" data-sheets-userformat=\"{&quot;2&quot;:4266,&quot;4&quot;:{&quot;1&quot;:2,&quot;2&quot;:15921906},&quot;6&quot;:{&quot;1&quot;:[{&quot;1&quot;:2,&quot;2&quot;:0,&quot;5&quot;:{&quot;1&quot;:2,&quot;2&quot;:0}},{&quot;1&quot;:0,&quot;2&quot;:0,&quot;3&quot;:3},{&quot;1&quot;:1,&quot;2&quot;:0,&quot;4&quot;:1}]},&quot;8&quot;:{&quot;1&quot;:[{&quot;1&quot;:2,&quot;2&quot;:0,&quot;5&quot;:{&quot;1&quot;:2,&quot;2&quot;:0}},{&quot;1&quot;:0,&quot;2&quot;:0,&quot;3&quot;:3},{&quot;1&quot;:1,&quot;2&quot;:0,&quot;4&quot;:1}]},&quot;10&quot;:2,&quot;15&quot;:&quot;\\&quot;Calibri Light\\&quot;&quot;}\">Red Ribera Cabanes<\/span><\/span><span style=\"color: #999999;\">\u00a0<span style=\"color: #00ccff;\"><a href=\"https:\/\/www.facsa.com\/municipios\/wp-content\/uploads\/2024\/06\/VA-Info_Red-Ribera-Cabanes.pdf\" target=\"_blank\" rel=\"noopener\" style=\"color: #00ccff;\" onmouseover=\"this.style.color='#00ccff';\" onmouseout=\"this.style.color='#00ccff';\">Informaci\u00f3n red<\/a><\/span><\/span><\/strong><span style=\"color: #333300;\"><strong><a href=\"https:\/\/www.facsa.com\/municipios\/wp-content\/uploads\/2023\/07\/Red-Alameda-de-la-Sagra-N\u00facleo-Urbano-1.pdf\" target=\"_blank\" rel=\"noopener\" style=\"color: #969696;\" onmouseover=\"this.style.color='#00ccff';\" onmouseout=\"this.style.color='#969696';\"><br \/><\/a><\/strong><\/span><span style=\"color: #333300;\"><\/span><strong><span style=\"color: #999999;\"><span style=\"color: #00ccff;\"><\/span><\/span><\/strong><\/p>\n<p style=\"text-align: center;\"><span style=\"color: #00ccff;\"><strong><a href=\"https:\/\/www.facsa.com\/municipios\/wp-content\/uploads\/2024\/06\/Red-Cabanes-Urbanizaci\u00f3n-Molinet.pdf\" target=\"_blank\" rel=\"noopener\" style=\"color: #00ccff;\" onmouseover=\"this.style.color='#00ccff';\" onmouseout=\"this.style.color='#00ccff';\">Anal\u00edtica<\/a> <\/strong><\/span><strong>\u00a0<span style=\"color: #999999;\"><span data-sheets-root=\"1\" data-sheets-value=\"{&quot;1&quot;:2,&quot;2&quot;:&quot;Red Bej\u00eds 3 - Arteas de Arriba&quot;}\" data-sheets-userformat=\"{&quot;2&quot;:4266,&quot;4&quot;:{&quot;1&quot;:2,&quot;2&quot;:15921906},&quot;6&quot;:{&quot;1&quot;:[{&quot;1&quot;:2,&quot;2&quot;:0,&quot;5&quot;:{&quot;1&quot;:2,&quot;2&quot;:0}},{&quot;1&quot;:0,&quot;2&quot;:0,&quot;3&quot;:3},{&quot;1&quot;:1,&quot;2&quot;:0,&quot;4&quot;:1}]},&quot;8&quot;:{&quot;1&quot;:[{&quot;1&quot;:2,&quot;2&quot;:0,&quot;5&quot;:{&quot;1&quot;:2,&quot;2&quot;:0}},{&quot;1&quot;:0,&quot;2&quot;:0,&quot;3&quot;:3},{&quot;1&quot;:1,&quot;2&quot;:0,&quot;4&quot;:1}]},&quot;10&quot;:2,&quot;15&quot;:&quot;\\&quot;Calibri Light\\&quot;&quot;}\">Red Cabanes &#8211; Urbanizaci\u00f3n Molinet<\/span>\u00a0\u00a0<span style=\"color: #00ccff;\"><a href=\"https:\/\/www.facsa.com\/municipios\/wp-content\/uploads\/2024\/06\/VA-Info_Red-Cabanes-Urbanizaci\u00f3n-Molinet.pdf\" target=\"_blank\" rel=\"noopener\" style=\"color: #00ccff;\" onmouseover=\"this.style.color='#00ccff';\" onmouseout=\"this.style.color='#00ccff';\">Informaci\u00f3n red<\/a><\/span><\/span><\/strong><span style=\"color: #333300;\"><strong><a href=\"https:\/\/www.facsa.com\/municipios\/wp-content\/uploads\/2023\/07\/Red-Alameda-de-la-Sagra-N\u00facleo-Urbano-1.pdf\" target=\"_blank\" rel=\"noopener\" style=\"color: #969696;\" onmouseover=\"this.style.color='#00ccff';\" onmouseout=\"this.style.color='#969696';\"><br \/><\/a><\/strong><\/span><span style=\"color: #333300;\"><\/span><strong><span style=\"color: #999999;\"><span style=\"color: #00ccff;\"><\/span><\/span><\/strong><\/p>\n<p style=\"text-align: center;\"><span style=\"color: #00ccff;\"><strong><a href=\"https:\/\/www.facsa.com\/municipios\/wp-content\/uploads\/2024\/06\/Red-Cabanes-5-Torre-La-Sal.pdf\" target=\"_blank\" rel=\"noopener\" style=\"color: #00ccff;\" onmouseover=\"this.style.color='#00ccff';\" onmouseout=\"this.style.color='#00ccff';\">Anal\u00edtica<\/a> <\/strong><\/span><strong><span style=\"color: #999999;\"><span data-sheets-root=\"1\" data-sheets-value=\"{&quot;1&quot;:2,&quot;2&quot;:&quot;Red Bej\u00eds 4 - Masia de los Perez&quot;}\" data-sheets-userformat=\"{&quot;2&quot;:4266,&quot;4&quot;:{&quot;1&quot;:2,&quot;2&quot;:15921906},&quot;6&quot;:{&quot;1&quot;:[{&quot;1&quot;:2,&quot;2&quot;:0,&quot;5&quot;:{&quot;1&quot;:2,&quot;2&quot;:0}},{&quot;1&quot;:0,&quot;2&quot;:0,&quot;3&quot;:3},{&quot;1&quot;:1,&quot;2&quot;:0,&quot;4&quot;:1}]},&quot;8&quot;:{&quot;1&quot;:[{&quot;1&quot;:2,&quot;2&quot;:0,&quot;5&quot;:{&quot;1&quot;:2,&quot;2&quot;:0}},{&quot;1&quot;:0,&quot;2&quot;:0,&quot;3&quot;:3},{&quot;1&quot;:1,&quot;2&quot;:0,&quot;4&quot;:1}]},&quot;10&quot;:2,&quot;15&quot;:&quot;\\&quot;Calibri Light\\&quot;&quot;}\">Red Cabanes 5 &#8211; Torre La Sal<\/span><\/span><span style=\"color: #999999;\">\u00a0<span style=\"color: #00ccff;\"><a href=\"https:\/\/www.facsa.com\/municipios\/wp-content\/uploads\/2024\/06\/VA-Info_Red-Cabanes-5-Torre-La-Sal.pdf\" target=\"_blank\" rel=\"noopener\" style=\"color: #00ccff;\" onmouseover=\"this.style.color='#00ccff';\" onmouseout=\"this.style.color='#00ccff';\">Informaci\u00f3n red<\/a><\/span><\/span><\/strong><span style=\"color: #333300;\"><strong><a href=\"https:\/\/www.facsa.com\/municipios\/wp-content\/uploads\/2023\/07\/Red-Alameda-de-la-Sagra-N\u00facleo-Urbano-1.pdf\" target=\"_blank\" rel=\"noopener\" style=\"color: #969696;\" onmouseover=\"this.style.color='#00ccff';\" onmouseout=\"this.style.color='#969696';\"><\/a><\/strong><\/span><span style=\"color: #333300;\"><strong><a href=\"https:\/\/www.facsa.com\/municipios\/wp-content\/uploads\/2023\/07\/Red-Alameda-de-la-Sagra-N\u00facleo-Urbano-1.pdf\" target=\"_blank\" rel=\"noopener\" style=\"color: #969696;\" onmouseover=\"this.style.color='#00ccff';\" onmouseout=\"this.style.color='#969696';\"><\/a><\/strong><\/span><span style=\"color: #333300;\"><\/span><strong><span style=\"color: #999999;\"><span style=\"color: #00ccff;\"><\/span><\/span><\/strong><strong><span style=\"color: #999999;\"><\/span><\/strong><span style=\"color: #333300;\"><\/span><\/p>\n<p style=\"text-align: center;\"><strong><span style=\"color: #999999;\"><span style=\"color: #00ccff;\"><\/span><\/span><\/strong><\/p>\n<p style=\"text-align: center;\"><strong><span style=\"color: #999999;\"><span style=\"color: #00ccff;\"><\/span><\/span><\/strong><\/p>\n<p>[\/et_pb_text][\/et_pb_column][\/et_pb_row][\/et_pb_section][et_pb_section fb_built=\u00bb1&#8243; module_id=\u00bbcalig\u00bb _builder_version=\u00bb4.16&#8243; _module_preset=\u00bbdefault\u00bb global_colors_info=\u00bb{}\u00bb][et_pb_row _builder_version=\u00bb4.16&#8243; _module_preset=\u00bbdefault\u00bb global_colors_info=\u00bb{}\u00bb][et_pb_column type=\u00bb4_4&#8243; _builder_version=\u00bb4.16&#8243; _module_preset=\u00bbdefault\u00bb global_colors_info=\u00bb{}\u00bb][et_pb_text module_id=\u00bbaresdelmaestrat\u00bb _builder_version=\u00bb4.16&#8243; _module_preset=\u00bbdefault\u00bb text_font_size=\u00bb15px\u00bb header_font_size=\u00bb34px\u00bb custom_margin=\u00bb||21px||false|false\u00bb global_colors_info=\u00bb{}\u00bb]<\/p>\n<h1 style=\"text-align: center;\"><span data-sheets-value=\"{&quot;1&quot;:2,&quot;2&quot;:&quot;C\u00e0lig&quot;}\" data-sheets-userformat=\"{&quot;2&quot;:6779,&quot;3&quot;:{&quot;1&quot;:0},&quot;4&quot;:{&quot;1&quot;:2,&quot;2&quot;:15921906},&quot;6&quot;:{&quot;1&quot;:[{&quot;1&quot;:2,&quot;2&quot;:0,&quot;5&quot;:{&quot;1&quot;:2,&quot;2&quot;:0}},{&quot;1&quot;:0,&quot;2&quot;:0,&quot;3&quot;:3},{&quot;1&quot;:1,&quot;2&quot;:0,&quot;4&quot;:1}]},&quot;7&quot;:{&quot;1&quot;:[{&quot;1&quot;:2,&quot;2&quot;:0,&quot;5&quot;:{&quot;1&quot;:2,&quot;2&quot;:0}},{&quot;1&quot;:0,&quot;2&quot;:0,&quot;3&quot;:3},{&quot;1&quot;:1,&quot;2&quot;:0,&quot;4&quot;:1}]},&quot;8&quot;:{&quot;1&quot;:[{&quot;1&quot;:2,&quot;2&quot;:0,&quot;5&quot;:{&quot;1&quot;:2,&quot;2&quot;:0}},{&quot;1&quot;:0,&quot;2&quot;:0,&quot;3&quot;:3},{&quot;1&quot;:1,&quot;2&quot;:0,&quot;4&quot;:1}]},&quot;9&quot;:2,&quot;12&quot;:0,&quot;14&quot;:{&quot;1&quot;:2,&quot;2&quot;:0},&quot;15&quot;:&quot;\\&quot;Calibri Light\\&quot;, sans-serif&quot;}\">C\u00e0lig<\/span><\/h1>\n<p>[\/et_pb_text][et_pb_image src=\u00bbhttps:\/\/www.facsa.com\/municipios\/wp-content\/uploads\/2023\/07\/Icono-PDF-pdf.png\u00bb title_text=\u00bbIcono PDF-pdf\u00bb align=\u00bbcenter\u00bb _builder_version=\u00bb4.16&#8243; _module_preset=\u00bbdefault\u00bb width=\u00bb9%\u00bb max_width=\u00bb2%\u00bb custom_margin=\u00bb||25px||false|false\u00bb global_colors_info=\u00bb{}\u00bb][\/et_pb_image][et_pb_text _builder_version=\u00bb4.16&#8243; _module_preset=\u00bbdefault\u00bb locked=\u00bboff\u00bb global_colors_info=\u00bb{}\u00bb]<\/p>\n<p style=\"text-align: center;\"><span style=\"color: #333300;\"><strong><span style=\"color: #00ccff;\"><a href=\"https:\/\/www.facsa.com\/municipios\/wp-content\/uploads\/2024\/06\/Red-C\u00e0lig.pdf\" target=\"_blank\" rel=\"noopener\" style=\"color: #00ccff;\" onmouseover=\"this.style.color='#00ccff';\" onmouseout=\"this.style.color='#00ccff';\">Anal\u00edtica<\/a> <\/span><span style=\"color: #999999;\"><span data-sheets-root=\"1\" data-sheets-value=\"{&quot;1&quot;:2,&quot;2&quot;:&quot;Red Bej\u00eds 5 - Masia las Ventas&quot;}\" data-sheets-userformat=\"{&quot;2&quot;:4266,&quot;4&quot;:{&quot;1&quot;:2,&quot;2&quot;:15921906},&quot;6&quot;:{&quot;1&quot;:[{&quot;1&quot;:2,&quot;2&quot;:0,&quot;5&quot;:{&quot;1&quot;:2,&quot;2&quot;:0}},{&quot;1&quot;:0,&quot;2&quot;:0,&quot;3&quot;:3},{&quot;1&quot;:1,&quot;2&quot;:0,&quot;4&quot;:1}]},&quot;8&quot;:{&quot;1&quot;:[{&quot;1&quot;:2,&quot;2&quot;:0,&quot;5&quot;:{&quot;1&quot;:2,&quot;2&quot;:0}},{&quot;1&quot;:0,&quot;2&quot;:0,&quot;3&quot;:3},{&quot;1&quot;:1,&quot;2&quot;:0,&quot;4&quot;:1}]},&quot;10&quot;:2,&quot;15&quot;:&quot;\\&quot;Calibri Light\\&quot;&quot;}\">Red C\u00e0lig <\/span><\/span><span style=\"color: #999999;\"><span style=\"color: #00ccff;\"><a href=\"https:\/\/www.facsa.com\/municipios\/wp-content\/uploads\/2024\/06\/VA-Info_Red-C\u00e0lig.pdf\" target=\"_blank\" rel=\"noopener\" style=\"color: #00ccff;\" onmouseover=\"this.style.color='#00ccff';\" onmouseout=\"this.style.color='#00ccff';\">Informaci\u00f3n red<\/a><\/span><\/span><\/strong><\/span><\/p>\n<p>[\/et_pb_text][\/et_pb_column][\/et_pb_row][\/et_pb_section][et_pb_section fb_built=\u00bb1&#8243; module_id=\u00bbcastellnovo\u00bb _builder_version=\u00bb4.16&#8243; _module_preset=\u00bbdefault\u00bb global_colors_info=\u00bb{}\u00bb][et_pb_row _builder_version=\u00bb4.16&#8243; _module_preset=\u00bbdefault\u00bb global_colors_info=\u00bb{}\u00bb][et_pb_column type=\u00bb4_4&#8243; _builder_version=\u00bb4.16&#8243; _module_preset=\u00bbdefault\u00bb global_colors_info=\u00bb{}\u00bb][et_pb_text module_id=\u00bbaresdelmaestrat\u00bb _builder_version=\u00bb4.16&#8243; _module_preset=\u00bbdefault\u00bb text_font_size=\u00bb15px\u00bb header_font_size=\u00bb34px\u00bb custom_margin=\u00bb||21px||false|false\u00bb global_colors_info=\u00bb{}\u00bb]<\/p>\n<h1 style=\"text-align: center;\"><span data-sheets-value=\"{&quot;1&quot;:2,&quot;2&quot;:&quot;Castellnovo&quot;}\" data-sheets-userformat=\"{&quot;2&quot;:6779,&quot;3&quot;:{&quot;1&quot;:0},&quot;4&quot;:{&quot;1&quot;:2,&quot;2&quot;:15921906},&quot;6&quot;:{&quot;1&quot;:[{&quot;1&quot;:2,&quot;2&quot;:0,&quot;5&quot;:{&quot;1&quot;:2,&quot;2&quot;:0}},{&quot;1&quot;:0,&quot;2&quot;:0,&quot;3&quot;:3},{&quot;1&quot;:1,&quot;2&quot;:0,&quot;4&quot;:1}]},&quot;7&quot;:{&quot;1&quot;:[{&quot;1&quot;:2,&quot;2&quot;:0,&quot;5&quot;:{&quot;1&quot;:2,&quot;2&quot;:0}},{&quot;1&quot;:0,&quot;2&quot;:0,&quot;3&quot;:3},{&quot;1&quot;:1,&quot;2&quot;:0,&quot;4&quot;:1}]},&quot;8&quot;:{&quot;1&quot;:[{&quot;1&quot;:2,&quot;2&quot;:0,&quot;5&quot;:{&quot;1&quot;:2,&quot;2&quot;:0}},{&quot;1&quot;:0,&quot;2&quot;:0,&quot;3&quot;:3},{&quot;1&quot;:1,&quot;2&quot;:0,&quot;4&quot;:1}]},&quot;9&quot;:2,&quot;12&quot;:0,&quot;14&quot;:{&quot;1&quot;:2,&quot;2&quot;:0},&quot;15&quot;:&quot;\\&quot;Calibri Light\\&quot;, sans-serif&quot;}\">Castellnovo<\/span><\/h1>\n<p>[\/et_pb_text][et_pb_image src=\u00bbhttps:\/\/www.facsa.com\/municipios\/wp-content\/uploads\/2023\/07\/Icono-PDF-pdf.png\u00bb title_text=\u00bbIcono PDF-pdf\u00bb align=\u00bbcenter\u00bb _builder_version=\u00bb4.16&#8243; _module_preset=\u00bbdefault\u00bb width=\u00bb9%\u00bb max_width=\u00bb2%\u00bb custom_margin=\u00bb||25px||false|false\u00bb global_colors_info=\u00bb{}\u00bb][\/et_pb_image][et_pb_text _builder_version=\u00bb4.16&#8243; _module_preset=\u00bbdefault\u00bb custom_padding=\u00bb0px|||||\u00bb locked=\u00bboff\u00bb global_colors_info=\u00bb{}\u00bb]<\/p>\n<p style=\"text-align: center;\"><span style=\"color: #00ccff;\"><strong><a href=\"https:\/\/www.facsa.com\/municipios\/wp-content\/uploads\/2024\/06\/Red-Castellnovo.pdf\" target=\"_blank\" rel=\"noopener\" style=\"color: #00ccff;\" onmouseover=\"this.style.color='#00ccff';\" onmouseout=\"this.style.color='#00ccff';\">Anal\u00edtica<\/a> <\/strong><\/span><strong>\u00a0<span style=\"color: #999999;\"><span data-sheets-root=\"1\" data-sheets-value=\"{&quot;1&quot;:2,&quot;2&quot;:&quot;Red Bej\u00eds&quot;}\" data-sheets-userformat=\"{&quot;2&quot;:4266,&quot;4&quot;:{&quot;1&quot;:2,&quot;2&quot;:15921906},&quot;6&quot;:{&quot;1&quot;:[{&quot;1&quot;:2,&quot;2&quot;:0,&quot;5&quot;:{&quot;1&quot;:2,&quot;2&quot;:0}},{&quot;1&quot;:0,&quot;2&quot;:0,&quot;3&quot;:3},{&quot;1&quot;:1,&quot;2&quot;:0,&quot;4&quot;:1}]},&quot;8&quot;:{&quot;1&quot;:[{&quot;1&quot;:2,&quot;2&quot;:0,&quot;5&quot;:{&quot;1&quot;:2,&quot;2&quot;:0}},{&quot;1&quot;:0,&quot;2&quot;:0,&quot;3&quot;:3},{&quot;1&quot;:1,&quot;2&quot;:0,&quot;4&quot;:1}]},&quot;10&quot;:2,&quot;15&quot;:&quot;\\&quot;Calibri Light\\&quot;&quot;}\">Red Castellnovo<\/span>\u00a0<span style=\"color: #00ccff;\"><a href=\"https:\/\/www.facsa.com\/municipios\/wp-content\/uploads\/2024\/06\/VA-Info_Red-Castellnovo.pdf\" target=\"_blank\" rel=\"noopener\" style=\"color: #00ccff;\" onmouseover=\"this.style.color='#00ccff';\" onmouseout=\"this.style.color='#00ccff';\">Informaci\u00f3n red<\/a><\/span><\/span><\/strong><span style=\"color: #333300;\"><strong><a href=\"https:\/\/www.facsa.com\/municipios\/wp-content\/uploads\/2023\/07\/Red-Alameda-de-la-Sagra-N\u00facleo-Urbano-1.pdf\" target=\"_blank\" rel=\"noopener\" style=\"color: #969696;\" onmouseover=\"this.style.color='#00ccff';\" onmouseout=\"this.style.color='#969696';\"><br \/><\/a><\/strong><\/span><span style=\"color: #333300;\"><\/span><strong><span style=\"color: #999999;\"><span style=\"color: #00ccff;\"><\/span><\/span><\/strong><\/p>\n<p style=\"text-align: center;\"><span style=\"color: #00ccff;\"><strong><a href=\"https:\/\/www.facsa.com\/municipios\/wp-content\/uploads\/2024\/06\/Red-Castellnovo-2-Fuentes-p\u00fablicas-La-Mina.pdf\" target=\"_blank\" rel=\"noopener\" style=\"color: #00ccff;\" onmouseover=\"this.style.color='#00ccff';\" onmouseout=\"this.style.color='#00ccff';\">Anal\u00edtica<\/a> <\/strong><\/span><strong><span style=\"color: #999999;\"><span data-sheets-root=\"1\" data-sheets-value=\"{&quot;1&quot;:2,&quot;2&quot;:&quot;Red Bej\u00eds 2 - Arteas de Abajo&quot;}\" data-sheets-userformat=\"{&quot;2&quot;:4266,&quot;4&quot;:{&quot;1&quot;:2,&quot;2&quot;:15921906},&quot;6&quot;:{&quot;1&quot;:[{&quot;1&quot;:2,&quot;2&quot;:0,&quot;5&quot;:{&quot;1&quot;:2,&quot;2&quot;:0}},{&quot;1&quot;:0,&quot;2&quot;:0,&quot;3&quot;:3},{&quot;1&quot;:1,&quot;2&quot;:0,&quot;4&quot;:1}]},&quot;8&quot;:{&quot;1&quot;:[{&quot;1&quot;:2,&quot;2&quot;:0,&quot;5&quot;:{&quot;1&quot;:2,&quot;2&quot;:0}},{&quot;1&quot;:0,&quot;2&quot;:0,&quot;3&quot;:3},{&quot;1&quot;:1,&quot;2&quot;:0,&quot;4&quot;:1}]},&quot;10&quot;:2,&quot;15&quot;:&quot;\\&quot;Calibri Light\\&quot;&quot;}\">Red Castellnovo 2 &#8211; Fuentes Publicas La Mina<\/span><\/span><span style=\"color: #999999;\">\u00a0<span style=\"color: #00ccff;\"><a href=\"https:\/\/www.facsa.com\/municipios\/wp-content\/uploads\/2024\/06\/VA-Info_Red-Castellnovo-2-Fuentes-p\u00fablicas-La-Mina.pdf\" target=\"_blank\" rel=\"noopener\" style=\"color: #00ccff;\" onmouseover=\"this.style.color='#00ccff';\" onmouseout=\"this.style.color='#00ccff';\">Informaci\u00f3n red<\/a><\/span><\/span><\/strong><span style=\"color: #333300;\"><strong><a href=\"https:\/\/www.facsa.com\/municipios\/wp-content\/uploads\/2023\/07\/Red-Alameda-de-la-Sagra-N\u00facleo-Urbano-1.pdf\" target=\"_blank\" rel=\"noopener\" style=\"color: #969696;\" onmouseover=\"this.style.color='#00ccff';\" onmouseout=\"this.style.color='#969696';\"><\/a><\/strong><\/span><strong><span style=\"color: #999999;\"><span style=\"color: #00ccff;\"><\/span><\/span><\/strong><\/p>\n<p>[\/et_pb_text][\/et_pb_column][\/et_pb_row][\/et_pb_section][et_pb_section fb_built=\u00bb1&#8243; module_id=\u00bbcanetloroig\u00bb _builder_version=\u00bb4.16&#8243; _module_preset=\u00bbdefault\u00bb global_colors_info=\u00bb{}\u00bb][et_pb_row _builder_version=\u00bb4.16&#8243; _module_preset=\u00bbdefault\u00bb global_colors_info=\u00bb{}\u00bb][et_pb_column type=\u00bb4_4&#8243; _builder_version=\u00bb4.16&#8243; _module_preset=\u00bbdefault\u00bb global_colors_info=\u00bb{}\u00bb][et_pb_text module_id=\u00bbaresdelmaestrat\u00bb _builder_version=\u00bb4.16&#8243; _module_preset=\u00bbdefault\u00bb text_font_size=\u00bb15px\u00bb header_font_size=\u00bb34px\u00bb custom_margin=\u00bb||21px||false|false\u00bb global_colors_info=\u00bb{}\u00bb]<\/p>\n<h1 style=\"text-align: center;\"><span data-sheets-value=\"{&quot;1&quot;:2,&quot;2&quot;:&quot;Canet Lo Roig&quot;}\" data-sheets-userformat=\"{&quot;2&quot;:6779,&quot;3&quot;:{&quot;1&quot;:0},&quot;4&quot;:{&quot;1&quot;:2,&quot;2&quot;:15921906},&quot;6&quot;:{&quot;1&quot;:[{&quot;1&quot;:2,&quot;2&quot;:0,&quot;5&quot;:{&quot;1&quot;:2,&quot;2&quot;:0}},{&quot;1&quot;:0,&quot;2&quot;:0,&quot;3&quot;:3},{&quot;1&quot;:1,&quot;2&quot;:0,&quot;4&quot;:1}]},&quot;7&quot;:{&quot;1&quot;:[{&quot;1&quot;:2,&quot;2&quot;:0,&quot;5&quot;:{&quot;1&quot;:2,&quot;2&quot;:0}},{&quot;1&quot;:0,&quot;2&quot;:0,&quot;3&quot;:3},{&quot;1&quot;:1,&quot;2&quot;:0,&quot;4&quot;:1}]},&quot;8&quot;:{&quot;1&quot;:[{&quot;1&quot;:2,&quot;2&quot;:0,&quot;5&quot;:{&quot;1&quot;:2,&quot;2&quot;:0}},{&quot;1&quot;:0,&quot;2&quot;:0,&quot;3&quot;:3},{&quot;1&quot;:1,&quot;2&quot;:0,&quot;4&quot;:1}]},&quot;9&quot;:2,&quot;12&quot;:0,&quot;14&quot;:{&quot;1&quot;:2,&quot;2&quot;:0},&quot;15&quot;:&quot;\\&quot;Calibri Light\\&quot;, sans-serif&quot;}\">Canet Lo Roig<\/span><\/h1>\n<p>[\/et_pb_text][et_pb_image src=\u00bbhttps:\/\/www.facsa.com\/municipios\/wp-content\/uploads\/2023\/07\/Icono-PDF-pdf.png\u00bb title_text=\u00bbIcono PDF-pdf\u00bb align=\u00bbcenter\u00bb _builder_version=\u00bb4.16&#8243; _module_preset=\u00bbdefault\u00bb width=\u00bb9%\u00bb max_width=\u00bb2%\u00bb custom_margin=\u00bb||25px||false|false\u00bb global_colors_info=\u00bb{}\u00bb][\/et_pb_image][et_pb_text _builder_version=\u00bb4.16&#8243; _module_preset=\u00bbdefault\u00bb locked=\u00bboff\u00bb global_colors_info=\u00bb{}\u00bb]<\/p>\n<p style=\"text-align: center;\"><span style=\"color: #333300;\"><strong><span style=\"color: #00ccff;\"><a href=\"https:\/\/www.facsa.com\/municipios\/wp-content\/uploads\/2024\/06\/Red-Canet-lo-Roig.pdf\" target=\"_blank\" rel=\"noopener\" style=\"color: #00ccff;\" onmouseover=\"this.style.color='#00ccff';\" onmouseout=\"this.style.color='#00ccff';\">Anal\u00edtica<\/a> <\/span><span style=\"color: #999999;\"><span data-sheets-root=\"1\" data-sheets-value=\"{&quot;1&quot;:2,&quot;2&quot;:&quot;Red Bej\u00eds 5 - Masia las Ventas&quot;}\" data-sheets-userformat=\"{&quot;2&quot;:4266,&quot;4&quot;:{&quot;1&quot;:2,&quot;2&quot;:15921906},&quot;6&quot;:{&quot;1&quot;:[{&quot;1&quot;:2,&quot;2&quot;:0,&quot;5&quot;:{&quot;1&quot;:2,&quot;2&quot;:0}},{&quot;1&quot;:0,&quot;2&quot;:0,&quot;3&quot;:3},{&quot;1&quot;:1,&quot;2&quot;:0,&quot;4&quot;:1}]},&quot;8&quot;:{&quot;1&quot;:[{&quot;1&quot;:2,&quot;2&quot;:0,&quot;5&quot;:{&quot;1&quot;:2,&quot;2&quot;:0}},{&quot;1&quot;:0,&quot;2&quot;:0,&quot;3&quot;:3},{&quot;1&quot;:1,&quot;2&quot;:0,&quot;4&quot;:1}]},&quot;10&quot;:2,&quot;15&quot;:&quot;\\&quot;Calibri Light\\&quot;&quot;}\">Red Canet lo Roig <\/span><\/span><span style=\"color: #999999;\"><span style=\"color: #00ccff;\"><a href=\"https:\/\/www.facsa.com\/municipios\/wp-content\/uploads\/2024\/06\/VA-Info_Red-Canet-lo-Roig.pdf\" target=\"_blank\" rel=\"noopener\" style=\"color: #00ccff;\" onmouseover=\"this.style.color='#00ccff';\" onmouseout=\"this.style.color='#00ccff';\">Informaci\u00f3n red<\/a><\/span><\/span><\/strong><\/span><\/p>\n<p>[\/et_pb_text][\/et_pb_column][\/et_pb_row][\/et_pb_section][et_pb_section fb_built=\u00bb1&#8243; module_id=\u00bbcati\u00bb _builder_version=\u00bb4.16&#8243; _module_preset=\u00bbdefault\u00bb global_colors_info=\u00bb{}\u00bb][et_pb_row _builder_version=\u00bb4.16&#8243; _module_preset=\u00bbdefault\u00bb global_colors_info=\u00bb{}\u00bb][et_pb_column type=\u00bb4_4&#8243; _builder_version=\u00bb4.16&#8243; _module_preset=\u00bbdefault\u00bb global_colors_info=\u00bb{}\u00bb][et_pb_text module_id=\u00bbaresdelmaestrat\u00bb _builder_version=\u00bb4.16&#8243; _module_preset=\u00bbdefault\u00bb text_font_size=\u00bb15px\u00bb header_font_size=\u00bb34px\u00bb custom_margin=\u00bb||21px||false|false\u00bb global_colors_info=\u00bb{}\u00bb]<\/p>\n<h1 style=\"text-align: center;\"><span data-sheets-value=\"{&quot;1&quot;:2,&quot;2&quot;:&quot;Cat\u00ed&quot;}\" data-sheets-userformat=\"{&quot;2&quot;:6779,&quot;3&quot;:{&quot;1&quot;:0},&quot;4&quot;:{&quot;1&quot;:2,&quot;2&quot;:15921906},&quot;6&quot;:{&quot;1&quot;:[{&quot;1&quot;:2,&quot;2&quot;:0,&quot;5&quot;:{&quot;1&quot;:2,&quot;2&quot;:0}},{&quot;1&quot;:0,&quot;2&quot;:0,&quot;3&quot;:3},{&quot;1&quot;:1,&quot;2&quot;:0,&quot;4&quot;:1}]},&quot;7&quot;:{&quot;1&quot;:[{&quot;1&quot;:2,&quot;2&quot;:0,&quot;5&quot;:{&quot;1&quot;:2,&quot;2&quot;:0}},{&quot;1&quot;:0,&quot;2&quot;:0,&quot;3&quot;:3},{&quot;1&quot;:1,&quot;2&quot;:0,&quot;4&quot;:1}]},&quot;8&quot;:{&quot;1&quot;:[{&quot;1&quot;:2,&quot;2&quot;:0,&quot;5&quot;:{&quot;1&quot;:2,&quot;2&quot;:0}},{&quot;1&quot;:0,&quot;2&quot;:0,&quot;3&quot;:3},{&quot;1&quot;:1,&quot;2&quot;:0,&quot;4&quot;:1}]},&quot;9&quot;:2,&quot;12&quot;:0,&quot;14&quot;:{&quot;1&quot;:2,&quot;2&quot;:0},&quot;15&quot;:&quot;\\&quot;Calibri Light\\&quot;, sans-serif&quot;}\">Cat\u00ed<\/span><\/h1>\n<p>[\/et_pb_text][et_pb_image src=\u00bbhttps:\/\/www.facsa.com\/municipios\/wp-content\/uploads\/2023\/07\/Icono-PDF-pdf.png\u00bb title_text=\u00bbIcono PDF-pdf\u00bb align=\u00bbcenter\u00bb _builder_version=\u00bb4.16&#8243; _module_preset=\u00bbdefault\u00bb width=\u00bb9%\u00bb max_width=\u00bb2%\u00bb custom_margin=\u00bb||25px||false|false\u00bb global_colors_info=\u00bb{}\u00bb][\/et_pb_image][et_pb_text _builder_version=\u00bb4.16&#8243; _module_preset=\u00bbdefault\u00bb custom_padding=\u00bb0px|||||\u00bb locked=\u00bboff\u00bb global_colors_info=\u00bb{}\u00bb]<\/p>\n<p style=\"text-align: center;\"><span style=\"color: #00ccff;\"><strong><a href=\"https:\/\/www.facsa.com\/municipios\/wp-content\/uploads\/2024\/06\/Red-Cati-N\u00facleo-Urbano.pdf\" target=\"_blank\" rel=\"noopener\" style=\"color: #00ccff;\" onmouseover=\"this.style.color='#00ccff';\" onmouseout=\"this.style.color='#00ccff';\">Anal\u00edtica<\/a> <\/strong><\/span><strong>\u00a0<span style=\"color: #999999;\"><span data-sheets-root=\"1\" data-sheets-value=\"{&quot;1&quot;:2,&quot;2&quot;:&quot;Red Bej\u00eds&quot;}\" data-sheets-userformat=\"{&quot;2&quot;:4266,&quot;4&quot;:{&quot;1&quot;:2,&quot;2&quot;:15921906},&quot;6&quot;:{&quot;1&quot;:[{&quot;1&quot;:2,&quot;2&quot;:0,&quot;5&quot;:{&quot;1&quot;:2,&quot;2&quot;:0}},{&quot;1&quot;:0,&quot;2&quot;:0,&quot;3&quot;:3},{&quot;1&quot;:1,&quot;2&quot;:0,&quot;4&quot;:1}]},&quot;8&quot;:{&quot;1&quot;:[{&quot;1&quot;:2,&quot;2&quot;:0,&quot;5&quot;:{&quot;1&quot;:2,&quot;2&quot;:0}},{&quot;1&quot;:0,&quot;2&quot;:0,&quot;3&quot;:3},{&quot;1&quot;:1,&quot;2&quot;:0,&quot;4&quot;:1}]},&quot;10&quot;:2,&quot;15&quot;:&quot;\\&quot;Calibri Light\\&quot;&quot;}\">Red Cati &#8211; N\u00facleo Urbano<\/span>\u00a0<span style=\"color: #00ccff;\"><a href=\"https:\/\/www.facsa.com\/municipios\/wp-content\/uploads\/2024\/06\/VA-Info_Red-Cat\u00ed-N\u00facleo-urbano.pdf\" target=\"_blank\" rel=\"noopener\" style=\"color: #00ccff;\" onmouseover=\"this.style.color='#00ccff';\" onmouseout=\"this.style.color='#00ccff';\">Informaci\u00f3n red<\/a><\/span><\/span><\/strong><span style=\"color: #333300;\"><strong><a href=\"https:\/\/www.facsa.com\/municipios\/wp-content\/uploads\/2023\/07\/Red-Alameda-de-la-Sagra-N\u00facleo-Urbano-1.pdf\" target=\"_blank\" rel=\"noopener\" style=\"color: #969696;\" onmouseover=\"this.style.color='#00ccff';\" onmouseout=\"this.style.color='#969696';\"><br \/><\/a><\/strong><\/span><span style=\"color: #333300;\"><\/span><strong><span style=\"color: #999999;\"><span style=\"color: #00ccff;\"><\/span><\/span><\/strong><\/p>\n<p style=\"text-align: center;\"><span style=\"color: #00ccff;\"><strong><a href=\"https:\/\/www.facsa.com\/municipios\/wp-content\/uploads\/2024\/06\/Red-Cati-L\u2019Avell\u00e0.pdf\" target=\"_blank\" rel=\"noopener\" style=\"color: #00ccff;\" onmouseover=\"this.style.color='#00ccff';\" onmouseout=\"this.style.color='#00ccff';\">Anal\u00edtica<\/a> <\/strong><\/span><strong><span style=\"color: #999999;\"><span data-sheets-root=\"1\" data-sheets-value=\"{&quot;1&quot;:2,&quot;2&quot;:&quot;Red Bej\u00eds 2 - Arteas de Abajo&quot;}\" data-sheets-userformat=\"{&quot;2&quot;:4266,&quot;4&quot;:{&quot;1&quot;:2,&quot;2&quot;:15921906},&quot;6&quot;:{&quot;1&quot;:[{&quot;1&quot;:2,&quot;2&quot;:0,&quot;5&quot;:{&quot;1&quot;:2,&quot;2&quot;:0}},{&quot;1&quot;:0,&quot;2&quot;:0,&quot;3&quot;:3},{&quot;1&quot;:1,&quot;2&quot;:0,&quot;4&quot;:1}]},&quot;8&quot;:{&quot;1&quot;:[{&quot;1&quot;:2,&quot;2&quot;:0,&quot;5&quot;:{&quot;1&quot;:2,&quot;2&quot;:0}},{&quot;1&quot;:0,&quot;2&quot;:0,&quot;3&quot;:3},{&quot;1&quot;:1,&quot;2&quot;:0,&quot;4&quot;:1}]},&quot;10&quot;:2,&quot;15&quot;:&quot;\\&quot;Calibri Light\\&quot;&quot;}\">Red Cati &#8211; L\u2019Avell\u00e0<\/span><\/span><span style=\"color: #999999;\">\u00a0<span style=\"color: #00ccff;\"><a href=\"https:\/\/www.facsa.com\/municipios\/wp-content\/uploads\/2024\/06\/VA-Info_Red-Lavell\u00e0-Cat\u00ed.pdf\" target=\"_blank\" rel=\"noopener\" style=\"color: #00ccff;\" onmouseover=\"this.style.color='#00ccff';\" onmouseout=\"this.style.color='#00ccff';\">Informaci\u00f3n red<\/a><\/span><\/span><\/strong><span style=\"color: #333300;\"><strong><a href=\"https:\/\/www.facsa.com\/municipios\/wp-content\/uploads\/2023\/07\/Red-Alameda-de-la-Sagra-N\u00facleo-Urbano-1.pdf\" target=\"_blank\" rel=\"noopener\" style=\"color: #969696;\" onmouseover=\"this.style.color='#00ccff';\" onmouseout=\"this.style.color='#969696';\"><\/a><\/strong><\/span><strong><span style=\"color: #999999;\"><span style=\"color: #00ccff;\"><\/span><\/span><\/strong><\/p>\n<p>[\/et_pb_text][\/et_pb_column][\/et_pb_row][\/et_pb_section][et_pb_section fb_built=\u00bb1&#8243; module_id=\u00bbcerveradelmaestre\u00bb _builder_version=\u00bb4.16&#8243; _module_preset=\u00bbdefault\u00bb global_colors_info=\u00bb{}\u00bb][et_pb_row _builder_version=\u00bb4.16&#8243; _module_preset=\u00bbdefault\u00bb global_colors_info=\u00bb{}\u00bb][et_pb_column type=\u00bb4_4&#8243; _builder_version=\u00bb4.16&#8243; _module_preset=\u00bbdefault\u00bb global_colors_info=\u00bb{}\u00bb][et_pb_text module_id=\u00bbaresdelmaestrat\u00bb _builder_version=\u00bb4.16&#8243; _module_preset=\u00bbdefault\u00bb text_font_size=\u00bb15px\u00bb header_font_size=\u00bb34px\u00bb custom_margin=\u00bb||21px||false|false\u00bb global_colors_info=\u00bb{}\u00bb]<\/p>\n<h1 style=\"text-align: center;\"><span data-sheets-value=\"{&quot;1&quot;:2,&quot;2&quot;:&quot;Cervera del Maestre&quot;}\" data-sheets-userformat=\"{&quot;2&quot;:6779,&quot;3&quot;:{&quot;1&quot;:0},&quot;4&quot;:{&quot;1&quot;:2,&quot;2&quot;:15921906},&quot;6&quot;:{&quot;1&quot;:[{&quot;1&quot;:2,&quot;2&quot;:0,&quot;5&quot;:{&quot;1&quot;:2,&quot;2&quot;:0}},{&quot;1&quot;:0,&quot;2&quot;:0,&quot;3&quot;:3},{&quot;1&quot;:1,&quot;2&quot;:0,&quot;4&quot;:1}]},&quot;7&quot;:{&quot;1&quot;:[{&quot;1&quot;:2,&quot;2&quot;:0,&quot;5&quot;:{&quot;1&quot;:2,&quot;2&quot;:0}},{&quot;1&quot;:0,&quot;2&quot;:0,&quot;3&quot;:3},{&quot;1&quot;:1,&quot;2&quot;:0,&quot;4&quot;:1}]},&quot;8&quot;:{&quot;1&quot;:[{&quot;1&quot;:2,&quot;2&quot;:0,&quot;5&quot;:{&quot;1&quot;:2,&quot;2&quot;:0}},{&quot;1&quot;:0,&quot;2&quot;:0,&quot;3&quot;:3},{&quot;1&quot;:1,&quot;2&quot;:0,&quot;4&quot;:1}]},&quot;9&quot;:2,&quot;12&quot;:0,&quot;14&quot;:{&quot;1&quot;:2,&quot;2&quot;:0},&quot;15&quot;:&quot;\\&quot;Calibri Light\\&quot;, sans-serif&quot;}\">Cervera del Maestre<\/span><\/h1>\n<p>[\/et_pb_text][et_pb_image src=\u00bbhttps:\/\/www.facsa.com\/municipios\/wp-content\/uploads\/2023\/07\/Icono-PDF-pdf.png\u00bb title_text=\u00bbIcono PDF-pdf\u00bb align=\u00bbcenter\u00bb _builder_version=\u00bb4.16&#8243; _module_preset=\u00bbdefault\u00bb width=\u00bb9%\u00bb max_width=\u00bb2%\u00bb custom_margin=\u00bb||25px||false|false\u00bb global_colors_info=\u00bb{}\u00bb][\/et_pb_image][et_pb_text _builder_version=\u00bb4.16&#8243; _module_preset=\u00bbdefault\u00bb locked=\u00bboff\u00bb global_colors_info=\u00bb{}\u00bb]<\/p>\n<p style=\"text-align: center;\"><span style=\"color: #333300;\"><strong><span style=\"color: #00ccff;\"><a href=\"https:\/\/www.facsa.com\/municipios\/wp-content\/uploads\/2024\/06\/Red-de-distribuci\u00f3n-Cervera-del-Maestre.pdf\" target=\"_blank\" rel=\"noopener\" style=\"color: #00ccff;\" onmouseover=\"this.style.color='#00ccff';\" onmouseout=\"this.style.color='#00ccff';\">Anal\u00edtica<\/a> <\/span><span style=\"color: #999999;\"><span data-sheets-root=\"1\" data-sheets-value=\"{&quot;1&quot;:2,&quot;2&quot;:&quot;Red Bej\u00eds 5 - Masia las Ventas&quot;}\" data-sheets-userformat=\"{&quot;2&quot;:4266,&quot;4&quot;:{&quot;1&quot;:2,&quot;2&quot;:15921906},&quot;6&quot;:{&quot;1&quot;:[{&quot;1&quot;:2,&quot;2&quot;:0,&quot;5&quot;:{&quot;1&quot;:2,&quot;2&quot;:0}},{&quot;1&quot;:0,&quot;2&quot;:0,&quot;3&quot;:3},{&quot;1&quot;:1,&quot;2&quot;:0,&quot;4&quot;:1}]},&quot;8&quot;:{&quot;1&quot;:[{&quot;1&quot;:2,&quot;2&quot;:0,&quot;5&quot;:{&quot;1&quot;:2,&quot;2&quot;:0}},{&quot;1&quot;:0,&quot;2&quot;:0,&quot;3&quot;:3},{&quot;1&quot;:1,&quot;2&quot;:0,&quot;4&quot;:1}]},&quot;10&quot;:2,&quot;15&quot;:&quot;\\&quot;Calibri Light\\&quot;&quot;}\">Red de distribuci\u00f3n Cervera del Maestre <\/span><\/span><span style=\"color: #999999;\"><span style=\"color: #00ccff;\"><a href=\"https:\/\/www.facsa.com\/municipios\/wp-content\/uploads\/2024\/06\/VA-Info_Red-de-ditribuci\u00f3n-Cervera-del-Maestre.pdf\" target=\"_blank\" rel=\"noopener\" style=\"color: #00ccff;\" onmouseover=\"this.style.color='#00ccff';\" onmouseout=\"this.style.color='#00ccff';\">Informaci\u00f3n red<\/a><\/span><\/span><\/strong><\/span><\/p>\n<p>[\/et_pb_text][\/et_pb_column][\/et_pb_row][\/et_pb_section][et_pb_section fb_built=\u00bb1&#8243; module_id=\u00bbcirat\u00bb _builder_version=\u00bb4.16&#8243; _module_preset=\u00bbdefault\u00bb global_colors_info=\u00bb{}\u00bb][et_pb_row _builder_version=\u00bb4.16&#8243; _module_preset=\u00bbdefault\u00bb global_colors_info=\u00bb{}\u00bb][et_pb_column type=\u00bb4_4&#8243; _builder_version=\u00bb4.16&#8243; _module_preset=\u00bbdefault\u00bb global_colors_info=\u00bb{}\u00bb][et_pb_text module_id=\u00bbaresdelmaestrat\u00bb _builder_version=\u00bb4.16&#8243; _module_preset=\u00bbdefault\u00bb text_font_size=\u00bb15px\u00bb header_font_size=\u00bb34px\u00bb custom_margin=\u00bb||21px||false|false\u00bb global_colors_info=\u00bb{}\u00bb]<\/p>\n<h1 style=\"text-align: center;\"><span data-sheets-value=\"{&quot;1&quot;:2,&quot;2&quot;:&quot;Cirat&quot;}\" data-sheets-userformat=\"{&quot;2&quot;:6779,&quot;3&quot;:{&quot;1&quot;:0},&quot;4&quot;:{&quot;1&quot;:2,&quot;2&quot;:15921906},&quot;6&quot;:{&quot;1&quot;:[{&quot;1&quot;:2,&quot;2&quot;:0,&quot;5&quot;:{&quot;1&quot;:2,&quot;2&quot;:0}},{&quot;1&quot;:0,&quot;2&quot;:0,&quot;3&quot;:3},{&quot;1&quot;:1,&quot;2&quot;:0,&quot;4&quot;:1}]},&quot;7&quot;:{&quot;1&quot;:[{&quot;1&quot;:2,&quot;2&quot;:0,&quot;5&quot;:{&quot;1&quot;:2,&quot;2&quot;:0}},{&quot;1&quot;:0,&quot;2&quot;:0,&quot;3&quot;:3},{&quot;1&quot;:1,&quot;2&quot;:0,&quot;4&quot;:1}]},&quot;8&quot;:{&quot;1&quot;:[{&quot;1&quot;:2,&quot;2&quot;:0,&quot;5&quot;:{&quot;1&quot;:2,&quot;2&quot;:0}},{&quot;1&quot;:0,&quot;2&quot;:0,&quot;3&quot;:3},{&quot;1&quot;:1,&quot;2&quot;:0,&quot;4&quot;:1}]},&quot;9&quot;:2,&quot;12&quot;:0,&quot;14&quot;:{&quot;1&quot;:2,&quot;2&quot;:0},&quot;15&quot;:&quot;\\&quot;Calibri Light\\&quot;, sans-serif&quot;}\">Cirat<\/span><\/h1>\n<p>[\/et_pb_text][et_pb_image src=\u00bbhttps:\/\/www.facsa.com\/municipios\/wp-content\/uploads\/2023\/07\/Icono-PDF-pdf.png\u00bb title_text=\u00bbIcono PDF-pdf\u00bb align=\u00bbcenter\u00bb _builder_version=\u00bb4.16&#8243; _module_preset=\u00bbdefault\u00bb width=\u00bb9%\u00bb max_width=\u00bb2%\u00bb custom_margin=\u00bb||25px||false|false\u00bb global_colors_info=\u00bb{}\u00bb][\/et_pb_image][et_pb_text _builder_version=\u00bb4.16&#8243; _module_preset=\u00bbdefault\u00bb custom_padding=\u00bb0px|||||\u00bb locked=\u00bboff\u00bb global_colors_info=\u00bb{}\u00bb]<\/p>\n<p style=\"text-align: center;\"><span style=\"color: #00ccff;\"><strong><a href=\"https:\/\/www.facsa.com\/municipios\/wp-content\/uploads\/2024\/06\/Red-Cirat.pdf\" target=\"_blank\" rel=\"noopener\" style=\"color: #00ccff;\" onmouseover=\"this.style.color='#00ccff';\" onmouseout=\"this.style.color='#00ccff';\">Anal\u00edtica<\/a> <\/strong><\/span><strong>\u00a0<span style=\"color: #999999;\"><span data-sheets-root=\"1\" data-sheets-value=\"{&quot;1&quot;:2,&quot;2&quot;:&quot;Red Bej\u00eds&quot;}\" data-sheets-userformat=\"{&quot;2&quot;:4266,&quot;4&quot;:{&quot;1&quot;:2,&quot;2&quot;:15921906},&quot;6&quot;:{&quot;1&quot;:[{&quot;1&quot;:2,&quot;2&quot;:0,&quot;5&quot;:{&quot;1&quot;:2,&quot;2&quot;:0}},{&quot;1&quot;:0,&quot;2&quot;:0,&quot;3&quot;:3},{&quot;1&quot;:1,&quot;2&quot;:0,&quot;4&quot;:1}]},&quot;8&quot;:{&quot;1&quot;:[{&quot;1&quot;:2,&quot;2&quot;:0,&quot;5&quot;:{&quot;1&quot;:2,&quot;2&quot;:0}},{&quot;1&quot;:0,&quot;2&quot;:0,&quot;3&quot;:3},{&quot;1&quot;:1,&quot;2&quot;:0,&quot;4&quot;:1}]},&quot;10&quot;:2,&quot;15&quot;:&quot;\\&quot;Calibri Light\\&quot;&quot;}\">Red Cirat<\/span>\u00a0<span style=\"color: #00ccff;\"><a href=\"https:\/\/www.facsa.com\/municipios\/wp-content\/uploads\/2024\/06\/VA-Info-Red-Cirat.pdf\" target=\"_blank\" rel=\"noopener\" style=\"color: #00ccff;\" onmouseover=\"this.style.color='#00ccff';\" onmouseout=\"this.style.color='#00ccff';\">Informaci\u00f3n red<\/a><\/span><\/span><\/strong><span style=\"color: #333300;\"><strong><a href=\"https:\/\/www.facsa.com\/municipios\/wp-content\/uploads\/2023\/07\/Red-Alameda-de-la-Sagra-N\u00facleo-Urbano-1.pdf\" target=\"_blank\" rel=\"noopener\" style=\"color: #969696;\" onmouseover=\"this.style.color='#00ccff';\" onmouseout=\"this.style.color='#969696';\"><br \/><\/a><\/strong><\/span><span style=\"color: #333300;\"><\/span><strong><span style=\"color: #999999;\"><span style=\"color: #00ccff;\"><\/span><\/span><\/strong><\/p>\n<p style=\"text-align: center;\"><span style=\"color: #00ccff;\"><strong><a href=\"https:\/\/www.facsa.com\/municipios\/wp-content\/uploads\/2024\/06\/Red-Cirat-2-El-Tormo.pdf\" target=\"_blank\" rel=\"noopener\" style=\"color: #00ccff;\" onmouseover=\"this.style.color='#00ccff';\" onmouseout=\"this.style.color='#00ccff';\">Anal\u00edtica<\/a> <\/strong><\/span><strong><span style=\"color: #999999;\"><span data-sheets-root=\"1\" data-sheets-value=\"{&quot;1&quot;:2,&quot;2&quot;:&quot;Red Bej\u00eds 2 - Arteas de Abajo&quot;}\" data-sheets-userformat=\"{&quot;2&quot;:4266,&quot;4&quot;:{&quot;1&quot;:2,&quot;2&quot;:15921906},&quot;6&quot;:{&quot;1&quot;:[{&quot;1&quot;:2,&quot;2&quot;:0,&quot;5&quot;:{&quot;1&quot;:2,&quot;2&quot;:0}},{&quot;1&quot;:0,&quot;2&quot;:0,&quot;3&quot;:3},{&quot;1&quot;:1,&quot;2&quot;:0,&quot;4&quot;:1}]},&quot;8&quot;:{&quot;1&quot;:[{&quot;1&quot;:2,&quot;2&quot;:0,&quot;5&quot;:{&quot;1&quot;:2,&quot;2&quot;:0}},{&quot;1&quot;:0,&quot;2&quot;:0,&quot;3&quot;:3},{&quot;1&quot;:1,&quot;2&quot;:0,&quot;4&quot;:1}]},&quot;10&quot;:2,&quot;15&quot;:&quot;\\&quot;Calibri Light\\&quot;&quot;}\">Red Cirat 2 &#8211; El Tormo<\/span><\/span><span style=\"color: #999999;\">\u00a0<span style=\"color: #00ccff;\"><a href=\"https:\/\/www.facsa.com\/municipios\/wp-content\/uploads\/2024\/06\/VA-Info-Red-Cirat-2-El-Tormo.pdf\" target=\"_blank\" rel=\"noopener\" style=\"color: #00ccff;\" onmouseover=\"this.style.color='#00ccff';\" onmouseout=\"this.style.color='#00ccff';\">Informaci\u00f3n red<\/a><\/span><\/span><\/strong><span style=\"color: #333300;\"><strong><a href=\"https:\/\/www.facsa.com\/municipios\/wp-content\/uploads\/2023\/07\/Red-Alameda-de-la-Sagra-N\u00facleo-Urbano-1.pdf\" target=\"_blank\" rel=\"noopener\" style=\"color: #969696;\" onmouseover=\"this.style.color='#00ccff';\" onmouseout=\"this.style.color='#969696';\"><\/a><\/strong><\/span><strong><span style=\"color: #999999;\"><span style=\"color: #00ccff;\"><\/span><\/span><\/strong><\/p>\n<p>[\/et_pb_text][\/et_pb_column][\/et_pb_row][\/et_pb_section][et_pb_section fb_built=\u00bb1&#8243; module_id=\u00bbcovesdevinroma\u00bb _builder_version=\u00bb4.16&#8243; _module_preset=\u00bbdefault\u00bb global_colors_info=\u00bb{}\u00bb][et_pb_row _builder_version=\u00bb4.16&#8243; _module_preset=\u00bbdefault\u00bb global_colors_info=\u00bb{}\u00bb][et_pb_column type=\u00bb4_4&#8243; _builder_version=\u00bb4.16&#8243; _module_preset=\u00bbdefault\u00bb global_colors_info=\u00bb{}\u00bb][et_pb_text module_id=\u00bbaresdelmaestrat\u00bb _builder_version=\u00bb4.16&#8243; _module_preset=\u00bbdefault\u00bb text_font_size=\u00bb15px\u00bb header_font_size=\u00bb34px\u00bb custom_margin=\u00bb||21px||false|false\u00bb global_colors_info=\u00bb{}\u00bb]<\/p>\n<h1 style=\"text-align: center;\"><span data-sheets-value=\"{&quot;1&quot;:2,&quot;2&quot;:&quot;Coves de Vinrom\u00e0 (Les)&quot;}\" data-sheets-userformat=\"{&quot;2&quot;:6779,&quot;3&quot;:{&quot;1&quot;:0},&quot;4&quot;:{&quot;1&quot;:2,&quot;2&quot;:15921906},&quot;6&quot;:{&quot;1&quot;:[{&quot;1&quot;:2,&quot;2&quot;:0,&quot;5&quot;:{&quot;1&quot;:2,&quot;2&quot;:0}},{&quot;1&quot;:0,&quot;2&quot;:0,&quot;3&quot;:3},{&quot;1&quot;:1,&quot;2&quot;:0,&quot;4&quot;:1}]},&quot;7&quot;:{&quot;1&quot;:[{&quot;1&quot;:2,&quot;2&quot;:0,&quot;5&quot;:{&quot;1&quot;:2,&quot;2&quot;:0}},{&quot;1&quot;:0,&quot;2&quot;:0,&quot;3&quot;:3},{&quot;1&quot;:1,&quot;2&quot;:0,&quot;4&quot;:1}]},&quot;8&quot;:{&quot;1&quot;:[{&quot;1&quot;:2,&quot;2&quot;:0,&quot;5&quot;:{&quot;1&quot;:2,&quot;2&quot;:0}},{&quot;1&quot;:0,&quot;2&quot;:0,&quot;3&quot;:3},{&quot;1&quot;:1,&quot;2&quot;:0,&quot;4&quot;:1}]},&quot;9&quot;:2,&quot;12&quot;:0,&quot;14&quot;:{&quot;1&quot;:2,&quot;2&quot;:0},&quot;15&quot;:&quot;\\&quot;Calibri Light\\&quot;, sans-serif&quot;}\">Coves de Vinrom\u00e0<\/span><\/h1>\n<p>[\/et_pb_text][et_pb_image src=\u00bbhttps:\/\/www.facsa.com\/municipios\/wp-content\/uploads\/2023\/07\/Icono-PDF-pdf.png\u00bb title_text=\u00bbIcono PDF-pdf\u00bb align=\u00bbcenter\u00bb _builder_version=\u00bb4.16&#8243; _module_preset=\u00bbdefault\u00bb width=\u00bb9%\u00bb max_width=\u00bb2%\u00bb custom_margin=\u00bb||25px||false|false\u00bb global_colors_info=\u00bb{}\u00bb][\/et_pb_image][et_pb_text _builder_version=\u00bb4.16&#8243; _module_preset=\u00bbdefault\u00bb custom_padding=\u00bb0px|||||\u00bb locked=\u00bboff\u00bb global_colors_info=\u00bb{}\u00bb]<\/p>\n<p style=\"text-align: center;\"><span style=\"color: #00ccff;\"><strong><a href=\"https:\/\/www.facsa.com\/municipios\/wp-content\/uploads\/2024\/06\/Red-Partida-de-Dalt-1-Ropa.pdf\" target=\"_blank\" rel=\"noopener\" style=\"color: #00ccff;\" onmouseover=\"this.style.color='#00ccff';\" onmouseout=\"this.style.color='#00ccff';\">Anal\u00edtica<\/a> <\/strong><\/span><strong>\u00a0<span style=\"color: #999999;\"><span data-sheets-root=\"1\" data-sheets-value=\"{&quot;1&quot;:2,&quot;2&quot;:&quot;Red Bej\u00eds&quot;}\" data-sheets-userformat=\"{&quot;2&quot;:4266,&quot;4&quot;:{&quot;1&quot;:2,&quot;2&quot;:15921906},&quot;6&quot;:{&quot;1&quot;:[{&quot;1&quot;:2,&quot;2&quot;:0,&quot;5&quot;:{&quot;1&quot;:2,&quot;2&quot;:0}},{&quot;1&quot;:0,&quot;2&quot;:0,&quot;3&quot;:3},{&quot;1&quot;:1,&quot;2&quot;:0,&quot;4&quot;:1}]},&quot;8&quot;:{&quot;1&quot;:[{&quot;1&quot;:2,&quot;2&quot;:0,&quot;5&quot;:{&quot;1&quot;:2,&quot;2&quot;:0}},{&quot;1&quot;:0,&quot;2&quot;:0,&quot;3&quot;:3},{&quot;1&quot;:1,&quot;2&quot;:0,&quot;4&quot;:1}]},&quot;10&quot;:2,&quot;15&quot;:&quot;\\&quot;Calibri Light\\&quot;&quot;}\">Red Partida de Dalt 1 &#8211; Ropa<\/span>\u00a0<span style=\"color: #00ccff;\"><a href=\"https:\/\/www.facsa.com\/municipios\/wp-content\/uploads\/2024\/06\/VA-Info_Red-Partida-de-dalt-1-Ropa.pdf\" target=\"_blank\" rel=\"noopener\" style=\"color: #00ccff;\" onmouseover=\"this.style.color='#00ccff';\" onmouseout=\"this.style.color='#00ccff';\">Informaci\u00f3n red<\/a><\/span><\/span><\/strong><span style=\"color: #333300;\"><strong><a href=\"https:\/\/www.facsa.com\/municipios\/wp-content\/uploads\/2023\/07\/Red-Alameda-de-la-Sagra-N\u00facleo-Urbano-1.pdf\" target=\"_blank\" rel=\"noopener\" style=\"color: #969696;\" onmouseover=\"this.style.color='#00ccff';\" onmouseout=\"this.style.color='#969696';\"><br \/><\/a><\/strong><\/span><span style=\"color: #333300;\"><\/span><strong><span style=\"color: #999999;\"><span style=\"color: #00ccff;\"><\/span><\/span><\/strong><\/p>\n<p style=\"text-align: center;\"><span style=\"color: #00ccff;\"><strong><a href=\"https:\/\/www.facsa.com\/municipios\/wp-content\/uploads\/2024\/06\/Red-Partida-de-Dalt-2-Mata.pdf\" target=\"_blank\" rel=\"noopener\" style=\"color: #00ccff;\" onmouseover=\"this.style.color='#00ccff';\" onmouseout=\"this.style.color='#00ccff';\">Anal\u00edtica<\/a> <\/strong><\/span><strong><span style=\"color: #999999;\"><span data-sheets-root=\"1\" data-sheets-value=\"{&quot;1&quot;:2,&quot;2&quot;:&quot;Red Bej\u00eds 2 - Arteas de Abajo&quot;}\" data-sheets-userformat=\"{&quot;2&quot;:4266,&quot;4&quot;:{&quot;1&quot;:2,&quot;2&quot;:15921906},&quot;6&quot;:{&quot;1&quot;:[{&quot;1&quot;:2,&quot;2&quot;:0,&quot;5&quot;:{&quot;1&quot;:2,&quot;2&quot;:0}},{&quot;1&quot;:0,&quot;2&quot;:0,&quot;3&quot;:3},{&quot;1&quot;:1,&quot;2&quot;:0,&quot;4&quot;:1}]},&quot;8&quot;:{&quot;1&quot;:[{&quot;1&quot;:2,&quot;2&quot;:0,&quot;5&quot;:{&quot;1&quot;:2,&quot;2&quot;:0}},{&quot;1&quot;:0,&quot;2&quot;:0,&quot;3&quot;:3},{&quot;1&quot;:1,&quot;2&quot;:0,&quot;4&quot;:1}]},&quot;10&quot;:2,&quot;15&quot;:&quot;\\&quot;Calibri Light\\&quot;&quot;}\">Red Partida de Dalt 2 &#8211; Mata<\/span><\/span><span style=\"color: #999999;\">\u00a0<span style=\"color: #00ccff;\"><a href=\"https:\/\/www.facsa.com\/municipios\/wp-content\/uploads\/2024\/06\/VA-Info_Red-Partida-de-dalt-2-Mat\u00e0.pdf\" target=\"_blank\" rel=\"noopener\" style=\"color: #00ccff;\" onmouseover=\"this.style.color='#00ccff';\" onmouseout=\"this.style.color='#00ccff';\">Informaci\u00f3n red<\/a><\/span><\/span><\/strong><span style=\"color: #333300;\"><strong><a href=\"https:\/\/www.facsa.com\/municipios\/wp-content\/uploads\/2023\/07\/Red-Alameda-de-la-Sagra-N\u00facleo-Urbano-1.pdf\" target=\"_blank\" rel=\"noopener\" style=\"color: #969696;\" onmouseover=\"this.style.color='#00ccff';\" onmouseout=\"this.style.color='#969696';\"><\/a><\/strong><\/span><span style=\"color: #333300;\"><\/span><strong><span style=\"color: #999999;\"><span style=\"color: #00ccff;\"><\/span><\/span><\/strong><\/p>\n<p style=\"text-align: center;\"><strong><span style=\"color: #999999;\"><span style=\"color: #00ccff;\"><\/span><\/span><\/strong><\/p>\n<p style=\"text-align: center;\"><strong><span style=\"color: #999999;\"><span style=\"color: #00ccff;\"><\/span><\/span><\/strong><\/p>\n<p>[\/et_pb_text][\/et_pb_column][\/et_pb_row][\/et_pb_section][et_pb_section fb_built=\u00bb1&#8243; module_id=\u00bbculla\u00bb _builder_version=\u00bb4.16&#8243; _module_preset=\u00bbdefault\u00bb global_colors_info=\u00bb{}\u00bb][et_pb_row _builder_version=\u00bb4.16&#8243; _module_preset=\u00bbdefault\u00bb global_colors_info=\u00bb{}\u00bb][et_pb_column type=\u00bb4_4&#8243; _builder_version=\u00bb4.16&#8243; _module_preset=\u00bbdefault\u00bb global_colors_info=\u00bb{}\u00bb][et_pb_text module_id=\u00bbaresdelmaestrat\u00bb _builder_version=\u00bb4.16&#8243; _module_preset=\u00bbdefault\u00bb text_font_size=\u00bb15px\u00bb header_font_size=\u00bb34px\u00bb custom_margin=\u00bb||21px||false|false\u00bb global_colors_info=\u00bb{}\u00bb]<\/p>\n<h1 style=\"text-align: center;\"><span data-sheets-value=\"{&quot;1&quot;:2,&quot;2&quot;:&quot;Culla&quot;}\" data-sheets-userformat=\"{&quot;2&quot;:6779,&quot;3&quot;:{&quot;1&quot;:0},&quot;4&quot;:{&quot;1&quot;:2,&quot;2&quot;:15921906},&quot;6&quot;:{&quot;1&quot;:[{&quot;1&quot;:2,&quot;2&quot;:0,&quot;5&quot;:{&quot;1&quot;:2,&quot;2&quot;:0}},{&quot;1&quot;:0,&quot;2&quot;:0,&quot;3&quot;:3},{&quot;1&quot;:1,&quot;2&quot;:0,&quot;4&quot;:1}]},&quot;7&quot;:{&quot;1&quot;:[{&quot;1&quot;:2,&quot;2&quot;:0,&quot;5&quot;:{&quot;1&quot;:2,&quot;2&quot;:0}},{&quot;1&quot;:0,&quot;2&quot;:0,&quot;3&quot;:3},{&quot;1&quot;:1,&quot;2&quot;:0,&quot;4&quot;:1}]},&quot;8&quot;:{&quot;1&quot;:[{&quot;1&quot;:2,&quot;2&quot;:0,&quot;5&quot;:{&quot;1&quot;:2,&quot;2&quot;:0}},{&quot;1&quot;:0,&quot;2&quot;:0,&quot;3&quot;:3},{&quot;1&quot;:1,&quot;2&quot;:0,&quot;4&quot;:1}]},&quot;9&quot;:2,&quot;12&quot;:0,&quot;14&quot;:{&quot;1&quot;:2,&quot;2&quot;:0},&quot;15&quot;:&quot;\\&quot;Calibri Light\\&quot;, sans-serif&quot;}\">Culla<\/span><\/h1>\n<p>[\/et_pb_text][et_pb_image src=\u00bbhttps:\/\/www.facsa.com\/municipios\/wp-content\/uploads\/2023\/07\/Icono-PDF-pdf.png\u00bb title_text=\u00bbIcono PDF-pdf\u00bb align=\u00bbcenter\u00bb _builder_version=\u00bb4.16&#8243; _module_preset=\u00bbdefault\u00bb width=\u00bb9%\u00bb max_width=\u00bb2%\u00bb custom_margin=\u00bb||25px||false|false\u00bb global_colors_info=\u00bb{}\u00bb][\/et_pb_image][et_pb_text _builder_version=\u00bb4.16&#8243; _module_preset=\u00bbdefault\u00bb custom_padding=\u00bb0px|||||\u00bb locked=\u00bboff\u00bb global_colors_info=\u00bb{}\u00bb]<\/p>\n<p style=\"text-align: center;\"><span style=\"color: #00ccff;\"><strong><a href=\"https:\/\/www.facsa.com\/municipios\/wp-content\/uploads\/2024\/06\/Red-Culla-Pueblo.pdf\" target=\"_blank\" rel=\"noopener\" style=\"color: #00ccff;\" onmouseover=\"this.style.color='#00ccff';\" onmouseout=\"this.style.color='#00ccff';\">Anal\u00edtica<\/a> <\/strong><\/span><strong>\u00a0<span style=\"color: #999999;\"><span data-sheets-root=\"1\" data-sheets-value=\"{&quot;1&quot;:2,&quot;2&quot;:&quot;Red Bej\u00eds&quot;}\" data-sheets-userformat=\"{&quot;2&quot;:4266,&quot;4&quot;:{&quot;1&quot;:2,&quot;2&quot;:15921906},&quot;6&quot;:{&quot;1&quot;:[{&quot;1&quot;:2,&quot;2&quot;:0,&quot;5&quot;:{&quot;1&quot;:2,&quot;2&quot;:0}},{&quot;1&quot;:0,&quot;2&quot;:0,&quot;3&quot;:3},{&quot;1&quot;:1,&quot;2&quot;:0,&quot;4&quot;:1}]},&quot;8&quot;:{&quot;1&quot;:[{&quot;1&quot;:2,&quot;2&quot;:0,&quot;5&quot;:{&quot;1&quot;:2,&quot;2&quot;:0}},{&quot;1&quot;:0,&quot;2&quot;:0,&quot;3&quot;:3},{&quot;1&quot;:1,&quot;2&quot;:0,&quot;4&quot;:1}]},&quot;10&quot;:2,&quot;15&quot;:&quot;\\&quot;Calibri Light\\&quot;&quot;}\">Red Culla &#8211; Pueblo<\/span>\u00a0<span style=\"color: #00ccff;\"><a href=\"https:\/\/www.facsa.com\/municipios\/wp-content\/uploads\/2024\/06\/VA-Info_Red-Culla-Pueblo.pdf\" target=\"_blank\" rel=\"noopener\" style=\"color: #00ccff;\" onmouseover=\"this.style.color='#00ccff';\" onmouseout=\"this.style.color='#00ccff';\">Informaci\u00f3n red<\/a><\/span><\/span><\/strong><span style=\"color: #333300;\"><strong><a href=\"https:\/\/www.facsa.com\/municipios\/wp-content\/uploads\/2023\/07\/Red-Alameda-de-la-Sagra-N\u00facleo-Urbano-1.pdf\" target=\"_blank\" rel=\"noopener\" style=\"color: #969696;\" onmouseover=\"this.style.color='#00ccff';\" onmouseout=\"this.style.color='#969696';\"><br \/><\/a><\/strong><\/span><span style=\"color: #333300;\"><\/span><strong><span style=\"color: #999999;\"><span style=\"color: #00ccff;\"><\/span><\/span><\/strong><\/p>\n<p style=\"text-align: center;\"><span style=\"color: #00ccff;\"><strong><a href=\"https:\/\/www.facsa.com\/municipios\/wp-content\/uploads\/2024\/06\/Red-Culla-La-Carrasca.pdf\" target=\"_blank\" rel=\"noopener\" style=\"color: #00ccff;\" onmouseover=\"this.style.color='#00ccff';\" onmouseout=\"this.style.color='#00ccff';\">Anal\u00edtica<\/a> <\/strong><\/span><strong><span style=\"color: #999999;\"><span data-sheets-root=\"1\" data-sheets-value=\"{&quot;1&quot;:2,&quot;2&quot;:&quot;Red Bej\u00eds 2 - Arteas de Abajo&quot;}\" data-sheets-userformat=\"{&quot;2&quot;:4266,&quot;4&quot;:{&quot;1&quot;:2,&quot;2&quot;:15921906},&quot;6&quot;:{&quot;1&quot;:[{&quot;1&quot;:2,&quot;2&quot;:0,&quot;5&quot;:{&quot;1&quot;:2,&quot;2&quot;:0}},{&quot;1&quot;:0,&quot;2&quot;:0,&quot;3&quot;:3},{&quot;1&quot;:1,&quot;2&quot;:0,&quot;4&quot;:1}]},&quot;8&quot;:{&quot;1&quot;:[{&quot;1&quot;:2,&quot;2&quot;:0,&quot;5&quot;:{&quot;1&quot;:2,&quot;2&quot;:0}},{&quot;1&quot;:0,&quot;2&quot;:0,&quot;3&quot;:3},{&quot;1&quot;:1,&quot;2&quot;:0,&quot;4&quot;:1}]},&quot;10&quot;:2,&quot;15&quot;:&quot;\\&quot;Calibri Light\\&quot;&quot;}\">Red Culla &#8211; La Carrasca<\/span><\/span><span style=\"color: #999999;\">\u00a0<span style=\"color: #00ccff;\"><a href=\"https:\/\/www.facsa.com\/municipios\/wp-content\/uploads\/2024\/06\/VA-Info_Red-Culla-La-Carrasca.pdf\" target=\"_blank\" rel=\"noopener\" style=\"color: #00ccff;\" onmouseover=\"this.style.color='#00ccff';\" onmouseout=\"this.style.color='#00ccff';\">Informaci\u00f3n red<\/a><\/span><\/span><\/strong><span style=\"color: #333300;\"><strong><a href=\"https:\/\/www.facsa.com\/municipios\/wp-content\/uploads\/2023\/07\/Red-Alameda-de-la-Sagra-N\u00facleo-Urbano-1.pdf\" target=\"_blank\" rel=\"noopener\" style=\"color: #969696;\" onmouseover=\"this.style.color='#00ccff';\" onmouseout=\"this.style.color='#969696';\"><br \/><\/a><\/strong><\/span><span style=\"color: #333300;\"><\/span><strong><span style=\"color: #999999;\"><span style=\"color: #00ccff;\"><\/span><\/span><\/strong><\/p>\n<p style=\"text-align: center;\"><span style=\"color: #00ccff;\"><strong><a href=\"https:\/\/www.facsa.com\/municipios\/wp-content\/uploads\/2024\/06\/Red-Culla-Mas\u00edas-Masia-Lloren\u00e7a.pdf\" target=\"_blank\" rel=\"noopener\" style=\"color: #00ccff;\" onmouseover=\"this.style.color='#00ccff';\" onmouseout=\"this.style.color='#00ccff';\">Anal\u00edtica<\/a> <\/strong><\/span><strong>\u00a0<span style=\"color: #999999;\"><span data-sheets-root=\"1\" data-sheets-value=\"{&quot;1&quot;:2,&quot;2&quot;:&quot;Red Bej\u00eds 3 - Arteas de Arriba&quot;}\" data-sheets-userformat=\"{&quot;2&quot;:4266,&quot;4&quot;:{&quot;1&quot;:2,&quot;2&quot;:15921906},&quot;6&quot;:{&quot;1&quot;:[{&quot;1&quot;:2,&quot;2&quot;:0,&quot;5&quot;:{&quot;1&quot;:2,&quot;2&quot;:0}},{&quot;1&quot;:0,&quot;2&quot;:0,&quot;3&quot;:3},{&quot;1&quot;:1,&quot;2&quot;:0,&quot;4&quot;:1}]},&quot;8&quot;:{&quot;1&quot;:[{&quot;1&quot;:2,&quot;2&quot;:0,&quot;5&quot;:{&quot;1&quot;:2,&quot;2&quot;:0}},{&quot;1&quot;:0,&quot;2&quot;:0,&quot;3&quot;:3},{&quot;1&quot;:1,&quot;2&quot;:0,&quot;4&quot;:1}]},&quot;10&quot;:2,&quot;15&quot;:&quot;\\&quot;Calibri Light\\&quot;&quot;}\">Red Culla &#8211; Mas\u00edas &#8211; Masia Lloren\u00e7a<\/span>\u00a0\u00a0<span style=\"color: #00ccff;\"><a href=\"https:\/\/www.facsa.com\/municipios\/wp-content\/uploads\/2024\/06\/VA-Info_Red-Culla-Mas\u00edas-Masia-Lloren\u00e7a.pdf\" target=\"_blank\" rel=\"noopener\" style=\"color: #00ccff;\" onmouseover=\"this.style.color='#00ccff';\" onmouseout=\"this.style.color='#00ccff';\">Informaci\u00f3n red<\/a><\/span><\/span><\/strong><span style=\"color: #333300;\"><strong><a href=\"https:\/\/www.facsa.com\/municipios\/wp-content\/uploads\/2023\/07\/Red-Alameda-de-la-Sagra-N\u00facleo-Urbano-1.pdf\" target=\"_blank\" rel=\"noopener\" style=\"color: #969696;\" onmouseover=\"this.style.color='#00ccff';\" onmouseout=\"this.style.color='#969696';\"><br \/><\/a><\/strong><\/span><span style=\"color: #333300;\"><\/span><strong><span style=\"color: #999999;\"><span style=\"color: #00ccff;\"><\/span><\/span><\/strong><\/p>\n<p style=\"text-align: center;\"><span style=\"color: #00ccff;\"><strong><a href=\"https:\/\/www.facsa.com\/municipios\/wp-content\/uploads\/2024\/06\/Red-Culla-Mas-De-Paulo.pdf\" target=\"_blank\" rel=\"noopener\" style=\"color: #00ccff;\" onmouseover=\"this.style.color='#00ccff';\" onmouseout=\"this.style.color='#00ccff';\">Anal\u00edtica<\/a> <\/strong><\/span><strong><span style=\"color: #999999;\"><span data-sheets-root=\"1\" data-sheets-value=\"{&quot;1&quot;:2,&quot;2&quot;:&quot;Red Bej\u00eds 4 - Masia de los Perez&quot;}\" data-sheets-userformat=\"{&quot;2&quot;:4266,&quot;4&quot;:{&quot;1&quot;:2,&quot;2&quot;:15921906},&quot;6&quot;:{&quot;1&quot;:[{&quot;1&quot;:2,&quot;2&quot;:0,&quot;5&quot;:{&quot;1&quot;:2,&quot;2&quot;:0}},{&quot;1&quot;:0,&quot;2&quot;:0,&quot;3&quot;:3},{&quot;1&quot;:1,&quot;2&quot;:0,&quot;4&quot;:1}]},&quot;8&quot;:{&quot;1&quot;:[{&quot;1&quot;:2,&quot;2&quot;:0,&quot;5&quot;:{&quot;1&quot;:2,&quot;2&quot;:0}},{&quot;1&quot;:0,&quot;2&quot;:0,&quot;3&quot;:3},{&quot;1&quot;:1,&quot;2&quot;:0,&quot;4&quot;:1}]},&quot;10&quot;:2,&quot;15&quot;:&quot;\\&quot;Calibri Light\\&quot;&quot;}\">Red Culla &#8211; Mas De Paulo<\/span><\/span><span style=\"color: #999999;\">\u00a0<span style=\"color: #00ccff;\"><a href=\"https:\/\/www.facsa.com\/municipios\/wp-content\/uploads\/2024\/06\/VA-Info_Red-Culla-Mas-De-Paulo.pdf\" target=\"_blank\" rel=\"noopener\" style=\"color: #00ccff;\" onmouseover=\"this.style.color='#00ccff';\" onmouseout=\"this.style.color='#00ccff';\">Informaci\u00f3n red<\/a><\/span><\/span><\/strong><span style=\"color: #333300;\"><strong><a href=\"https:\/\/www.facsa.com\/municipios\/wp-content\/uploads\/2023\/07\/Red-Alameda-de-la-Sagra-N\u00facleo-Urbano-1.pdf\" target=\"_blank\" rel=\"noopener\" style=\"color: #969696;\" onmouseover=\"this.style.color='#00ccff';\" onmouseout=\"this.style.color='#969696';\"><\/a><\/strong><\/span><span style=\"color: #333300;\"><strong><a href=\"https:\/\/www.facsa.com\/municipios\/wp-content\/uploads\/2023\/07\/Red-Alameda-de-la-Sagra-N\u00facleo-Urbano-1.pdf\" target=\"_blank\" rel=\"noopener\" style=\"color: #969696;\" onmouseover=\"this.style.color='#00ccff';\" onmouseout=\"this.style.color='#969696';\"><\/a><\/strong><\/span><span style=\"color: #333300;\"><\/span><strong><span style=\"color: #999999;\"><span style=\"color: #00ccff;\"><\/span><\/span><\/strong><strong><span style=\"color: #999999;\"><\/span><\/strong><span style=\"color: #333300;\"><\/span><\/p>\n<p style=\"text-align: center;\"><strong><span style=\"color: #999999;\"><span style=\"color: #00ccff;\"><\/span><\/span><\/strong><\/p>\n<p style=\"text-align: center;\"><strong><span style=\"color: #999999;\"><span style=\"color: #00ccff;\"><\/span><\/span><\/strong><\/p>\n<p>[\/et_pb_text][\/et_pb_column][\/et_pb_row][\/et_pb_section][et_pb_section fb_built=\u00bb1&#8243; module_id=\u00bbespadilla\u00bb _builder_version=\u00bb4.16&#8243; _module_preset=\u00bbdefault\u00bb global_colors_info=\u00bb{}\u00bb][et_pb_row _builder_version=\u00bb4.16&#8243; _module_preset=\u00bbdefault\u00bb global_colors_info=\u00bb{}\u00bb][et_pb_column type=\u00bb4_4&#8243; _builder_version=\u00bb4.16&#8243; _module_preset=\u00bbdefault\u00bb global_colors_info=\u00bb{}\u00bb][et_pb_text module_id=\u00bbaresdelmaestrat\u00bb _builder_version=\u00bb4.16&#8243; _module_preset=\u00bbdefault\u00bb text_font_size=\u00bb15px\u00bb header_font_size=\u00bb34px\u00bb custom_margin=\u00bb||21px||false|false\u00bb global_colors_info=\u00bb{}\u00bb]<\/p>\n<h1 style=\"text-align: center;\"><span data-sheets-value=\"{&quot;1&quot;:2,&quot;2&quot;:&quot;Espadilla&quot;}\" data-sheets-userformat=\"{&quot;2&quot;:6779,&quot;3&quot;:{&quot;1&quot;:0},&quot;4&quot;:{&quot;1&quot;:2,&quot;2&quot;:15921906},&quot;6&quot;:{&quot;1&quot;:[{&quot;1&quot;:2,&quot;2&quot;:0,&quot;5&quot;:{&quot;1&quot;:2,&quot;2&quot;:0}},{&quot;1&quot;:0,&quot;2&quot;:0,&quot;3&quot;:3},{&quot;1&quot;:1,&quot;2&quot;:0,&quot;4&quot;:1}]},&quot;7&quot;:{&quot;1&quot;:[{&quot;1&quot;:2,&quot;2&quot;:0,&quot;5&quot;:{&quot;1&quot;:2,&quot;2&quot;:0}},{&quot;1&quot;:0,&quot;2&quot;:0,&quot;3&quot;:3},{&quot;1&quot;:1,&quot;2&quot;:0,&quot;4&quot;:1}]},&quot;8&quot;:{&quot;1&quot;:[{&quot;1&quot;:2,&quot;2&quot;:0,&quot;5&quot;:{&quot;1&quot;:2,&quot;2&quot;:0}},{&quot;1&quot;:0,&quot;2&quot;:0,&quot;3&quot;:3},{&quot;1&quot;:1,&quot;2&quot;:0,&quot;4&quot;:1}]},&quot;9&quot;:2,&quot;12&quot;:0,&quot;14&quot;:{&quot;1&quot;:2,&quot;2&quot;:0},&quot;15&quot;:&quot;\\&quot;Calibri Light\\&quot;, sans-serif&quot;}\">Espadilla<\/span><\/h1>\n<p>[\/et_pb_text][et_pb_image src=\u00bbhttps:\/\/www.facsa.com\/municipios\/wp-content\/uploads\/2023\/07\/Icono-PDF-pdf.png\u00bb title_text=\u00bbIcono PDF-pdf\u00bb align=\u00bbcenter\u00bb _builder_version=\u00bb4.16&#8243; _module_preset=\u00bbdefault\u00bb width=\u00bb9%\u00bb max_width=\u00bb2%\u00bb custom_margin=\u00bb||25px||false|false\u00bb global_colors_info=\u00bb{}\u00bb][\/et_pb_image][et_pb_text _builder_version=\u00bb4.16&#8243; _module_preset=\u00bbdefault\u00bb locked=\u00bboff\u00bb global_colors_info=\u00bb{}\u00bb]<\/p>\n<p style=\"text-align: center;\"><span style=\"color: #333300;\"><strong><span style=\"color: #00ccff;\"><a href=\"https:\/\/www.facsa.com\/municipios\/wp-content\/uploads\/2024\/06\/Red-Espadilla.pdf\" target=\"_blank\" rel=\"noopener\" style=\"color: #00ccff;\" onmouseover=\"this.style.color='#00ccff';\" onmouseout=\"this.style.color='#00ccff';\">Anal\u00edtica<\/a> <\/span><span style=\"color: #999999;\"><span data-sheets-root=\"1\" data-sheets-value=\"{&quot;1&quot;:2,&quot;2&quot;:&quot;Red Bej\u00eds 5 - Masia las Ventas&quot;}\" data-sheets-userformat=\"{&quot;2&quot;:4266,&quot;4&quot;:{&quot;1&quot;:2,&quot;2&quot;:15921906},&quot;6&quot;:{&quot;1&quot;:[{&quot;1&quot;:2,&quot;2&quot;:0,&quot;5&quot;:{&quot;1&quot;:2,&quot;2&quot;:0}},{&quot;1&quot;:0,&quot;2&quot;:0,&quot;3&quot;:3},{&quot;1&quot;:1,&quot;2&quot;:0,&quot;4&quot;:1}]},&quot;8&quot;:{&quot;1&quot;:[{&quot;1&quot;:2,&quot;2&quot;:0,&quot;5&quot;:{&quot;1&quot;:2,&quot;2&quot;:0}},{&quot;1&quot;:0,&quot;2&quot;:0,&quot;3&quot;:3},{&quot;1&quot;:1,&quot;2&quot;:0,&quot;4&quot;:1}]},&quot;10&quot;:2,&quot;15&quot;:&quot;\\&quot;Calibri Light\\&quot;&quot;}\">Red Espadilla <\/span><\/span><span style=\"color: #999999;\"><span style=\"color: #00ccff;\"><a href=\"https:\/\/www.facsa.com\/municipios\/wp-content\/uploads\/2024\/06\/VA-Info_red-Espadilla.pdf\" target=\"_blank\" rel=\"noopener\" style=\"color: #00ccff;\" onmouseover=\"this.style.color='#00ccff';\" onmouseout=\"this.style.color='#00ccff';\">Informaci\u00f3n red<\/a><\/span><\/span><\/strong><\/span><\/p>\n<p>[\/et_pb_text][\/et_pb_column][\/et_pb_row][\/et_pb_section][et_pb_section fb_built=\u00bb1&#8243; module_id=\u00bbfanzara\u00bb _builder_version=\u00bb4.16&#8243; _module_preset=\u00bbdefault\u00bb global_colors_info=\u00bb{}\u00bb][et_pb_row _builder_version=\u00bb4.16&#8243; _module_preset=\u00bbdefault\u00bb global_colors_info=\u00bb{}\u00bb][et_pb_column type=\u00bb4_4&#8243; _builder_version=\u00bb4.16&#8243; _module_preset=\u00bbdefault\u00bb global_colors_info=\u00bb{}\u00bb][et_pb_text module_id=\u00bbaresdelmaestrat\u00bb _builder_version=\u00bb4.16&#8243; _module_preset=\u00bbdefault\u00bb text_font_size=\u00bb15px\u00bb header_font_size=\u00bb34px\u00bb custom_margin=\u00bb||21px||false|false\u00bb global_colors_info=\u00bb{}\u00bb]<\/p>\n<h1 style=\"text-align: center;\"><span data-sheets-value=\"{&quot;1&quot;:2,&quot;2&quot;:&quot;Fanzara&quot;}\" data-sheets-userformat=\"{&quot;2&quot;:6779,&quot;3&quot;:{&quot;1&quot;:0},&quot;4&quot;:{&quot;1&quot;:2,&quot;2&quot;:15921906},&quot;6&quot;:{&quot;1&quot;:[{&quot;1&quot;:2,&quot;2&quot;:0,&quot;5&quot;:{&quot;1&quot;:2,&quot;2&quot;:0}},{&quot;1&quot;:0,&quot;2&quot;:0,&quot;3&quot;:3},{&quot;1&quot;:1,&quot;2&quot;:0,&quot;4&quot;:1}]},&quot;7&quot;:{&quot;1&quot;:[{&quot;1&quot;:2,&quot;2&quot;:0,&quot;5&quot;:{&quot;1&quot;:2,&quot;2&quot;:0}},{&quot;1&quot;:0,&quot;2&quot;:0,&quot;3&quot;:3},{&quot;1&quot;:1,&quot;2&quot;:0,&quot;4&quot;:1}]},&quot;8&quot;:{&quot;1&quot;:[{&quot;1&quot;:2,&quot;2&quot;:0,&quot;5&quot;:{&quot;1&quot;:2,&quot;2&quot;:0}},{&quot;1&quot;:0,&quot;2&quot;:0,&quot;3&quot;:3},{&quot;1&quot;:1,&quot;2&quot;:0,&quot;4&quot;:1}]},&quot;9&quot;:2,&quot;12&quot;:0,&quot;14&quot;:{&quot;1&quot;:2,&quot;2&quot;:0},&quot;15&quot;:&quot;\\&quot;Calibri Light\\&quot;, sans-serif&quot;}\">Fanzara<\/span><\/h1>\n<p>[\/et_pb_text][et_pb_image src=\u00bbhttps:\/\/www.facsa.com\/municipios\/wp-content\/uploads\/2023\/07\/Icono-PDF-pdf.png\u00bb title_text=\u00bbIcono PDF-pdf\u00bb align=\u00bbcenter\u00bb _builder_version=\u00bb4.16&#8243; _module_preset=\u00bbdefault\u00bb width=\u00bb9%\u00bb max_width=\u00bb2%\u00bb custom_margin=\u00bb||25px||false|false\u00bb global_colors_info=\u00bb{}\u00bb][\/et_pb_image][et_pb_text _builder_version=\u00bb4.16&#8243; _module_preset=\u00bbdefault\u00bb locked=\u00bboff\u00bb global_colors_info=\u00bb{}\u00bb]<\/p>\n<p style=\"text-align: center;\"><span style=\"color: #333300;\"><strong><span style=\"color: #00ccff;\"><a href=\"https:\/\/www.facsa.com\/municipios\/wp-content\/uploads\/2024\/06\/Red-Fanzara.pdf\" target=\"_blank\" rel=\"noopener\" style=\"color: #00ccff;\" onmouseover=\"this.style.color='#00ccff';\" onmouseout=\"this.style.color='#00ccff';\">Anal\u00edtica<\/a> <\/span><span style=\"color: #999999;\"><span data-sheets-root=\"1\" data-sheets-value=\"{&quot;1&quot;:2,&quot;2&quot;:&quot;Red Bej\u00eds 5 - Masia las Ventas&quot;}\" data-sheets-userformat=\"{&quot;2&quot;:4266,&quot;4&quot;:{&quot;1&quot;:2,&quot;2&quot;:15921906},&quot;6&quot;:{&quot;1&quot;:[{&quot;1&quot;:2,&quot;2&quot;:0,&quot;5&quot;:{&quot;1&quot;:2,&quot;2&quot;:0}},{&quot;1&quot;:0,&quot;2&quot;:0,&quot;3&quot;:3},{&quot;1&quot;:1,&quot;2&quot;:0,&quot;4&quot;:1}]},&quot;8&quot;:{&quot;1&quot;:[{&quot;1&quot;:2,&quot;2&quot;:0,&quot;5&quot;:{&quot;1&quot;:2,&quot;2&quot;:0}},{&quot;1&quot;:0,&quot;2&quot;:0,&quot;3&quot;:3},{&quot;1&quot;:1,&quot;2&quot;:0,&quot;4&quot;:1}]},&quot;10&quot;:2,&quot;15&quot;:&quot;\\&quot;Calibri Light\\&quot;&quot;}\">Red Fanzara <\/span><\/span><span style=\"color: #999999;\"><span style=\"color: #00ccff;\"><a href=\"https:\/\/www.facsa.com\/municipios\/wp-content\/uploads\/2024\/06\/VA-Info_Red-Fanzara.pdf\" target=\"_blank\" rel=\"noopener\" style=\"color: #00ccff;\" onmouseover=\"this.style.color='#00ccff';\" onmouseout=\"this.style.color='#00ccff';\">Informaci\u00f3n red<\/a><\/span><\/span><\/strong><\/span><\/p>\n<p>[\/et_pb_text][\/et_pb_column][\/et_pb_row][\/et_pb_section][et_pb_section fb_built=\u00bb1&#8243; module_id=\u00bblallosa\u00bb _builder_version=\u00bb4.16&#8243; _module_preset=\u00bbdefault\u00bb global_colors_info=\u00bb{}\u00bb][et_pb_row _builder_version=\u00bb4.16&#8243; _module_preset=\u00bbdefault\u00bb global_colors_info=\u00bb{}\u00bb][et_pb_column type=\u00bb4_4&#8243; _builder_version=\u00bb4.16&#8243; _module_preset=\u00bbdefault\u00bb global_colors_info=\u00bb{}\u00bb][et_pb_text module_id=\u00bbaresdelmaestrat\u00bb _builder_version=\u00bb4.16&#8243; _module_preset=\u00bbdefault\u00bb text_font_size=\u00bb15px\u00bb header_font_size=\u00bb34px\u00bb custom_margin=\u00bb||21px||false|false\u00bb global_colors_info=\u00bb{}\u00bb]<\/p>\n<h1 style=\"text-align: center;\"><span data-sheets-value=\"{&quot;1&quot;:2,&quot;2&quot;:&quot;La Llosa&quot;}\" data-sheets-userformat=\"{&quot;2&quot;:6779,&quot;3&quot;:{&quot;1&quot;:0},&quot;4&quot;:{&quot;1&quot;:2,&quot;2&quot;:15921906},&quot;6&quot;:{&quot;1&quot;:[{&quot;1&quot;:2,&quot;2&quot;:0,&quot;5&quot;:{&quot;1&quot;:2,&quot;2&quot;:0}},{&quot;1&quot;:0,&quot;2&quot;:0,&quot;3&quot;:3},{&quot;1&quot;:1,&quot;2&quot;:0,&quot;4&quot;:1}]},&quot;7&quot;:{&quot;1&quot;:[{&quot;1&quot;:2,&quot;2&quot;:0,&quot;5&quot;:{&quot;1&quot;:2,&quot;2&quot;:0}},{&quot;1&quot;:0,&quot;2&quot;:0,&quot;3&quot;:3},{&quot;1&quot;:1,&quot;2&quot;:0,&quot;4&quot;:1}]},&quot;8&quot;:{&quot;1&quot;:[{&quot;1&quot;:2,&quot;2&quot;:0,&quot;5&quot;:{&quot;1&quot;:2,&quot;2&quot;:0}},{&quot;1&quot;:0,&quot;2&quot;:0,&quot;3&quot;:3},{&quot;1&quot;:1,&quot;2&quot;:0,&quot;4&quot;:1}]},&quot;9&quot;:2,&quot;12&quot;:0,&quot;14&quot;:{&quot;1&quot;:2,&quot;2&quot;:0},&quot;15&quot;:&quot;\\&quot;Calibri Light\\&quot;, sans-serif&quot;}\">La Llosa<\/span><\/h1>\n<p>[\/et_pb_text][et_pb_image src=\u00bbhttps:\/\/www.facsa.com\/municipios\/wp-content\/uploads\/2023\/07\/Icono-PDF-pdf.png\u00bb title_text=\u00bbIcono PDF-pdf\u00bb align=\u00bbcenter\u00bb _builder_version=\u00bb4.16&#8243; _module_preset=\u00bbdefault\u00bb width=\u00bb9%\u00bb max_width=\u00bb2%\u00bb custom_margin=\u00bb||25px||false|false\u00bb global_colors_info=\u00bb{}\u00bb][\/et_pb_image][et_pb_text _builder_version=\u00bb4.16&#8243; _module_preset=\u00bbdefault\u00bb locked=\u00bboff\u00bb global_colors_info=\u00bb{}\u00bb]<\/p>\n<p style=\"text-align: center;\"><span style=\"color: #333300;\"><strong><span style=\"color: #00ccff;\"><a href=\"https:\/\/www.facsa.com\/municipios\/wp-content\/uploads\/2024\/06\/Red-Pueblo-La-Llosa.pdf\" target=\"_blank\" rel=\"noopener\" style=\"color: #00ccff;\" onmouseover=\"this.style.color='#00ccff';\" onmouseout=\"this.style.color='#00ccff';\">Anal\u00edtica<\/a> <\/span><span style=\"color: #999999;\"><span data-sheets-root=\"1\" data-sheets-value=\"{&quot;1&quot;:2,&quot;2&quot;:&quot;Red Bej\u00eds 5 - Masia las Ventas&quot;}\" data-sheets-userformat=\"{&quot;2&quot;:4266,&quot;4&quot;:{&quot;1&quot;:2,&quot;2&quot;:15921906},&quot;6&quot;:{&quot;1&quot;:[{&quot;1&quot;:2,&quot;2&quot;:0,&quot;5&quot;:{&quot;1&quot;:2,&quot;2&quot;:0}},{&quot;1&quot;:0,&quot;2&quot;:0,&quot;3&quot;:3},{&quot;1&quot;:1,&quot;2&quot;:0,&quot;4&quot;:1}]},&quot;8&quot;:{&quot;1&quot;:[{&quot;1&quot;:2,&quot;2&quot;:0,&quot;5&quot;:{&quot;1&quot;:2,&quot;2&quot;:0}},{&quot;1&quot;:0,&quot;2&quot;:0,&quot;3&quot;:3},{&quot;1&quot;:1,&quot;2&quot;:0,&quot;4&quot;:1}]},&quot;10&quot;:2,&quot;15&quot;:&quot;\\&quot;Calibri Light\\&quot;&quot;}\">Red Pueblo &#8211; La Llosa <\/span><\/span><span style=\"color: #999999;\"><span style=\"color: #00ccff;\"><a href=\"https:\/\/www.facsa.com\/municipios\/wp-content\/uploads\/2024\/06\/VA-Info_Red_Red-Pueblo-La-Llosa.pdf\" target=\"_blank\" rel=\"noopener\" style=\"color: #00ccff;\" onmouseover=\"this.style.color='#00ccff';\" onmouseout=\"this.style.color='#00ccff';\">Informaci\u00f3n red<\/a><\/span><\/span><\/strong><\/span><\/p>\n<p>[\/et_pb_text][\/et_pb_column][\/et_pb_row][\/et_pb_section][et_pb_section fb_built=\u00bb1&#8243; module_id=\u00bbvallduixo\u00bb _builder_version=\u00bb4.16&#8243; _module_preset=\u00bbdefault\u00bb global_colors_info=\u00bb{}\u00bb][et_pb_row _builder_version=\u00bb4.16&#8243; _module_preset=\u00bbdefault\u00bb global_colors_info=\u00bb{}\u00bb][et_pb_column type=\u00bb4_4&#8243; _builder_version=\u00bb4.16&#8243; _module_preset=\u00bbdefault\u00bb global_colors_info=\u00bb{}\u00bb][et_pb_text module_id=\u00bbaresdelmaestrat\u00bb _builder_version=\u00bb4.25.2&#8243; _module_preset=\u00bbdefault\u00bb text_font_size=\u00bb15px\u00bb header_font_size=\u00bb34px\u00bb custom_margin=\u00bb||21px||false|false\u00bb global_colors_info=\u00bb{}\u00bb]<\/p>\n<h1 style=\"text-align: center;\"><span data-sheets-value=\"{&quot;1&quot;:2,&quot;2&quot;:&quot;Vall d'Uix\u00f3 (La)&quot;}\" data-sheets-userformat=\"{&quot;2&quot;:6779,&quot;3&quot;:{&quot;1&quot;:0},&quot;4&quot;:{&quot;1&quot;:2,&quot;2&quot;:15921906},&quot;6&quot;:{&quot;1&quot;:[{&quot;1&quot;:2,&quot;2&quot;:0,&quot;5&quot;:{&quot;1&quot;:2,&quot;2&quot;:0}},{&quot;1&quot;:0,&quot;2&quot;:0,&quot;3&quot;:3},{&quot;1&quot;:1,&quot;2&quot;:0,&quot;4&quot;:1}]},&quot;7&quot;:{&quot;1&quot;:[{&quot;1&quot;:2,&quot;2&quot;:0,&quot;5&quot;:{&quot;1&quot;:2,&quot;2&quot;:0}},{&quot;1&quot;:0,&quot;2&quot;:0,&quot;3&quot;:3},{&quot;1&quot;:1,&quot;2&quot;:0,&quot;4&quot;:1}]},&quot;8&quot;:{&quot;1&quot;:[{&quot;1&quot;:2,&quot;2&quot;:0,&quot;5&quot;:{&quot;1&quot;:2,&quot;2&quot;:0}},{&quot;1&quot;:0,&quot;2&quot;:0,&quot;3&quot;:3},{&quot;1&quot;:1,&quot;2&quot;:0,&quot;4&quot;:1}]},&quot;9&quot;:2,&quot;12&quot;:0,&quot;14&quot;:{&quot;1&quot;:2,&quot;2&quot;:0},&quot;15&quot;:&quot;\\&quot;Calibri Light\\&quot;, sans-serif&quot;}\">La Vall d&#8217;Uix\u00f3<\/span><\/h1>\n<p>[\/et_pb_text][et_pb_image src=\u00bbhttps:\/\/www.facsa.com\/municipios\/wp-content\/uploads\/2023\/07\/Icono-PDF-pdf.png\u00bb title_text=\u00bbIcono PDF-pdf\u00bb align=\u00bbcenter\u00bb _builder_version=\u00bb4.16&#8243; _module_preset=\u00bbdefault\u00bb width=\u00bb9%\u00bb max_width=\u00bb2%\u00bb custom_margin=\u00bb||25px||false|false\u00bb global_colors_info=\u00bb{}\u00bb][\/et_pb_image][et_pb_text _builder_version=\u00bb4.16&#8243; _module_preset=\u00bbdefault\u00bb custom_padding=\u00bb0px|||||\u00bb locked=\u00bboff\u00bb global_colors_info=\u00bb{}\u00bb]<\/p>\n<p style=\"text-align: center;\"><span style=\"color: #00ccff;\"><strong><a href=\"https:\/\/www.facsa.com\/municipios\/wp-content\/uploads\/2024\/06\/Red-Vall-dUix\u00f3.pdf\" target=\"_blank\" rel=\"noopener\" style=\"color: #00ccff;\" onmouseover=\"this.style.color='#00ccff';\" onmouseout=\"this.style.color='#00ccff';\">Anal\u00edtica<\/a> <\/strong><\/span><strong>\u00a0<span style=\"color: #999999;\"><span data-sheets-root=\"1\" data-sheets-value=\"{&quot;1&quot;:2,&quot;2&quot;:&quot;Red Bej\u00eds&quot;}\" data-sheets-userformat=\"{&quot;2&quot;:4266,&quot;4&quot;:{&quot;1&quot;:2,&quot;2&quot;:15921906},&quot;6&quot;:{&quot;1&quot;:[{&quot;1&quot;:2,&quot;2&quot;:0,&quot;5&quot;:{&quot;1&quot;:2,&quot;2&quot;:0}},{&quot;1&quot;:0,&quot;2&quot;:0,&quot;3&quot;:3},{&quot;1&quot;:1,&quot;2&quot;:0,&quot;4&quot;:1}]},&quot;8&quot;:{&quot;1&quot;:[{&quot;1&quot;:2,&quot;2&quot;:0,&quot;5&quot;:{&quot;1&quot;:2,&quot;2&quot;:0}},{&quot;1&quot;:0,&quot;2&quot;:0,&quot;3&quot;:3},{&quot;1&quot;:1,&quot;2&quot;:0,&quot;4&quot;:1}]},&quot;10&quot;:2,&quot;15&quot;:&quot;\\&quot;Calibri Light\\&quot;&quot;}\">Red Vall d&#8217;Uix\u00f3<\/span>\u00a0<span style=\"color: #00ccff;\"><a href=\"https:\/\/www.facsa.com\/municipios\/wp-content\/uploads\/2024\/06\/VA-Info-Red-Vall-dUix\u00f3.pdf\" target=\"_blank\" rel=\"noopener\" style=\"color: #00ccff;\" onmouseover=\"this.style.color='#00ccff';\" onmouseout=\"this.style.color='#00ccff';\">Informaci\u00f3n red<\/a><\/span><\/span><\/strong><span style=\"color: #333300;\"><strong><a href=\"https:\/\/www.facsa.com\/municipios\/wp-content\/uploads\/2023\/07\/Red-Alameda-de-la-Sagra-N\u00facleo-Urbano-1.pdf\" target=\"_blank\" rel=\"noopener\" style=\"color: #969696;\" onmouseover=\"this.style.color='#00ccff';\" onmouseout=\"this.style.color='#969696';\"><br \/><\/a><\/strong><\/span><span style=\"color: #333300;\"><\/span><strong><span style=\"color: #999999;\"><span style=\"color: #00ccff;\"><\/span><\/span><\/strong><\/p>\n<p style=\"text-align: center;\"><span style=\"color: #00ccff;\"><strong><a href=\"https:\/\/www.facsa.com\/municipios\/wp-content\/uploads\/2024\/06\/Red-Vall-dUix\u00f3-2-Red-Fuentes-P\u00fablicas.pdf\" target=\"_blank\" rel=\"noopener\" style=\"color: #00ccff;\" onmouseover=\"this.style.color='#00ccff';\" onmouseout=\"this.style.color='#00ccff';\">Anal\u00edtica<\/a> <\/strong><\/span><strong><span style=\"color: #999999;\"><span data-sheets-root=\"1\" data-sheets-value=\"{&quot;1&quot;:2,&quot;2&quot;:&quot;Red Bej\u00eds 2 - Arteas de Abajo&quot;}\" data-sheets-userformat=\"{&quot;2&quot;:4266,&quot;4&quot;:{&quot;1&quot;:2,&quot;2&quot;:15921906},&quot;6&quot;:{&quot;1&quot;:[{&quot;1&quot;:2,&quot;2&quot;:0,&quot;5&quot;:{&quot;1&quot;:2,&quot;2&quot;:0}},{&quot;1&quot;:0,&quot;2&quot;:0,&quot;3&quot;:3},{&quot;1&quot;:1,&quot;2&quot;:0,&quot;4&quot;:1}]},&quot;8&quot;:{&quot;1&quot;:[{&quot;1&quot;:2,&quot;2&quot;:0,&quot;5&quot;:{&quot;1&quot;:2,&quot;2&quot;:0}},{&quot;1&quot;:0,&quot;2&quot;:0,&quot;3&quot;:3},{&quot;1&quot;:1,&quot;2&quot;:0,&quot;4&quot;:1}]},&quot;10&quot;:2,&quot;15&quot;:&quot;\\&quot;Calibri Light\\&quot;&quot;}\">Red Vall d&#8217;Uix\u00f3 2 &#8211; Red Fuentes P\u00fablicas<\/span><\/span><span style=\"color: #999999;\">\u00a0<span style=\"color: #00ccff;\"><a href=\"https:\/\/www.facsa.com\/municipios\/wp-content\/uploads\/2024\/06\/VA-Info-Red-Vall-dUix\u00f3-2-Red-Fuentes-P\u00fablicas.pdf\" target=\"_blank\" rel=\"noopener\" style=\"color: #00ccff;\" onmouseover=\"this.style.color='#00ccff';\" onmouseout=\"this.style.color='#00ccff';\">Informaci\u00f3n red<\/a><\/span><\/span><\/strong><span style=\"color: #333300;\"><strong><a href=\"https:\/\/www.facsa.com\/municipios\/wp-content\/uploads\/2023\/07\/Red-Alameda-de-la-Sagra-N\u00facleo-Urbano-1.pdf\" target=\"_blank\" rel=\"noopener\" style=\"color: #969696;\" onmouseover=\"this.style.color='#00ccff';\" onmouseout=\"this.style.color='#969696';\"><\/a><\/strong><\/span><span style=\"color: #333300;\"><\/span><strong><span style=\"color: #999999;\"><span style=\"color: #00ccff;\"><\/span><\/span><\/strong><\/p>\n<p style=\"text-align: center;\"><strong><span style=\"color: #999999;\"><span style=\"color: #00ccff;\"><\/span><\/span><\/strong><\/p>\n<p style=\"text-align: center;\"><strong><span style=\"color: #999999;\"><span style=\"color: #00ccff;\"><\/span><\/span><\/strong><\/p>\n<p>[\/et_pb_text][\/et_pb_column][\/et_pb_row][\/et_pb_section][et_pb_section fb_built=\u00bb1&#8243; module_id=\u00bbmarratxi\u00bb _builder_version=\u00bb4.16&#8243; _module_preset=\u00bbdefault\u00bb global_colors_info=\u00bb{}\u00bb][et_pb_row _builder_version=\u00bb4.16&#8243; _module_preset=\u00bbdefault\u00bb global_colors_info=\u00bb{}\u00bb][et_pb_column type=\u00bb4_4&#8243; _builder_version=\u00bb4.16&#8243; _module_preset=\u00bbdefault\u00bb global_colors_info=\u00bb{}\u00bb][et_pb_text module_id=\u00bbaresdelmaestrat\u00bb _builder_version=\u00bb4.16&#8243; _module_preset=\u00bbdefault\u00bb text_font_size=\u00bb15px\u00bb header_font_size=\u00bb34px\u00bb custom_margin=\u00bb||21px||false|false\u00bb global_colors_info=\u00bb{}\u00bb]<\/p>\n<h1 style=\"text-align: center;\"><span data-sheets-value=\"{&quot;1&quot;:2,&quot;2&quot;:&quot;Marratx\u00ed&quot;}\" data-sheets-userformat=\"{&quot;2&quot;:6779,&quot;3&quot;:{&quot;1&quot;:0},&quot;4&quot;:{&quot;1&quot;:2,&quot;2&quot;:15921906},&quot;6&quot;:{&quot;1&quot;:[{&quot;1&quot;:2,&quot;2&quot;:0,&quot;5&quot;:{&quot;1&quot;:2,&quot;2&quot;:0}},{&quot;1&quot;:0,&quot;2&quot;:0,&quot;3&quot;:3},{&quot;1&quot;:1,&quot;2&quot;:0,&quot;4&quot;:1}]},&quot;7&quot;:{&quot;1&quot;:[{&quot;1&quot;:2,&quot;2&quot;:0,&quot;5&quot;:{&quot;1&quot;:2,&quot;2&quot;:0}},{&quot;1&quot;:0,&quot;2&quot;:0,&quot;3&quot;:3},{&quot;1&quot;:1,&quot;2&quot;:0,&quot;4&quot;:1}]},&quot;8&quot;:{&quot;1&quot;:[{&quot;1&quot;:2,&quot;2&quot;:0,&quot;5&quot;:{&quot;1&quot;:2,&quot;2&quot;:0}},{&quot;1&quot;:0,&quot;2&quot;:0,&quot;3&quot;:3},{&quot;1&quot;:1,&quot;2&quot;:0,&quot;4&quot;:1}]},&quot;9&quot;:2,&quot;12&quot;:0,&quot;14&quot;:{&quot;1&quot;:2,&quot;2&quot;:0},&quot;15&quot;:&quot;\\&quot;Calibri Light\\&quot;, sans-serif&quot;}\">Marratx\u00ed<\/span><\/h1>\n<p>[\/et_pb_text][et_pb_image src=\u00bbhttps:\/\/www.facsa.com\/municipios\/wp-content\/uploads\/2023\/07\/Icono-PDF-pdf.png\u00bb title_text=\u00bbIcono PDF-pdf\u00bb align=\u00bbcenter\u00bb _builder_version=\u00bb4.16&#8243; _module_preset=\u00bbdefault\u00bb width=\u00bb9%\u00bb max_width=\u00bb2%\u00bb custom_margin=\u00bb||25px||false|false\u00bb global_colors_info=\u00bb{}\u00bb][\/et_pb_image][et_pb_text _builder_version=\u00bb4.25.2&#8243; _module_preset=\u00bbdefault\u00bb custom_padding=\u00bb0px|||||\u00bb locked=\u00bboff\u00bb global_colors_info=\u00bb{}\u00bb]<\/p>\n<p style=\"text-align: center;\"><span style=\"color: #00ccff;\"><strong>Anal\u00edtica <\/strong><\/span><strong>\u00a0<span style=\"color: #999999;\"><span data-sheets-root=\"1\" data-sheets-value=\"{&quot;1&quot;:2,&quot;2&quot;:&quot;Red Bej\u00eds&quot;}\" data-sheets-userformat=\"{&quot;2&quot;:4266,&quot;4&quot;:{&quot;1&quot;:2,&quot;2&quot;:15921906},&quot;6&quot;:{&quot;1&quot;:[{&quot;1&quot;:2,&quot;2&quot;:0,&quot;5&quot;:{&quot;1&quot;:2,&quot;2&quot;:0}},{&quot;1&quot;:0,&quot;2&quot;:0,&quot;3&quot;:3},{&quot;1&quot;:1,&quot;2&quot;:0,&quot;4&quot;:1}]},&quot;8&quot;:{&quot;1&quot;:[{&quot;1&quot;:2,&quot;2&quot;:0,&quot;5&quot;:{&quot;1&quot;:2,&quot;2&quot;:0}},{&quot;1&quot;:0,&quot;2&quot;:0,&quot;3&quot;:3},{&quot;1&quot;:1,&quot;2&quot;:0,&quot;4&quot;:1}]},&quot;10&quot;:2,&quot;15&quot;:&quot;\\&quot;Calibri Light\\&quot;&quot;}\">Red 1. Pont d&#8217;Inca Vell<\/span>\u00a0<span style=\"color: #00ccff;\"><a href=\"https:\/\/www.facsa.com\/municipios\/wp-content\/uploads\/2024\/06\/VA_info_Red-1.Pont-dInca-Vell-1.pdf\" target=\"_blank\" rel=\"noopener\" style=\"color: #00ccff;\" onmouseover=\"this.style.color='#00ccff';\" onmouseout=\"this.style.color='#00ccff';\">Informaci\u00f3n red<\/a><\/span><\/span><\/strong><span style=\"color: #333300;\"><strong><a href=\"https:\/\/www.facsa.com\/municipios\/wp-content\/uploads\/2023\/07\/Red-Alameda-de-la-Sagra-N\u00facleo-Urbano-1.pdf\" target=\"_blank\" rel=\"noopener\" style=\"color: #969696;\" onmouseover=\"this.style.color='#00ccff';\" onmouseout=\"this.style.color='#969696';\"><br \/><\/a><\/strong><\/span><span style=\"color: #333300;\"><\/span><strong><span style=\"color: #999999;\"><span style=\"color: #00ccff;\"><\/span><\/span><\/strong><\/p>\n<p style=\"text-align: center;\"><span style=\"color: #00ccff;\"><strong><a href=\"https:\/\/www.facsa.com\/municipios\/wp-content\/uploads\/2024\/06\/Red-2_Nova-Cabana-Son-Maci\u00e0-Cabana.pdf\" target=\"_blank\" rel=\"noopener\" style=\"color: #00ccff;\" onmouseover=\"this.style.color='#00ccff';\" onmouseout=\"this.style.color='#00ccff';\">Anal\u00edtica<\/a> <\/strong><\/span><strong><span style=\"color: #999999;\"><span data-sheets-root=\"1\" data-sheets-value=\"{&quot;1&quot;:2,&quot;2&quot;:&quot;Red Bej\u00eds 2 - Arteas de Abajo&quot;}\" data-sheets-userformat=\"{&quot;2&quot;:4266,&quot;4&quot;:{&quot;1&quot;:2,&quot;2&quot;:15921906},&quot;6&quot;:{&quot;1&quot;:[{&quot;1&quot;:2,&quot;2&quot;:0,&quot;5&quot;:{&quot;1&quot;:2,&quot;2&quot;:0}},{&quot;1&quot;:0,&quot;2&quot;:0,&quot;3&quot;:3},{&quot;1&quot;:1,&quot;2&quot;:0,&quot;4&quot;:1}]},&quot;8&quot;:{&quot;1&quot;:[{&quot;1&quot;:2,&quot;2&quot;:0,&quot;5&quot;:{&quot;1&quot;:2,&quot;2&quot;:0}},{&quot;1&quot;:0,&quot;2&quot;:0,&quot;3&quot;:3},{&quot;1&quot;:1,&quot;2&quot;:0,&quot;4&quot;:1}]},&quot;10&quot;:2,&quot;15&quot;:&quot;\\&quot;Calibri Light\\&quot;&quot;}\">Red 2. Nova Cabana- Son Maci\u00e0- Sa Cabana<\/span><\/span><span style=\"color: #999999;\">\u00a0<span style=\"color: #00ccff;\"><a href=\"https:\/\/www.facsa.com\/municipios\/wp-content\/uploads\/2024\/06\/VA_info_Red-2.-Nova-Cabana.pdf\" target=\"_blank\" rel=\"noopener\" style=\"color: #00ccff;\" onmouseover=\"this.style.color='#00ccff';\" onmouseout=\"this.style.color='#00ccff';\">Informaci\u00f3n red<\/a><\/span><\/span><\/strong><span style=\"color: #333300;\"><strong><a href=\"https:\/\/www.facsa.com\/municipios\/wp-content\/uploads\/2023\/07\/Red-Alameda-de-la-Sagra-N\u00facleo-Urbano-1.pdf\" target=\"_blank\" rel=\"noopener\" style=\"color: #969696;\" onmouseover=\"this.style.color='#00ccff';\" onmouseout=\"this.style.color='#969696';\"><br \/><\/a><\/strong><\/span><span style=\"color: #333300;\"><\/span><strong><span style=\"color: #999999;\"><span style=\"color: #00ccff;\"><\/span><\/span><\/strong><\/p>\n<p style=\"text-align: center;\"><span style=\"color: #00ccff;\"><strong><a href=\"https:\/\/www.facsa.com\/municipios\/wp-content\/uploads\/2024\/06\/Red-5_Pont-dInca-Nou.pdf\" target=\"_blank\" rel=\"noopener\" style=\"color: #00ccff;\" onmouseover=\"this.style.color='#00ccff';\" onmouseout=\"this.style.color='#00ccff';\">Anal\u00edtica<\/a> <\/strong><\/span><strong>\u00a0<span style=\"color: #999999;\"><span data-sheets-root=\"1\" data-sheets-value=\"{&quot;1&quot;:2,&quot;2&quot;:&quot;Red Bej\u00eds 3 - Arteas de Arriba&quot;}\" data-sheets-userformat=\"{&quot;2&quot;:4266,&quot;4&quot;:{&quot;1&quot;:2,&quot;2&quot;:15921906},&quot;6&quot;:{&quot;1&quot;:[{&quot;1&quot;:2,&quot;2&quot;:0,&quot;5&quot;:{&quot;1&quot;:2,&quot;2&quot;:0}},{&quot;1&quot;:0,&quot;2&quot;:0,&quot;3&quot;:3},{&quot;1&quot;:1,&quot;2&quot;:0,&quot;4&quot;:1}]},&quot;8&quot;:{&quot;1&quot;:[{&quot;1&quot;:2,&quot;2&quot;:0,&quot;5&quot;:{&quot;1&quot;:2,&quot;2&quot;:0}},{&quot;1&quot;:0,&quot;2&quot;:0,&quot;3&quot;:3},{&quot;1&quot;:1,&quot;2&quot;:0,&quot;4&quot;:1}]},&quot;10&quot;:2,&quot;15&quot;:&quot;\\&quot;Calibri Light\\&quot;&quot;}\">Red 5. Pont D&#8217;inca Nou<\/span>\u00a0\u00a0<span style=\"color: #00ccff;\"><a href=\"https:\/\/www.facsa.com\/municipios\/wp-content\/uploads\/2024\/06\/VA_info_Red-5.Pont-dInca-Nou.pdf\" target=\"_blank\" rel=\"noopener\" style=\"color: #00ccff;\" onmouseover=\"this.style.color='#00ccff';\" onmouseout=\"this.style.color='#00ccff';\">Informaci\u00f3n red<\/a><\/span><\/span><\/strong><span style=\"color: #333300;\"><strong><a href=\"https:\/\/www.facsa.com\/municipios\/wp-content\/uploads\/2023\/07\/Red-Alameda-de-la-Sagra-N\u00facleo-Urbano-1.pdf\" target=\"_blank\" rel=\"noopener\" style=\"color: #969696;\" onmouseover=\"this.style.color='#00ccff';\" onmouseout=\"this.style.color='#969696';\"><br \/><\/a><\/strong><\/span><span style=\"color: #333300;\"><\/span><strong><span style=\"color: #999999;\"><span style=\"color: #00ccff;\"><\/span><\/span><\/strong><\/p>\n<p style=\"text-align: center;\"><span style=\"color: #00ccff;\"><strong><a href=\"https:\/\/www.facsa.com\/municipios\/wp-content\/uploads\/2024\/06\/Red-6-Can-Carbonell.pdf\" target=\"_blank\" rel=\"noopener\" style=\"color: #00ccff;\" onmouseover=\"this.style.color='#00ccff';\" onmouseout=\"this.style.color='#00ccff';\">Anal\u00edtica<\/a> <\/strong><\/span><strong><span style=\"color: #999999;\"><span data-sheets-root=\"1\" data-sheets-value=\"{&quot;1&quot;:2,&quot;2&quot;:&quot;Red Bej\u00eds 4 - Masia de los Perez&quot;}\" data-sheets-userformat=\"{&quot;2&quot;:4266,&quot;4&quot;:{&quot;1&quot;:2,&quot;2&quot;:15921906},&quot;6&quot;:{&quot;1&quot;:[{&quot;1&quot;:2,&quot;2&quot;:0,&quot;5&quot;:{&quot;1&quot;:2,&quot;2&quot;:0}},{&quot;1&quot;:0,&quot;2&quot;:0,&quot;3&quot;:3},{&quot;1&quot;:1,&quot;2&quot;:0,&quot;4&quot;:1}]},&quot;8&quot;:{&quot;1&quot;:[{&quot;1&quot;:2,&quot;2&quot;:0,&quot;5&quot;:{&quot;1&quot;:2,&quot;2&quot;:0}},{&quot;1&quot;:0,&quot;2&quot;:0,&quot;3&quot;:3},{&quot;1&quot;:1,&quot;2&quot;:0,&quot;4&quot;:1}]},&quot;10&quot;:2,&quot;15&quot;:&quot;\\&quot;Calibri Light\\&quot;&quot;}\">Red 6. Can Carbonell<\/span><\/span><span style=\"color: #999999;\">\u00a0<span style=\"color: #00ccff;\"><a href=\"https:\/\/www.facsa.com\/municipios\/wp-content\/uploads\/2024\/06\/VA_info_Red-6.-Can-Carbonell.pdf\" target=\"_blank\" rel=\"noopener\" style=\"color: #00ccff;\" onmouseover=\"this.style.color='#00ccff';\" onmouseout=\"this.style.color='#00ccff';\">Informaci\u00f3n red<\/a><\/span><\/span><\/strong><span style=\"color: #333300;\"><strong><a href=\"https:\/\/www.facsa.com\/municipios\/wp-content\/uploads\/2023\/07\/Red-Alameda-de-la-Sagra-N\u00facleo-Urbano-1.pdf\" target=\"_blank\" rel=\"noopener\" style=\"color: #969696;\" onmouseover=\"this.style.color='#00ccff';\" onmouseout=\"this.style.color='#969696';\"><\/a><\/strong><\/span><span style=\"color: #333300;\"><strong><a href=\"https:\/\/www.facsa.com\/municipios\/wp-content\/uploads\/2023\/07\/Red-Alameda-de-la-Sagra-N\u00facleo-Urbano-1.pdf\" target=\"_blank\" rel=\"noopener\" style=\"color: #969696;\" onmouseover=\"this.style.color='#00ccff';\" onmouseout=\"this.style.color='#969696';\"><\/a><\/strong><\/span><span style=\"color: #333300;\"><\/span><strong><span style=\"color: #999999;\"><span style=\"color: #00ccff;\"><\/span><\/span><\/strong><strong><span style=\"color: #999999;\"><\/span><\/strong><span style=\"color: #333300;\"><\/span><\/p>\n<p style=\"text-align: center;\"><span style=\"color: #00ccff;\"><strong><a href=\"https:\/\/www.facsa.com\/municipios\/wp-content\/uploads\/2024\/06\/Red-7-Ses-Cases-Noves.pdf\" target=\"_blank\" rel=\"noopener\" style=\"color: #00ccff;\" onmouseover=\"this.style.color='#00ccff';\" onmouseout=\"this.style.color='#00ccff';\">Anal\u00edtica<\/a> <\/strong><\/span><strong>\u00a0<span style=\"color: #999999;\"><span data-sheets-root=\"1\" data-sheets-value=\"{&quot;1&quot;:2,&quot;2&quot;:&quot;Red Bej\u00eds&quot;}\" data-sheets-userformat=\"{&quot;2&quot;:4266,&quot;4&quot;:{&quot;1&quot;:2,&quot;2&quot;:15921906},&quot;6&quot;:{&quot;1&quot;:[{&quot;1&quot;:2,&quot;2&quot;:0,&quot;5&quot;:{&quot;1&quot;:2,&quot;2&quot;:0}},{&quot;1&quot;:0,&quot;2&quot;:0,&quot;3&quot;:3},{&quot;1&quot;:1,&quot;2&quot;:0,&quot;4&quot;:1}]},&quot;8&quot;:{&quot;1&quot;:[{&quot;1&quot;:2,&quot;2&quot;:0,&quot;5&quot;:{&quot;1&quot;:2,&quot;2&quot;:0}},{&quot;1&quot;:0,&quot;2&quot;:0,&quot;3&quot;:3},{&quot;1&quot;:1,&quot;2&quot;:0,&quot;4&quot;:1}]},&quot;10&quot;:2,&quot;15&quot;:&quot;\\&quot;Calibri Light\\&quot;&quot;}\">Red 7. Ses Cases Noves<\/span>\u00a0<span style=\"color: #00ccff;\"><a href=\"https:\/\/www.facsa.com\/municipios\/wp-content\/uploads\/2024\/06\/VA_info_Red-7.-Ses-Cases-Noves.pdf\" target=\"_blank\" rel=\"noopener\" style=\"color: #00ccff;\" onmouseover=\"this.style.color='#00ccff';\" onmouseout=\"this.style.color='#00ccff';\">Informaci\u00f3n red<\/a><\/span><\/span><\/strong><span style=\"color: #333300;\"><strong><a href=\"https:\/\/www.facsa.com\/municipios\/wp-content\/uploads\/2023\/07\/Red-Alameda-de-la-Sagra-N\u00facleo-Urbano-1.pdf\" target=\"_blank\" rel=\"noopener\" style=\"color: #969696;\" onmouseover=\"this.style.color='#00ccff';\" onmouseout=\"this.style.color='#969696';\"><br \/><\/a><\/strong><\/span><span style=\"color: #333300;\"><\/span><strong><span style=\"color: #999999;\"><span style=\"color: #00ccff;\"><\/span><\/span><\/strong><\/p>\n<p style=\"text-align: center;\"><span style=\"color: #00ccff;\"><strong><a href=\"https:\/\/www.facsa.com\/municipios\/wp-content\/uploads\/2024\/06\/Red-8.-Cas-Miot.pdf\" target=\"_blank\" rel=\"noopener\" style=\"color: #00ccff;\" onmouseover=\"this.style.color='#00ccff';\" onmouseout=\"this.style.color='#00ccff';\">Anal\u00edtica<\/a> <\/strong><\/span><strong><span style=\"color: #999999;\"><span data-sheets-root=\"1\" data-sheets-value=\"{&quot;1&quot;:2,&quot;2&quot;:&quot;Red Bej\u00eds 2 - Arteas de Abajo&quot;}\" data-sheets-userformat=\"{&quot;2&quot;:4266,&quot;4&quot;:{&quot;1&quot;:2,&quot;2&quot;:15921906},&quot;6&quot;:{&quot;1&quot;:[{&quot;1&quot;:2,&quot;2&quot;:0,&quot;5&quot;:{&quot;1&quot;:2,&quot;2&quot;:0}},{&quot;1&quot;:0,&quot;2&quot;:0,&quot;3&quot;:3},{&quot;1&quot;:1,&quot;2&quot;:0,&quot;4&quot;:1}]},&quot;8&quot;:{&quot;1&quot;:[{&quot;1&quot;:2,&quot;2&quot;:0,&quot;5&quot;:{&quot;1&quot;:2,&quot;2&quot;:0}},{&quot;1&quot;:0,&quot;2&quot;:0,&quot;3&quot;:3},{&quot;1&quot;:1,&quot;2&quot;:0,&quot;4&quot;:1}]},&quot;10&quot;:2,&quot;15&quot;:&quot;\\&quot;Calibri Light\\&quot;&quot;}\">Red 8. Cas Miot<\/span><\/span><span style=\"color: #999999;\">\u00a0<span style=\"color: #00ccff;\"><a href=\"https:\/\/www.facsa.com\/municipios\/wp-content\/uploads\/2024\/06\/VA_info_Red-8.-Cas-Miot.pdf\" target=\"_blank\" rel=\"noopener\" style=\"color: #00ccff;\" onmouseover=\"this.style.color='#00ccff';\" onmouseout=\"this.style.color='#00ccff';\">Informaci\u00f3n red<\/a><\/span><\/span><\/strong><span style=\"color: #333300;\"><strong><a href=\"https:\/\/www.facsa.com\/municipios\/wp-content\/uploads\/2023\/07\/Red-Alameda-de-la-Sagra-N\u00facleo-Urbano-1.pdf\" target=\"_blank\" rel=\"noopener\" style=\"color: #969696;\" onmouseover=\"this.style.color='#00ccff';\" onmouseout=\"this.style.color='#969696';\"><br \/><\/a><\/strong><\/span><span style=\"color: #333300;\"><\/span><strong><span style=\"color: #999999;\"><span style=\"color: #00ccff;\"><\/span><\/span><\/strong><\/p>\n<p style=\"text-align: center;\"><span style=\"color: #00ccff;\"><strong><a href=\"https:\/\/www.facsa.com\/municipios\/wp-content\/uploads\/2024\/06\/Red-9.-Cas-Capit\u00e0-Can-Monserrat.pdf\" target=\"_blank\" rel=\"noopener\" style=\"color: #00ccff;\" onmouseover=\"this.style.color='#00ccff';\" onmouseout=\"this.style.color='#00ccff';\">Anal\u00edtica<\/a> <\/strong><\/span><strong>\u00a0<span style=\"color: #999999;\"><span data-sheets-root=\"1\" data-sheets-value=\"{&quot;1&quot;:2,&quot;2&quot;:&quot;Red Bej\u00eds 3 - Arteas de Arriba&quot;}\" data-sheets-userformat=\"{&quot;2&quot;:4266,&quot;4&quot;:{&quot;1&quot;:2,&quot;2&quot;:15921906},&quot;6&quot;:{&quot;1&quot;:[{&quot;1&quot;:2,&quot;2&quot;:0,&quot;5&quot;:{&quot;1&quot;:2,&quot;2&quot;:0}},{&quot;1&quot;:0,&quot;2&quot;:0,&quot;3&quot;:3},{&quot;1&quot;:1,&quot;2&quot;:0,&quot;4&quot;:1}]},&quot;8&quot;:{&quot;1&quot;:[{&quot;1&quot;:2,&quot;2&quot;:0,&quot;5&quot;:{&quot;1&quot;:2,&quot;2&quot;:0}},{&quot;1&quot;:0,&quot;2&quot;:0,&quot;3&quot;:3},{&quot;1&quot;:1,&quot;2&quot;:0,&quot;4&quot;:1}]},&quot;10&quot;:2,&quot;15&quot;:&quot;\\&quot;Calibri Light\\&quot;&quot;}\">Red 9. Cas Capit\u00e0- Can Montserrat<\/span>\u00a0\u00a0<span style=\"color: #00ccff;\"><a href=\"https:\/\/www.facsa.com\/municipios\/wp-content\/uploads\/2024\/06\/VA_info_Red-9.-Cas-Capit\u00e0-Can-Monserrat.pdf\" target=\"_blank\" rel=\"noopener\" style=\"color: #00ccff;\" onmouseover=\"this.style.color='#00ccff';\" onmouseout=\"this.style.color='#00ccff';\">Informaci\u00f3n red<\/a><\/span><\/span><\/strong><span style=\"color: #333300;\"><strong><a href=\"https:\/\/www.facsa.com\/municipios\/wp-content\/uploads\/2023\/07\/Red-Alameda-de-la-Sagra-N\u00facleo-Urbano-1.pdf\" target=\"_blank\" rel=\"noopener\" style=\"color: #969696;\" onmouseover=\"this.style.color='#00ccff';\" onmouseout=\"this.style.color='#969696';\"><br \/><\/a><\/strong><\/span><span style=\"color: #333300;\"><\/span><strong><span style=\"color: #999999;\"><span style=\"color: #00ccff;\"><\/span><\/span><\/strong><\/p>\n<p style=\"text-align: center;\"><span style=\"color: #00ccff;\"><strong><a href=\"https:\/\/www.facsa.com\/municipios\/wp-content\/uploads\/2024\/06\/Red-11.-Es-Garrovers-Sa-Planera-Son-Daviu.pdf\" target=\"_blank\" rel=\"noopener\" style=\"color: #00ccff;\" onmouseover=\"this.style.color='#00ccff';\" onmouseout=\"this.style.color='#00ccff';\">Anal\u00edtica<\/a> <\/strong><\/span><strong><span style=\"color: #999999;\"><span data-sheets-root=\"1\" data-sheets-value=\"{&quot;1&quot;:2,&quot;2&quot;:&quot;Red Bej\u00eds 4 - Masia de los Perez&quot;}\" data-sheets-userformat=\"{&quot;2&quot;:4266,&quot;4&quot;:{&quot;1&quot;:2,&quot;2&quot;:15921906},&quot;6&quot;:{&quot;1&quot;:[{&quot;1&quot;:2,&quot;2&quot;:0,&quot;5&quot;:{&quot;1&quot;:2,&quot;2&quot;:0}},{&quot;1&quot;:0,&quot;2&quot;:0,&quot;3&quot;:3},{&quot;1&quot;:1,&quot;2&quot;:0,&quot;4&quot;:1}]},&quot;8&quot;:{&quot;1&quot;:[{&quot;1&quot;:2,&quot;2&quot;:0,&quot;5&quot;:{&quot;1&quot;:2,&quot;2&quot;:0}},{&quot;1&quot;:0,&quot;2&quot;:0,&quot;3&quot;:3},{&quot;1&quot;:1,&quot;2&quot;:0,&quot;4&quot;:1}]},&quot;10&quot;:2,&quot;15&quot;:&quot;\\&quot;Calibri Light\\&quot;&quot;}\">Red 11. Es Garrovers-Sa Planera-Son Daviu<\/span><\/span><span style=\"color: #999999;\">\u00a0<span style=\"color: #00ccff;\"><a href=\"https:\/\/www.facsa.com\/municipios\/wp-content\/uploads\/2024\/06\/VA_info_Red-11.-Es-Garrovers-Planera-Son-Daviu.pdf\" target=\"_blank\" rel=\"noopener\" style=\"color: #00ccff;\" onmouseover=\"this.style.color='#00ccff';\" onmouseout=\"this.style.color='#00ccff';\">Informaci\u00f3n red<\/a><\/span><\/span><\/strong><\/p>\n<p style=\"text-align: center;\"><span style=\"color: #00ccff;\"><strong><a href=\"https:\/\/www.facsa.com\/municipios\/wp-content\/uploads\/2024\/06\/Red-13.-Son-Ramonell.pdf\" target=\"_blank\" rel=\"noopener\" style=\"color: #00ccff;\" onmouseover=\"this.style.color='#00ccff';\" onmouseout=\"this.style.color='#00ccff';\">Anal\u00edtica<\/a> <\/strong><\/span><strong>\u00a0<span style=\"color: #999999;\"><span data-sheets-root=\"1\" data-sheets-value=\"{&quot;1&quot;:2,&quot;2&quot;:&quot;Red Bej\u00eds&quot;}\" data-sheets-userformat=\"{&quot;2&quot;:4266,&quot;4&quot;:{&quot;1&quot;:2,&quot;2&quot;:15921906},&quot;6&quot;:{&quot;1&quot;:[{&quot;1&quot;:2,&quot;2&quot;:0,&quot;5&quot;:{&quot;1&quot;:2,&quot;2&quot;:0}},{&quot;1&quot;:0,&quot;2&quot;:0,&quot;3&quot;:3},{&quot;1&quot;:1,&quot;2&quot;:0,&quot;4&quot;:1}]},&quot;8&quot;:{&quot;1&quot;:[{&quot;1&quot;:2,&quot;2&quot;:0,&quot;5&quot;:{&quot;1&quot;:2,&quot;2&quot;:0}},{&quot;1&quot;:0,&quot;2&quot;:0,&quot;3&quot;:3},{&quot;1&quot;:1,&quot;2&quot;:0,&quot;4&quot;:1}]},&quot;10&quot;:2,&quot;15&quot;:&quot;\\&quot;Calibri Light\\&quot;&quot;}\">Red 13. Son Ramonell<\/span>\u00a0<span style=\"color: #00ccff;\"><a href=\"https:\/\/www.facsa.com\/municipios\/wp-content\/uploads\/2024\/06\/VA_info_Red-13-Son-Ramonell.pdf\" target=\"_blank\" rel=\"noopener\" style=\"color: #00ccff;\" onmouseover=\"this.style.color='#00ccff';\" onmouseout=\"this.style.color='#00ccff';\">Informaci\u00f3n red<\/a><\/span><\/span><\/strong><span style=\"color: #333300;\"><strong><a href=\"https:\/\/www.facsa.com\/municipios\/wp-content\/uploads\/2023\/07\/Red-Alameda-de-la-Sagra-N\u00facleo-Urbano-1.pdf\" target=\"_blank\" rel=\"noopener\" style=\"color: #969696;\" onmouseover=\"this.style.color='#00ccff';\" onmouseout=\"this.style.color='#969696';\"><br \/><\/a><\/strong><\/span><span style=\"color: #333300;\"><\/span><strong><span style=\"color: #999999;\"><span style=\"color: #00ccff;\"><\/span><\/span><\/strong><\/p>\n<p style=\"text-align: center;\"><span style=\"color: #00ccff;\"><strong><a href=\"https:\/\/www.facsa.com\/municipios\/wp-content\/uploads\/2024\/06\/Red-14.-Can-Pol.pdf\" target=\"_blank\" rel=\"noopener\" style=\"color: #00ccff;\" onmouseover=\"this.style.color='#00ccff';\" onmouseout=\"this.style.color='#00ccff';\">Anal\u00edtica<\/a> <\/strong><\/span><strong><span style=\"color: #999999;\"><span data-sheets-root=\"1\" data-sheets-value=\"{&quot;1&quot;:2,&quot;2&quot;:&quot;Red Bej\u00eds 2 - Arteas de Abajo&quot;}\" data-sheets-userformat=\"{&quot;2&quot;:4266,&quot;4&quot;:{&quot;1&quot;:2,&quot;2&quot;:15921906},&quot;6&quot;:{&quot;1&quot;:[{&quot;1&quot;:2,&quot;2&quot;:0,&quot;5&quot;:{&quot;1&quot;:2,&quot;2&quot;:0}},{&quot;1&quot;:0,&quot;2&quot;:0,&quot;3&quot;:3},{&quot;1&quot;:1,&quot;2&quot;:0,&quot;4&quot;:1}]},&quot;8&quot;:{&quot;1&quot;:[{&quot;1&quot;:2,&quot;2&quot;:0,&quot;5&quot;:{&quot;1&quot;:2,&quot;2&quot;:0}},{&quot;1&quot;:0,&quot;2&quot;:0,&quot;3&quot;:3},{&quot;1&quot;:1,&quot;2&quot;:0,&quot;4&quot;:1}]},&quot;10&quot;:2,&quot;15&quot;:&quot;\\&quot;Calibri Light\\&quot;&quot;}\">Red 14. Can Pol<\/span><\/span><span style=\"color: #999999;\">\u00a0<span style=\"color: #00ccff;\"><a href=\"https:\/\/www.facsa.com\/municipios\/wp-content\/uploads\/2024\/06\/VA_info_Red-14.-Can-Pol.pdf\" target=\"_blank\" rel=\"noopener\" style=\"color: #00ccff;\" onmouseover=\"this.style.color='#00ccff';\" onmouseout=\"this.style.color='#00ccff';\">Informaci\u00f3n red<\/a><\/span><\/span><\/strong><span style=\"color: #333300;\"><strong><a href=\"https:\/\/www.facsa.com\/municipios\/wp-content\/uploads\/2023\/07\/Red-Alameda-de-la-Sagra-N\u00facleo-Urbano-1.pdf\" target=\"_blank\" rel=\"noopener\" style=\"color: #969696;\" onmouseover=\"this.style.color='#00ccff';\" onmouseout=\"this.style.color='#969696';\"><\/a><\/strong><\/span><strong><span style=\"color: #999999;\"><span style=\"color: #00ccff;\"><\/span><\/span><\/strong><\/p>\n<p>[\/et_pb_text][\/et_pb_column][\/et_pb_row][\/et_pb_section][et_pb_section fb_built=\u00bb1&#8243; module_id=\u00bbmunicipiomoncofa\u00bb _builder_version=\u00bb4.16&#8243; _module_preset=\u00bbdefault\u00bb global_colors_info=\u00bb{}\u00bb][et_pb_row _builder_version=\u00bb4.16&#8243; _module_preset=\u00bbdefault\u00bb global_colors_info=\u00bb{}\u00bb][et_pb_column type=\u00bb4_4&#8243; _builder_version=\u00bb4.16&#8243; _module_preset=\u00bbdefault\u00bb global_colors_info=\u00bb{}\u00bb][et_pb_text module_id=\u00bbaresdelmaestrat\u00bb _builder_version=\u00bb4.16&#8243; _module_preset=\u00bbdefault\u00bb text_font_size=\u00bb15px\u00bb header_font_size=\u00bb34px\u00bb custom_margin=\u00bb||21px||false|false\u00bb global_colors_info=\u00bb{}\u00bb]<\/p>\n<h1 style=\"text-align: center;\"><span data-sheets-value=\"{&quot;1&quot;:2,&quot;2&quot;:&quot;Marratx\u00ed&quot;}\" data-sheets-userformat=\"{&quot;2&quot;:6779,&quot;3&quot;:{&quot;1&quot;:0},&quot;4&quot;:{&quot;1&quot;:2,&quot;2&quot;:15921906},&quot;6&quot;:{&quot;1&quot;:[{&quot;1&quot;:2,&quot;2&quot;:0,&quot;5&quot;:{&quot;1&quot;:2,&quot;2&quot;:0}},{&quot;1&quot;:0,&quot;2&quot;:0,&quot;3&quot;:3},{&quot;1&quot;:1,&quot;2&quot;:0,&quot;4&quot;:1}]},&quot;7&quot;:{&quot;1&quot;:[{&quot;1&quot;:2,&quot;2&quot;:0,&quot;5&quot;:{&quot;1&quot;:2,&quot;2&quot;:0}},{&quot;1&quot;:0,&quot;2&quot;:0,&quot;3&quot;:3},{&quot;1&quot;:1,&quot;2&quot;:0,&quot;4&quot;:1}]},&quot;8&quot;:{&quot;1&quot;:[{&quot;1&quot;:2,&quot;2&quot;:0,&quot;5&quot;:{&quot;1&quot;:2,&quot;2&quot;:0}},{&quot;1&quot;:0,&quot;2&quot;:0,&quot;3&quot;:3},{&quot;1&quot;:1,&quot;2&quot;:0,&quot;4&quot;:1}]},&quot;9&quot;:2,&quot;12&quot;:0,&quot;14&quot;:{&quot;1&quot;:2,&quot;2&quot;:0},&quot;15&quot;:&quot;\\&quot;Calibri Light\\&quot;, sans-serif&quot;}\">Moncofa<\/span><\/h1>\n<p>[\/et_pb_text][et_pb_image src=\u00bbhttps:\/\/www.facsa.com\/municipios\/wp-content\/uploads\/2023\/07\/Icono-PDF-pdf.png\u00bb title_text=\u00bbIcono PDF-pdf\u00bb align=\u00bbcenter\u00bb _builder_version=\u00bb4.16&#8243; _module_preset=\u00bbdefault\u00bb width=\u00bb9%\u00bb max_width=\u00bb2%\u00bb custom_margin=\u00bb||25px||false|false\u00bb global_colors_info=\u00bb{}\u00bb][\/et_pb_image][et_pb_text _builder_version=\u00bb4.16&#8243; _module_preset=\u00bbdefault\u00bb locked=\u00bboff\u00bb global_colors_info=\u00bb{}\u00bb]<\/p>\n<p style=\"text-align: center;\"><span style=\"color: #333300;\"><strong><span style=\"color: #00ccff;\"><a href=\"https:\/\/www.facsa.com\/municipios\/wp-content\/uploads\/2024\/06\/Red-Moncofa.pdf\" target=\"_blank\" rel=\"noopener\" style=\"color: #00ccff;\" onmouseover=\"this.style.color='#00ccff';\" onmouseout=\"this.style.color='#00ccff';\">Anal\u00edtica<\/a> <\/span><span style=\"color: #999999;\"><span data-sheets-root=\"1\" data-sheets-value=\"{&quot;1&quot;:2,&quot;2&quot;:&quot;Red Bej\u00eds 5 - Masia las Ventas&quot;}\" data-sheets-userformat=\"{&quot;2&quot;:4266,&quot;4&quot;:{&quot;1&quot;:2,&quot;2&quot;:15921906},&quot;6&quot;:{&quot;1&quot;:[{&quot;1&quot;:2,&quot;2&quot;:0,&quot;5&quot;:{&quot;1&quot;:2,&quot;2&quot;:0}},{&quot;1&quot;:0,&quot;2&quot;:0,&quot;3&quot;:3},{&quot;1&quot;:1,&quot;2&quot;:0,&quot;4&quot;:1}]},&quot;8&quot;:{&quot;1&quot;:[{&quot;1&quot;:2,&quot;2&quot;:0,&quot;5&quot;:{&quot;1&quot;:2,&quot;2&quot;:0}},{&quot;1&quot;:0,&quot;2&quot;:0,&quot;3&quot;:3},{&quot;1&quot;:1,&quot;2&quot;:0,&quot;4&quot;:1}]},&quot;10&quot;:2,&quot;15&quot;:&quot;\\&quot;Calibri Light\\&quot;&quot;}\">Red Moncofa <\/span><\/span><span style=\"color: #999999;\"><span style=\"color: #00ccff;\"><a href=\"https:\/\/www.facsa.com\/municipios\/wp-content\/uploads\/2024\/06\/VA-Info_Red_Red-Moncofa.pdf\" target=\"_blank\" rel=\"noopener\" style=\"color: #00ccff;\" onmouseover=\"this.style.color='#00ccff';\" onmouseout=\"this.style.color='#00ccff';\">Informaci\u00f3n red<\/a><\/span><\/span><\/strong><\/span><\/p>\n<p>[\/et_pb_text][\/et_pb_column][\/et_pb_row][\/et_pb_section][et_pb_section fb_built=\u00bb1&#8243; module_id=\u00bbmontan\u00bb _builder_version=\u00bb4.16&#8243; _module_preset=\u00bbdefault\u00bb global_colors_info=\u00bb{}\u00bb][et_pb_row _builder_version=\u00bb4.16&#8243; _module_preset=\u00bbdefault\u00bb global_colors_info=\u00bb{}\u00bb][et_pb_column type=\u00bb4_4&#8243; _builder_version=\u00bb4.16&#8243; _module_preset=\u00bbdefault\u00bb global_colors_info=\u00bb{}\u00bb][et_pb_text _builder_version=\u00bb4.16&#8243; _module_preset=\u00bbdefault\u00bb text_font_size=\u00bb15px\u00bb header_font_size=\u00bb34px\u00bb custom_margin=\u00bb||21px||false|false\u00bb global_colors_info=\u00bb{}\u00bb]<\/p>\n<h1 style=\"text-align: center;\"><span data-sheets-value=\"{&quot;1&quot;:2,&quot;2&quot;:&quot;Mont\u00e1n&quot;}\" data-sheets-userformat=\"{&quot;2&quot;:6779,&quot;3&quot;:{&quot;1&quot;:0},&quot;4&quot;:{&quot;1&quot;:2,&quot;2&quot;:15921906},&quot;6&quot;:{&quot;1&quot;:[{&quot;1&quot;:2,&quot;2&quot;:0,&quot;5&quot;:{&quot;1&quot;:2,&quot;2&quot;:0}},{&quot;1&quot;:0,&quot;2&quot;:0,&quot;3&quot;:3},{&quot;1&quot;:1,&quot;2&quot;:0,&quot;4&quot;:1}]},&quot;7&quot;:{&quot;1&quot;:[{&quot;1&quot;:2,&quot;2&quot;:0,&quot;5&quot;:{&quot;1&quot;:2,&quot;2&quot;:0}},{&quot;1&quot;:0,&quot;2&quot;:0,&quot;3&quot;:3},{&quot;1&quot;:1,&quot;2&quot;:0,&quot;4&quot;:1}]},&quot;8&quot;:{&quot;1&quot;:[{&quot;1&quot;:2,&quot;2&quot;:0,&quot;5&quot;:{&quot;1&quot;:2,&quot;2&quot;:0}},{&quot;1&quot;:0,&quot;2&quot;:0,&quot;3&quot;:3},{&quot;1&quot;:1,&quot;2&quot;:0,&quot;4&quot;:1}]},&quot;9&quot;:2,&quot;12&quot;:0,&quot;14&quot;:{&quot;1&quot;:2,&quot;2&quot;:0},&quot;15&quot;:&quot;\\&quot;Calibri Light\\&quot;, sans-serif&quot;}\">Mont\u00e1n<\/span><\/h1>\n<p>[\/et_pb_text][et_pb_image src=\u00bbhttps:\/\/www.facsa.com\/municipios\/wp-content\/uploads\/2023\/07\/Icono-PDF-pdf.png\u00bb title_text=\u00bbIcono PDF-pdf\u00bb align=\u00bbcenter\u00bb _builder_version=\u00bb4.16&#8243; _module_preset=\u00bbdefault\u00bb width=\u00bb9%\u00bb max_width=\u00bb2%\u00bb custom_margin=\u00bb||25px||false|false\u00bb global_colors_info=\u00bb{}\u00bb][\/et_pb_image][et_pb_text _builder_version=\u00bb4.16&#8243; _module_preset=\u00bbdefault\u00bb locked=\u00bboff\u00bb global_colors_info=\u00bb{}\u00bb]<\/p>\n<p style=\"text-align: center;\"><span style=\"color: #333300;\"><strong><span style=\"color: #00ccff;\"><a href=\"https:\/\/www.facsa.com\/municipios\/wp-content\/uploads\/2024\/06\/Red-Mont\u00e1n.pdf\" target=\"_blank\" rel=\"noopener\" style=\"color: #00ccff;\" onmouseover=\"this.style.color='#00ccff';\" onmouseout=\"this.style.color='#00ccff';\">Anal\u00edtica<\/a> <\/span><span style=\"color: #999999;\"><span data-sheets-root=\"1\" data-sheets-value=\"{&quot;1&quot;:2,&quot;2&quot;:&quot;Red Bej\u00eds 5 - Masia las Ventas&quot;}\" data-sheets-userformat=\"{&quot;2&quot;:4266,&quot;4&quot;:{&quot;1&quot;:2,&quot;2&quot;:15921906},&quot;6&quot;:{&quot;1&quot;:[{&quot;1&quot;:2,&quot;2&quot;:0,&quot;5&quot;:{&quot;1&quot;:2,&quot;2&quot;:0}},{&quot;1&quot;:0,&quot;2&quot;:0,&quot;3&quot;:3},{&quot;1&quot;:1,&quot;2&quot;:0,&quot;4&quot;:1}]},&quot;8&quot;:{&quot;1&quot;:[{&quot;1&quot;:2,&quot;2&quot;:0,&quot;5&quot;:{&quot;1&quot;:2,&quot;2&quot;:0}},{&quot;1&quot;:0,&quot;2&quot;:0,&quot;3&quot;:3},{&quot;1&quot;:1,&quot;2&quot;:0,&quot;4&quot;:1}]},&quot;10&quot;:2,&quot;15&quot;:&quot;\\&quot;Calibri Light\\&quot;&quot;}\">Red Mont\u00e1n <\/span><\/span><span style=\"color: #999999;\"><span style=\"color: #00ccff;\"><a href=\"https:\/\/www.facsa.com\/municipios\/wp-content\/uploads\/2024\/06\/VA-Info_Red-Mont\u00e1n.pdf\" target=\"_blank\" rel=\"noopener\" style=\"color: #00ccff;\" onmouseover=\"this.style.color='#00ccff';\" onmouseout=\"this.style.color='#00ccff';\">Informaci\u00f3n red<\/a><\/span><\/span><\/strong><\/span><\/p>\n<p>[\/et_pb_text][\/et_pb_column][\/et_pb_row][\/et_pb_section][et_pb_section fb_built=\u00bb1&#8243; module_id=\u00bbnavajas\u00bb _builder_version=\u00bb4.16&#8243; _module_preset=\u00bbdefault\u00bb global_colors_info=\u00bb{}\u00bb][et_pb_row _builder_version=\u00bb4.16&#8243; _module_preset=\u00bbdefault\u00bb global_colors_info=\u00bb{}\u00bb][et_pb_column type=\u00bb4_4&#8243; _builder_version=\u00bb4.16&#8243; _module_preset=\u00bbdefault\u00bb global_colors_info=\u00bb{}\u00bb][et_pb_text module_id=\u00bbaresdelmaestrat\u00bb _builder_version=\u00bb4.16&#8243; _module_preset=\u00bbdefault\u00bb text_font_size=\u00bb15px\u00bb header_font_size=\u00bb34px\u00bb custom_margin=\u00bb||21px||false|false\u00bb global_colors_info=\u00bb{}\u00bb]<\/p>\n<h1 style=\"text-align: center;\"><span data-sheets-value=\"{&quot;1&quot;:2,&quot;2&quot;:&quot;Mont\u00e1n&quot;}\" data-sheets-userformat=\"{&quot;2&quot;:6779,&quot;3&quot;:{&quot;1&quot;:0},&quot;4&quot;:{&quot;1&quot;:2,&quot;2&quot;:15921906},&quot;6&quot;:{&quot;1&quot;:[{&quot;1&quot;:2,&quot;2&quot;:0,&quot;5&quot;:{&quot;1&quot;:2,&quot;2&quot;:0}},{&quot;1&quot;:0,&quot;2&quot;:0,&quot;3&quot;:3},{&quot;1&quot;:1,&quot;2&quot;:0,&quot;4&quot;:1}]},&quot;7&quot;:{&quot;1&quot;:[{&quot;1&quot;:2,&quot;2&quot;:0,&quot;5&quot;:{&quot;1&quot;:2,&quot;2&quot;:0}},{&quot;1&quot;:0,&quot;2&quot;:0,&quot;3&quot;:3},{&quot;1&quot;:1,&quot;2&quot;:0,&quot;4&quot;:1}]},&quot;8&quot;:{&quot;1&quot;:[{&quot;1&quot;:2,&quot;2&quot;:0,&quot;5&quot;:{&quot;1&quot;:2,&quot;2&quot;:0}},{&quot;1&quot;:0,&quot;2&quot;:0,&quot;3&quot;:3},{&quot;1&quot;:1,&quot;2&quot;:0,&quot;4&quot;:1}]},&quot;9&quot;:2,&quot;12&quot;:0,&quot;14&quot;:{&quot;1&quot;:2,&quot;2&quot;:0},&quot;15&quot;:&quot;\\&quot;Calibri Light\\&quot;, sans-serif&quot;}\">Navajas<\/span><\/h1>\n<p>[\/et_pb_text][et_pb_image src=\u00bbhttps:\/\/www.facsa.com\/municipios\/wp-content\/uploads\/2023\/07\/Icono-PDF-pdf.png\u00bb title_text=\u00bbIcono PDF-pdf\u00bb align=\u00bbcenter\u00bb _builder_version=\u00bb4.16&#8243; _module_preset=\u00bbdefault\u00bb width=\u00bb9%\u00bb max_width=\u00bb2%\u00bb custom_margin=\u00bb||25px||false|false\u00bb global_colors_info=\u00bb{}\u00bb][\/et_pb_image][et_pb_text _builder_version=\u00bb4.16&#8243; _module_preset=\u00bbdefault\u00bb locked=\u00bboff\u00bb global_colors_info=\u00bb{}\u00bb]<\/p>\n<p style=\"text-align: center;\"><span style=\"color: #333300;\"><strong><span style=\"color: #00ccff;\"><a href=\"https:\/\/www.facsa.com\/municipios\/wp-content\/uploads\/2024\/06\/Red-de-Navajas.pdf\" target=\"_blank\" rel=\"noopener\" style=\"color: #00ccff;\" onmouseover=\"this.style.color='#00ccff';\" onmouseout=\"this.style.color='#00ccff';\">Anal\u00edtica<\/a> <\/span><span style=\"color: #999999;\"><span data-sheets-root=\"1\" data-sheets-value=\"{&quot;1&quot;:2,&quot;2&quot;:&quot;Red Bej\u00eds 5 - Masia las Ventas&quot;}\" data-sheets-userformat=\"{&quot;2&quot;:4266,&quot;4&quot;:{&quot;1&quot;:2,&quot;2&quot;:15921906},&quot;6&quot;:{&quot;1&quot;:[{&quot;1&quot;:2,&quot;2&quot;:0,&quot;5&quot;:{&quot;1&quot;:2,&quot;2&quot;:0}},{&quot;1&quot;:0,&quot;2&quot;:0,&quot;3&quot;:3},{&quot;1&quot;:1,&quot;2&quot;:0,&quot;4&quot;:1}]},&quot;8&quot;:{&quot;1&quot;:[{&quot;1&quot;:2,&quot;2&quot;:0,&quot;5&quot;:{&quot;1&quot;:2,&quot;2&quot;:0}},{&quot;1&quot;:0,&quot;2&quot;:0,&quot;3&quot;:3},{&quot;1&quot;:1,&quot;2&quot;:0,&quot;4&quot;:1}]},&quot;10&quot;:2,&quot;15&quot;:&quot;\\&quot;Calibri Light\\&quot;&quot;}\">Red de Navajas <\/span><\/span><span style=\"color: #999999;\"><span style=\"color: #00ccff;\"><a href=\"https:\/\/www.facsa.com\/municipios\/wp-content\/uploads\/2024\/06\/VA-Info_Red-de-Navajas.pdf\" target=\"_blank\" rel=\"noopener\" style=\"color: #00ccff;\" onmouseover=\"this.style.color='#00ccff';\" onmouseout=\"this.style.color='#00ccff';\">Informaci\u00f3n red<\/a><\/span><\/span><\/strong><\/span><\/p>\n<p>[\/et_pb_text][\/et_pb_column][\/et_pb_row][\/et_pb_section][et_pb_section fb_built=\u00bb1&#8243; module_id=\u00bbnules\u00bb _builder_version=\u00bb4.16&#8243; _module_preset=\u00bbdefault\u00bb global_colors_info=\u00bb{}\u00bb][et_pb_row _builder_version=\u00bb4.16&#8243; _module_preset=\u00bbdefault\u00bb global_colors_info=\u00bb{}\u00bb][et_pb_column type=\u00bb4_4&#8243; _builder_version=\u00bb4.16&#8243; _module_preset=\u00bbdefault\u00bb global_colors_info=\u00bb{}\u00bb][et_pb_text module_id=\u00bbaresdelmaestrat\u00bb _builder_version=\u00bb4.16&#8243; _module_preset=\u00bbdefault\u00bb text_font_size=\u00bb15px\u00bb header_font_size=\u00bb34px\u00bb custom_margin=\u00bb||21px||false|false\u00bb global_colors_info=\u00bb{}\u00bb]<\/p>\n<h1 style=\"text-align: center;\"><span data-sheets-value=\"{&quot;1&quot;:2,&quot;2&quot;:&quot;Nules&quot;}\" data-sheets-userformat=\"{&quot;2&quot;:6779,&quot;3&quot;:{&quot;1&quot;:0},&quot;4&quot;:{&quot;1&quot;:2,&quot;2&quot;:15921906},&quot;6&quot;:{&quot;1&quot;:[{&quot;1&quot;:2,&quot;2&quot;:0,&quot;5&quot;:{&quot;1&quot;:2,&quot;2&quot;:0}},{&quot;1&quot;:0,&quot;2&quot;:0,&quot;3&quot;:3},{&quot;1&quot;:1,&quot;2&quot;:0,&quot;4&quot;:1}]},&quot;7&quot;:{&quot;1&quot;:[{&quot;1&quot;:2,&quot;2&quot;:0,&quot;5&quot;:{&quot;1&quot;:2,&quot;2&quot;:0}},{&quot;1&quot;:0,&quot;2&quot;:0,&quot;3&quot;:3},{&quot;1&quot;:1,&quot;2&quot;:0,&quot;4&quot;:1}]},&quot;8&quot;:{&quot;1&quot;:[{&quot;1&quot;:2,&quot;2&quot;:0,&quot;5&quot;:{&quot;1&quot;:2,&quot;2&quot;:0}},{&quot;1&quot;:0,&quot;2&quot;:0,&quot;3&quot;:3},{&quot;1&quot;:1,&quot;2&quot;:0,&quot;4&quot;:1}]},&quot;9&quot;:2,&quot;12&quot;:0,&quot;14&quot;:{&quot;1&quot;:2,&quot;2&quot;:0},&quot;15&quot;:&quot;\\&quot;Calibri Light\\&quot;, sans-serif&quot;}\">Nules<\/span><\/h1>\n<p>[\/et_pb_text][et_pb_image src=\u00bbhttps:\/\/www.facsa.com\/municipios\/wp-content\/uploads\/2023\/07\/Icono-PDF-pdf.png\u00bb title_text=\u00bbIcono PDF-pdf\u00bb align=\u00bbcenter\u00bb _builder_version=\u00bb4.16&#8243; _module_preset=\u00bbdefault\u00bb width=\u00bb9%\u00bb max_width=\u00bb2%\u00bb custom_margin=\u00bb||25px||false|false\u00bb global_colors_info=\u00bb{}\u00bb][\/et_pb_image][et_pb_text _builder_version=\u00bb4.16&#8243; _module_preset=\u00bbdefault\u00bb custom_padding=\u00bb0px|||||\u00bb locked=\u00bboff\u00bb global_colors_info=\u00bb{}\u00bb]<\/p>\n<p style=\"text-align: center;\"><span style=\"color: #00ccff;\"><strong><a href=\"https:\/\/www.facsa.com\/municipios\/wp-content\/uploads\/2024\/06\/Red-Nules-Nucleo-Urbano.pdf\" target=\"_blank\" rel=\"noopener\" style=\"color: #00ccff;\" onmouseover=\"this.style.color='#00ccff';\" onmouseout=\"this.style.color='#00ccff';\">Anal\u00edtica<\/a> <\/strong><\/span><strong>\u00a0<span style=\"color: #999999;\"><span data-sheets-root=\"1\" data-sheets-value=\"{&quot;1&quot;:2,&quot;2&quot;:&quot;Red Bej\u00eds&quot;}\" data-sheets-userformat=\"{&quot;2&quot;:4266,&quot;4&quot;:{&quot;1&quot;:2,&quot;2&quot;:15921906},&quot;6&quot;:{&quot;1&quot;:[{&quot;1&quot;:2,&quot;2&quot;:0,&quot;5&quot;:{&quot;1&quot;:2,&quot;2&quot;:0}},{&quot;1&quot;:0,&quot;2&quot;:0,&quot;3&quot;:3},{&quot;1&quot;:1,&quot;2&quot;:0,&quot;4&quot;:1}]},&quot;8&quot;:{&quot;1&quot;:[{&quot;1&quot;:2,&quot;2&quot;:0,&quot;5&quot;:{&quot;1&quot;:2,&quot;2&quot;:0}},{&quot;1&quot;:0,&quot;2&quot;:0,&quot;3&quot;:3},{&quot;1&quot;:1,&quot;2&quot;:0,&quot;4&quot;:1}]},&quot;10&quot;:2,&quot;15&quot;:&quot;\\&quot;Calibri Light\\&quot;&quot;}\">Red Nules &#8211; N\u00facleo Urbano<\/span>\u00a0<span style=\"color: #00ccff;\"><a href=\"https:\/\/www.facsa.com\/municipios\/wp-content\/uploads\/2024\/06\/VA-Info_Red-Nules-Nucleo-Urbano.pdf\" target=\"_blank\" rel=\"noopener\" style=\"color: #00ccff;\" onmouseover=\"this.style.color='#00ccff';\" onmouseout=\"this.style.color='#00ccff';\">Informaci\u00f3n red<\/a><\/span><\/span><\/strong><span style=\"color: #333300;\"><strong><a href=\"https:\/\/www.facsa.com\/municipios\/wp-content\/uploads\/2023\/07\/Red-Alameda-de-la-Sagra-N\u00facleo-Urbano-1.pdf\" target=\"_blank\" rel=\"noopener\" style=\"color: #969696;\" onmouseover=\"this.style.color='#00ccff';\" onmouseout=\"this.style.color='#969696';\"><br \/><\/a><\/strong><\/span><span style=\"color: #333300;\"><\/span><strong><span style=\"color: #999999;\"><span style=\"color: #00ccff;\"><\/span><\/span><\/strong><\/p>\n<p style=\"text-align: center;\"><span style=\"color: #00ccff;\"><strong><a href=\"https:\/\/www.facsa.com\/municipios\/wp-content\/uploads\/2024\/06\/Red-Nules-3-Pol\u00edgono-Industrial.pdf\" target=\"_blank\" rel=\"noopener\" style=\"color: #00ccff;\" onmouseover=\"this.style.color='#00ccff';\" onmouseout=\"this.style.color='#00ccff';\">Anal\u00edtica<\/a> <\/strong><\/span><strong><span style=\"color: #999999;\"><span data-sheets-root=\"1\" data-sheets-value=\"{&quot;1&quot;:2,&quot;2&quot;:&quot;Red Bej\u00eds 2 - Arteas de Abajo&quot;}\" data-sheets-userformat=\"{&quot;2&quot;:4266,&quot;4&quot;:{&quot;1&quot;:2,&quot;2&quot;:15921906},&quot;6&quot;:{&quot;1&quot;:[{&quot;1&quot;:2,&quot;2&quot;:0,&quot;5&quot;:{&quot;1&quot;:2,&quot;2&quot;:0}},{&quot;1&quot;:0,&quot;2&quot;:0,&quot;3&quot;:3},{&quot;1&quot;:1,&quot;2&quot;:0,&quot;4&quot;:1}]},&quot;8&quot;:{&quot;1&quot;:[{&quot;1&quot;:2,&quot;2&quot;:0,&quot;5&quot;:{&quot;1&quot;:2,&quot;2&quot;:0}},{&quot;1&quot;:0,&quot;2&quot;:0,&quot;3&quot;:3},{&quot;1&quot;:1,&quot;2&quot;:0,&quot;4&quot;:1}]},&quot;10&quot;:2,&quot;15&quot;:&quot;\\&quot;Calibri Light\\&quot;&quot;}\">Red Onda &#8211; Zona Industrial<\/span><\/span><span style=\"color: #999999;\">\u00a0<span style=\"color: #00ccff;\"><a href=\"https:\/\/www.facsa.com\/municipios\/wp-content\/uploads\/2024\/06\/VA-Info_Red-Nules-3-Pol\u00edgono-Industrial.pdf\" target=\"_blank\" rel=\"noopener\" style=\"color: #00ccff;\" onmouseover=\"this.style.color='#00ccff';\" onmouseout=\"this.style.color='#00ccff';\">Informaci\u00f3n red<\/a><\/span><\/span><\/strong><span style=\"color: #333300;\"><strong><a href=\"https:\/\/www.facsa.com\/municipios\/wp-content\/uploads\/2023\/07\/Red-Alameda-de-la-Sagra-N\u00facleo-Urbano-1.pdf\" target=\"_blank\" rel=\"noopener\" style=\"color: #969696;\" onmouseover=\"this.style.color='#00ccff';\" onmouseout=\"this.style.color='#969696';\"><\/a><\/strong><\/span><span style=\"color: #333300;\"><\/span><strong><span style=\"color: #999999;\"><span style=\"color: #00ccff;\"><\/span><\/span><\/strong><\/p>\n<p style=\"text-align: center;\"><strong><span style=\"color: #999999;\"><span style=\"color: #00ccff;\"><\/span><\/span><\/strong><\/p>\n<p style=\"text-align: center;\"><strong><span style=\"color: #999999;\"><span style=\"color: #00ccff;\"><\/span><\/span><\/strong><\/p>\n<p>[\/et_pb_text][\/et_pb_column][\/et_pb_row][\/et_pb_section][et_pb_section fb_built=\u00bb1&#8243; module_id=\u00bbonda\u00bb _builder_version=\u00bb4.16&#8243; _module_preset=\u00bbdefault\u00bb global_colors_info=\u00bb{}\u00bb][et_pb_row _builder_version=\u00bb4.16&#8243; _module_preset=\u00bbdefault\u00bb global_colors_info=\u00bb{}\u00bb][et_pb_column type=\u00bb4_4&#8243; _builder_version=\u00bb4.16&#8243; _module_preset=\u00bbdefault\u00bb global_colors_info=\u00bb{}\u00bb][et_pb_text module_id=\u00bbaresdelmaestrat\u00bb _builder_version=\u00bb4.16&#8243; _module_preset=\u00bbdefault\u00bb text_font_size=\u00bb15px\u00bb header_font_size=\u00bb34px\u00bb custom_margin=\u00bb||21px||false|false\u00bb global_colors_info=\u00bb{}\u00bb]<\/p>\n<h1 style=\"text-align: center;\"><span data-sheets-value=\"{&quot;1&quot;:2,&quot;2&quot;:&quot;Nules&quot;}\" data-sheets-userformat=\"{&quot;2&quot;:6779,&quot;3&quot;:{&quot;1&quot;:0},&quot;4&quot;:{&quot;1&quot;:2,&quot;2&quot;:15921906},&quot;6&quot;:{&quot;1&quot;:[{&quot;1&quot;:2,&quot;2&quot;:0,&quot;5&quot;:{&quot;1&quot;:2,&quot;2&quot;:0}},{&quot;1&quot;:0,&quot;2&quot;:0,&quot;3&quot;:3},{&quot;1&quot;:1,&quot;2&quot;:0,&quot;4&quot;:1}]},&quot;7&quot;:{&quot;1&quot;:[{&quot;1&quot;:2,&quot;2&quot;:0,&quot;5&quot;:{&quot;1&quot;:2,&quot;2&quot;:0}},{&quot;1&quot;:0,&quot;2&quot;:0,&quot;3&quot;:3},{&quot;1&quot;:1,&quot;2&quot;:0,&quot;4&quot;:1}]},&quot;8&quot;:{&quot;1&quot;:[{&quot;1&quot;:2,&quot;2&quot;:0,&quot;5&quot;:{&quot;1&quot;:2,&quot;2&quot;:0}},{&quot;1&quot;:0,&quot;2&quot;:0,&quot;3&quot;:3},{&quot;1&quot;:1,&quot;2&quot;:0,&quot;4&quot;:1}]},&quot;9&quot;:2,&quot;12&quot;:0,&quot;14&quot;:{&quot;1&quot;:2,&quot;2&quot;:0},&quot;15&quot;:&quot;\\&quot;Calibri Light\\&quot;, sans-serif&quot;}\">Onda<\/span><\/h1>\n<p>[\/et_pb_text][et_pb_image src=\u00bbhttps:\/\/www.facsa.com\/municipios\/wp-content\/uploads\/2023\/07\/Icono-PDF-pdf.png\u00bb title_text=\u00bbIcono PDF-pdf\u00bb align=\u00bbcenter\u00bb _builder_version=\u00bb4.16&#8243; _module_preset=\u00bbdefault\u00bb width=\u00bb9%\u00bb max_width=\u00bb2%\u00bb custom_margin=\u00bb||25px||false|false\u00bb global_colors_info=\u00bb{}\u00bb][\/et_pb_image][et_pb_text _builder_version=\u00bb4.16&#8243; _module_preset=\u00bbdefault\u00bb custom_padding=\u00bb0px|||||\u00bb locked=\u00bboff\u00bb global_colors_info=\u00bb{}\u00bb]<\/p>\n<p style=\"text-align: center;\"><span style=\"color: #00ccff;\"><strong><a href=\"https:\/\/www.facsa.com\/municipios\/wp-content\/uploads\/2024\/06\/Red-Onda-General.pdf\" target=\"_blank\" rel=\"noopener\" style=\"color: #00ccff;\" onmouseover=\"this.style.color='#00ccff';\" onmouseout=\"this.style.color='#00ccff';\">Anal\u00edtica<\/a> <\/strong><\/span><strong>\u00a0<span style=\"color: #999999;\"><span data-sheets-root=\"1\" data-sheets-value=\"{&quot;1&quot;:2,&quot;2&quot;:&quot;Red Bej\u00eds&quot;}\" data-sheets-userformat=\"{&quot;2&quot;:4266,&quot;4&quot;:{&quot;1&quot;:2,&quot;2&quot;:15921906},&quot;6&quot;:{&quot;1&quot;:[{&quot;1&quot;:2,&quot;2&quot;:0,&quot;5&quot;:{&quot;1&quot;:2,&quot;2&quot;:0}},{&quot;1&quot;:0,&quot;2&quot;:0,&quot;3&quot;:3},{&quot;1&quot;:1,&quot;2&quot;:0,&quot;4&quot;:1}]},&quot;8&quot;:{&quot;1&quot;:[{&quot;1&quot;:2,&quot;2&quot;:0,&quot;5&quot;:{&quot;1&quot;:2,&quot;2&quot;:0}},{&quot;1&quot;:0,&quot;2&quot;:0,&quot;3&quot;:3},{&quot;1&quot;:1,&quot;2&quot;:0,&quot;4&quot;:1}]},&quot;10&quot;:2,&quot;15&quot;:&quot;\\&quot;Calibri Light\\&quot;&quot;}\">Red Onda &#8211; General<\/span>\u00a0<span style=\"color: #00ccff;\"><a href=\"https:\/\/www.facsa.com\/municipios\/wp-content\/uploads\/2024\/06\/VA-Info-Red-Onda-General.pdf\" target=\"_blank\" rel=\"noopener\" style=\"color: #00ccff;\" onmouseover=\"this.style.color='#00ccff';\" onmouseout=\"this.style.color='#00ccff';\">Informaci\u00f3n red<\/a><\/span><\/span><\/strong><span style=\"color: #333300;\"><strong><a href=\"https:\/\/www.facsa.com\/municipios\/wp-content\/uploads\/2023\/07\/Red-Alameda-de-la-Sagra-N\u00facleo-Urbano-1.pdf\" target=\"_blank\" rel=\"noopener\" style=\"color: #969696;\" onmouseover=\"this.style.color='#00ccff';\" onmouseout=\"this.style.color='#969696';\"><br \/><\/a><\/strong><\/span><span style=\"color: #333300;\"><\/span><strong><span style=\"color: #999999;\"><span style=\"color: #00ccff;\"><\/span><\/span><\/strong><\/p>\n<p style=\"text-align: center;\"><span style=\"color: #00ccff;\"><strong><a href=\"https:\/\/www.facsa.com\/municipios\/wp-content\/uploads\/2024\/06\/Red-Onda-Artesa.pdf\" target=\"_blank\" rel=\"noopener\" style=\"color: #00ccff;\" onmouseover=\"this.style.color='#00ccff';\" onmouseout=\"this.style.color='#00ccff';\">Anal\u00edtica<\/a> <\/strong><\/span><strong><span style=\"color: #999999;\"><span data-sheets-root=\"1\" data-sheets-value=\"{&quot;1&quot;:2,&quot;2&quot;:&quot;Red Bej\u00eds 2 - Arteas de Abajo&quot;}\" data-sheets-userformat=\"{&quot;2&quot;:4266,&quot;4&quot;:{&quot;1&quot;:2,&quot;2&quot;:15921906},&quot;6&quot;:{&quot;1&quot;:[{&quot;1&quot;:2,&quot;2&quot;:0,&quot;5&quot;:{&quot;1&quot;:2,&quot;2&quot;:0}},{&quot;1&quot;:0,&quot;2&quot;:0,&quot;3&quot;:3},{&quot;1&quot;:1,&quot;2&quot;:0,&quot;4&quot;:1}]},&quot;8&quot;:{&quot;1&quot;:[{&quot;1&quot;:2,&quot;2&quot;:0,&quot;5&quot;:{&quot;1&quot;:2,&quot;2&quot;:0}},{&quot;1&quot;:0,&quot;2&quot;:0,&quot;3&quot;:3},{&quot;1&quot;:1,&quot;2&quot;:0,&quot;4&quot;:1}]},&quot;10&quot;:2,&quot;15&quot;:&quot;\\&quot;Calibri Light\\&quot;&quot;}\">Red Onda &#8211; Artesa<\/span><\/span><span style=\"color: #999999;\">\u00a0<span style=\"color: #00ccff;\"><a href=\"https:\/\/www.facsa.com\/municipios\/wp-content\/uploads\/2024\/06\/VA-Info-Red-Onda-Artesa.pdf\" target=\"_blank\" rel=\"noopener\" style=\"color: #00ccff;\" onmouseover=\"this.style.color='#00ccff';\" onmouseout=\"this.style.color='#00ccff';\">Informaci\u00f3n red<\/a><\/span><\/span><\/strong><span style=\"color: #333300;\"><strong><a href=\"https:\/\/www.facsa.com\/municipios\/wp-content\/uploads\/2023\/07\/Red-Alameda-de-la-Sagra-N\u00facleo-Urbano-1.pdf\" target=\"_blank\" rel=\"noopener\" style=\"color: #969696;\" onmouseover=\"this.style.color='#00ccff';\" onmouseout=\"this.style.color='#969696';\"><br \/><\/a><\/strong><\/span><span style=\"color: #333300;\"><\/span><strong><span style=\"color: #999999;\"><span style=\"color: #00ccff;\"><\/span><\/span><\/strong><\/p>\n<p style=\"text-align: center;\"><span style=\"color: #00ccff;\"><strong><a href=\"https:\/\/www.facsa.com\/municipios\/wp-content\/uploads\/2024\/06\/Red-Onda-Zona-Industrial.pdf\" target=\"_blank\" rel=\"noopener\" style=\"color: #00ccff;\" onmouseover=\"this.style.color='#00ccff';\" onmouseout=\"this.style.color='#00ccff';\">Anal\u00edtica<\/a> <\/strong><\/span><strong>\u00a0<span style=\"color: #999999;\"><span data-sheets-root=\"1\" data-sheets-value=\"{&quot;1&quot;:2,&quot;2&quot;:&quot;Red Bej\u00eds 3 - Arteas de Arriba&quot;}\" data-sheets-userformat=\"{&quot;2&quot;:4266,&quot;4&quot;:{&quot;1&quot;:2,&quot;2&quot;:15921906},&quot;6&quot;:{&quot;1&quot;:[{&quot;1&quot;:2,&quot;2&quot;:0,&quot;5&quot;:{&quot;1&quot;:2,&quot;2&quot;:0}},{&quot;1&quot;:0,&quot;2&quot;:0,&quot;3&quot;:3},{&quot;1&quot;:1,&quot;2&quot;:0,&quot;4&quot;:1}]},&quot;8&quot;:{&quot;1&quot;:[{&quot;1&quot;:2,&quot;2&quot;:0,&quot;5&quot;:{&quot;1&quot;:2,&quot;2&quot;:0}},{&quot;1&quot;:0,&quot;2&quot;:0,&quot;3&quot;:3},{&quot;1&quot;:1,&quot;2&quot;:0,&quot;4&quot;:1}]},&quot;10&quot;:2,&quot;15&quot;:&quot;\\&quot;Calibri Light\\&quot;&quot;}\">Red Onda &#8211; Zona Industrial<\/span>\u00a0\u00a0<span style=\"color: #00ccff;\"><a href=\"https:\/\/www.facsa.com\/municipios\/wp-content\/uploads\/2024\/06\/VA-Info-Red-Onda-Zona-Industrial.pdf\" target=\"_blank\" rel=\"noopener\" style=\"color: #00ccff;\" onmouseover=\"this.style.color='#00ccff';\" onmouseout=\"this.style.color='#00ccff';\">Informaci\u00f3n red<\/a><\/span><\/span><\/strong><span style=\"color: #333300;\"><strong><a href=\"https:\/\/www.facsa.com\/municipios\/wp-content\/uploads\/2023\/07\/Red-Alameda-de-la-Sagra-N\u00facleo-Urbano-1.pdf\" target=\"_blank\" rel=\"noopener\" style=\"color: #969696;\" onmouseover=\"this.style.color='#00ccff';\" onmouseout=\"this.style.color='#969696';\"><br \/><\/a><\/strong><\/span><span style=\"color: #333300;\"><\/span><strong><span style=\"color: #999999;\"><span style=\"color: #00ccff;\"><\/span><\/span><\/strong><\/p>\n<p style=\"text-align: center;\"><span style=\"color: #00ccff;\"><strong><a href=\"https:\/\/www.facsa.com\/municipios\/wp-content\/uploads\/2024\/06\/Red-Onda-Poligono-Industrial-Sur-13.pdf\" target=\"_blank\" rel=\"noopener\" style=\"color: #00ccff;\" onmouseover=\"this.style.color='#00ccff';\" onmouseout=\"this.style.color='#00ccff';\">Anal\u00edtica<\/a> <\/strong><\/span><strong><span style=\"color: #999999;\"><span data-sheets-root=\"1\" data-sheets-value=\"{&quot;1&quot;:2,&quot;2&quot;:&quot;Red Bej\u00eds 4 - Masia de los Perez&quot;}\" data-sheets-userformat=\"{&quot;2&quot;:4266,&quot;4&quot;:{&quot;1&quot;:2,&quot;2&quot;:15921906},&quot;6&quot;:{&quot;1&quot;:[{&quot;1&quot;:2,&quot;2&quot;:0,&quot;5&quot;:{&quot;1&quot;:2,&quot;2&quot;:0}},{&quot;1&quot;:0,&quot;2&quot;:0,&quot;3&quot;:3},{&quot;1&quot;:1,&quot;2&quot;:0,&quot;4&quot;:1}]},&quot;8&quot;:{&quot;1&quot;:[{&quot;1&quot;:2,&quot;2&quot;:0,&quot;5&quot;:{&quot;1&quot;:2,&quot;2&quot;:0}},{&quot;1&quot;:0,&quot;2&quot;:0,&quot;3&quot;:3},{&quot;1&quot;:1,&quot;2&quot;:0,&quot;4&quot;:1}]},&quot;10&quot;:2,&quot;15&quot;:&quot;\\&quot;Calibri Light\\&quot;&quot;}\">Red Onda &#8211; Pol\u00edgono Industrial Sur 13<\/span><\/span><span style=\"color: #999999;\">\u00a0<span style=\"color: #00ccff;\"><a href=\"https:\/\/www.facsa.com\/municipios\/wp-content\/uploads\/2024\/06\/VA-Info-Red-Onda-Pol\u00edgono-Industrial-Sur-13.pdf\" target=\"_blank\" rel=\"noopener\" style=\"color: #00ccff;\" onmouseover=\"this.style.color='#00ccff';\" onmouseout=\"this.style.color='#00ccff';\">Informaci\u00f3n red<\/a><\/span><\/span><\/strong><span style=\"color: #333300;\"><strong><a href=\"https:\/\/www.facsa.com\/municipios\/wp-content\/uploads\/2023\/07\/Red-Alameda-de-la-Sagra-N\u00facleo-Urbano-1.pdf\" target=\"_blank\" rel=\"noopener\" style=\"color: #969696;\" onmouseover=\"this.style.color='#00ccff';\" onmouseout=\"this.style.color='#969696';\"><\/a><\/strong><\/span><span style=\"color: #333300;\"><strong><a href=\"https:\/\/www.facsa.com\/municipios\/wp-content\/uploads\/2023\/07\/Red-Alameda-de-la-Sagra-N\u00facleo-Urbano-1.pdf\" target=\"_blank\" rel=\"noopener\" style=\"color: #969696;\" onmouseover=\"this.style.color='#00ccff';\" onmouseout=\"this.style.color='#969696';\"><\/a><\/strong><\/span><span style=\"color: #333300;\"><\/span><strong><span style=\"color: #999999;\"><span style=\"color: #00ccff;\"><\/span><\/span><\/strong><strong><span style=\"color: #999999;\"><\/span><\/strong><span style=\"color: #333300;\"><\/span><\/p>\n<p style=\"text-align: center;\"><strong><span style=\"color: #999999;\"><span style=\"color: #00ccff;\"><\/span><\/span><\/strong><\/p>\n<p style=\"text-align: center;\"><strong><span style=\"color: #999999;\"><span style=\"color: #00ccff;\"><\/span><\/span><\/strong><\/p>\n<p>[\/et_pb_text][\/et_pb_column][\/et_pb_row][\/et_pb_section][et_pb_section fb_built=\u00bb1&#8243; module_id=\u00bboropesadelmarorpesa\u00bb _builder_version=\u00bb4.16&#8243; _module_preset=\u00bbdefault\u00bb global_colors_info=\u00bb{}\u00bb][et_pb_row _builder_version=\u00bb4.16&#8243; _module_preset=\u00bbdefault\u00bb global_colors_info=\u00bb{}\u00bb][et_pb_column type=\u00bb4_4&#8243; _builder_version=\u00bb4.16&#8243; _module_preset=\u00bbdefault\u00bb global_colors_info=\u00bb{}\u00bb][et_pb_text module_id=\u00bbaresdelmaestrat\u00bb _builder_version=\u00bb4.16&#8243; _module_preset=\u00bbdefault\u00bb text_font_size=\u00bb15px\u00bb header_font_size=\u00bb34px\u00bb custom_margin=\u00bb||21px||false|false\u00bb global_colors_info=\u00bb{}\u00bb]<\/p>\n<h1 style=\"text-align: center;\"><span data-sheets-value=\"{&quot;1&quot;:2,&quot;2&quot;:&quot;Oropesa del Mar\/Orpesa&quot;}\" data-sheets-userformat=\"{&quot;2&quot;:6779,&quot;3&quot;:{&quot;1&quot;:0},&quot;4&quot;:{&quot;1&quot;:2,&quot;2&quot;:15921906},&quot;6&quot;:{&quot;1&quot;:[{&quot;1&quot;:2,&quot;2&quot;:0,&quot;5&quot;:{&quot;1&quot;:2,&quot;2&quot;:0}},{&quot;1&quot;:0,&quot;2&quot;:0,&quot;3&quot;:3},{&quot;1&quot;:1,&quot;2&quot;:0,&quot;4&quot;:1}]},&quot;7&quot;:{&quot;1&quot;:[{&quot;1&quot;:2,&quot;2&quot;:0,&quot;5&quot;:{&quot;1&quot;:2,&quot;2&quot;:0}},{&quot;1&quot;:0,&quot;2&quot;:0,&quot;3&quot;:3},{&quot;1&quot;:1,&quot;2&quot;:0,&quot;4&quot;:1}]},&quot;8&quot;:{&quot;1&quot;:[{&quot;1&quot;:2,&quot;2&quot;:0,&quot;5&quot;:{&quot;1&quot;:2,&quot;2&quot;:0}},{&quot;1&quot;:0,&quot;2&quot;:0,&quot;3&quot;:3},{&quot;1&quot;:1,&quot;2&quot;:0,&quot;4&quot;:1}]},&quot;9&quot;:2,&quot;12&quot;:0,&quot;14&quot;:{&quot;1&quot;:2,&quot;2&quot;:0},&quot;15&quot;:&quot;\\&quot;Calibri Light\\&quot;, sans-serif&quot;}\">Oropesa del Mar\/Orpesa<\/span><\/h1>\n<p>[\/et_pb_text][et_pb_image src=\u00bbhttps:\/\/www.facsa.com\/municipios\/wp-content\/uploads\/2023\/07\/Icono-PDF-pdf.png\u00bb title_text=\u00bbIcono PDF-pdf\u00bb align=\u00bbcenter\u00bb _builder_version=\u00bb4.16&#8243; _module_preset=\u00bbdefault\u00bb width=\u00bb9%\u00bb max_width=\u00bb2%\u00bb custom_margin=\u00bb||25px||false|false\u00bb global_colors_info=\u00bb{}\u00bb][\/et_pb_image][et_pb_text _builder_version=\u00bb4.16&#8243; _module_preset=\u00bbdefault\u00bb custom_padding=\u00bb0px|||||\u00bb locked=\u00bboff\u00bb global_colors_info=\u00bb{}\u00bb]<\/p>\n<p style=\"text-align: center;\"><span style=\"color: #00ccff;\"><strong><a href=\"https:\/\/www.facsa.com\/municipios\/wp-content\/uploads\/2024\/06\/Red-Amplaries-Orpesa.pdf\" target=\"_blank\" rel=\"noopener\" style=\"color: #00ccff;\" onmouseover=\"this.style.color='#00ccff';\" onmouseout=\"this.style.color='#00ccff';\">Anal\u00edtica<\/a> <\/strong><\/span><strong>\u00a0<span style=\"color: #999999;\"><span data-sheets-root=\"1\" data-sheets-value=\"{&quot;1&quot;:2,&quot;2&quot;:&quot;Red Bej\u00eds&quot;}\" data-sheets-userformat=\"{&quot;2&quot;:4266,&quot;4&quot;:{&quot;1&quot;:2,&quot;2&quot;:15921906},&quot;6&quot;:{&quot;1&quot;:[{&quot;1&quot;:2,&quot;2&quot;:0,&quot;5&quot;:{&quot;1&quot;:2,&quot;2&quot;:0}},{&quot;1&quot;:0,&quot;2&quot;:0,&quot;3&quot;:3},{&quot;1&quot;:1,&quot;2&quot;:0,&quot;4&quot;:1}]},&quot;8&quot;:{&quot;1&quot;:[{&quot;1&quot;:2,&quot;2&quot;:0,&quot;5&quot;:{&quot;1&quot;:2,&quot;2&quot;:0}},{&quot;1&quot;:0,&quot;2&quot;:0,&quot;3&quot;:3},{&quot;1&quot;:1,&quot;2&quot;:0,&quot;4&quot;:1}]},&quot;10&quot;:2,&quot;15&quot;:&quot;\\&quot;Calibri Light\\&quot;&quot;}\">Red Amplaries &#8211; Orpesa<\/span>\u00a0<span style=\"color: #00ccff;\"><a href=\"https:\/\/www.facsa.com\/municipios\/wp-content\/uploads\/2024\/06\/VA-Info-Red-Oropesa-Amplaries.pdf\" target=\"_blank\" rel=\"noopener\" style=\"color: #00ccff;\" onmouseover=\"this.style.color='#00ccff';\" onmouseout=\"this.style.color='#00ccff';\">Informaci\u00f3n red<\/a><\/span><\/span><\/strong><span style=\"color: #333300;\"><strong><a href=\"https:\/\/www.facsa.com\/municipios\/wp-content\/uploads\/2023\/07\/Red-Alameda-de-la-Sagra-N\u00facleo-Urbano-1.pdf\" target=\"_blank\" rel=\"noopener\" style=\"color: #969696;\" onmouseover=\"this.style.color='#00ccff';\" onmouseout=\"this.style.color='#969696';\"><br \/><\/a><\/strong><\/span><span style=\"color: #333300;\"><\/span><strong><span style=\"color: #999999;\"><span style=\"color: #00ccff;\"><\/span><\/span><\/strong><\/p>\n<p style=\"text-align: center;\"><span style=\"color: #00ccff;\"><strong><a href=\"https:\/\/www.facsa.comhttps:\/\/www.facsa.com\/municipios\/wp-content\/uploads\/2024\/06\/Red-Oropesa-1-Casco-Urbano-y-Playa.pdf\" target=\"_blank\" rel=\"noopener\" style=\"color: #00ccff;\" onmouseover=\"this.style.color='#00ccff';\" onmouseout=\"this.style.color='#00ccff';\">Anal\u00edtica<\/a> <\/strong><\/span><strong><span style=\"color: #999999;\"><span data-sheets-root=\"1\" data-sheets-value=\"{&quot;1&quot;:2,&quot;2&quot;:&quot;Red Bej\u00eds 2 - Arteas de Abajo&quot;}\" data-sheets-userformat=\"{&quot;2&quot;:4266,&quot;4&quot;:{&quot;1&quot;:2,&quot;2&quot;:15921906},&quot;6&quot;:{&quot;1&quot;:[{&quot;1&quot;:2,&quot;2&quot;:0,&quot;5&quot;:{&quot;1&quot;:2,&quot;2&quot;:0}},{&quot;1&quot;:0,&quot;2&quot;:0,&quot;3&quot;:3},{&quot;1&quot;:1,&quot;2&quot;:0,&quot;4&quot;:1}]},&quot;8&quot;:{&quot;1&quot;:[{&quot;1&quot;:2,&quot;2&quot;:0,&quot;5&quot;:{&quot;1&quot;:2,&quot;2&quot;:0}},{&quot;1&quot;:0,&quot;2&quot;:0,&quot;3&quot;:3},{&quot;1&quot;:1,&quot;2&quot;:0,&quot;4&quot;:1}]},&quot;10&quot;:2,&quot;15&quot;:&quot;\\&quot;Calibri Light\\&quot;&quot;}\">Red Oropesa 1-Casco Urbano y Playa<\/span><\/span><span style=\"color: #999999;\">\u00a0<span style=\"color: #00ccff;\"><a href=\"https:\/\/www.facsa.com\/municipios\/wp-content\/uploads\/2024\/06\/VA-Info-Red-Oropesa-Casco-Urbano-y-Playa.pdf\" target=\"_blank\" rel=\"noopener\" style=\"color: #00ccff;\" onmouseover=\"this.style.color='#00ccff';\" onmouseout=\"this.style.color='#00ccff';\">Informaci\u00f3n red<\/a><\/span><\/span><\/strong><span style=\"color: #333300;\"><strong><a href=\"https:\/\/www.facsa.com\/municipios\/wp-content\/uploads\/2023\/07\/Red-Alameda-de-la-Sagra-N\u00facleo-Urbano-1.pdf\" target=\"_blank\" rel=\"noopener\" style=\"color: #969696;\" onmouseover=\"this.style.color='#00ccff';\" onmouseout=\"this.style.color='#969696';\"><\/a><\/strong><\/span><span style=\"color: #333300;\"><\/span><strong><span style=\"color: #999999;\"><span style=\"color: #00ccff;\"><\/span><\/span><\/strong><\/p>\n<p style=\"text-align: center;\"><strong><span style=\"color: #999999;\"><span style=\"color: #00ccff;\"><\/span><\/span><\/strong><\/p>\n<p style=\"text-align: center;\"><strong><span style=\"color: #999999;\"><span style=\"color: #00ccff;\"><\/span><\/span><\/strong><\/p>\n<p>[\/et_pb_text][\/et_pb_column][\/et_pb_row][\/et_pb_section][et_pb_section fb_built=\u00bb1&#8243; module_id=\u00bbpeniscolapeniscola\u00bb _builder_version=\u00bb4.16&#8243; _module_preset=\u00bbdefault\u00bb global_colors_info=\u00bb{}\u00bb][et_pb_row _builder_version=\u00bb4.16&#8243; _module_preset=\u00bbdefault\u00bb global_colors_info=\u00bb{}\u00bb][et_pb_column type=\u00bb4_4&#8243; _builder_version=\u00bb4.16&#8243; _module_preset=\u00bbdefault\u00bb global_colors_info=\u00bb{}\u00bb][et_pb_text module_id=\u00bbaresdelmaestrat\u00bb _builder_version=\u00bb4.16&#8243; _module_preset=\u00bbdefault\u00bb text_font_size=\u00bb15px\u00bb header_font_size=\u00bb34px\u00bb custom_margin=\u00bb||21px||false|false\u00bb global_colors_info=\u00bb{}\u00bb]<\/p>\n<h1 style=\"text-align: center;\"><span data-sheets-value=\"{&quot;1&quot;:2,&quot;2&quot;:&quot;Pen\u00edscola\/Pe\u00f1\u00edscola&quot;}\" data-sheets-userformat=\"{&quot;2&quot;:6779,&quot;3&quot;:{&quot;1&quot;:0},&quot;4&quot;:{&quot;1&quot;:2,&quot;2&quot;:15921906},&quot;6&quot;:{&quot;1&quot;:[{&quot;1&quot;:2,&quot;2&quot;:0,&quot;5&quot;:{&quot;1&quot;:2,&quot;2&quot;:0}},{&quot;1&quot;:0,&quot;2&quot;:0,&quot;3&quot;:3},{&quot;1&quot;:1,&quot;2&quot;:0,&quot;4&quot;:1}]},&quot;7&quot;:{&quot;1&quot;:[{&quot;1&quot;:2,&quot;2&quot;:0,&quot;5&quot;:{&quot;1&quot;:2,&quot;2&quot;:0}},{&quot;1&quot;:0,&quot;2&quot;:0,&quot;3&quot;:3},{&quot;1&quot;:1,&quot;2&quot;:0,&quot;4&quot;:1}]},&quot;8&quot;:{&quot;1&quot;:[{&quot;1&quot;:2,&quot;2&quot;:0,&quot;5&quot;:{&quot;1&quot;:2,&quot;2&quot;:0}},{&quot;1&quot;:0,&quot;2&quot;:0,&quot;3&quot;:3},{&quot;1&quot;:1,&quot;2&quot;:0,&quot;4&quot;:1}]},&quot;9&quot;:2,&quot;12&quot;:0,&quot;14&quot;:{&quot;1&quot;:2,&quot;2&quot;:0},&quot;15&quot;:&quot;\\&quot;Calibri Light\\&quot;, sans-serif&quot;}\">Pen\u00edscola\/Pe\u00f1\u00edscola<\/span><\/h1>\n<p>[\/et_pb_text][et_pb_image src=\u00bbhttps:\/\/www.facsa.com\/municipios\/wp-content\/uploads\/2023\/07\/Icono-PDF-pdf.png\u00bb title_text=\u00bbIcono PDF-pdf\u00bb align=\u00bbcenter\u00bb _builder_version=\u00bb4.16&#8243; _module_preset=\u00bbdefault\u00bb width=\u00bb9%\u00bb max_width=\u00bb2%\u00bb custom_margin=\u00bb||25px||false|false\u00bb global_colors_info=\u00bb{}\u00bb][\/et_pb_image][et_pb_text _builder_version=\u00bb4.16&#8243; _module_preset=\u00bbdefault\u00bb custom_padding=\u00bb0px|||||\u00bb locked=\u00bboff\u00bb global_colors_info=\u00bb{}\u00bb]<\/p>\n<p style=\"text-align: center;\"><span style=\"color: #00ccff;\"><strong><a href=\"https:\/\/www.facsa.com\/municipios\/wp-content\/uploads\/2024\/06\/Red-Pe\u00f1\u00edscola.pdf\" target=\"_blank\" rel=\"noopener\" style=\"color: #00ccff;\" onmouseover=\"this.style.color='#00ccff';\" onmouseout=\"this.style.color='#00ccff';\">Anal\u00edtica<\/a> <\/strong><\/span><strong>\u00a0<span style=\"color: #999999;\"><span data-sheets-root=\"1\" data-sheets-value=\"{&quot;1&quot;:2,&quot;2&quot;:&quot;Red Bej\u00eds&quot;}\" data-sheets-userformat=\"{&quot;2&quot;:4266,&quot;4&quot;:{&quot;1&quot;:2,&quot;2&quot;:15921906},&quot;6&quot;:{&quot;1&quot;:[{&quot;1&quot;:2,&quot;2&quot;:0,&quot;5&quot;:{&quot;1&quot;:2,&quot;2&quot;:0}},{&quot;1&quot;:0,&quot;2&quot;:0,&quot;3&quot;:3},{&quot;1&quot;:1,&quot;2&quot;:0,&quot;4&quot;:1}]},&quot;8&quot;:{&quot;1&quot;:[{&quot;1&quot;:2,&quot;2&quot;:0,&quot;5&quot;:{&quot;1&quot;:2,&quot;2&quot;:0}},{&quot;1&quot;:0,&quot;2&quot;:0,&quot;3&quot;:3},{&quot;1&quot;:1,&quot;2&quot;:0,&quot;4&quot;:1}]},&quot;10&quot;:2,&quot;15&quot;:&quot;\\&quot;Calibri Light\\&quot;&quot;}\">Red Pe\u00f1\u00edscola<\/span>\u00a0<span style=\"color: #00ccff;\"><a href=\"https:\/\/www.facsa.com\/municipios\/wp-content\/uploads\/2024\/06\/VA-Info-Red-Pe\u00f1\u00edscola.pdf\" target=\"_blank\" rel=\"noopener\" style=\"color: #00ccff;\" onmouseover=\"this.style.color='#00ccff';\" onmouseout=\"this.style.color='#00ccff';\">Informaci\u00f3n red<\/a><\/span><\/span><\/strong><span style=\"color: #333300;\"><strong><a href=\"https:\/\/www.facsa.com\/municipios\/wp-content\/uploads\/2023\/07\/Red-Alameda-de-la-Sagra-N\u00facleo-Urbano-1.pdf\" target=\"_blank\" rel=\"noopener\" style=\"color: #969696;\" onmouseover=\"this.style.color='#00ccff';\" onmouseout=\"this.style.color='#969696';\"><br \/><\/a><\/strong><\/span><span style=\"color: #333300;\"><\/span><strong><span style=\"color: #999999;\"><span style=\"color: #00ccff;\"><\/span><\/span><\/strong><\/p>\n<p style=\"text-align: center;\"><span style=\"color: #00ccff;\"><strong><a href=\"https:\/\/www.facsa.com\/municipios\/wp-content\/uploads\/2024\/06\/Red-Pe\u00f1\u00edscola-Urbanizaci\u00f3n-Atalayas.pdf\" target=\"_blank\" rel=\"noopener\" style=\"color: #00ccff;\" onmouseover=\"this.style.color='#00ccff';\" onmouseout=\"this.style.color='#00ccff';\">Anal\u00edtica<\/a> <\/strong><\/span><strong><span style=\"color: #999999;\"><span data-sheets-root=\"1\" data-sheets-value=\"{&quot;1&quot;:2,&quot;2&quot;:&quot;Red Bej\u00eds 2 - Arteas de Abajo&quot;}\" data-sheets-userformat=\"{&quot;2&quot;:4266,&quot;4&quot;:{&quot;1&quot;:2,&quot;2&quot;:15921906},&quot;6&quot;:{&quot;1&quot;:[{&quot;1&quot;:2,&quot;2&quot;:0,&quot;5&quot;:{&quot;1&quot;:2,&quot;2&quot;:0}},{&quot;1&quot;:0,&quot;2&quot;:0,&quot;3&quot;:3},{&quot;1&quot;:1,&quot;2&quot;:0,&quot;4&quot;:1}]},&quot;8&quot;:{&quot;1&quot;:[{&quot;1&quot;:2,&quot;2&quot;:0,&quot;5&quot;:{&quot;1&quot;:2,&quot;2&quot;:0}},{&quot;1&quot;:0,&quot;2&quot;:0,&quot;3&quot;:3},{&quot;1&quot;:1,&quot;2&quot;:0,&quot;4&quot;:1}]},&quot;10&quot;:2,&quot;15&quot;:&quot;\\&quot;Calibri Light\\&quot;&quot;}\">Red Pe\u00f1\u00edscola &#8211; Urbanizaci\u00f3n Atalayas<\/span><\/span><span style=\"color: #999999;\">\u00a0<span style=\"color: #00ccff;\"><a href=\"https:\/\/www.facsa.com\/municipios\/wp-content\/uploads\/2024\/06\/VA-Info-Red-Pe\u00f1\u00edscola-Urbanizaci\u00f3n-Atalayas.pdf\" target=\"_blank\" rel=\"noopener\" style=\"color: #00ccff;\" onmouseover=\"this.style.color='#00ccff';\" onmouseout=\"this.style.color='#00ccff';\">Informaci\u00f3n red<\/a><\/span><\/span><\/strong><span style=\"color: #333300;\"><strong><a href=\"https:\/\/www.facsa.com\/municipios\/wp-content\/uploads\/2023\/07\/Red-Alameda-de-la-Sagra-N\u00facleo-Urbano-1.pdf\" target=\"_blank\" rel=\"noopener\" style=\"color: #969696;\" onmouseover=\"this.style.color='#00ccff';\" onmouseout=\"this.style.color='#969696';\"><br \/><\/a><\/strong><\/span><span style=\"color: #333300;\"><\/span><strong><span style=\"color: #999999;\"><span style=\"color: #00ccff;\"><\/span><\/span><\/strong><\/p>\n<p style=\"text-align: center;\"><span style=\"color: #00ccff;\"><strong><a href=\"https:\/\/www.facsa.com\/municipios\/wp-content\/uploads\/2024\/06\/Red-Pe\u00f1\u00edscola-Casco-Antiguo-y-Urmi.pdf\" target=\"_blank\" rel=\"noopener\" style=\"color: #00ccff;\" onmouseover=\"this.style.color='#00ccff';\" onmouseout=\"this.style.color='#00ccff';\">Anal\u00edtica<\/a> <\/strong><\/span><strong>\u00a0<\/strong><strong><span style=\"color: #999999;\"><span data-sheets-root=\"1\" data-sheets-value=\"{&quot;1&quot;:2,&quot;2&quot;:&quot;Red Bej\u00eds 3 - Arteas de Arriba&quot;}\" data-sheets-userformat=\"{&quot;2&quot;:4266,&quot;4&quot;:{&quot;1&quot;:2,&quot;2&quot;:15921906},&quot;6&quot;:{&quot;1&quot;:[{&quot;1&quot;:2,&quot;2&quot;:0,&quot;5&quot;:{&quot;1&quot;:2,&quot;2&quot;:0}},{&quot;1&quot;:0,&quot;2&quot;:0,&quot;3&quot;:3},{&quot;1&quot;:1,&quot;2&quot;:0,&quot;4&quot;:1}]},&quot;8&quot;:{&quot;1&quot;:[{&quot;1&quot;:2,&quot;2&quot;:0,&quot;5&quot;:{&quot;1&quot;:2,&quot;2&quot;:0}},{&quot;1&quot;:0,&quot;2&quot;:0,&quot;3&quot;:3},{&quot;1&quot;:1,&quot;2&quot;:0,&quot;4&quot;:1}]},&quot;10&quot;:2,&quot;15&quot;:&quot;\\&quot;Calibri Light\\&quot;&quot;}\">Red Pe\u00f1\u00edscola &#8211; Casco Antiguo y Urmi<\/span>\u00a0\u00a0<span style=\"color: #00ccff;\"><a href=\"https:\/\/www.facsa.com\/municipios\/wp-content\/uploads\/2024\/06\/VA-Info-Red-Pe\u00f1\u00edscola-Casco-Antiguo-y-Urmi.pdf\" target=\"_blank\" rel=\"noopener\" style=\"color: #00ccff;\" onmouseover=\"this.style.color='#00ccff';\" onmouseout=\"this.style.color='#00ccff';\">Informaci\u00f3n red<\/a><\/span><\/span><\/strong><span style=\"color: #333300;\"><strong><a href=\"https:\/\/www.facsa.com\/municipios\/wp-content\/uploads\/2023\/07\/Red-Alameda-de-la-Sagra-N\u00facleo-Urbano-1.pdf\" target=\"_blank\" rel=\"noopener\" style=\"color: #969696;\" onmouseover=\"this.style.color='#00ccff';\" onmouseout=\"this.style.color='#969696';\"><br \/><\/a><\/strong><\/span><span style=\"color: #333300;\"><\/span><strong><span style=\"color: #999999;\"><span style=\"color: #00ccff;\"><\/span><\/span><\/strong><\/p>\n<p style=\"text-align: center;\"><strong><span style=\"color: #999999;\"><span style=\"color: #00ccff;\"><\/span><\/span><\/strong><\/p>\n<p>[\/et_pb_text][\/et_pb_column][\/et_pb_row][\/et_pb_section][et_pb_section fb_built=\u00bb1&#8243; module_id=\u00bbpoblatornesa\u00bb _builder_version=\u00bb4.16&#8243; _module_preset=\u00bbdefault\u00bb global_colors_info=\u00bb{}\u00bb][et_pb_row _builder_version=\u00bb4.16&#8243; _module_preset=\u00bbdefault\u00bb global_colors_info=\u00bb{}\u00bb][et_pb_column type=\u00bb4_4&#8243; _builder_version=\u00bb4.16&#8243; _module_preset=\u00bbdefault\u00bb global_colors_info=\u00bb{}\u00bb][et_pb_text module_id=\u00bbaresdelmaestrat\u00bb _builder_version=\u00bb4.16&#8243; _module_preset=\u00bbdefault\u00bb text_font_size=\u00bb15px\u00bb header_font_size=\u00bb34px\u00bb custom_margin=\u00bb||21px||false|false\u00bb global_colors_info=\u00bb{}\u00bb]<\/p>\n<h1 style=\"text-align: center;\">Pobla Tornesa<\/h1>\n<p>[\/et_pb_text][et_pb_image src=\u00bbhttps:\/\/www.facsa.com\/municipios\/wp-content\/uploads\/2023\/07\/Icono-PDF-pdf.png\u00bb title_text=\u00bbIcono PDF-pdf\u00bb align=\u00bbcenter\u00bb _builder_version=\u00bb4.16&#8243; _module_preset=\u00bbdefault\u00bb width=\u00bb9%\u00bb max_width=\u00bb2%\u00bb custom_margin=\u00bb||25px||false|false\u00bb global_colors_info=\u00bb{}\u00bb][\/et_pb_image][et_pb_text _builder_version=\u00bb4.16&#8243; _module_preset=\u00bbdefault\u00bb custom_padding=\u00bb0px|||||\u00bb locked=\u00bboff\u00bb global_colors_info=\u00bb{}\u00bb]<\/p>\n<p style=\"text-align: center;\"><span style=\"color: #00ccff;\"><strong><a href=\"https:\/\/www.facsa.com\/municipios\/wp-content\/uploads\/2024\/06\/Red-Pobla-de-Tornesa-Pueblo.pdf\" target=\"_blank\" rel=\"noopener\" style=\"color: #00ccff;\" onmouseover=\"this.style.color='#00ccff';\" onmouseout=\"this.style.color='#00ccff';\">Anal\u00edtica<\/a> <\/strong><\/span><strong>\u00a0<span style=\"color: #999999;\"><span data-sheets-root=\"1\" data-sheets-value=\"{&quot;1&quot;:2,&quot;2&quot;:&quot;Red Bej\u00eds&quot;}\" data-sheets-userformat=\"{&quot;2&quot;:4266,&quot;4&quot;:{&quot;1&quot;:2,&quot;2&quot;:15921906},&quot;6&quot;:{&quot;1&quot;:[{&quot;1&quot;:2,&quot;2&quot;:0,&quot;5&quot;:{&quot;1&quot;:2,&quot;2&quot;:0}},{&quot;1&quot;:0,&quot;2&quot;:0,&quot;3&quot;:3},{&quot;1&quot;:1,&quot;2&quot;:0,&quot;4&quot;:1}]},&quot;8&quot;:{&quot;1&quot;:[{&quot;1&quot;:2,&quot;2&quot;:0,&quot;5&quot;:{&quot;1&quot;:2,&quot;2&quot;:0}},{&quot;1&quot;:0,&quot;2&quot;:0,&quot;3&quot;:3},{&quot;1&quot;:1,&quot;2&quot;:0,&quot;4&quot;:1}]},&quot;10&quot;:2,&quot;15&quot;:&quot;\\&quot;Calibri Light\\&quot;&quot;}\">Red Pobla de Tornesa &#8211; Pueblo<\/span>\u00a0<span style=\"color: #00ccff;\"><a href=\"https:\/\/www.facsa.com\/municipios\/wp-content\/uploads\/2024\/06\/VA-Info_Red-Pobla-de-Tornesa-Pueblo.pdf\" target=\"_blank\" rel=\"noopener\" style=\"color: #00ccff;\" onmouseover=\"this.style.color='#00ccff';\" onmouseout=\"this.style.color='#00ccff';\">Informaci\u00f3n red<\/a><\/span><\/span><\/strong><span style=\"color: #333300;\"><strong><a href=\"https:\/\/www.facsa.com\/municipios\/wp-content\/uploads\/2023\/07\/Red-Alameda-de-la-Sagra-N\u00facleo-Urbano-1.pdf\" target=\"_blank\" rel=\"noopener\" style=\"color: #969696;\" onmouseover=\"this.style.color='#00ccff';\" onmouseout=\"this.style.color='#969696';\"><br \/><\/a><\/strong><\/span><span style=\"color: #333300;\"><\/span><strong><span style=\"color: #999999;\"><span style=\"color: #00ccff;\"><\/span><\/span><\/strong><\/p>\n<p style=\"text-align: center;\"><span style=\"color: #00ccff;\"><strong><a href=\"https:\/\/www.facsa.com\/municipios\/wp-content\/uploads\/2024\/06\/Red-Pobla-de-Tornesa-Urbanizaciones.pdf\" target=\"_blank\" rel=\"noopener\" style=\"color: #00ccff;\" onmouseover=\"this.style.color='#00ccff';\" onmouseout=\"this.style.color='#00ccff';\">Anal\u00edtica<\/a> <\/strong><\/span><strong><span style=\"color: #999999;\"><span data-sheets-root=\"1\" data-sheets-value=\"{&quot;1&quot;:2,&quot;2&quot;:&quot;Red Bej\u00eds 2 - Arteas de Abajo&quot;}\" data-sheets-userformat=\"{&quot;2&quot;:4266,&quot;4&quot;:{&quot;1&quot;:2,&quot;2&quot;:15921906},&quot;6&quot;:{&quot;1&quot;:[{&quot;1&quot;:2,&quot;2&quot;:0,&quot;5&quot;:{&quot;1&quot;:2,&quot;2&quot;:0}},{&quot;1&quot;:0,&quot;2&quot;:0,&quot;3&quot;:3},{&quot;1&quot;:1,&quot;2&quot;:0,&quot;4&quot;:1}]},&quot;8&quot;:{&quot;1&quot;:[{&quot;1&quot;:2,&quot;2&quot;:0,&quot;5&quot;:{&quot;1&quot;:2,&quot;2&quot;:0}},{&quot;1&quot;:0,&quot;2&quot;:0,&quot;3&quot;:3},{&quot;1&quot;:1,&quot;2&quot;:0,&quot;4&quot;:1}]},&quot;10&quot;:2,&quot;15&quot;:&quot;\\&quot;Calibri Light\\&quot;&quot;}\">Red Pobla de Tornesa &#8211; Urbanizaciones<\/span><\/span><span style=\"color: #999999;\">\u00a0<span style=\"color: #00ccff;\"><a href=\"https:\/\/www.facsa.com\/municipios\/wp-content\/uploads\/2024\/06\/VA-Info_Red-Pobla-de-Tornesa-Urbanizaciones.pdf\" target=\"_blank\" rel=\"noopener\" style=\"color: #00ccff;\" onmouseover=\"this.style.color='#00ccff';\" onmouseout=\"this.style.color='#00ccff';\">Informaci\u00f3n red<\/a><\/span><\/span><\/strong><span style=\"color: #333300;\"><strong><a href=\"https:\/\/www.facsa.com\/municipios\/wp-content\/uploads\/2023\/07\/Red-Alameda-de-la-Sagra-N\u00facleo-Urbano-1.pdf\" target=\"_blank\" rel=\"noopener\" style=\"color: #969696;\" onmouseover=\"this.style.color='#00ccff';\" onmouseout=\"this.style.color='#969696';\"><\/a><\/strong><\/span><span style=\"color: #333300;\"><\/span><strong><span style=\"color: #999999;\"><span style=\"color: #00ccff;\"><\/span><\/span><\/strong><\/p>\n<p style=\"text-align: center;\"><strong><span style=\"color: #999999;\"><span style=\"color: #00ccff;\"><\/span><\/span><\/strong><\/p>\n<p style=\"text-align: center;\"><strong><span style=\"color: #999999;\"><span style=\"color: #00ccff;\"><\/span><\/span><\/strong><\/p>\n<p>[\/et_pb_text][\/et_pb_column][\/et_pb_row][\/et_pb_section][et_pb_section fb_built=\u00bb1&#8243; module_id=\u00bbribesalbes\u00bb _builder_version=\u00bb4.16&#8243; _module_preset=\u00bbdefault\u00bb global_colors_info=\u00bb{}\u00bb][et_pb_row _builder_version=\u00bb4.16&#8243; _module_preset=\u00bbdefault\u00bb global_colors_info=\u00bb{}\u00bb][et_pb_column type=\u00bb4_4&#8243; _builder_version=\u00bb4.16&#8243; _module_preset=\u00bbdefault\u00bb global_colors_info=\u00bb{}\u00bb][et_pb_text module_id=\u00bbaresdelmaestrat\u00bb _builder_version=\u00bb4.16&#8243; _module_preset=\u00bbdefault\u00bb text_font_size=\u00bb15px\u00bb header_font_size=\u00bb34px\u00bb custom_margin=\u00bb||21px||false|false\u00bb global_colors_info=\u00bb{}\u00bb]<\/p>\n<h1 style=\"text-align: center;\"><span data-sheets-value=\"{&quot;1&quot;:2,&quot;2&quot;:&quot;Ribesalbes&quot;}\" data-sheets-userformat=\"{&quot;2&quot;:6779,&quot;3&quot;:{&quot;1&quot;:0},&quot;4&quot;:{&quot;1&quot;:2,&quot;2&quot;:15921906},&quot;6&quot;:{&quot;1&quot;:[{&quot;1&quot;:2,&quot;2&quot;:0,&quot;5&quot;:{&quot;1&quot;:2,&quot;2&quot;:0}},{&quot;1&quot;:0,&quot;2&quot;:0,&quot;3&quot;:3},{&quot;1&quot;:1,&quot;2&quot;:0,&quot;4&quot;:1}]},&quot;7&quot;:{&quot;1&quot;:[{&quot;1&quot;:2,&quot;2&quot;:0,&quot;5&quot;:{&quot;1&quot;:2,&quot;2&quot;:0}},{&quot;1&quot;:0,&quot;2&quot;:0,&quot;3&quot;:3},{&quot;1&quot;:1,&quot;2&quot;:0,&quot;4&quot;:1}]},&quot;8&quot;:{&quot;1&quot;:[{&quot;1&quot;:2,&quot;2&quot;:0,&quot;5&quot;:{&quot;1&quot;:2,&quot;2&quot;:0}},{&quot;1&quot;:0,&quot;2&quot;:0,&quot;3&quot;:3},{&quot;1&quot;:1,&quot;2&quot;:0,&quot;4&quot;:1}]},&quot;9&quot;:2,&quot;12&quot;:0,&quot;14&quot;:{&quot;1&quot;:2,&quot;2&quot;:0},&quot;15&quot;:&quot;\\&quot;Calibri Light\\&quot;, sans-serif&quot;}\">Ribesalbes<\/span><\/h1>\n<p>[\/et_pb_text][et_pb_image src=\u00bbhttps:\/\/www.facsa.com\/municipios\/wp-content\/uploads\/2023\/07\/Icono-PDF-pdf.png\u00bb title_text=\u00bbIcono PDF-pdf\u00bb align=\u00bbcenter\u00bb _builder_version=\u00bb4.16&#8243; _module_preset=\u00bbdefault\u00bb width=\u00bb9%\u00bb max_width=\u00bb2%\u00bb custom_margin=\u00bb||25px||false|false\u00bb global_colors_info=\u00bb{}\u00bb][\/et_pb_image][et_pb_text _builder_version=\u00bb4.16&#8243; _module_preset=\u00bbdefault\u00bb custom_padding=\u00bb0px|||||\u00bb locked=\u00bboff\u00bb global_colors_info=\u00bb{}\u00bb]<\/p>\n<p style=\"text-align: center;\"><span style=\"color: #00ccff;\"><strong><a href=\"https:\/\/www.facsa.com\/municipios\/wp-content\/uploads\/2024\/06\/Red-Ribesalbes.pdf\" target=\"_blank\" rel=\"noopener\" style=\"color: #00ccff;\" onmouseover=\"this.style.color='#00ccff';\" onmouseout=\"this.style.color='#00ccff';\">Anal\u00edtica<\/a> <\/strong><\/span><strong>\u00a0<span style=\"color: #999999;\"><span data-sheets-root=\"1\" data-sheets-value=\"{&quot;1&quot;:2,&quot;2&quot;:&quot;Red Bej\u00eds&quot;}\" data-sheets-userformat=\"{&quot;2&quot;:4266,&quot;4&quot;:{&quot;1&quot;:2,&quot;2&quot;:15921906},&quot;6&quot;:{&quot;1&quot;:[{&quot;1&quot;:2,&quot;2&quot;:0,&quot;5&quot;:{&quot;1&quot;:2,&quot;2&quot;:0}},{&quot;1&quot;:0,&quot;2&quot;:0,&quot;3&quot;:3},{&quot;1&quot;:1,&quot;2&quot;:0,&quot;4&quot;:1}]},&quot;8&quot;:{&quot;1&quot;:[{&quot;1&quot;:2,&quot;2&quot;:0,&quot;5&quot;:{&quot;1&quot;:2,&quot;2&quot;:0}},{&quot;1&quot;:0,&quot;2&quot;:0,&quot;3&quot;:3},{&quot;1&quot;:1,&quot;2&quot;:0,&quot;4&quot;:1}]},&quot;10&quot;:2,&quot;15&quot;:&quot;\\&quot;Calibri Light\\&quot;&quot;}\">Red Ribesalbes<\/span>\u00a0<span style=\"color: #00ccff;\"><a href=\"https:\/\/www.facsa.com\/municipios\/wp-content\/uploads\/2024\/06\/VA-Info-Red-Ribesalbes.pdf\" target=\"_blank\" rel=\"noopener\" style=\"color: #00ccff;\" onmouseover=\"this.style.color='#00ccff';\" onmouseout=\"this.style.color='#00ccff';\">Informaci\u00f3n red<\/a><\/span><\/span><\/strong><span style=\"color: #333300;\"><strong><a href=\"https:\/\/www.facsa.com\/municipios\/wp-content\/uploads\/2023\/07\/Red-Alameda-de-la-Sagra-N\u00facleo-Urbano-1.pdf\" target=\"_blank\" rel=\"noopener\" style=\"color: #969696;\" onmouseover=\"this.style.color='#00ccff';\" onmouseout=\"this.style.color='#969696';\"><br \/><\/a><\/strong><\/span><span style=\"color: #333300;\"><\/span><strong><span style=\"color: #999999;\"><span style=\"color: #00ccff;\"><\/span><\/span><\/strong><\/p>\n<p style=\"text-align: center;\"><span style=\"color: #00ccff;\"><strong><a href=\"https:\/\/www.facsa.com\/municipios\/wp-content\/uploads\/2024\/06\/Red-Ribesalbes-2-Pol\u00edgono-Industrial.pdf\" target=\"_blank\" rel=\"noopener\" style=\"color: #00ccff;\" onmouseover=\"this.style.color='#00ccff';\" onmouseout=\"this.style.color='#00ccff';\">Anal\u00edtica<\/a> <\/strong><\/span><strong><span style=\"color: #999999;\"><span data-sheets-root=\"1\" data-sheets-value=\"{&quot;1&quot;:2,&quot;2&quot;:&quot;Red Bej\u00eds 2 - Arteas de Abajo&quot;}\" data-sheets-userformat=\"{&quot;2&quot;:4266,&quot;4&quot;:{&quot;1&quot;:2,&quot;2&quot;:15921906},&quot;6&quot;:{&quot;1&quot;:[{&quot;1&quot;:2,&quot;2&quot;:0,&quot;5&quot;:{&quot;1&quot;:2,&quot;2&quot;:0}},{&quot;1&quot;:0,&quot;2&quot;:0,&quot;3&quot;:3},{&quot;1&quot;:1,&quot;2&quot;:0,&quot;4&quot;:1}]},&quot;8&quot;:{&quot;1&quot;:[{&quot;1&quot;:2,&quot;2&quot;:0,&quot;5&quot;:{&quot;1&quot;:2,&quot;2&quot;:0}},{&quot;1&quot;:0,&quot;2&quot;:0,&quot;3&quot;:3},{&quot;1&quot;:1,&quot;2&quot;:0,&quot;4&quot;:1}]},&quot;10&quot;:2,&quot;15&quot;:&quot;\\&quot;Calibri Light\\&quot;&quot;}\">Red Ribesalbes 2 &#8211; Pol\u00edgono Industrial<\/span><\/span><span style=\"color: #999999;\">\u00a0<span style=\"color: #00ccff;\"><a href=\"https:\/\/www.facsa.com\/municipios\/wp-content\/uploads\/2024\/06\/VA-Info-Red-Ribesalbes-2-Pol\u00edgono-Industrial.pdf\" target=\"_blank\" rel=\"noopener\" style=\"color: #00ccff;\" onmouseover=\"this.style.color='#00ccff';\" onmouseout=\"this.style.color='#00ccff';\">Informaci\u00f3n red<\/a><\/span><\/span><\/strong><span style=\"color: #333300;\"><strong><a href=\"https:\/\/www.facsa.com\/municipios\/wp-content\/uploads\/2023\/07\/Red-Alameda-de-la-Sagra-N\u00facleo-Urbano-1.pdf\" target=\"_blank\" rel=\"noopener\" style=\"color: #969696;\" onmouseover=\"this.style.color='#00ccff';\" onmouseout=\"this.style.color='#969696';\"><\/a><\/strong><\/span><span style=\"color: #333300;\"><\/span><strong><span style=\"color: #999999;\"><span style=\"color: #00ccff;\"><\/span><\/span><\/strong><\/p>\n<p style=\"text-align: center;\"><strong><span style=\"color: #999999;\"><span style=\"color: #00ccff;\"><\/span><\/span><\/strong><\/p>\n<p style=\"text-align: center;\"><strong><span style=\"color: #999999;\"><span style=\"color: #00ccff;\"><\/span><\/span><\/strong><\/p>\n<p>[\/et_pb_text][\/et_pb_column][\/et_pb_row][\/et_pb_section][et_pb_section fb_built=\u00bb1&#8243; module_id=\u00bbromeral\u00bb _builder_version=\u00bb4.16&#8243; _module_preset=\u00bbdefault\u00bb global_colors_info=\u00bb{}\u00bb][et_pb_row _builder_version=\u00bb4.16&#8243; _module_preset=\u00bbdefault\u00bb global_colors_info=\u00bb{}\u00bb][et_pb_column type=\u00bb4_4&#8243; _builder_version=\u00bb4.16&#8243; _module_preset=\u00bbdefault\u00bb global_colors_info=\u00bb{}\u00bb][et_pb_text module_id=\u00bbaresdelmaestrat\u00bb _builder_version=\u00bb4.16&#8243; _module_preset=\u00bbdefault\u00bb text_font_size=\u00bb15px\u00bb header_font_size=\u00bb34px\u00bb custom_margin=\u00bb||21px||false|false\u00bb global_colors_info=\u00bb{}\u00bb]<\/p>\n<h1 style=\"text-align: center;\"><span data-sheets-value=\"{&quot;1&quot;:2,&quot;2&quot;:&quot;Ribesalbes&quot;}\" data-sheets-userformat=\"{&quot;2&quot;:6779,&quot;3&quot;:{&quot;1&quot;:0},&quot;4&quot;:{&quot;1&quot;:2,&quot;2&quot;:15921906},&quot;6&quot;:{&quot;1&quot;:[{&quot;1&quot;:2,&quot;2&quot;:0,&quot;5&quot;:{&quot;1&quot;:2,&quot;2&quot;:0}},{&quot;1&quot;:0,&quot;2&quot;:0,&quot;3&quot;:3},{&quot;1&quot;:1,&quot;2&quot;:0,&quot;4&quot;:1}]},&quot;7&quot;:{&quot;1&quot;:[{&quot;1&quot;:2,&quot;2&quot;:0,&quot;5&quot;:{&quot;1&quot;:2,&quot;2&quot;:0}},{&quot;1&quot;:0,&quot;2&quot;:0,&quot;3&quot;:3},{&quot;1&quot;:1,&quot;2&quot;:0,&quot;4&quot;:1}]},&quot;8&quot;:{&quot;1&quot;:[{&quot;1&quot;:2,&quot;2&quot;:0,&quot;5&quot;:{&quot;1&quot;:2,&quot;2&quot;:0}},{&quot;1&quot;:0,&quot;2&quot;:0,&quot;3&quot;:3},{&quot;1&quot;:1,&quot;2&quot;:0,&quot;4&quot;:1}]},&quot;9&quot;:2,&quot;12&quot;:0,&quot;14&quot;:{&quot;1&quot;:2,&quot;2&quot;:0},&quot;15&quot;:&quot;\\&quot;Calibri Light\\&quot;, sans-serif&quot;}\">Romeral<\/span><\/h1>\n<p>[\/et_pb_text][et_pb_image src=\u00bbhttps:\/\/www.facsa.com\/municipios\/wp-content\/uploads\/2023\/07\/Icono-PDF-pdf.png\u00bb title_text=\u00bbIcono PDF-pdf\u00bb align=\u00bbcenter\u00bb _builder_version=\u00bb4.16&#8243; _module_preset=\u00bbdefault\u00bb width=\u00bb9%\u00bb max_width=\u00bb2%\u00bb custom_margin=\u00bb||25px||false|false\u00bb global_colors_info=\u00bb{}\u00bb][\/et_pb_image][et_pb_text _builder_version=\u00bb4.16&#8243; _module_preset=\u00bbdefault\u00bb custom_padding=\u00bb0px|||||\u00bb locked=\u00bboff\u00bb global_colors_info=\u00bb{}\u00bb]<\/p>\n<p style=\"text-align: center;\"><span style=\"color: #00ccff;\"><strong><a href=\"https:\/\/www.facsa.com\/municipios\/wp-content\/uploads\/2024\/06\/El-Romeral-Red-Zona-Alta.pdf\" target=\"_blank\" rel=\"noopener\" style=\"color: #00ccff;\" onmouseover=\"this.style.color='#00ccff';\" onmouseout=\"this.style.color='#00ccff';\">Anal\u00edtica<\/a> <\/strong><\/span><strong>\u00a0<span style=\"color: #999999;\"><span data-sheets-root=\"1\" data-sheets-value=\"{&quot;1&quot;:2,&quot;2&quot;:&quot;Red Bej\u00eds&quot;}\" data-sheets-userformat=\"{&quot;2&quot;:4266,&quot;4&quot;:{&quot;1&quot;:2,&quot;2&quot;:15921906},&quot;6&quot;:{&quot;1&quot;:[{&quot;1&quot;:2,&quot;2&quot;:0,&quot;5&quot;:{&quot;1&quot;:2,&quot;2&quot;:0}},{&quot;1&quot;:0,&quot;2&quot;:0,&quot;3&quot;:3},{&quot;1&quot;:1,&quot;2&quot;:0,&quot;4&quot;:1}]},&quot;8&quot;:{&quot;1&quot;:[{&quot;1&quot;:2,&quot;2&quot;:0,&quot;5&quot;:{&quot;1&quot;:2,&quot;2&quot;:0}},{&quot;1&quot;:0,&quot;2&quot;:0,&quot;3&quot;:3},{&quot;1&quot;:1,&quot;2&quot;:0,&quot;4&quot;:1}]},&quot;10&quot;:2,&quot;15&quot;:&quot;\\&quot;Calibri Light\\&quot;&quot;}\">El Romeral Red Zona Alta<\/span>\u00a0<span style=\"color: #00ccff;\"><a href=\"https:\/\/www.facsa.com\/municipios\/wp-content\/uploads\/2024\/06\/CS-info_El-Romeral-Red-Zona-Alta-y-Zona-Baja.pdf\" target=\"_blank\" rel=\"noopener\" style=\"color: #00ccff;\" onmouseover=\"this.style.color='#00ccff';\" onmouseout=\"this.style.color='#00ccff';\">Informaci\u00f3n red<\/a><\/span><\/span><\/strong><span style=\"color: #333300;\"><strong><a href=\"https:\/\/www.facsa.com\/municipios\/wp-content\/uploads\/2023\/07\/Red-Alameda-de-la-Sagra-N\u00facleo-Urbano-1.pdf\" target=\"_blank\" rel=\"noopener\" style=\"color: #969696;\" onmouseover=\"this.style.color='#00ccff';\" onmouseout=\"this.style.color='#969696';\"><br \/><\/a><\/strong><\/span><span style=\"color: #333300;\"><\/span><strong><span style=\"color: #999999;\"><span style=\"color: #00ccff;\"><\/span><\/span><\/strong><\/p>\n<p style=\"text-align: center;\"><span style=\"color: #00ccff;\"><strong><a href=\"https:\/\/www.facsa.com\/municipios\/wp-content\/uploads\/2024\/06\/El-Romeral-Red-Zona-Baja.pdf\" target=\"_blank\" rel=\"noopener\" style=\"color: #00ccff;\" onmouseover=\"this.style.color='#00ccff';\" onmouseout=\"this.style.color='#00ccff';\">Anal\u00edtica<\/a> <\/strong><\/span><strong><span style=\"color: #999999;\"><span data-sheets-root=\"1\" data-sheets-value=\"{&quot;1&quot;:2,&quot;2&quot;:&quot;Red Bej\u00eds 2 - Arteas de Abajo&quot;}\" data-sheets-userformat=\"{&quot;2&quot;:4266,&quot;4&quot;:{&quot;1&quot;:2,&quot;2&quot;:15921906},&quot;6&quot;:{&quot;1&quot;:[{&quot;1&quot;:2,&quot;2&quot;:0,&quot;5&quot;:{&quot;1&quot;:2,&quot;2&quot;:0}},{&quot;1&quot;:0,&quot;2&quot;:0,&quot;3&quot;:3},{&quot;1&quot;:1,&quot;2&quot;:0,&quot;4&quot;:1}]},&quot;8&quot;:{&quot;1&quot;:[{&quot;1&quot;:2,&quot;2&quot;:0,&quot;5&quot;:{&quot;1&quot;:2,&quot;2&quot;:0}},{&quot;1&quot;:0,&quot;2&quot;:0,&quot;3&quot;:3},{&quot;1&quot;:1,&quot;2&quot;:0,&quot;4&quot;:1}]},&quot;10&quot;:2,&quot;15&quot;:&quot;\\&quot;Calibri Light\\&quot;&quot;}\">El Romeral Red Zona Baja<\/span><\/span><span style=\"color: #999999;\">\u00a0<span style=\"color: #00ccff;\"><a href=\"https:\/\/www.facsa.com\/municipios\/wp-content\/uploads\/2024\/06\/CS-info_El-Romeral-Red-Zona-Alta-y-Zona-Baja.pdf\" target=\"_blank\" rel=\"noopener\" style=\"color: #00ccff;\" onmouseover=\"this.style.color='#00ccff';\" onmouseout=\"this.style.color='#00ccff';\">Informaci\u00f3n red<\/a><\/span><\/span><\/strong><span style=\"color: #333300;\"><strong><a href=\"https:\/\/www.facsa.com\/municipios\/wp-content\/uploads\/2023\/07\/Red-Alameda-de-la-Sagra-N\u00facleo-Urbano-1.pdf\" target=\"_blank\" rel=\"noopener\" style=\"color: #969696;\" onmouseover=\"this.style.color='#00ccff';\" onmouseout=\"this.style.color='#969696';\"><\/a><\/strong><\/span><strong><span style=\"color: #999999;\"><span style=\"color: #00ccff;\"><\/span><\/span><\/strong><\/p>\n<p>[\/et_pb_text][\/et_pb_column][\/et_pb_row][\/et_pb_section][et_pb_section fb_built=\u00bb1&#8243; module_id=\u00bbsalzadella\u00bb _builder_version=\u00bb4.16&#8243; _module_preset=\u00bbdefault\u00bb global_colors_info=\u00bb{}\u00bb][et_pb_row _builder_version=\u00bb4.16&#8243; _module_preset=\u00bbdefault\u00bb global_colors_info=\u00bb{}\u00bb][et_pb_column type=\u00bb4_4&#8243; _builder_version=\u00bb4.16&#8243; _module_preset=\u00bbdefault\u00bb global_colors_info=\u00bb{}\u00bb][et_pb_text module_id=\u00bbaresdelmaestrat\u00bb _builder_version=\u00bb4.16&#8243; _module_preset=\u00bbdefault\u00bb text_font_size=\u00bb15px\u00bb header_font_size=\u00bb34px\u00bb custom_margin=\u00bb||21px||false|false\u00bb global_colors_info=\u00bb{}\u00bb]<\/p>\n<h1 style=\"text-align: center;\"><span data-sheets-value=\"{&quot;1&quot;:2,&quot;2&quot;:&quot;Salzadella (La)&quot;}\" data-sheets-userformat=\"{&quot;2&quot;:6779,&quot;3&quot;:{&quot;1&quot;:0},&quot;4&quot;:{&quot;1&quot;:2,&quot;2&quot;:15921906},&quot;6&quot;:{&quot;1&quot;:[{&quot;1&quot;:2,&quot;2&quot;:0,&quot;5&quot;:{&quot;1&quot;:2,&quot;2&quot;:0}},{&quot;1&quot;:0,&quot;2&quot;:0,&quot;3&quot;:3},{&quot;1&quot;:1,&quot;2&quot;:0,&quot;4&quot;:1}]},&quot;7&quot;:{&quot;1&quot;:[{&quot;1&quot;:2,&quot;2&quot;:0,&quot;5&quot;:{&quot;1&quot;:2,&quot;2&quot;:0}},{&quot;1&quot;:0,&quot;2&quot;:0,&quot;3&quot;:3},{&quot;1&quot;:1,&quot;2&quot;:0,&quot;4&quot;:1}]},&quot;8&quot;:{&quot;1&quot;:[{&quot;1&quot;:2,&quot;2&quot;:0,&quot;5&quot;:{&quot;1&quot;:2,&quot;2&quot;:0}},{&quot;1&quot;:0,&quot;2&quot;:0,&quot;3&quot;:3},{&quot;1&quot;:1,&quot;2&quot;:0,&quot;4&quot;:1}]},&quot;9&quot;:2,&quot;12&quot;:0,&quot;14&quot;:{&quot;1&quot;:2,&quot;2&quot;:0},&quot;15&quot;:&quot;\\&quot;Calibri Light\\&quot;, sans-serif&quot;}\">Salzadella<\/span><\/h1>\n<p>[\/et_pb_text][et_pb_image src=\u00bbhttps:\/\/www.facsa.com\/municipios\/wp-content\/uploads\/2023\/07\/Icono-PDF-pdf.png\u00bb title_text=\u00bbIcono PDF-pdf\u00bb align=\u00bbcenter\u00bb _builder_version=\u00bb4.16&#8243; _module_preset=\u00bbdefault\u00bb width=\u00bb9%\u00bb max_width=\u00bb2%\u00bb custom_margin=\u00bb||25px||false|false\u00bb global_colors_info=\u00bb{}\u00bb][\/et_pb_image][et_pb_text _builder_version=\u00bb4.16&#8243; _module_preset=\u00bbdefault\u00bb locked=\u00bboff\u00bb global_colors_info=\u00bb{}\u00bb]<\/p>\n<p style=\"text-align: center;\"><span style=\"color: #333300;\"><strong><span style=\"color: #00ccff;\"><a href=\"https:\/\/www.facsa.com\/municipios\/wp-content\/uploads\/2024\/06\/Red-La-Salsadella-N\u00facleo-Urbano.pdf\" target=\"_blank\" rel=\"noopener\" style=\"color: #00ccff;\" onmouseover=\"this.style.color='#00ccff';\" onmouseout=\"this.style.color='#00ccff';\">Anal\u00edtica<\/a> <\/span><span style=\"color: #999999;\"><span data-sheets-root=\"1\" data-sheets-value=\"{&quot;1&quot;:2,&quot;2&quot;:&quot;Red Bej\u00eds 5 - Masia las Ventas&quot;}\" data-sheets-userformat=\"{&quot;2&quot;:4266,&quot;4&quot;:{&quot;1&quot;:2,&quot;2&quot;:15921906},&quot;6&quot;:{&quot;1&quot;:[{&quot;1&quot;:2,&quot;2&quot;:0,&quot;5&quot;:{&quot;1&quot;:2,&quot;2&quot;:0}},{&quot;1&quot;:0,&quot;2&quot;:0,&quot;3&quot;:3},{&quot;1&quot;:1,&quot;2&quot;:0,&quot;4&quot;:1}]},&quot;8&quot;:{&quot;1&quot;:[{&quot;1&quot;:2,&quot;2&quot;:0,&quot;5&quot;:{&quot;1&quot;:2,&quot;2&quot;:0}},{&quot;1&quot;:0,&quot;2&quot;:0,&quot;3&quot;:3},{&quot;1&quot;:1,&quot;2&quot;:0,&quot;4&quot;:1}]},&quot;10&quot;:2,&quot;15&quot;:&quot;\\&quot;Calibri Light\\&quot;&quot;}\">Red La Salsadella &#8211; N\u00facleo Urbano <\/span><\/span><span style=\"color: #999999;\"><span style=\"color: #00ccff;\"><a href=\"https:\/\/www.facsa.com\/municipios\/wp-content\/uploads\/2024\/06\/VA-Info_Red-Salsadella-N\u00facleo-urbano.pdf\" target=\"_blank\" rel=\"noopener\" style=\"color: #00ccff;\" onmouseover=\"this.style.color='#00ccff';\" onmouseout=\"this.style.color='#00ccff';\">Informaci\u00f3n red<\/a><\/span><\/span><\/strong><\/span><\/p>\n<p>[\/et_pb_text][\/et_pb_column][\/et_pb_row][\/et_pb_section][et_pb_section fb_built=\u00bb1&#8243; module_id=\u00bbsantonideportmany\u00bb _builder_version=\u00bb4.16&#8243; _module_preset=\u00bbdefault\u00bb global_colors_info=\u00bb{}\u00bb][et_pb_row _builder_version=\u00bb4.16&#8243; _module_preset=\u00bbdefault\u00bb global_colors_info=\u00bb{}\u00bb][et_pb_column type=\u00bb4_4&#8243; _builder_version=\u00bb4.16&#8243; _module_preset=\u00bbdefault\u00bb global_colors_info=\u00bb{}\u00bb][et_pb_text module_id=\u00bbaresdelmaestrat\u00bb _builder_version=\u00bb4.16&#8243; _module_preset=\u00bbdefault\u00bb text_font_size=\u00bb15px\u00bb header_font_size=\u00bb34px\u00bb custom_margin=\u00bb||21px||false|false\u00bb global_colors_info=\u00bb{}\u00bb]<\/p>\n<h1 style=\"text-align: center;\"><span data-sheets-value=\"{&quot;1&quot;:2,&quot;2&quot;:&quot;Sant Antoni de Portmany&quot;}\" data-sheets-userformat=\"{&quot;2&quot;:6779,&quot;3&quot;:{&quot;1&quot;:0},&quot;4&quot;:{&quot;1&quot;:2,&quot;2&quot;:15921906},&quot;6&quot;:{&quot;1&quot;:[{&quot;1&quot;:2,&quot;2&quot;:0,&quot;5&quot;:{&quot;1&quot;:2,&quot;2&quot;:0}},{&quot;1&quot;:0,&quot;2&quot;:0,&quot;3&quot;:3},{&quot;1&quot;:1,&quot;2&quot;:0,&quot;4&quot;:1}]},&quot;7&quot;:{&quot;1&quot;:[{&quot;1&quot;:2,&quot;2&quot;:0,&quot;5&quot;:{&quot;1&quot;:2,&quot;2&quot;:0}},{&quot;1&quot;:0,&quot;2&quot;:0,&quot;3&quot;:3},{&quot;1&quot;:1,&quot;2&quot;:0,&quot;4&quot;:1}]},&quot;8&quot;:{&quot;1&quot;:[{&quot;1&quot;:2,&quot;2&quot;:0,&quot;5&quot;:{&quot;1&quot;:2,&quot;2&quot;:0}},{&quot;1&quot;:0,&quot;2&quot;:0,&quot;3&quot;:3},{&quot;1&quot;:1,&quot;2&quot;:0,&quot;4&quot;:1}]},&quot;9&quot;:2,&quot;12&quot;:0,&quot;14&quot;:{&quot;1&quot;:2,&quot;2&quot;:0},&quot;15&quot;:&quot;\\&quot;Calibri Light\\&quot;, sans-serif&quot;}\">Sant Antoni de Portmany<\/span><\/h1>\n<p>[\/et_pb_text][et_pb_image src=\u00bbhttps:\/\/www.facsa.com\/municipios\/wp-content\/uploads\/2023\/07\/Icono-PDF-pdf.png\u00bb title_text=\u00bbIcono PDF-pdf\u00bb align=\u00bbcenter\u00bb _builder_version=\u00bb4.16&#8243; _module_preset=\u00bbdefault\u00bb width=\u00bb9%\u00bb max_width=\u00bb2%\u00bb custom_margin=\u00bb||25px||false|false\u00bb global_colors_info=\u00bb{}\u00bb][\/et_pb_image][et_pb_text _builder_version=\u00bb4.25.2&#8243; _module_preset=\u00bbdefault\u00bb custom_padding=\u00bb0px|||||\u00bb hover_enabled=\u00bb0&#8243; locked=\u00bboff\u00bb global_colors_info=\u00bb{}\u00bb sticky_enabled=\u00bb0&#8243;]<\/p>\n<p style=\"text-align: center;\"><span style=\"color: #00ccff;\"><strong><a href=\"https:\/\/www.facsa.com\/municipios\/wp-content\/uploads\/2024\/06\/Red-Ses-Pa\u00efsses.pdf\" target=\"_blank\" rel=\"noopener\" style=\"color: #00ccff;\" onmouseover=\"this.style.color='#00ccff';\" onmouseout=\"this.style.color='#00ccff';\">Anal\u00edtica<\/a> <\/strong><\/span><strong>\u00a0<span style=\"color: #999999;\"><span data-sheets-root=\"1\" data-sheets-value=\"{&quot;1&quot;:2,&quot;2&quot;:&quot;Red Bej\u00eds&quot;}\" data-sheets-userformat=\"{&quot;2&quot;:4266,&quot;4&quot;:{&quot;1&quot;:2,&quot;2&quot;:15921906},&quot;6&quot;:{&quot;1&quot;:[{&quot;1&quot;:2,&quot;2&quot;:0,&quot;5&quot;:{&quot;1&quot;:2,&quot;2&quot;:0}},{&quot;1&quot;:0,&quot;2&quot;:0,&quot;3&quot;:3},{&quot;1&quot;:1,&quot;2&quot;:0,&quot;4&quot;:1}]},&quot;8&quot;:{&quot;1&quot;:[{&quot;1&quot;:2,&quot;2&quot;:0,&quot;5&quot;:{&quot;1&quot;:2,&quot;2&quot;:0}},{&quot;1&quot;:0,&quot;2&quot;:0,&quot;3&quot;:3},{&quot;1&quot;:1,&quot;2&quot;:0,&quot;4&quot;:1}]},&quot;10&quot;:2,&quot;15&quot;:&quot;\\&quot;Calibri Light\\&quot;&quot;}\">Red Ses Pa\u00efses<\/span>\u00a0<span style=\"color: #00ccff;\"><a href=\"https:\/\/www.facsa.com\/municipios\/wp-content\/uploads\/2024\/09\/Informacio-xarxa-Ses-Paisses-per-a-web-CAT.pdf\" target=\"_blank\" rel=\"noopener\" style=\"color: #00ccff;\" onmouseover=\"this.style.color='#00ccff';\" onmouseout=\"this.style.color='#00ccff';\">Informaci\u00f3n red<\/a><\/span><\/span><\/strong><span style=\"color: #333300;\"><strong><a href=\"https:\/\/www.facsa.com\/municipios\/wp-content\/uploads\/2023\/07\/Red-Alameda-de-la-Sagra-N\u00facleo-Urbano-1.pdf\" target=\"_blank\" rel=\"noopener\" style=\"color: #969696;\" onmouseover=\"this.style.color='#00ccff';\" onmouseout=\"this.style.color='#969696';\"><br \/><\/a><\/strong><\/span><span style=\"color: #333300;\"><\/span><strong><span style=\"color: #999999;\"><span style=\"color: #00ccff;\"><\/span><\/span><\/strong><\/p>\n<p style=\"text-align: center;\"><span style=\"color: #00ccff;\"><strong><a href=\"https:\/\/www.facsa.com\/municipios\/wp-content\/uploads\/2024\/06\/Red-Sa-Serra.pdf\" target=\"_blank\" rel=\"noopener\" style=\"color: #00ccff;\" onmouseover=\"this.style.color='#00ccff';\" onmouseout=\"this.style.color='#00ccff';\">Anal\u00edtica<\/a> <\/strong><\/span><strong><span style=\"color: #999999;\"><span data-sheets-root=\"1\" data-sheets-value=\"{&quot;1&quot;:2,&quot;2&quot;:&quot;Red Bej\u00eds 2 - Arteas de Abajo&quot;}\" data-sheets-userformat=\"{&quot;2&quot;:4266,&quot;4&quot;:{&quot;1&quot;:2,&quot;2&quot;:15921906},&quot;6&quot;:{&quot;1&quot;:[{&quot;1&quot;:2,&quot;2&quot;:0,&quot;5&quot;:{&quot;1&quot;:2,&quot;2&quot;:0}},{&quot;1&quot;:0,&quot;2&quot;:0,&quot;3&quot;:3},{&quot;1&quot;:1,&quot;2&quot;:0,&quot;4&quot;:1}]},&quot;8&quot;:{&quot;1&quot;:[{&quot;1&quot;:2,&quot;2&quot;:0,&quot;5&quot;:{&quot;1&quot;:2,&quot;2&quot;:0}},{&quot;1&quot;:0,&quot;2&quot;:0,&quot;3&quot;:3},{&quot;1&quot;:1,&quot;2&quot;:0,&quot;4&quot;:1}]},&quot;10&quot;:2,&quot;15&quot;:&quot;\\&quot;Calibri Light\\&quot;&quot;}\">Red Sa Serra<\/span><\/span><span style=\"color: #999999;\">\u00a0<span style=\"color: #00ccff;\"><a href=\"https:\/\/www.facsa.com\/municipios\/wp-content\/uploads\/2024\/09\/Informacio-xarxa-Sa-Serra-per-a-web-CAT.pdf\" target=\"_blank\" rel=\"noopener\" style=\"color: #00ccff;\" onmouseover=\"this.style.color='#00ccff';\" onmouseout=\"this.style.color='#00ccff';\">Informaci\u00f3n red<\/a><\/span><\/span><\/strong><span style=\"color: #333300;\"><strong><a href=\"https:\/\/www.facsa.com\/municipios\/wp-content\/uploads\/2023\/07\/Red-Alameda-de-la-Sagra-N\u00facleo-Urbano-1.pdf\" target=\"_blank\" rel=\"noopener\" style=\"color: #969696;\" onmouseover=\"this.style.color='#00ccff';\" onmouseout=\"this.style.color='#969696';\"><br \/><\/a><\/strong><\/span><span style=\"color: #333300;\"><\/span><strong><span style=\"color: #999999;\"><span style=\"color: #00ccff;\"><\/span><\/span><\/strong><\/p>\n<p style=\"text-align: center;\"><span style=\"color: #00ccff;\"><strong><a href=\"https:\/\/www.facsa.com\/municipios\/wp-content\/uploads\/2024\/06\/Red-Principal-Sant-Antoni-de-Portmany.pdf\" target=\"_blank\" rel=\"noopener\" style=\"color: #00ccff;\" onmouseover=\"this.style.color='#00ccff';\" onmouseout=\"this.style.color='#00ccff';\">Anal\u00edtica<\/a> <\/strong><\/span><strong>\u00a0<span style=\"color: #999999;\"><span data-sheets-root=\"1\" data-sheets-value=\"{&quot;1&quot;:2,&quot;2&quot;:&quot;Red Bej\u00eds 3 - Arteas de Arriba&quot;}\" data-sheets-userformat=\"{&quot;2&quot;:4266,&quot;4&quot;:{&quot;1&quot;:2,&quot;2&quot;:15921906},&quot;6&quot;:{&quot;1&quot;:[{&quot;1&quot;:2,&quot;2&quot;:0,&quot;5&quot;:{&quot;1&quot;:2,&quot;2&quot;:0}},{&quot;1&quot;:0,&quot;2&quot;:0,&quot;3&quot;:3},{&quot;1&quot;:1,&quot;2&quot;:0,&quot;4&quot;:1}]},&quot;8&quot;:{&quot;1&quot;:[{&quot;1&quot;:2,&quot;2&quot;:0,&quot;5&quot;:{&quot;1&quot;:2,&quot;2&quot;:0}},{&quot;1&quot;:0,&quot;2&quot;:0,&quot;3&quot;:3},{&quot;1&quot;:1,&quot;2&quot;:0,&quot;4&quot;:1}]},&quot;10&quot;:2,&quot;15&quot;:&quot;\\&quot;Calibri Light\\&quot;&quot;}\">Red Principal Sant Antoni de Portmany<\/span>\u00a0\u00a0<span style=\"color: #00ccff;\"><a href=\"https:\/\/www.facsa.com\/municipios\/wp-content\/uploads\/2024\/09\/Informacio-xarxa-Sant-Antoni-per-a-web-CAT.pdf\" target=\"_blank\" rel=\"noopener\" style=\"color: #00ccff;\" onmouseover=\"this.style.color='#00ccff';\" onmouseout=\"this.style.color='#00ccff';\">Informaci\u00f3n red<\/a><\/span><\/span><\/strong><span style=\"color: #333300;\"><strong><a href=\"https:\/\/www.facsa.com\/municipios\/wp-content\/uploads\/2023\/07\/Red-Alameda-de-la-Sagra-N\u00facleo-Urbano-1.pdf\" target=\"_blank\" rel=\"noopener\" style=\"color: #969696;\" onmouseover=\"this.style.color='#00ccff';\" onmouseout=\"this.style.color='#969696';\"><br \/><\/a><\/strong><\/span><span style=\"color: #333300;\"><\/span><strong><span style=\"color: #999999;\"><span style=\"color: #00ccff;\"><\/span><\/span><\/strong><\/p>\n<p style=\"text-align: center;\"><span style=\"color: #00ccff;\"><strong><a href=\"https:\/\/www.facsa.com\/municipios\/wp-content\/uploads\/2024\/06\/Red-San-Rafael.pdf\" target=\"_blank\" rel=\"noopener\" style=\"color: #00ccff;\" onmouseover=\"this.style.color='#00ccff';\" onmouseout=\"this.style.color='#00ccff';\">Anal\u00edtica<\/a> <\/strong><\/span><strong><span style=\"color: #999999;\"><span data-sheets-root=\"1\" data-sheets-value=\"{&quot;1&quot;:2,&quot;2&quot;:&quot;Red Bej\u00eds 4 - Masia de los Perez&quot;}\" data-sheets-userformat=\"{&quot;2&quot;:4266,&quot;4&quot;:{&quot;1&quot;:2,&quot;2&quot;:15921906},&quot;6&quot;:{&quot;1&quot;:[{&quot;1&quot;:2,&quot;2&quot;:0,&quot;5&quot;:{&quot;1&quot;:2,&quot;2&quot;:0}},{&quot;1&quot;:0,&quot;2&quot;:0,&quot;3&quot;:3},{&quot;1&quot;:1,&quot;2&quot;:0,&quot;4&quot;:1}]},&quot;8&quot;:{&quot;1&quot;:[{&quot;1&quot;:2,&quot;2&quot;:0,&quot;5&quot;:{&quot;1&quot;:2,&quot;2&quot;:0}},{&quot;1&quot;:0,&quot;2&quot;:0,&quot;3&quot;:3},{&quot;1&quot;:1,&quot;2&quot;:0,&quot;4&quot;:1}]},&quot;10&quot;:2,&quot;15&quot;:&quot;\\&quot;Calibri Light\\&quot;&quot;}\">Red San Rafael<\/span><\/span><span style=\"color: #999999;\">\u00a0<span style=\"color: #00ccff;\"><a href=\"https:\/\/www.facsa.com\/municipios\/wp-content\/uploads\/2024\/09\/Informacio-xarxa-San-Rafael-per-a-web-CAT.pdf\" target=\"_blank\" rel=\"noopener\" style=\"color: #00ccff;\" onmouseover=\"this.style.color='#00ccff';\" onmouseout=\"this.style.color='#00ccff';\">Informaci\u00f3n red<\/a><\/span><\/span><\/strong><span style=\"color: #333300;\"><strong><a href=\"https:\/\/www.facsa.com\/municipios\/wp-content\/uploads\/2023\/07\/Red-Alameda-de-la-Sagra-N\u00facleo-Urbano-1.pdf\" target=\"_blank\" rel=\"noopener\" style=\"color: #969696;\" onmouseover=\"this.style.color='#00ccff';\" onmouseout=\"this.style.color='#969696';\"><\/a><\/strong><\/span><span style=\"color: #333300;\"><strong><a href=\"https:\/\/www.facsa.com\/municipios\/wp-content\/uploads\/2023\/07\/Red-Alameda-de-la-Sagra-N\u00facleo-Urbano-1.pdf\" target=\"_blank\" rel=\"noopener\" style=\"color: #969696;\" onmouseover=\"this.style.color='#00ccff';\" onmouseout=\"this.style.color='#969696';\"><\/a><\/strong><\/span><span style=\"color: #333300;\"><\/span><strong><span style=\"color: #999999;\"><span style=\"color: #00ccff;\"><\/span><\/span><\/strong><strong><span style=\"color: #999999;\"><\/span><\/strong><span style=\"color: #333300;\"><\/span><\/p>\n<p style=\"text-align: center;\"><strong><span style=\"color: #999999;\"><span style=\"color: #00ccff;\"><\/span><\/span><\/strong><\/p>\n<p style=\"text-align: center;\"><strong><span style=\"color: #999999;\"><span style=\"color: #00ccff;\"><\/span><\/span><\/strong><\/p>\n<p>[\/et_pb_text][\/et_pb_column][\/et_pb_row][\/et_pb_section][et_pb_section fb_built=\u00bb1&#8243; module_id=\u00bbsantjordisanjorge\u00bb _builder_version=\u00bb4.16&#8243; _module_preset=\u00bbdefault\u00bb global_colors_info=\u00bb{}\u00bb][et_pb_row _builder_version=\u00bb4.16&#8243; _module_preset=\u00bbdefault\u00bb global_colors_info=\u00bb{}\u00bb][et_pb_column type=\u00bb4_4&#8243; _builder_version=\u00bb4.16&#8243; _module_preset=\u00bbdefault\u00bb global_colors_info=\u00bb{}\u00bb][et_pb_text module_id=\u00bbaresdelmaestrat\u00bb _builder_version=\u00bb4.16&#8243; _module_preset=\u00bbdefault\u00bb text_font_size=\u00bb15px\u00bb header_font_size=\u00bb34px\u00bb custom_margin=\u00bb||21px||false|false\u00bb global_colors_info=\u00bb{}\u00bb]<\/p>\n<h1 style=\"text-align: center;\"><span data-sheets-value=\"{&quot;1&quot;:2,&quot;2&quot;:&quot;Sant Jordi\/San Jorge&quot;}\" data-sheets-userformat=\"{&quot;2&quot;:6779,&quot;3&quot;:{&quot;1&quot;:0},&quot;4&quot;:{&quot;1&quot;:2,&quot;2&quot;:15921906},&quot;6&quot;:{&quot;1&quot;:[{&quot;1&quot;:2,&quot;2&quot;:0,&quot;5&quot;:{&quot;1&quot;:2,&quot;2&quot;:0}},{&quot;1&quot;:0,&quot;2&quot;:0,&quot;3&quot;:3},{&quot;1&quot;:1,&quot;2&quot;:0,&quot;4&quot;:1}]},&quot;7&quot;:{&quot;1&quot;:[{&quot;1&quot;:2,&quot;2&quot;:0,&quot;5&quot;:{&quot;1&quot;:2,&quot;2&quot;:0}},{&quot;1&quot;:0,&quot;2&quot;:0,&quot;3&quot;:3},{&quot;1&quot;:1,&quot;2&quot;:0,&quot;4&quot;:1}]},&quot;8&quot;:{&quot;1&quot;:[{&quot;1&quot;:2,&quot;2&quot;:0,&quot;5&quot;:{&quot;1&quot;:2,&quot;2&quot;:0}},{&quot;1&quot;:0,&quot;2&quot;:0,&quot;3&quot;:3},{&quot;1&quot;:1,&quot;2&quot;:0,&quot;4&quot;:1}]},&quot;9&quot;:2,&quot;12&quot;:0,&quot;14&quot;:{&quot;1&quot;:2,&quot;2&quot;:0},&quot;15&quot;:&quot;\\&quot;Calibri Light\\&quot;, sans-serif&quot;}\">Sant Jordi\/San Jorge<\/span><\/h1>\n<p>[\/et_pb_text][et_pb_image src=\u00bbhttps:\/\/www.facsa.com\/municipios\/wp-content\/uploads\/2023\/07\/Icono-PDF-pdf.png\u00bb title_text=\u00bbIcono PDF-pdf\u00bb align=\u00bbcenter\u00bb _builder_version=\u00bb4.16&#8243; _module_preset=\u00bbdefault\u00bb width=\u00bb9%\u00bb max_width=\u00bb2%\u00bb custom_margin=\u00bb||25px||false|false\u00bb global_colors_info=\u00bb{}\u00bb][\/et_pb_image][et_pb_text _builder_version=\u00bb4.16&#8243; _module_preset=\u00bbdefault\u00bb custom_padding=\u00bb0px|||||\u00bb locked=\u00bboff\u00bb global_colors_info=\u00bb{}\u00bb]<\/p>\n<p style=\"text-align: center;\"><span style=\"color: #00ccff;\"><strong><a href=\"https:\/\/www.facsa.com\/municipios\/wp-content\/uploads\/2024\/06\/Red-Sant-Jordi-N\u00facleo-Urbano.pdf\" target=\"_blank\" rel=\"noopener\" style=\"color: #00ccff;\" onmouseover=\"this.style.color='#00ccff';\" onmouseout=\"this.style.color='#00ccff';\">Anal\u00edtica<\/a> <\/strong><\/span><strong>\u00a0<span style=\"color: #999999;\"><span data-sheets-root=\"1\" data-sheets-value=\"{&quot;1&quot;:2,&quot;2&quot;:&quot;Red Bej\u00eds&quot;}\" data-sheets-userformat=\"{&quot;2&quot;:4266,&quot;4&quot;:{&quot;1&quot;:2,&quot;2&quot;:15921906},&quot;6&quot;:{&quot;1&quot;:[{&quot;1&quot;:2,&quot;2&quot;:0,&quot;5&quot;:{&quot;1&quot;:2,&quot;2&quot;:0}},{&quot;1&quot;:0,&quot;2&quot;:0,&quot;3&quot;:3},{&quot;1&quot;:1,&quot;2&quot;:0,&quot;4&quot;:1}]},&quot;8&quot;:{&quot;1&quot;:[{&quot;1&quot;:2,&quot;2&quot;:0,&quot;5&quot;:{&quot;1&quot;:2,&quot;2&quot;:0}},{&quot;1&quot;:0,&quot;2&quot;:0,&quot;3&quot;:3},{&quot;1&quot;:1,&quot;2&quot;:0,&quot;4&quot;:1}]},&quot;10&quot;:2,&quot;15&quot;:&quot;\\&quot;Calibri Light\\&quot;&quot;}\">Red Sant Jordi &#8211; N\u00facleo Urbano<\/span>\u00a0<span style=\"color: #00ccff;\"><a href=\"https:\/\/www.facsa.com\/municipios\/wp-content\/uploads\/2024\/06\/VA-Info_Red-Sant-Jordi-N\u00facleo-urbano.pdf\" target=\"_blank\" rel=\"noopener\" style=\"color: #00ccff;\" onmouseover=\"this.style.color='#00ccff';\" onmouseout=\"this.style.color='#00ccff';\">Informaci\u00f3n red<\/a><\/span><\/span><\/strong><span style=\"color: #333300;\"><strong><a href=\"https:\/\/www.facsa.com\/municipios\/wp-content\/uploads\/2023\/07\/Red-Alameda-de-la-Sagra-N\u00facleo-Urbano-1.pdf\" target=\"_blank\" rel=\"noopener\" style=\"color: #969696;\" onmouseover=\"this.style.color='#00ccff';\" onmouseout=\"this.style.color='#969696';\"><br \/><\/a><\/strong><\/span><span style=\"color: #333300;\"><\/span><strong><span style=\"color: #999999;\"><span style=\"color: #00ccff;\"><\/span><\/span><\/strong><\/p>\n<p style=\"text-align: center;\"><span style=\"color: #00ccff;\"><strong><a href=\"https:\/\/www.facsa.com\/municipios\/wp-content\/uploads\/2024\/06\/Red-Sant-Jordi-2-Red-Urbanizaci\u00f3n-Panor\u00e1mica.pdf\" target=\"_blank\" rel=\"noopener\" style=\"color: #00ccff;\" onmouseover=\"this.style.color='#00ccff';\" onmouseout=\"this.style.color='#00ccff';\">Anal\u00edtica<\/a> <\/strong><\/span><strong><span style=\"color: #999999;\"><span data-sheets-root=\"1\" data-sheets-value=\"{&quot;1&quot;:2,&quot;2&quot;:&quot;Red Bej\u00eds 2 - Arteas de Abajo&quot;}\" data-sheets-userformat=\"{&quot;2&quot;:4266,&quot;4&quot;:{&quot;1&quot;:2,&quot;2&quot;:15921906},&quot;6&quot;:{&quot;1&quot;:[{&quot;1&quot;:2,&quot;2&quot;:0,&quot;5&quot;:{&quot;1&quot;:2,&quot;2&quot;:0}},{&quot;1&quot;:0,&quot;2&quot;:0,&quot;3&quot;:3},{&quot;1&quot;:1,&quot;2&quot;:0,&quot;4&quot;:1}]},&quot;8&quot;:{&quot;1&quot;:[{&quot;1&quot;:2,&quot;2&quot;:0,&quot;5&quot;:{&quot;1&quot;:2,&quot;2&quot;:0}},{&quot;1&quot;:0,&quot;2&quot;:0,&quot;3&quot;:3},{&quot;1&quot;:1,&quot;2&quot;:0,&quot;4&quot;:1}]},&quot;10&quot;:2,&quot;15&quot;:&quot;\\&quot;Calibri Light\\&quot;&quot;}\">Red Sant Jordi 2 &#8211; Red Urbanizaci\u00f3n Panor\u00e1mica<\/span><\/span><span style=\"color: #999999;\">\u00a0<span style=\"color: #00ccff;\"><a href=\"https:\/\/www.facsa.com\/municipios\/wp-content\/uploads\/2024\/06\/VA-Info_Red-Sant-Jordi-2-Red-urbanizaci\u00f3n-Panor\u00e1mica.pdf\" target=\"_blank\" rel=\"noopener\" style=\"color: #00ccff;\" onmouseover=\"this.style.color='#00ccff';\" onmouseout=\"this.style.color='#00ccff';\">Informaci\u00f3n red<\/a><\/span><\/span><\/strong><span style=\"color: #333300;\"><strong><a href=\"https:\/\/www.facsa.com\/municipios\/wp-content\/uploads\/2023\/07\/Red-Alameda-de-la-Sagra-N\u00facleo-Urbano-1.pdf\" target=\"_blank\" rel=\"noopener\" style=\"color: #969696;\" onmouseover=\"this.style.color='#00ccff';\" onmouseout=\"this.style.color='#969696';\"><\/a><\/strong><\/span><span style=\"color: #333300;\"><\/span><strong><span style=\"color: #999999;\"><span style=\"color: #00ccff;\"><\/span><\/span><\/strong><\/p>\n<p style=\"text-align: center;\"><strong><span style=\"color: #999999;\"><span style=\"color: #00ccff;\"><\/span><\/span><\/strong><\/p>\n<p style=\"text-align: center;\"><strong><span style=\"color: #999999;\"><span style=\"color: #00ccff;\"><\/span><\/span><\/strong><\/p>\n<p>[\/et_pb_text][\/et_pb_column][\/et_pb_row][\/et_pb_section][et_pb_section fb_built=\u00bb1&#8243; module_id=\u00bbsantmateu\u00bb _builder_version=\u00bb4.16&#8243; _module_preset=\u00bbdefault\u00bb global_colors_info=\u00bb{}\u00bb][et_pb_row _builder_version=\u00bb4.16&#8243; _module_preset=\u00bbdefault\u00bb global_colors_info=\u00bb{}\u00bb][et_pb_column type=\u00bb4_4&#8243; _builder_version=\u00bb4.16&#8243; _module_preset=\u00bbdefault\u00bb global_colors_info=\u00bb{}\u00bb][et_pb_text module_id=\u00bbaresdelmaestrat\u00bb _builder_version=\u00bb4.16&#8243; _module_preset=\u00bbdefault\u00bb text_font_size=\u00bb15px\u00bb header_font_size=\u00bb34px\u00bb custom_margin=\u00bb||21px||false|false\u00bb global_colors_info=\u00bb{}\u00bb]<\/p>\n<h1 style=\"text-align: center;\"><span data-sheets-value=\"{&quot;1&quot;:2,&quot;2&quot;:&quot;Sant Mateu&quot;}\" data-sheets-userformat=\"{&quot;2&quot;:6779,&quot;3&quot;:{&quot;1&quot;:0},&quot;4&quot;:{&quot;1&quot;:2,&quot;2&quot;:15921906},&quot;6&quot;:{&quot;1&quot;:[{&quot;1&quot;:2,&quot;2&quot;:0,&quot;5&quot;:{&quot;1&quot;:2,&quot;2&quot;:0}},{&quot;1&quot;:0,&quot;2&quot;:0,&quot;3&quot;:3},{&quot;1&quot;:1,&quot;2&quot;:0,&quot;4&quot;:1}]},&quot;7&quot;:{&quot;1&quot;:[{&quot;1&quot;:2,&quot;2&quot;:0,&quot;5&quot;:{&quot;1&quot;:2,&quot;2&quot;:0}},{&quot;1&quot;:0,&quot;2&quot;:0,&quot;3&quot;:3},{&quot;1&quot;:1,&quot;2&quot;:0,&quot;4&quot;:1}]},&quot;8&quot;:{&quot;1&quot;:[{&quot;1&quot;:2,&quot;2&quot;:0,&quot;5&quot;:{&quot;1&quot;:2,&quot;2&quot;:0}},{&quot;1&quot;:0,&quot;2&quot;:0,&quot;3&quot;:3},{&quot;1&quot;:1,&quot;2&quot;:0,&quot;4&quot;:1}]},&quot;9&quot;:2,&quot;12&quot;:0,&quot;14&quot;:{&quot;1&quot;:2,&quot;2&quot;:0},&quot;15&quot;:&quot;\\&quot;Calibri Light\\&quot;, sans-serif&quot;}\">Sant Mateu<\/span><\/h1>\n<p>[\/et_pb_text][et_pb_image src=\u00bbhttps:\/\/www.facsa.com\/municipios\/wp-content\/uploads\/2023\/07\/Icono-PDF-pdf.png\u00bb title_text=\u00bbIcono PDF-pdf\u00bb align=\u00bbcenter\u00bb _builder_version=\u00bb4.16&#8243; _module_preset=\u00bbdefault\u00bb width=\u00bb9%\u00bb max_width=\u00bb2%\u00bb custom_margin=\u00bb||25px||false|false\u00bb global_colors_info=\u00bb{}\u00bb][\/et_pb_image][et_pb_text _builder_version=\u00bb4.16&#8243; _module_preset=\u00bbdefault\u00bb custom_padding=\u00bb0px|||||\u00bb locked=\u00bboff\u00bb global_colors_info=\u00bb{}\u00bb]<\/p>\n<p style=\"text-align: center;\"><span style=\"color: #00ccff;\"><strong><a href=\"https:\/\/www.facsa.com\/municipios\/wp-content\/uploads\/2024\/06\/Red-Sant-Mateu-N\u00facleo-Urbano.pdf\" target=\"_blank\" rel=\"noopener\" style=\"color: #00ccff;\" onmouseover=\"this.style.color='#00ccff';\" onmouseout=\"this.style.color='#00ccff';\">Anal\u00edtica<\/a> <\/strong><\/span><strong>\u00a0<span style=\"color: #999999;\"><span data-sheets-root=\"1\" data-sheets-value=\"{&quot;1&quot;:2,&quot;2&quot;:&quot;Red Bej\u00eds&quot;}\" data-sheets-userformat=\"{&quot;2&quot;:4266,&quot;4&quot;:{&quot;1&quot;:2,&quot;2&quot;:15921906},&quot;6&quot;:{&quot;1&quot;:[{&quot;1&quot;:2,&quot;2&quot;:0,&quot;5&quot;:{&quot;1&quot;:2,&quot;2&quot;:0}},{&quot;1&quot;:0,&quot;2&quot;:0,&quot;3&quot;:3},{&quot;1&quot;:1,&quot;2&quot;:0,&quot;4&quot;:1}]},&quot;8&quot;:{&quot;1&quot;:[{&quot;1&quot;:2,&quot;2&quot;:0,&quot;5&quot;:{&quot;1&quot;:2,&quot;2&quot;:0}},{&quot;1&quot;:0,&quot;2&quot;:0,&quot;3&quot;:3},{&quot;1&quot;:1,&quot;2&quot;:0,&quot;4&quot;:1}]},&quot;10&quot;:2,&quot;15&quot;:&quot;\\&quot;Calibri Light\\&quot;&quot;}\">Red Sant Mateu &#8211; N\u00facleo Urbano<\/span>\u00a0<span style=\"color: #00ccff;\"><a href=\"https:\/\/www.facsa.com\/municipios\/wp-content\/uploads\/2024\/06\/VA-Info_Red-Sant-Mateu-N\u00facleo-urbano.pdf\" target=\"_blank\" rel=\"noopener\" style=\"color: #00ccff;\" onmouseover=\"this.style.color='#00ccff';\" onmouseout=\"this.style.color='#00ccff';\">Informaci\u00f3n red<\/a><\/span><\/span><\/strong><span style=\"color: #333300;\"><strong><a href=\"https:\/\/www.facsa.com\/municipios\/wp-content\/uploads\/2023\/07\/Red-Alameda-de-la-Sagra-N\u00facleo-Urbano-1.pdf\" target=\"_blank\" rel=\"noopener\" style=\"color: #969696;\" onmouseover=\"this.style.color='#00ccff';\" onmouseout=\"this.style.color='#969696';\"><\/a><\/strong><\/span><span style=\"color: #333300;\"><\/span><strong><span style=\"color: #999999;\"><span style=\"color: #00ccff;\"><\/span><\/span><\/strong><\/p>\n<p style=\"text-align: center;\"><strong><span style=\"color: #999999;\"><span style=\"color: #00ccff;\"><\/span><\/span><\/strong><\/p>\n<p>[\/et_pb_text][\/et_pb_column][\/et_pb_row][\/et_pb_section][et_pb_section fb_built=\u00bb1&#8243; module_id=\u00bbsegorbe\u00bb _builder_version=\u00bb4.16&#8243; _module_preset=\u00bbdefault\u00bb global_colors_info=\u00bb{}\u00bb][et_pb_row _builder_version=\u00bb4.16&#8243; _module_preset=\u00bbdefault\u00bb global_colors_info=\u00bb{}\u00bb][et_pb_column type=\u00bb4_4&#8243; _builder_version=\u00bb4.16&#8243; _module_preset=\u00bbdefault\u00bb global_colors_info=\u00bb{}\u00bb][et_pb_text module_id=\u00bbaresdelmaestrat\u00bb _builder_version=\u00bb4.16&#8243; _module_preset=\u00bbdefault\u00bb text_font_size=\u00bb15px\u00bb header_font_size=\u00bb34px\u00bb custom_margin=\u00bb||21px||false|false\u00bb global_colors_info=\u00bb{}\u00bb]<\/p>\n<h1 style=\"text-align: center;\"><span data-sheets-value=\"{&quot;1&quot;:2,&quot;2&quot;:&quot;Segorbe&quot;}\" data-sheets-userformat=\"{&quot;2&quot;:6779,&quot;3&quot;:{&quot;1&quot;:0},&quot;4&quot;:{&quot;1&quot;:2,&quot;2&quot;:15921906},&quot;6&quot;:{&quot;1&quot;:[{&quot;1&quot;:2,&quot;2&quot;:0,&quot;5&quot;:{&quot;1&quot;:2,&quot;2&quot;:0}},{&quot;1&quot;:0,&quot;2&quot;:0,&quot;3&quot;:3},{&quot;1&quot;:1,&quot;2&quot;:0,&quot;4&quot;:1}]},&quot;7&quot;:{&quot;1&quot;:[{&quot;1&quot;:2,&quot;2&quot;:0,&quot;5&quot;:{&quot;1&quot;:2,&quot;2&quot;:0}},{&quot;1&quot;:0,&quot;2&quot;:0,&quot;3&quot;:3},{&quot;1&quot;:1,&quot;2&quot;:0,&quot;4&quot;:1}]},&quot;8&quot;:{&quot;1&quot;:[{&quot;1&quot;:2,&quot;2&quot;:0,&quot;5&quot;:{&quot;1&quot;:2,&quot;2&quot;:0}},{&quot;1&quot;:0,&quot;2&quot;:0,&quot;3&quot;:3},{&quot;1&quot;:1,&quot;2&quot;:0,&quot;4&quot;:1}]},&quot;9&quot;:2,&quot;12&quot;:0,&quot;14&quot;:{&quot;1&quot;:2,&quot;2&quot;:0},&quot;15&quot;:&quot;\\&quot;Calibri Light\\&quot;, sans-serif&quot;}\">Segorbe<\/span><\/h1>\n<p>[\/et_pb_text][et_pb_image src=\u00bbhttps:\/\/www.facsa.com\/municipios\/wp-content\/uploads\/2023\/07\/Icono-PDF-pdf.png\u00bb title_text=\u00bbIcono PDF-pdf\u00bb align=\u00bbcenter\u00bb _builder_version=\u00bb4.16&#8243; _module_preset=\u00bbdefault\u00bb width=\u00bb9%\u00bb max_width=\u00bb2%\u00bb custom_margin=\u00bb||25px||false|false\u00bb global_colors_info=\u00bb{}\u00bb][\/et_pb_image][et_pb_text _builder_version=\u00bb4.16&#8243; _module_preset=\u00bbdefault\u00bb custom_padding=\u00bb0px|||||\u00bb locked=\u00bboff\u00bb global_colors_info=\u00bb{}\u00bb]<\/p>\n<p style=\"text-align: center;\"><span style=\"color: #00ccff;\"><strong><a href=\"https:\/\/www.facsa.com\/municipios\/wp-content\/uploads\/2024\/06\/Red-Segorbe.pdf\" target=\"_blank\" rel=\"noopener\" style=\"color: #00ccff;\" onmouseover=\"this.style.color='#00ccff';\" onmouseout=\"this.style.color='#00ccff';\">Anal\u00edtica<\/a> <\/strong><\/span><strong>\u00a0<span style=\"color: #999999;\"><span data-sheets-root=\"1\" data-sheets-value=\"{&quot;1&quot;:2,&quot;2&quot;:&quot;Red Bej\u00eds&quot;}\" data-sheets-userformat=\"{&quot;2&quot;:4266,&quot;4&quot;:{&quot;1&quot;:2,&quot;2&quot;:15921906},&quot;6&quot;:{&quot;1&quot;:[{&quot;1&quot;:2,&quot;2&quot;:0,&quot;5&quot;:{&quot;1&quot;:2,&quot;2&quot;:0}},{&quot;1&quot;:0,&quot;2&quot;:0,&quot;3&quot;:3},{&quot;1&quot;:1,&quot;2&quot;:0,&quot;4&quot;:1}]},&quot;8&quot;:{&quot;1&quot;:[{&quot;1&quot;:2,&quot;2&quot;:0,&quot;5&quot;:{&quot;1&quot;:2,&quot;2&quot;:0}},{&quot;1&quot;:0,&quot;2&quot;:0,&quot;3&quot;:3},{&quot;1&quot;:1,&quot;2&quot;:0,&quot;4&quot;:1}]},&quot;10&quot;:2,&quot;15&quot;:&quot;\\&quot;Calibri Light\\&quot;&quot;}\">Red Segorbe<\/span>\u00a0<span style=\"color: #00ccff;\"><a href=\"https:\/\/www.facsa.com\/municipios\/wp-content\/uploads\/2024\/06\/VA-Info-Red-Segorbe.pdf\" target=\"_blank\" rel=\"noopener\" style=\"color: #00ccff;\" onmouseover=\"this.style.color='#00ccff';\" onmouseout=\"this.style.color='#00ccff';\">Informaci\u00f3n red<\/a><\/span><\/span><\/strong><span style=\"color: #333300;\"><strong><a href=\"https:\/\/www.facsa.com\/municipios\/wp-content\/uploads\/2023\/07\/Red-Alameda-de-la-Sagra-N\u00facleo-Urbano-1.pdf\" target=\"_blank\" rel=\"noopener\" style=\"color: #969696;\" onmouseover=\"this.style.color='#00ccff';\" onmouseout=\"this.style.color='#969696';\"><br \/><\/a><\/strong><\/span><span style=\"color: #333300;\"><\/span><strong><span style=\"color: #999999;\"><span style=\"color: #00ccff;\"><\/span><\/span><\/strong><\/p>\n<p style=\"text-align: center;\"><span style=\"color: #00ccff;\"><strong><a href=\"https:\/\/www.facsa.com\/municipios\/wp-content\/uploads\/2024\/06\/Red-Segorbe-2-Pe\u00f1alva.pdf\" target=\"_blank\" rel=\"noopener\" style=\"color: #00ccff;\" onmouseover=\"this.style.color='#00ccff';\" onmouseout=\"this.style.color='#00ccff';\">Anal\u00edtica<\/a> <\/strong><\/span><strong><span style=\"color: #999999;\"><span data-sheets-root=\"1\" data-sheets-value=\"{&quot;1&quot;:2,&quot;2&quot;:&quot;Red Bej\u00eds 2 - Arteas de Abajo&quot;}\" data-sheets-userformat=\"{&quot;2&quot;:4266,&quot;4&quot;:{&quot;1&quot;:2,&quot;2&quot;:15921906},&quot;6&quot;:{&quot;1&quot;:[{&quot;1&quot;:2,&quot;2&quot;:0,&quot;5&quot;:{&quot;1&quot;:2,&quot;2&quot;:0}},{&quot;1&quot;:0,&quot;2&quot;:0,&quot;3&quot;:3},{&quot;1&quot;:1,&quot;2&quot;:0,&quot;4&quot;:1}]},&quot;8&quot;:{&quot;1&quot;:[{&quot;1&quot;:2,&quot;2&quot;:0,&quot;5&quot;:{&quot;1&quot;:2,&quot;2&quot;:0}},{&quot;1&quot;:0,&quot;2&quot;:0,&quot;3&quot;:3},{&quot;1&quot;:1,&quot;2&quot;:0,&quot;4&quot;:1}]},&quot;10&quot;:2,&quot;15&quot;:&quot;\\&quot;Calibri Light\\&quot;&quot;}\">Red Segorbe 2 &#8211; Pe\u00f1alva<\/span><\/span><span style=\"color: #999999;\">\u00a0<span style=\"color: #00ccff;\"><a href=\"https:\/\/www.facsa.com\/municipios\/wp-content\/uploads\/2024\/06\/VA-Info-Red-Segorbe-2-Pe\u00f1alva.pdf\" target=\"_blank\" rel=\"noopener\" style=\"color: #00ccff;\" onmouseover=\"this.style.color='#00ccff';\" onmouseout=\"this.style.color='#00ccff';\">Informaci\u00f3n red<\/a><\/span><\/span><\/strong><span style=\"color: #333300;\"><strong><a href=\"https:\/\/www.facsa.com\/municipios\/wp-content\/uploads\/2023\/07\/Red-Alameda-de-la-Sagra-N\u00facleo-Urbano-1.pdf\" target=\"_blank\" rel=\"noopener\" style=\"color: #969696;\" onmouseover=\"this.style.color='#00ccff';\" onmouseout=\"this.style.color='#969696';\"><\/a><\/strong><\/span><span style=\"color: #333300;\"><\/span><strong><span style=\"color: #999999;\"><span style=\"color: #00ccff;\"><\/span><\/span><\/strong><\/p>\n<p style=\"text-align: center;\"><strong><span style=\"color: #999999;\"><span style=\"color: #00ccff;\"><\/span><\/span><\/strong><\/p>\n<p style=\"text-align: center;\"><strong><span style=\"color: #999999;\"><span style=\"color: #00ccff;\"><\/span><\/span><\/strong><\/p>\n<p>[\/et_pb_text][\/et_pb_column][\/et_pb_row][\/et_pb_section][et_pb_section fb_built=\u00bb1&#8243; module_id=\u00bbsierraengarceran\u00bb _builder_version=\u00bb4.16&#8243; _module_preset=\u00bbdefault\u00bb global_colors_info=\u00bb{}\u00bb][et_pb_row _builder_version=\u00bb4.16&#8243; _module_preset=\u00bbdefault\u00bb global_colors_info=\u00bb{}\u00bb][et_pb_column type=\u00bb4_4&#8243; _builder_version=\u00bb4.16&#8243; _module_preset=\u00bbdefault\u00bb global_colors_info=\u00bb{}\u00bb][et_pb_text module_id=\u00bbaresdelmaestrat\u00bb _builder_version=\u00bb4.16&#8243; _module_preset=\u00bbdefault\u00bb text_font_size=\u00bb15px\u00bb header_font_size=\u00bb34px\u00bb custom_margin=\u00bb||21px||false|false\u00bb global_colors_info=\u00bb{}\u00bb]<\/p>\n<h1 style=\"text-align: center;\"><span data-sheets-value=\"{&quot;1&quot;:2,&quot;2&quot;:&quot;Sierra Engarcer\u00e1n&quot;}\" data-sheets-userformat=\"{&quot;2&quot;:6779,&quot;3&quot;:{&quot;1&quot;:0},&quot;4&quot;:{&quot;1&quot;:2,&quot;2&quot;:15921906},&quot;6&quot;:{&quot;1&quot;:[{&quot;1&quot;:2,&quot;2&quot;:0,&quot;5&quot;:{&quot;1&quot;:2,&quot;2&quot;:0}},{&quot;1&quot;:0,&quot;2&quot;:0,&quot;3&quot;:3},{&quot;1&quot;:1,&quot;2&quot;:0,&quot;4&quot;:1}]},&quot;7&quot;:{&quot;1&quot;:[{&quot;1&quot;:2,&quot;2&quot;:0,&quot;5&quot;:{&quot;1&quot;:2,&quot;2&quot;:0}},{&quot;1&quot;:0,&quot;2&quot;:0,&quot;3&quot;:3},{&quot;1&quot;:1,&quot;2&quot;:0,&quot;4&quot;:1}]},&quot;8&quot;:{&quot;1&quot;:[{&quot;1&quot;:2,&quot;2&quot;:0,&quot;5&quot;:{&quot;1&quot;:2,&quot;2&quot;:0}},{&quot;1&quot;:0,&quot;2&quot;:0,&quot;3&quot;:3},{&quot;1&quot;:1,&quot;2&quot;:0,&quot;4&quot;:1}]},&quot;9&quot;:2,&quot;12&quot;:0,&quot;14&quot;:{&quot;1&quot;:2,&quot;2&quot;:0},&quot;15&quot;:&quot;\\&quot;Calibri Light\\&quot;, sans-serif&quot;}\">Sierra Engarcer\u00e1n<\/span><\/h1>\n<p>[\/et_pb_text][et_pb_image src=\u00bbhttps:\/\/www.facsa.com\/municipios\/wp-content\/uploads\/2023\/07\/Icono-PDF-pdf.png\u00bb title_text=\u00bbIcono PDF-pdf\u00bb align=\u00bbcenter\u00bb _builder_version=\u00bb4.16&#8243; _module_preset=\u00bbdefault\u00bb width=\u00bb9%\u00bb max_width=\u00bb2%\u00bb custom_margin=\u00bb||25px||false|false\u00bb global_colors_info=\u00bb{}\u00bb][\/et_pb_image][et_pb_text _builder_version=\u00bb4.16&#8243; _module_preset=\u00bbdefault\u00bb custom_padding=\u00bb0px|||||\u00bb locked=\u00bboff\u00bb global_colors_info=\u00bb{}\u00bb]<\/p>\n<p style=\"text-align: center;\"><span style=\"color: #00ccff;\"><strong><a href=\"https:\/\/www.facsa.com\/municipios\/wp-content\/uploads\/2024\/06\/Red-Sierra-Engarcer\u00e1n.pdf\" target=\"_blank\" rel=\"noopener\" style=\"color: #00ccff;\" onmouseover=\"this.style.color='#00ccff';\" onmouseout=\"this.style.color='#00ccff';\">Anal\u00edtica<\/a> <\/strong><\/span><strong>\u00a0<span style=\"color: #999999;\"><span data-sheets-root=\"1\" data-sheets-value=\"{&quot;1&quot;:2,&quot;2&quot;:&quot;Red Bej\u00eds&quot;}\" data-sheets-userformat=\"{&quot;2&quot;:4266,&quot;4&quot;:{&quot;1&quot;:2,&quot;2&quot;:15921906},&quot;6&quot;:{&quot;1&quot;:[{&quot;1&quot;:2,&quot;2&quot;:0,&quot;5&quot;:{&quot;1&quot;:2,&quot;2&quot;:0}},{&quot;1&quot;:0,&quot;2&quot;:0,&quot;3&quot;:3},{&quot;1&quot;:1,&quot;2&quot;:0,&quot;4&quot;:1}]},&quot;8&quot;:{&quot;1&quot;:[{&quot;1&quot;:2,&quot;2&quot;:0,&quot;5&quot;:{&quot;1&quot;:2,&quot;2&quot;:0}},{&quot;1&quot;:0,&quot;2&quot;:0,&quot;3&quot;:3},{&quot;1&quot;:1,&quot;2&quot;:0,&quot;4&quot;:1}]},&quot;10&quot;:2,&quot;15&quot;:&quot;\\&quot;Calibri Light\\&quot;&quot;}\">Red Sierra Engarcer\u00e1n<\/span>\u00a0<span style=\"color: #00ccff;\"><a href=\"https:\/\/www.facsa.com\/municipios\/wp-content\/uploads\/2024\/06\/VA-Info_Red-Sierra-Engarcer\u00e1n.pdf\" target=\"_blank\" rel=\"noopener\" style=\"color: #00ccff;\" onmouseover=\"this.style.color='#00ccff';\" onmouseout=\"this.style.color='#00ccff';\">Informaci\u00f3n red<\/a><\/span><\/span><\/strong><span style=\"color: #333300;\"><strong><a href=\"https:\/\/www.facsa.com\/municipios\/wp-content\/uploads\/2023\/07\/Red-Alameda-de-la-Sagra-N\u00facleo-Urbano-1.pdf\" target=\"_blank\" rel=\"noopener\" style=\"color: #969696;\" onmouseover=\"this.style.color='#00ccff';\" onmouseout=\"this.style.color='#969696';\"><br \/><\/a><\/strong><\/span><span style=\"color: #333300;\"><\/span><strong><span style=\"color: #999999;\"><span style=\"color: #00ccff;\"><\/span><\/span><\/strong><\/p>\n<p style=\"text-align: center;\"><span style=\"color: #00ccff;\"><strong><a href=\"https:\/\/www.facsa.com\/municipios\/wp-content\/uploads\/2024\/06\/Red-Sierra-Engarcer\u00e1n-Els-Ibarsos.pdf\" target=\"_blank\" rel=\"noopener\" style=\"color: #00ccff;\" onmouseover=\"this.style.color='#00ccff';\" onmouseout=\"this.style.color='#00ccff';\">Anal\u00edtica<\/a> <\/strong><\/span><strong><span style=\"color: #999999;\"><span data-sheets-root=\"1\" data-sheets-value=\"{&quot;1&quot;:2,&quot;2&quot;:&quot;Red Bej\u00eds 2 - Arteas de Abajo&quot;}\" data-sheets-userformat=\"{&quot;2&quot;:4266,&quot;4&quot;:{&quot;1&quot;:2,&quot;2&quot;:15921906},&quot;6&quot;:{&quot;1&quot;:[{&quot;1&quot;:2,&quot;2&quot;:0,&quot;5&quot;:{&quot;1&quot;:2,&quot;2&quot;:0}},{&quot;1&quot;:0,&quot;2&quot;:0,&quot;3&quot;:3},{&quot;1&quot;:1,&quot;2&quot;:0,&quot;4&quot;:1}]},&quot;8&quot;:{&quot;1&quot;:[{&quot;1&quot;:2,&quot;2&quot;:0,&quot;5&quot;:{&quot;1&quot;:2,&quot;2&quot;:0}},{&quot;1&quot;:0,&quot;2&quot;:0,&quot;3&quot;:3},{&quot;1&quot;:1,&quot;2&quot;:0,&quot;4&quot;:1}]},&quot;10&quot;:2,&quot;15&quot;:&quot;\\&quot;Calibri Light\\&quot;&quot;}\">Red Sierra Engarcer\u00e1n &#8211; Els Ibarsos<\/span><\/span><span style=\"color: #999999;\">\u00a0<span style=\"color: #00ccff;\"><a href=\"https:\/\/www.facsa.com\/municipios\/wp-content\/uploads\/2024\/06\/VA-Info_Red-Sierra-Engarcer\u00e1n-Els-Ibarsos.pdf\" target=\"_blank\" rel=\"noopener\" style=\"color: #00ccff;\" onmouseover=\"this.style.color='#00ccff';\" onmouseout=\"this.style.color='#00ccff';\">Informaci\u00f3n red<\/a><\/span><\/span><\/strong><span style=\"color: #333300;\"><strong><a href=\"https:\/\/www.facsa.com\/municipios\/wp-content\/uploads\/2023\/07\/Red-Alameda-de-la-Sagra-N\u00facleo-Urbano-1.pdf\" target=\"_blank\" rel=\"noopener\" style=\"color: #969696;\" onmouseover=\"this.style.color='#00ccff';\" onmouseout=\"this.style.color='#969696';\"><br \/><\/a><\/strong><\/span><span style=\"color: #333300;\"><\/span><strong><span style=\"color: #999999;\"><span style=\"color: #00ccff;\"><\/span><\/span><\/strong><\/p>\n<p style=\"text-align: center;\"><span style=\"color: #00ccff;\"><strong><a href=\"https:\/\/www.facsa.com\/municipios\/wp-content\/uploads\/2024\/06\/Red-Sierra-Engarcer\u00e1n-Els-Rosildos.pdf\" target=\"_blank\" rel=\"noopener\" style=\"color: #00ccff;\" onmouseover=\"this.style.color='#00ccff';\" onmouseout=\"this.style.color='#00ccff';\">Anal\u00edtica<\/a> <\/strong><\/span><strong>\u00a0<span style=\"color: #999999;\"><span data-sheets-root=\"1\" data-sheets-value=\"{&quot;1&quot;:2,&quot;2&quot;:&quot;Red Bej\u00eds 3 - Arteas de Arriba&quot;}\" data-sheets-userformat=\"{&quot;2&quot;:4266,&quot;4&quot;:{&quot;1&quot;:2,&quot;2&quot;:15921906},&quot;6&quot;:{&quot;1&quot;:[{&quot;1&quot;:2,&quot;2&quot;:0,&quot;5&quot;:{&quot;1&quot;:2,&quot;2&quot;:0}},{&quot;1&quot;:0,&quot;2&quot;:0,&quot;3&quot;:3},{&quot;1&quot;:1,&quot;2&quot;:0,&quot;4&quot;:1}]},&quot;8&quot;:{&quot;1&quot;:[{&quot;1&quot;:2,&quot;2&quot;:0,&quot;5&quot;:{&quot;1&quot;:2,&quot;2&quot;:0}},{&quot;1&quot;:0,&quot;2&quot;:0,&quot;3&quot;:3},{&quot;1&quot;:1,&quot;2&quot;:0,&quot;4&quot;:1}]},&quot;10&quot;:2,&quot;15&quot;:&quot;\\&quot;Calibri Light\\&quot;&quot;}\">Red Sierra Engarcer\u00e1n &#8211; Els Rosildos<\/span>\u00a0\u00a0<span style=\"color: #00ccff;\"><a href=\"https:\/\/www.facsa.com\/municipios\/wp-content\/uploads\/2024\/06\/VA-Info_Red-Sierra-Engarcer\u00e1n-Els-Rosildos.pdf\" target=\"_blank\" rel=\"noopener\" style=\"color: #00ccff;\" onmouseover=\"this.style.color='#00ccff';\" onmouseout=\"this.style.color='#00ccff';\">Informaci\u00f3n red<\/a><\/span><\/span><\/strong><span style=\"color: #333300;\"><strong><a href=\"https:\/\/www.facsa.com\/municipios\/wp-content\/uploads\/2023\/07\/Red-Alameda-de-la-Sagra-N\u00facleo-Urbano-1.pdf\" target=\"_blank\" rel=\"noopener\" style=\"color: #969696;\" onmouseover=\"this.style.color='#00ccff';\" onmouseout=\"this.style.color='#969696';\"><br \/><\/a><\/strong><\/span><span style=\"color: #333300;\"><\/span><strong><span style=\"color: #999999;\"><span style=\"color: #00ccff;\"><\/span><\/span><\/strong><\/p>\n<p style=\"text-align: center;\"><span style=\"color: #00ccff;\"><strong><a href=\"https:\/\/www.facsa.com\/municipios\/wp-content\/uploads\/2024\/06\/Red-Mas-de-Montino-Mas-de-Patarrum-Mas-d\u00b4En-Coll-y-Mas-de-Collet.pdf\" target=\"_blank\" rel=\"noopener\" style=\"color: #00ccff;\" onmouseover=\"this.style.color='#00ccff';\" onmouseout=\"this.style.color='#00ccff';\">Anal\u00edtica<\/a> <\/strong><\/span><strong><span style=\"color: #999999;\"><span data-sheets-root=\"1\" data-sheets-value=\"{&quot;1&quot;:2,&quot;2&quot;:&quot;Red Bej\u00eds 4 - Masia de los Perez&quot;}\" data-sheets-userformat=\"{&quot;2&quot;:4266,&quot;4&quot;:{&quot;1&quot;:2,&quot;2&quot;:15921906},&quot;6&quot;:{&quot;1&quot;:[{&quot;1&quot;:2,&quot;2&quot;:0,&quot;5&quot;:{&quot;1&quot;:2,&quot;2&quot;:0}},{&quot;1&quot;:0,&quot;2&quot;:0,&quot;3&quot;:3},{&quot;1&quot;:1,&quot;2&quot;:0,&quot;4&quot;:1}]},&quot;8&quot;:{&quot;1&quot;:[{&quot;1&quot;:2,&quot;2&quot;:0,&quot;5&quot;:{&quot;1&quot;:2,&quot;2&quot;:0}},{&quot;1&quot;:0,&quot;2&quot;:0,&quot;3&quot;:3},{&quot;1&quot;:1,&quot;2&quot;:0,&quot;4&quot;:1}]},&quot;10&quot;:2,&quot;15&quot;:&quot;\\&quot;Calibri Light\\&quot;&quot;}\">Red Mas de Montino, Mas de Patarrum, Mas d\u00b4En Coll y Mas de Collet<\/span><\/span><span style=\"color: #999999;\">\u00a0<span style=\"color: #00ccff;\"><a href=\"https:\/\/www.facsa.com\/municipios\/wp-content\/uploads\/2024\/06\/VA-Info_Red-Mas-de-Montino-Mas-de-Patarrum-Mas-d\u00b4En-Coll-y-Mas-de-Collet.pdf\" target=\"_blank\" rel=\"noopener\" style=\"color: #00ccff;\" onmouseover=\"this.style.color='#00ccff';\" onmouseout=\"this.style.color='#00ccff';\">Informaci\u00f3n red<\/a><\/span><\/span><\/strong><span style=\"color: #333300;\"><strong><a href=\"https:\/\/www.facsa.com\/municipios\/wp-content\/uploads\/2023\/07\/Red-Alameda-de-la-Sagra-N\u00facleo-Urbano-1.pdf\" target=\"_blank\" rel=\"noopener\" style=\"color: #969696;\" onmouseover=\"this.style.color='#00ccff';\" onmouseout=\"this.style.color='#969696';\"><\/a><\/strong><\/span><span style=\"color: #333300;\"><strong><a href=\"https:\/\/www.facsa.com\/municipios\/wp-content\/uploads\/2023\/07\/Red-Alameda-de-la-Sagra-N\u00facleo-Urbano-1.pdf\" target=\"_blank\" rel=\"noopener\" style=\"color: #969696;\" onmouseover=\"this.style.color='#00ccff';\" onmouseout=\"this.style.color='#969696';\"><\/a><\/strong><\/span><span style=\"color: #333300;\"><\/span><strong><span style=\"color: #999999;\"><span style=\"color: #00ccff;\"><\/span><\/span><\/strong><strong><span style=\"color: #999999;\"><\/span><\/strong><span style=\"color: #333300;\"><\/span><\/p>\n<p style=\"text-align: center;\"><strong><span style=\"color: #999999;\"><span style=\"color: #00ccff;\"><\/span><\/span><\/strong><\/p>\n<p style=\"text-align: center;\"><strong><span style=\"color: #999999;\"><span style=\"color: #00ccff;\"><\/span><\/span><\/strong><\/p>\n<p>[\/et_pb_text][\/et_pb_column][\/et_pb_row][\/et_pb_section][et_pb_section fb_built=\u00bb1&#8243; module_id=\u00bbsuerassuera\u00bb _builder_version=\u00bb4.16&#8243; _module_preset=\u00bbdefault\u00bb global_colors_info=\u00bb{}\u00bb][et_pb_row _builder_version=\u00bb4.16&#8243; _module_preset=\u00bbdefault\u00bb global_colors_info=\u00bb{}\u00bb][et_pb_column type=\u00bb4_4&#8243; _builder_version=\u00bb4.16&#8243; _module_preset=\u00bbdefault\u00bb global_colors_info=\u00bb{}\u00bb][et_pb_text module_id=\u00bbaresdelmaestrat\u00bb _builder_version=\u00bb4.16&#8243; _module_preset=\u00bbdefault\u00bb text_font_size=\u00bb15px\u00bb header_font_size=\u00bb34px\u00bb custom_margin=\u00bb||21px||false|false\u00bb global_colors_info=\u00bb{}\u00bb]<\/p>\n<h1 style=\"text-align: center;\"><span data-sheets-value=\"{&quot;1&quot;:2,&quot;2&quot;:&quot;Sueras\/Suera&quot;}\" data-sheets-userformat=\"{&quot;2&quot;:6779,&quot;3&quot;:{&quot;1&quot;:0},&quot;4&quot;:{&quot;1&quot;:2,&quot;2&quot;:15921906},&quot;6&quot;:{&quot;1&quot;:[{&quot;1&quot;:2,&quot;2&quot;:0,&quot;5&quot;:{&quot;1&quot;:2,&quot;2&quot;:0}},{&quot;1&quot;:0,&quot;2&quot;:0,&quot;3&quot;:3},{&quot;1&quot;:1,&quot;2&quot;:0,&quot;4&quot;:1}]},&quot;7&quot;:{&quot;1&quot;:[{&quot;1&quot;:2,&quot;2&quot;:0,&quot;5&quot;:{&quot;1&quot;:2,&quot;2&quot;:0}},{&quot;1&quot;:0,&quot;2&quot;:0,&quot;3&quot;:3},{&quot;1&quot;:1,&quot;2&quot;:0,&quot;4&quot;:1}]},&quot;8&quot;:{&quot;1&quot;:[{&quot;1&quot;:2,&quot;2&quot;:0,&quot;5&quot;:{&quot;1&quot;:2,&quot;2&quot;:0}},{&quot;1&quot;:0,&quot;2&quot;:0,&quot;3&quot;:3},{&quot;1&quot;:1,&quot;2&quot;:0,&quot;4&quot;:1}]},&quot;9&quot;:2,&quot;12&quot;:0,&quot;14&quot;:{&quot;1&quot;:2,&quot;2&quot;:0},&quot;15&quot;:&quot;\\&quot;Calibri Light\\&quot;, sans-serif&quot;}\">Sueras\/Suera<\/span><\/h1>\n<p>[\/et_pb_text][et_pb_image src=\u00bbhttps:\/\/www.facsa.com\/municipios\/wp-content\/uploads\/2023\/07\/Icono-PDF-pdf.png\u00bb title_text=\u00bbIcono PDF-pdf\u00bb align=\u00bbcenter\u00bb _builder_version=\u00bb4.16&#8243; _module_preset=\u00bbdefault\u00bb width=\u00bb9%\u00bb max_width=\u00bb2%\u00bb custom_margin=\u00bb||25px||false|false\u00bb global_colors_info=\u00bb{}\u00bb][\/et_pb_image][et_pb_text _builder_version=\u00bb4.16&#8243; _module_preset=\u00bbdefault\u00bb custom_padding=\u00bb0px|||||\u00bb locked=\u00bboff\u00bb global_colors_info=\u00bb{}\u00bb]<\/p>\n<p style=\"text-align: center;\"><span style=\"color: #00ccff;\"><strong><a href=\"https:\/\/www.facsa.com\/municipios\/wp-content\/uploads\/2024\/06\/Red-Sueras.pdf\" target=\"_blank\" rel=\"noopener\" style=\"color: #00ccff;\" onmouseover=\"this.style.color='#00ccff';\" onmouseout=\"this.style.color='#00ccff';\">Anal\u00edtica<\/a> <\/strong><\/span><strong>\u00a0<span style=\"color: #999999;\"><span data-sheets-root=\"1\" data-sheets-value=\"{&quot;1&quot;:2,&quot;2&quot;:&quot;Red Bej\u00eds&quot;}\" data-sheets-userformat=\"{&quot;2&quot;:4266,&quot;4&quot;:{&quot;1&quot;:2,&quot;2&quot;:15921906},&quot;6&quot;:{&quot;1&quot;:[{&quot;1&quot;:2,&quot;2&quot;:0,&quot;5&quot;:{&quot;1&quot;:2,&quot;2&quot;:0}},{&quot;1&quot;:0,&quot;2&quot;:0,&quot;3&quot;:3},{&quot;1&quot;:1,&quot;2&quot;:0,&quot;4&quot;:1}]},&quot;8&quot;:{&quot;1&quot;:[{&quot;1&quot;:2,&quot;2&quot;:0,&quot;5&quot;:{&quot;1&quot;:2,&quot;2&quot;:0}},{&quot;1&quot;:0,&quot;2&quot;:0,&quot;3&quot;:3},{&quot;1&quot;:1,&quot;2&quot;:0,&quot;4&quot;:1}]},&quot;10&quot;:2,&quot;15&quot;:&quot;\\&quot;Calibri Light\\&quot;&quot;}\">Red Sueras<\/span>\u00a0<span style=\"color: #00ccff;\"><a href=\"https:\/\/www.facsa.com\/municipios\/wp-content\/uploads\/2024\/06\/VA-Info-red-Suera.pdf\" target=\"_blank\" rel=\"noopener\" style=\"color: #00ccff;\" onmouseover=\"this.style.color='#00ccff';\" onmouseout=\"this.style.color='#00ccff';\">Informaci\u00f3n red<\/a><\/span><\/span><\/strong><span style=\"color: #333300;\"><strong><a href=\"https:\/\/www.facsa.com\/municipios\/wp-content\/uploads\/2023\/07\/Red-Alameda-de-la-Sagra-N\u00facleo-Urbano-1.pdf\" target=\"_blank\" rel=\"noopener\" style=\"color: #969696;\" onmouseover=\"this.style.color='#00ccff';\" onmouseout=\"this.style.color='#969696';\"><br \/><\/a><\/strong><\/span><span style=\"color: #333300;\"><\/span><strong><span style=\"color: #999999;\"><span style=\"color: #00ccff;\"><\/span><\/span><\/strong><\/p>\n<p style=\"text-align: center;\"><strong><span style=\"color: #999999;\"><span style=\"color: #00ccff;\"><\/span><\/span><\/strong><\/p>\n<p>[\/et_pb_text][\/et_pb_column][\/et_pb_row][\/et_pb_section][et_pb_section fb_built=\u00bb1&#8243; module_id=\u00bbtales\u00bb _builder_version=\u00bb4.16&#8243; _module_preset=\u00bbdefault\u00bb global_colors_info=\u00bb{}\u00bb][et_pb_row _builder_version=\u00bb4.16&#8243; _module_preset=\u00bbdefault\u00bb global_colors_info=\u00bb{}\u00bb][et_pb_column type=\u00bb4_4&#8243; _builder_version=\u00bb4.16&#8243; _module_preset=\u00bbdefault\u00bb global_colors_info=\u00bb{}\u00bb][et_pb_text module_id=\u00bbaresdelmaestrat\u00bb _builder_version=\u00bb4.16&#8243; _module_preset=\u00bbdefault\u00bb text_font_size=\u00bb15px\u00bb header_font_size=\u00bb34px\u00bb custom_margin=\u00bb||21px||false|false\u00bb global_colors_info=\u00bb{}\u00bb]<\/p>\n<h1 style=\"text-align: center;\"><span data-sheets-value=\"{&quot;1&quot;:2,&quot;2&quot;:&quot;Tales&quot;}\" data-sheets-userformat=\"{&quot;2&quot;:6779,&quot;3&quot;:{&quot;1&quot;:0},&quot;4&quot;:{&quot;1&quot;:2,&quot;2&quot;:15921906},&quot;6&quot;:{&quot;1&quot;:[{&quot;1&quot;:2,&quot;2&quot;:0,&quot;5&quot;:{&quot;1&quot;:2,&quot;2&quot;:0}},{&quot;1&quot;:0,&quot;2&quot;:0,&quot;3&quot;:3},{&quot;1&quot;:1,&quot;2&quot;:0,&quot;4&quot;:1}]},&quot;7&quot;:{&quot;1&quot;:[{&quot;1&quot;:2,&quot;2&quot;:0,&quot;5&quot;:{&quot;1&quot;:2,&quot;2&quot;:0}},{&quot;1&quot;:0,&quot;2&quot;:0,&quot;3&quot;:3},{&quot;1&quot;:1,&quot;2&quot;:0,&quot;4&quot;:1}]},&quot;8&quot;:{&quot;1&quot;:[{&quot;1&quot;:2,&quot;2&quot;:0,&quot;5&quot;:{&quot;1&quot;:2,&quot;2&quot;:0}},{&quot;1&quot;:0,&quot;2&quot;:0,&quot;3&quot;:3},{&quot;1&quot;:1,&quot;2&quot;:0,&quot;4&quot;:1}]},&quot;9&quot;:2,&quot;12&quot;:0,&quot;14&quot;:{&quot;1&quot;:2,&quot;2&quot;:0},&quot;15&quot;:&quot;\\&quot;Calibri Light\\&quot;, sans-serif&quot;}\">Tales<\/span><\/h1>\n<p>[\/et_pb_text][et_pb_image src=\u00bbhttps:\/\/www.facsa.com\/municipios\/wp-content\/uploads\/2023\/07\/Icono-PDF-pdf.png\u00bb title_text=\u00bbIcono PDF-pdf\u00bb align=\u00bbcenter\u00bb _builder_version=\u00bb4.16&#8243; _module_preset=\u00bbdefault\u00bb width=\u00bb9%\u00bb max_width=\u00bb2%\u00bb custom_margin=\u00bb||25px||false|false\u00bb global_colors_info=\u00bb{}\u00bb][\/et_pb_image][et_pb_text _builder_version=\u00bb4.16&#8243; _module_preset=\u00bbdefault\u00bb custom_padding=\u00bb0px|||||\u00bb locked=\u00bboff\u00bb global_colors_info=\u00bb{}\u00bb]<\/p>\n<p style=\"text-align: center;\"><span style=\"color: #00ccff;\"><strong><a href=\"https:\/\/www.facsa.com\/municipios\/wp-content\/uploads\/2024\/06\/Red-Tales.pdf\" target=\"_blank\" rel=\"noopener\" style=\"color: #00ccff;\" onmouseover=\"this.style.color='#00ccff';\" onmouseout=\"this.style.color='#00ccff';\">Anal\u00edtica<\/a> <\/strong><\/span><strong>\u00a0<span style=\"color: #999999;\"><span data-sheets-root=\"1\" data-sheets-value=\"{&quot;1&quot;:2,&quot;2&quot;:&quot;Red Bej\u00eds&quot;}\" data-sheets-userformat=\"{&quot;2&quot;:4266,&quot;4&quot;:{&quot;1&quot;:2,&quot;2&quot;:15921906},&quot;6&quot;:{&quot;1&quot;:[{&quot;1&quot;:2,&quot;2&quot;:0,&quot;5&quot;:{&quot;1&quot;:2,&quot;2&quot;:0}},{&quot;1&quot;:0,&quot;2&quot;:0,&quot;3&quot;:3},{&quot;1&quot;:1,&quot;2&quot;:0,&quot;4&quot;:1}]},&quot;8&quot;:{&quot;1&quot;:[{&quot;1&quot;:2,&quot;2&quot;:0,&quot;5&quot;:{&quot;1&quot;:2,&quot;2&quot;:0}},{&quot;1&quot;:0,&quot;2&quot;:0,&quot;3&quot;:3},{&quot;1&quot;:1,&quot;2&quot;:0,&quot;4&quot;:1}]},&quot;10&quot;:2,&quot;15&quot;:&quot;\\&quot;Calibri Light\\&quot;&quot;}\">Red Tales<\/span>\u00a0<span style=\"color: #00ccff;\"><a href=\"https:\/\/www.facsa.com\/municipios\/wp-content\/uploads\/2024\/06\/VA-Info-Red-Tales.pdf\" target=\"_blank\" rel=\"noopener\" style=\"color: #00ccff;\" onmouseover=\"this.style.color='#00ccff';\" onmouseout=\"this.style.color='#00ccff';\">Informaci\u00f3n red<\/a><\/span><\/span><\/strong><span style=\"color: #333300;\"><strong><a href=\"https:\/\/www.facsa.com\/municipios\/wp-content\/uploads\/2023\/07\/Red-Alameda-de-la-Sagra-N\u00facleo-Urbano-1.pdf\" target=\"_blank\" rel=\"noopener\" style=\"color: #969696;\" onmouseover=\"this.style.color='#00ccff';\" onmouseout=\"this.style.color='#969696';\"><br \/><\/a><\/strong><\/span><span style=\"color: #333300;\"><\/span><strong><span style=\"color: #999999;\"><span style=\"color: #00ccff;\"><\/span><\/span><\/strong><\/p>\n<p style=\"text-align: center;\"><strong><span style=\"color: #999999;\"><span style=\"color: #00ccff;\"><\/span><\/span><\/strong><\/p>\n<p>[\/et_pb_text][\/et_pb_column][\/et_pb_row][\/et_pb_section][et_pb_section fb_built=\u00bb1&#8243; module_id=\u00bbtirig\u00bb _builder_version=\u00bb4.16&#8243; _module_preset=\u00bbdefault\u00bb global_colors_info=\u00bb{}\u00bb][et_pb_row _builder_version=\u00bb4.16&#8243; _module_preset=\u00bbdefault\u00bb global_colors_info=\u00bb{}\u00bb][et_pb_column type=\u00bb4_4&#8243; _builder_version=\u00bb4.16&#8243; _module_preset=\u00bbdefault\u00bb global_colors_info=\u00bb{}\u00bb][et_pb_text module_id=\u00bbaresdelmaestrat\u00bb _builder_version=\u00bb4.16&#8243; _module_preset=\u00bbdefault\u00bb text_font_size=\u00bb15px\u00bb header_font_size=\u00bb34px\u00bb custom_margin=\u00bb||21px||false|false\u00bb global_colors_info=\u00bb{}\u00bb]<\/p>\n<h1 style=\"text-align: center;\"><span data-sheets-value=\"{&quot;1&quot;:2,&quot;2&quot;:&quot;Tirig&quot;}\" data-sheets-userformat=\"{&quot;2&quot;:6779,&quot;3&quot;:{&quot;1&quot;:0},&quot;4&quot;:{&quot;1&quot;:2,&quot;2&quot;:15921906},&quot;6&quot;:{&quot;1&quot;:[{&quot;1&quot;:2,&quot;2&quot;:0,&quot;5&quot;:{&quot;1&quot;:2,&quot;2&quot;:0}},{&quot;1&quot;:0,&quot;2&quot;:0,&quot;3&quot;:3},{&quot;1&quot;:1,&quot;2&quot;:0,&quot;4&quot;:1}]},&quot;7&quot;:{&quot;1&quot;:[{&quot;1&quot;:2,&quot;2&quot;:0,&quot;5&quot;:{&quot;1&quot;:2,&quot;2&quot;:0}},{&quot;1&quot;:0,&quot;2&quot;:0,&quot;3&quot;:3},{&quot;1&quot;:1,&quot;2&quot;:0,&quot;4&quot;:1}]},&quot;8&quot;:{&quot;1&quot;:[{&quot;1&quot;:2,&quot;2&quot;:0,&quot;5&quot;:{&quot;1&quot;:2,&quot;2&quot;:0}},{&quot;1&quot;:0,&quot;2&quot;:0,&quot;3&quot;:3},{&quot;1&quot;:1,&quot;2&quot;:0,&quot;4&quot;:1}]},&quot;9&quot;:2,&quot;12&quot;:0,&quot;14&quot;:{&quot;1&quot;:2,&quot;2&quot;:0},&quot;15&quot;:&quot;\\&quot;Calibri Light\\&quot;, sans-serif&quot;}\">Tirig<\/span><\/h1>\n<p>[\/et_pb_text][et_pb_image src=\u00bbhttps:\/\/www.facsa.com\/municipios\/wp-content\/uploads\/2023\/07\/Icono-PDF-pdf.png\u00bb title_text=\u00bbIcono PDF-pdf\u00bb align=\u00bbcenter\u00bb _builder_version=\u00bb4.16&#8243; _module_preset=\u00bbdefault\u00bb width=\u00bb9%\u00bb max_width=\u00bb2%\u00bb custom_margin=\u00bb||25px||false|false\u00bb global_colors_info=\u00bb{}\u00bb][\/et_pb_image][et_pb_text _builder_version=\u00bb4.16&#8243; _module_preset=\u00bbdefault\u00bb custom_padding=\u00bb0px|||||\u00bb locked=\u00bboff\u00bb global_colors_info=\u00bb{}\u00bb]<\/p>\n<p style=\"text-align: center;\"><span style=\"color: #00ccff;\"><strong><a href=\"https:\/\/www.facsa.com\/municipios\/wp-content\/uploads\/2024\/06\/Red-Tirig-N\u00facleo-Urbano.pdf\" target=\"_blank\" rel=\"noopener\" style=\"color: #00ccff;\" onmouseover=\"this.style.color='#00ccff';\" onmouseout=\"this.style.color='#00ccff';\">Anal\u00edtica<\/a> <\/strong><\/span><strong>\u00a0<span style=\"color: #999999;\"><span data-sheets-root=\"1\" data-sheets-value=\"{&quot;1&quot;:2,&quot;2&quot;:&quot;Red Bej\u00eds&quot;}\" data-sheets-userformat=\"{&quot;2&quot;:4266,&quot;4&quot;:{&quot;1&quot;:2,&quot;2&quot;:15921906},&quot;6&quot;:{&quot;1&quot;:[{&quot;1&quot;:2,&quot;2&quot;:0,&quot;5&quot;:{&quot;1&quot;:2,&quot;2&quot;:0}},{&quot;1&quot;:0,&quot;2&quot;:0,&quot;3&quot;:3},{&quot;1&quot;:1,&quot;2&quot;:0,&quot;4&quot;:1}]},&quot;8&quot;:{&quot;1&quot;:[{&quot;1&quot;:2,&quot;2&quot;:0,&quot;5&quot;:{&quot;1&quot;:2,&quot;2&quot;:0}},{&quot;1&quot;:0,&quot;2&quot;:0,&quot;3&quot;:3},{&quot;1&quot;:1,&quot;2&quot;:0,&quot;4&quot;:1}]},&quot;10&quot;:2,&quot;15&quot;:&quot;\\&quot;Calibri Light\\&quot;&quot;}\">Red Tirig &#8211; N\u00facleo Urbano<\/span>\u00a0<span style=\"color: #00ccff;\"><a href=\"https:\/\/www.facsa.com\/municipios\/wp-content\/uploads\/2024\/06\/VA-Info_Red-T\u00edrig-N\u00facleo-urbano.pdf\" target=\"_blank\" rel=\"noopener\" style=\"color: #00ccff;\" onmouseover=\"this.style.color='#00ccff';\" onmouseout=\"this.style.color='#00ccff';\">Informaci\u00f3n red<\/a><\/span><\/span><\/strong><span style=\"color: #333300;\"><strong><a href=\"https:\/\/www.facsa.com\/municipios\/wp-content\/uploads\/2023\/07\/Red-Alameda-de-la-Sagra-N\u00facleo-Urbano-1.pdf\" target=\"_blank\" rel=\"noopener\" style=\"color: #969696;\" onmouseover=\"this.style.color='#00ccff';\" onmouseout=\"this.style.color='#969696';\"><br \/><\/a><\/strong><\/span><span style=\"color: #333300;\"><\/span><strong><span style=\"color: #999999;\"><span style=\"color: #00ccff;\"><\/span><\/span><\/strong><\/p>\n<p style=\"text-align: center;\"><strong><span style=\"color: #999999;\"><span style=\"color: #00ccff;\"><\/span><\/span><\/strong><\/p>\n<p>[\/et_pb_text][\/et_pb_column][\/et_pb_row][\/et_pb_section][et_pb_section fb_built=\u00bb1&#8243; module_id=\u00bbtoga\u00bb _builder_version=\u00bb4.16&#8243; _module_preset=\u00bbdefault\u00bb global_colors_info=\u00bb{}\u00bb][et_pb_row _builder_version=\u00bb4.16&#8243; _module_preset=\u00bbdefault\u00bb global_colors_info=\u00bb{}\u00bb][et_pb_column type=\u00bb4_4&#8243; _builder_version=\u00bb4.16&#8243; _module_preset=\u00bbdefault\u00bb global_colors_info=\u00bb{}\u00bb][et_pb_text module_id=\u00bbaresdelmaestrat\u00bb _builder_version=\u00bb4.16&#8243; _module_preset=\u00bbdefault\u00bb text_font_size=\u00bb15px\u00bb header_font_size=\u00bb34px\u00bb custom_margin=\u00bb||21px||false|false\u00bb global_colors_info=\u00bb{}\u00bb]<\/p>\n<h1 style=\"text-align: center;\"><span data-sheets-value=\"{&quot;1&quot;:2,&quot;2&quot;:&quot;Tirig&quot;}\" data-sheets-userformat=\"{&quot;2&quot;:6779,&quot;3&quot;:{&quot;1&quot;:0},&quot;4&quot;:{&quot;1&quot;:2,&quot;2&quot;:15921906},&quot;6&quot;:{&quot;1&quot;:[{&quot;1&quot;:2,&quot;2&quot;:0,&quot;5&quot;:{&quot;1&quot;:2,&quot;2&quot;:0}},{&quot;1&quot;:0,&quot;2&quot;:0,&quot;3&quot;:3},{&quot;1&quot;:1,&quot;2&quot;:0,&quot;4&quot;:1}]},&quot;7&quot;:{&quot;1&quot;:[{&quot;1&quot;:2,&quot;2&quot;:0,&quot;5&quot;:{&quot;1&quot;:2,&quot;2&quot;:0}},{&quot;1&quot;:0,&quot;2&quot;:0,&quot;3&quot;:3},{&quot;1&quot;:1,&quot;2&quot;:0,&quot;4&quot;:1}]},&quot;8&quot;:{&quot;1&quot;:[{&quot;1&quot;:2,&quot;2&quot;:0,&quot;5&quot;:{&quot;1&quot;:2,&quot;2&quot;:0}},{&quot;1&quot;:0,&quot;2&quot;:0,&quot;3&quot;:3},{&quot;1&quot;:1,&quot;2&quot;:0,&quot;4&quot;:1}]},&quot;9&quot;:2,&quot;12&quot;:0,&quot;14&quot;:{&quot;1&quot;:2,&quot;2&quot;:0},&quot;15&quot;:&quot;\\&quot;Calibri Light\\&quot;, sans-serif&quot;}\">Toga<\/span><\/h1>\n<p>[\/et_pb_text][et_pb_image src=\u00bbhttps:\/\/www.facsa.com\/municipios\/wp-content\/uploads\/2023\/07\/Icono-PDF-pdf.png\u00bb title_text=\u00bbIcono PDF-pdf\u00bb align=\u00bbcenter\u00bb _builder_version=\u00bb4.16&#8243; _module_preset=\u00bbdefault\u00bb width=\u00bb9%\u00bb max_width=\u00bb2%\u00bb custom_margin=\u00bb||25px||false|false\u00bb global_colors_info=\u00bb{}\u00bb][\/et_pb_image][et_pb_text _builder_version=\u00bb4.16&#8243; _module_preset=\u00bbdefault\u00bb custom_padding=\u00bb0px|||||\u00bb locked=\u00bboff\u00bb global_colors_info=\u00bb{}\u00bb]<\/p>\n<p style=\"text-align: center;\"><span style=\"color: #00ccff;\"><strong><a href=\"https:\/\/www.facsa.com\/municipios\/wp-content\/uploads\/2024\/06\/Red-Toga.pdf\" target=\"_blank\" rel=\"noopener\" style=\"color: #00ccff;\" onmouseover=\"this.style.color='#00ccff';\" onmouseout=\"this.style.color='#00ccff';\">Anal\u00edtica<\/a> <\/strong><\/span><strong>\u00a0<span style=\"color: #999999;\"><span data-sheets-root=\"1\" data-sheets-value=\"{&quot;1&quot;:2,&quot;2&quot;:&quot;Red Bej\u00eds&quot;}\" data-sheets-userformat=\"{&quot;2&quot;:4266,&quot;4&quot;:{&quot;1&quot;:2,&quot;2&quot;:15921906},&quot;6&quot;:{&quot;1&quot;:[{&quot;1&quot;:2,&quot;2&quot;:0,&quot;5&quot;:{&quot;1&quot;:2,&quot;2&quot;:0}},{&quot;1&quot;:0,&quot;2&quot;:0,&quot;3&quot;:3},{&quot;1&quot;:1,&quot;2&quot;:0,&quot;4&quot;:1}]},&quot;8&quot;:{&quot;1&quot;:[{&quot;1&quot;:2,&quot;2&quot;:0,&quot;5&quot;:{&quot;1&quot;:2,&quot;2&quot;:0}},{&quot;1&quot;:0,&quot;2&quot;:0,&quot;3&quot;:3},{&quot;1&quot;:1,&quot;2&quot;:0,&quot;4&quot;:1}]},&quot;10&quot;:2,&quot;15&quot;:&quot;\\&quot;Calibri Light\\&quot;&quot;}\">Red Toga<\/span>\u00a0<span style=\"color: #00ccff;\"><a href=\"https:\/\/www.facsa.com\/municipios\/wp-content\/uploads\/2024\/06\/VA-Info-red-Toga.pdf\" target=\"_blank\" rel=\"noopener\" style=\"color: #00ccff;\" onmouseover=\"this.style.color='#00ccff';\" onmouseout=\"this.style.color='#00ccff';\">Informaci\u00f3n red<\/a><\/span><\/span><\/strong><span style=\"color: #333300;\"><strong><a href=\"https:\/\/www.facsa.com\/municipios\/wp-content\/uploads\/2023\/07\/Red-Alameda-de-la-Sagra-N\u00facleo-Urbano-1.pdf\" target=\"_blank\" rel=\"noopener\" style=\"color: #969696;\" onmouseover=\"this.style.color='#00ccff';\" onmouseout=\"this.style.color='#969696';\"><br \/><\/a><\/strong><\/span><span style=\"color: #333300;\"><\/span><strong><span style=\"color: #999999;\"><span style=\"color: #00ccff;\"><\/span><\/span><\/strong><\/p>\n<p style=\"text-align: center;\"><strong><span style=\"color: #999999;\"><span style=\"color: #00ccff;\"><\/span><\/span><\/strong><\/p>\n<p>[\/et_pb_text][\/et_pb_column][\/et_pb_row][\/et_pb_section][et_pb_section fb_built=\u00bb1&#8243; module_id=\u00bbtorralbadelpinar\u00bb _builder_version=\u00bb4.16&#8243; _module_preset=\u00bbdefault\u00bb global_colors_info=\u00bb{}\u00bb][et_pb_row _builder_version=\u00bb4.16&#8243; _module_preset=\u00bbdefault\u00bb global_colors_info=\u00bb{}\u00bb][et_pb_column type=\u00bb4_4&#8243; _builder_version=\u00bb4.16&#8243; _module_preset=\u00bbdefault\u00bb global_colors_info=\u00bb{}\u00bb][et_pb_text module_id=\u00bbaresdelmaestrat\u00bb _builder_version=\u00bb4.16&#8243; _module_preset=\u00bbdefault\u00bb text_font_size=\u00bb15px\u00bb header_font_size=\u00bb34px\u00bb custom_margin=\u00bb||21px||false|false\u00bb global_colors_info=\u00bb{}\u00bb]<\/p>\n<h1 style=\"text-align: center;\"><span data-sheets-value=\"{&quot;1&quot;:2,&quot;2&quot;:&quot;Torralba Del Pinar&quot;}\" data-sheets-userformat=\"{&quot;2&quot;:6779,&quot;3&quot;:{&quot;1&quot;:0},&quot;4&quot;:{&quot;1&quot;:2,&quot;2&quot;:15921906},&quot;6&quot;:{&quot;1&quot;:[{&quot;1&quot;:2,&quot;2&quot;:0,&quot;5&quot;:{&quot;1&quot;:2,&quot;2&quot;:0}},{&quot;1&quot;:0,&quot;2&quot;:0,&quot;3&quot;:3},{&quot;1&quot;:1,&quot;2&quot;:0,&quot;4&quot;:1}]},&quot;7&quot;:{&quot;1&quot;:[{&quot;1&quot;:2,&quot;2&quot;:0,&quot;5&quot;:{&quot;1&quot;:2,&quot;2&quot;:0}},{&quot;1&quot;:0,&quot;2&quot;:0,&quot;3&quot;:3},{&quot;1&quot;:1,&quot;2&quot;:0,&quot;4&quot;:1}]},&quot;8&quot;:{&quot;1&quot;:[{&quot;1&quot;:2,&quot;2&quot;:0,&quot;5&quot;:{&quot;1&quot;:2,&quot;2&quot;:0}},{&quot;1&quot;:0,&quot;2&quot;:0,&quot;3&quot;:3},{&quot;1&quot;:1,&quot;2&quot;:0,&quot;4&quot;:1}]},&quot;9&quot;:2,&quot;12&quot;:0,&quot;14&quot;:{&quot;1&quot;:2,&quot;2&quot;:0},&quot;15&quot;:&quot;\\&quot;Calibri Light\\&quot;, sans-serif&quot;}\">Torralba Del Pinar<\/span><\/h1>\n<p>[\/et_pb_text][et_pb_image src=\u00bbhttps:\/\/www.facsa.com\/municipios\/wp-content\/uploads\/2023\/07\/Icono-PDF-pdf.png\u00bb title_text=\u00bbIcono PDF-pdf\u00bb align=\u00bbcenter\u00bb _builder_version=\u00bb4.16&#8243; _module_preset=\u00bbdefault\u00bb width=\u00bb9%\u00bb max_width=\u00bb2%\u00bb custom_margin=\u00bb||25px||false|false\u00bb global_colors_info=\u00bb{}\u00bb][\/et_pb_image][et_pb_text _builder_version=\u00bb4.16&#8243; _module_preset=\u00bbdefault\u00bb custom_padding=\u00bb0px|||||\u00bb locked=\u00bboff\u00bb global_colors_info=\u00bb{}\u00bb]<\/p>\n<p style=\"text-align: center;\"><span style=\"color: #00ccff;\"><strong><a href=\"https:\/\/www.facsa.com\/municipios\/wp-content\/uploads\/2024\/06\/Red-Torralba-del-Pinar.pdf\" target=\"_blank\" rel=\"noopener\" style=\"color: #00ccff;\" onmouseover=\"this.style.color='#00ccff';\" onmouseout=\"this.style.color='#00ccff';\">Anal\u00edtica<\/a> <\/strong><\/span><strong>\u00a0<span style=\"color: #999999;\"><span data-sheets-root=\"1\" data-sheets-value=\"{&quot;1&quot;:2,&quot;2&quot;:&quot;Red Bej\u00eds&quot;}\" data-sheets-userformat=\"{&quot;2&quot;:4266,&quot;4&quot;:{&quot;1&quot;:2,&quot;2&quot;:15921906},&quot;6&quot;:{&quot;1&quot;:[{&quot;1&quot;:2,&quot;2&quot;:0,&quot;5&quot;:{&quot;1&quot;:2,&quot;2&quot;:0}},{&quot;1&quot;:0,&quot;2&quot;:0,&quot;3&quot;:3},{&quot;1&quot;:1,&quot;2&quot;:0,&quot;4&quot;:1}]},&quot;8&quot;:{&quot;1&quot;:[{&quot;1&quot;:2,&quot;2&quot;:0,&quot;5&quot;:{&quot;1&quot;:2,&quot;2&quot;:0}},{&quot;1&quot;:0,&quot;2&quot;:0,&quot;3&quot;:3},{&quot;1&quot;:1,&quot;2&quot;:0,&quot;4&quot;:1}]},&quot;10&quot;:2,&quot;15&quot;:&quot;\\&quot;Calibri Light\\&quot;&quot;}\">Red Torralba del Pinar<\/span>\u00a0<span style=\"color: #00ccff;\"><a href=\"https:\/\/www.facsa.com\/municipios\/wp-content\/uploads\/2024\/06\/VA-Info-red-Torralba.pdf\" target=\"_blank\" rel=\"noopener\" style=\"color: #00ccff;\" onmouseover=\"this.style.color='#00ccff';\" onmouseout=\"this.style.color='#00ccff';\">Informaci\u00f3n red<\/a><\/span><\/span><\/strong><span style=\"color: #333300;\"><strong><a href=\"https:\/\/www.facsa.com\/municipios\/wp-content\/uploads\/2023\/07\/Red-Alameda-de-la-Sagra-N\u00facleo-Urbano-1.pdf\" target=\"_blank\" rel=\"noopener\" style=\"color: #969696;\" onmouseover=\"this.style.color='#00ccff';\" onmouseout=\"this.style.color='#969696';\"><br \/><\/a><\/strong><\/span><span style=\"color: #333300;\"><\/span><strong><span style=\"color: #999999;\"><span style=\"color: #00ccff;\"><\/span><\/span><\/strong><\/p>\n<p style=\"text-align: center;\"><strong><span style=\"color: #999999;\"><span style=\"color: #00ccff;\"><\/span><\/span><\/strong><\/p>\n<p>[\/et_pb_text][\/et_pb_column][\/et_pb_row][\/et_pb_section][et_pb_section fb_built=\u00bb1&#8243; module_id=\u00bbtorreendomenech\u00bb _builder_version=\u00bb4.16&#8243; _module_preset=\u00bbdefault\u00bb global_colors_info=\u00bb{}\u00bb][et_pb_row _builder_version=\u00bb4.16&#8243; _module_preset=\u00bbdefault\u00bb global_colors_info=\u00bb{}\u00bb][et_pb_column type=\u00bb4_4&#8243; _builder_version=\u00bb4.16&#8243; _module_preset=\u00bbdefault\u00bb global_colors_info=\u00bb{}\u00bb][et_pb_text module_id=\u00bbaresdelmaestrat\u00bb _builder_version=\u00bb4.16&#8243; _module_preset=\u00bbdefault\u00bb text_font_size=\u00bb15px\u00bb header_font_size=\u00bb34px\u00bb custom_margin=\u00bb||21px||false|false\u00bb global_colors_info=\u00bb{}\u00bb]<\/p>\n<h1 style=\"text-align: center;\"><span data-sheets-value=\"{&quot;1&quot;:2,&quot;2&quot;:&quot;Torre Endomenech&quot;}\" data-sheets-userformat=\"{&quot;2&quot;:6779,&quot;3&quot;:{&quot;1&quot;:0},&quot;4&quot;:{&quot;1&quot;:2,&quot;2&quot;:15921906},&quot;6&quot;:{&quot;1&quot;:[{&quot;1&quot;:2,&quot;2&quot;:0,&quot;5&quot;:{&quot;1&quot;:2,&quot;2&quot;:0}},{&quot;1&quot;:0,&quot;2&quot;:0,&quot;3&quot;:3},{&quot;1&quot;:1,&quot;2&quot;:0,&quot;4&quot;:1}]},&quot;7&quot;:{&quot;1&quot;:[{&quot;1&quot;:2,&quot;2&quot;:0,&quot;5&quot;:{&quot;1&quot;:2,&quot;2&quot;:0}},{&quot;1&quot;:0,&quot;2&quot;:0,&quot;3&quot;:3},{&quot;1&quot;:1,&quot;2&quot;:0,&quot;4&quot;:1}]},&quot;8&quot;:{&quot;1&quot;:[{&quot;1&quot;:2,&quot;2&quot;:0,&quot;5&quot;:{&quot;1&quot;:2,&quot;2&quot;:0}},{&quot;1&quot;:0,&quot;2&quot;:0,&quot;3&quot;:3},{&quot;1&quot;:1,&quot;2&quot;:0,&quot;4&quot;:1}]},&quot;9&quot;:2,&quot;12&quot;:0,&quot;14&quot;:{&quot;1&quot;:2,&quot;2&quot;:0},&quot;15&quot;:&quot;\\&quot;Calibri Light\\&quot;, sans-serif&quot;}\">Torre Endomenech<\/span><\/h1>\n<p>[\/et_pb_text][et_pb_image src=\u00bbhttps:\/\/www.facsa.com\/municipios\/wp-content\/uploads\/2023\/07\/Icono-PDF-pdf.png\u00bb title_text=\u00bbIcono PDF-pdf\u00bb align=\u00bbcenter\u00bb _builder_version=\u00bb4.16&#8243; _module_preset=\u00bbdefault\u00bb width=\u00bb9%\u00bb max_width=\u00bb2%\u00bb custom_margin=\u00bb||25px||false|false\u00bb global_colors_info=\u00bb{}\u00bb][\/et_pb_image][et_pb_text _builder_version=\u00bb4.16&#8243; _module_preset=\u00bbdefault\u00bb custom_padding=\u00bb0px|||||\u00bb locked=\u00bboff\u00bb global_colors_info=\u00bb{}\u00bb]<\/p>\n<p style=\"text-align: center;\"><span style=\"color: #00ccff;\"><strong><a href=\"https:\/\/www.facsa.com\/municipios\/wp-content\/uploads\/2024\/06\/Red-Torre-Endomenech-Pueblo.pdf\" target=\"_blank\" rel=\"noopener\" style=\"color: #00ccff;\" onmouseover=\"this.style.color='#00ccff';\" onmouseout=\"this.style.color='#00ccff';\">Anal\u00edtica<\/a> <\/strong><\/span><strong>\u00a0<span style=\"color: #999999;\"><span data-sheets-root=\"1\" data-sheets-value=\"{&quot;1&quot;:2,&quot;2&quot;:&quot;Red Bej\u00eds&quot;}\" data-sheets-userformat=\"{&quot;2&quot;:4266,&quot;4&quot;:{&quot;1&quot;:2,&quot;2&quot;:15921906},&quot;6&quot;:{&quot;1&quot;:[{&quot;1&quot;:2,&quot;2&quot;:0,&quot;5&quot;:{&quot;1&quot;:2,&quot;2&quot;:0}},{&quot;1&quot;:0,&quot;2&quot;:0,&quot;3&quot;:3},{&quot;1&quot;:1,&quot;2&quot;:0,&quot;4&quot;:1}]},&quot;8&quot;:{&quot;1&quot;:[{&quot;1&quot;:2,&quot;2&quot;:0,&quot;5&quot;:{&quot;1&quot;:2,&quot;2&quot;:0}},{&quot;1&quot;:0,&quot;2&quot;:0,&quot;3&quot;:3},{&quot;1&quot;:1,&quot;2&quot;:0,&quot;4&quot;:1}]},&quot;10&quot;:2,&quot;15&quot;:&quot;\\&quot;Calibri Light\\&quot;&quot;}\">Red Torre Endomenech &#8211; Pueblo<\/span>\u00a0<span style=\"color: #00ccff;\"><a href=\"https:\/\/www.facsa.com\/municipios\/wp-content\/uploads\/2024\/06\/VA-Info_Red-Torre-Endomenech-Pueblo.pdf\" target=\"_blank\" rel=\"noopener\" style=\"color: #00ccff;\" onmouseover=\"this.style.color='#00ccff';\" onmouseout=\"this.style.color='#00ccff';\">Informaci\u00f3n red<\/a><\/span><\/span><\/strong><span style=\"color: #333300;\"><strong><a href=\"https:\/\/www.facsa.com\/municipios\/wp-content\/uploads\/2023\/07\/Red-Alameda-de-la-Sagra-N\u00facleo-Urbano-1.pdf\" target=\"_blank\" rel=\"noopener\" style=\"color: #969696;\" onmouseover=\"this.style.color='#00ccff';\" onmouseout=\"this.style.color='#969696';\"><br \/><\/a><\/strong><\/span><span style=\"color: #333300;\"><\/span><strong><span style=\"color: #999999;\"><span style=\"color: #00ccff;\"><\/span><\/span><\/strong><\/p>\n<p style=\"text-align: center;\"><strong><span style=\"color: #999999;\"><span style=\"color: #00ccff;\"><\/span><\/span><\/strong><\/p>\n<p>[\/et_pb_text][\/et_pb_column][\/et_pb_row][\/et_pb_section][et_pb_section fb_built=\u00bb1&#8243; module_id=\u00bbTorreblanca\u00bb _builder_version=\u00bb4.16&#8243; _module_preset=\u00bbdefault\u00bb global_colors_info=\u00bb{}\u00bb][et_pb_row _builder_version=\u00bb4.16&#8243; _module_preset=\u00bbdefault\u00bb global_colors_info=\u00bb{}\u00bb][et_pb_column type=\u00bb4_4&#8243; _builder_version=\u00bb4.16&#8243; _module_preset=\u00bbdefault\u00bb global_colors_info=\u00bb{}\u00bb][et_pb_text module_id=\u00bbaresdelmaestrat\u00bb _builder_version=\u00bb4.16&#8243; _module_preset=\u00bbdefault\u00bb text_font_size=\u00bb15px\u00bb header_font_size=\u00bb34px\u00bb custom_margin=\u00bb||21px||false|false\u00bb global_colors_info=\u00bb{}\u00bb]<\/p>\n<h1 style=\"text-align: center;\"><span data-sheets-value=\"{&quot;1&quot;:2,&quot;2&quot;:&quot;Torreblanca&quot;}\" data-sheets-userformat=\"{&quot;2&quot;:6779,&quot;3&quot;:{&quot;1&quot;:0},&quot;4&quot;:{&quot;1&quot;:2,&quot;2&quot;:15921906},&quot;6&quot;:{&quot;1&quot;:[{&quot;1&quot;:2,&quot;2&quot;:0,&quot;5&quot;:{&quot;1&quot;:2,&quot;2&quot;:0}},{&quot;1&quot;:0,&quot;2&quot;:0,&quot;3&quot;:3},{&quot;1&quot;:1,&quot;2&quot;:0,&quot;4&quot;:1}]},&quot;7&quot;:{&quot;1&quot;:[{&quot;1&quot;:2,&quot;2&quot;:0,&quot;5&quot;:{&quot;1&quot;:2,&quot;2&quot;:0}},{&quot;1&quot;:0,&quot;2&quot;:0,&quot;3&quot;:3},{&quot;1&quot;:1,&quot;2&quot;:0,&quot;4&quot;:1}]},&quot;8&quot;:{&quot;1&quot;:[{&quot;1&quot;:2,&quot;2&quot;:0,&quot;5&quot;:{&quot;1&quot;:2,&quot;2&quot;:0}},{&quot;1&quot;:0,&quot;2&quot;:0,&quot;3&quot;:3},{&quot;1&quot;:1,&quot;2&quot;:0,&quot;4&quot;:1}]},&quot;9&quot;:2,&quot;12&quot;:0,&quot;14&quot;:{&quot;1&quot;:2,&quot;2&quot;:0},&quot;15&quot;:&quot;\\&quot;Calibri Light\\&quot;, sans-serif&quot;}\">Torreblanca<\/span><\/h1>\n<p>[\/et_pb_text][et_pb_image src=\u00bbhttps:\/\/www.facsa.com\/municipios\/wp-content\/uploads\/2023\/07\/Icono-PDF-pdf.png\u00bb title_text=\u00bbIcono PDF-pdf\u00bb align=\u00bbcenter\u00bb _builder_version=\u00bb4.16&#8243; _module_preset=\u00bbdefault\u00bb width=\u00bb9%\u00bb max_width=\u00bb2%\u00bb custom_margin=\u00bb||25px||false|false\u00bb global_colors_info=\u00bb{}\u00bb][\/et_pb_image][et_pb_text _builder_version=\u00bb4.25.2&#8243; _module_preset=\u00bbdefault\u00bb custom_padding=\u00bb0px|||||\u00bb locked=\u00bboff\u00bb global_colors_info=\u00bb{}\u00bb]<\/p>\n<p style=\"text-align: center;\"><span style=\"color: #00ccff;\"><strong><a href=\"https:\/\/www.facsa.com\/municipios\/wp-content\/uploads\/2024\/06\/Red-Torreblanca-y-Torrenostra.pdf\" target=\"_blank\" rel=\"noopener\" style=\"color: #00ccff;\" onmouseover=\"this.style.color='#00ccff';\" onmouseout=\"this.style.color='#00ccff';\">Anal\u00edtica<\/a> <\/strong><\/span><strong>\u00a0<span style=\"color: #999999;\"><span data-sheets-root=\"1\" data-sheets-value=\"{&quot;1&quot;:2,&quot;2&quot;:&quot;Red Bej\u00eds&quot;}\" data-sheets-userformat=\"{&quot;2&quot;:4266,&quot;4&quot;:{&quot;1&quot;:2,&quot;2&quot;:15921906},&quot;6&quot;:{&quot;1&quot;:[{&quot;1&quot;:2,&quot;2&quot;:0,&quot;5&quot;:{&quot;1&quot;:2,&quot;2&quot;:0}},{&quot;1&quot;:0,&quot;2&quot;:0,&quot;3&quot;:3},{&quot;1&quot;:1,&quot;2&quot;:0,&quot;4&quot;:1}]},&quot;8&quot;:{&quot;1&quot;:[{&quot;1&quot;:2,&quot;2&quot;:0,&quot;5&quot;:{&quot;1&quot;:2,&quot;2&quot;:0}},{&quot;1&quot;:0,&quot;2&quot;:0,&quot;3&quot;:3},{&quot;1&quot;:1,&quot;2&quot;:0,&quot;4&quot;:1}]},&quot;10&quot;:2,&quot;15&quot;:&quot;\\&quot;Calibri Light\\&quot;&quot;}\">Red Torreblanca y Torrenostra<\/span>\u00a0<span style=\"color: #00ccff;\"><a href=\"https:\/\/www.facsa.com\/municipios\/wp-content\/uploads\/2024\/06\/VA-Info-Red-Torreblanca-y-Torrenostra-v2.pdf\" target=\"_blank\" rel=\"noopener\" style=\"color: #00ccff;\" onmouseover=\"this.style.color='#00ccff';\" onmouseout=\"this.style.color='#00ccff';\">Informaci\u00f3n red<\/a><\/span><\/span><\/strong><span style=\"color: #333300;\"><strong><a href=\"https:\/\/www.facsa.com\/municipios\/wp-content\/uploads\/2023\/07\/Red-Alameda-de-la-Sagra-N\u00facleo-Urbano-1.pdf\" target=\"_blank\" rel=\"noopener\" style=\"color: #969696;\" onmouseover=\"this.style.color='#00ccff';\" onmouseout=\"this.style.color='#969696';\"><br \/><\/a><\/strong><\/span><span style=\"color: #333300;\"><\/span><strong><span style=\"color: #999999;\"><span style=\"color: #00ccff;\"><\/span><\/span><\/strong><\/p>\n<p style=\"text-align: center;\"><strong><span style=\"color: #999999;\"><span style=\"color: #00ccff;\"><\/span><\/span><\/strong><\/p>\n<p>[\/et_pb_text][\/et_pb_column][\/et_pb_row][\/et_pb_section][et_pb_section fb_built=\u00bb1&#8243; module_id=\u00bbtraiguera\u00bb _builder_version=\u00bb4.16&#8243; _module_preset=\u00bbdefault\u00bb global_colors_info=\u00bb{}\u00bb][et_pb_row _builder_version=\u00bb4.16&#8243; _module_preset=\u00bbdefault\u00bb global_colors_info=\u00bb{}\u00bb][et_pb_column type=\u00bb4_4&#8243; _builder_version=\u00bb4.16&#8243; _module_preset=\u00bbdefault\u00bb global_colors_info=\u00bb{}\u00bb][et_pb_text module_id=\u00bbaresdelmaestrat\u00bb _builder_version=\u00bb4.16&#8243; _module_preset=\u00bbdefault\u00bb text_font_size=\u00bb15px\u00bb header_font_size=\u00bb34px\u00bb custom_margin=\u00bb||21px||false|false\u00bb global_colors_info=\u00bb{}\u00bb]<\/p>\n<h1 style=\"text-align: center;\"><span data-sheets-value=\"{&quot;1&quot;:2,&quot;2&quot;:&quot;Traiguera&quot;}\" data-sheets-userformat=\"{&quot;2&quot;:6779,&quot;3&quot;:{&quot;1&quot;:0},&quot;4&quot;:{&quot;1&quot;:2,&quot;2&quot;:15921906},&quot;6&quot;:{&quot;1&quot;:[{&quot;1&quot;:2,&quot;2&quot;:0,&quot;5&quot;:{&quot;1&quot;:2,&quot;2&quot;:0}},{&quot;1&quot;:0,&quot;2&quot;:0,&quot;3&quot;:3},{&quot;1&quot;:1,&quot;2&quot;:0,&quot;4&quot;:1}]},&quot;7&quot;:{&quot;1&quot;:[{&quot;1&quot;:2,&quot;2&quot;:0,&quot;5&quot;:{&quot;1&quot;:2,&quot;2&quot;:0}},{&quot;1&quot;:0,&quot;2&quot;:0,&quot;3&quot;:3},{&quot;1&quot;:1,&quot;2&quot;:0,&quot;4&quot;:1}]},&quot;8&quot;:{&quot;1&quot;:[{&quot;1&quot;:2,&quot;2&quot;:0,&quot;5&quot;:{&quot;1&quot;:2,&quot;2&quot;:0}},{&quot;1&quot;:0,&quot;2&quot;:0,&quot;3&quot;:3},{&quot;1&quot;:1,&quot;2&quot;:0,&quot;4&quot;:1}]},&quot;9&quot;:2,&quot;12&quot;:0,&quot;14&quot;:{&quot;1&quot;:2,&quot;2&quot;:0},&quot;15&quot;:&quot;\\&quot;Calibri Light\\&quot;, sans-serif&quot;}\">Traiguera<\/span><\/h1>\n<p>[\/et_pb_text][et_pb_image src=\u00bbhttps:\/\/www.facsa.com\/municipios\/wp-content\/uploads\/2023\/07\/Icono-PDF-pdf.png\u00bb title_text=\u00bbIcono PDF-pdf\u00bb align=\u00bbcenter\u00bb _builder_version=\u00bb4.16&#8243; _module_preset=\u00bbdefault\u00bb width=\u00bb9%\u00bb max_width=\u00bb2%\u00bb custom_margin=\u00bb||25px||false|false\u00bb global_colors_info=\u00bb{}\u00bb][\/et_pb_image][et_pb_text _builder_version=\u00bb4.16&#8243; _module_preset=\u00bbdefault\u00bb custom_padding=\u00bb0px|||||\u00bb locked=\u00bboff\u00bb global_colors_info=\u00bb{}\u00bb]<\/p>\n<p style=\"text-align: center;\"><span style=\"color: #00ccff;\"><strong><a href=\"https:\/\/www.facsa.com\/municipios\/wp-content\/uploads\/2024\/06\/Red-Traiguera-N\u00facleo-Urbano.pdf\" target=\"_blank\" rel=\"noopener\" style=\"color: #00ccff;\" onmouseover=\"this.style.color='#00ccff';\" onmouseout=\"this.style.color='#00ccff';\">Anal\u00edtica<\/a> <\/strong><\/span><strong>\u00a0<span style=\"color: #999999;\"><span data-sheets-root=\"1\" data-sheets-value=\"{&quot;1&quot;:2,&quot;2&quot;:&quot;Red Bej\u00eds&quot;}\" data-sheets-userformat=\"{&quot;2&quot;:4266,&quot;4&quot;:{&quot;1&quot;:2,&quot;2&quot;:15921906},&quot;6&quot;:{&quot;1&quot;:[{&quot;1&quot;:2,&quot;2&quot;:0,&quot;5&quot;:{&quot;1&quot;:2,&quot;2&quot;:0}},{&quot;1&quot;:0,&quot;2&quot;:0,&quot;3&quot;:3},{&quot;1&quot;:1,&quot;2&quot;:0,&quot;4&quot;:1}]},&quot;8&quot;:{&quot;1&quot;:[{&quot;1&quot;:2,&quot;2&quot;:0,&quot;5&quot;:{&quot;1&quot;:2,&quot;2&quot;:0}},{&quot;1&quot;:0,&quot;2&quot;:0,&quot;3&quot;:3},{&quot;1&quot;:1,&quot;2&quot;:0,&quot;4&quot;:1}]},&quot;10&quot;:2,&quot;15&quot;:&quot;\\&quot;Calibri Light\\&quot;&quot;}\">Red Traiguera &#8211; N\u00facleo Urbano<\/span>\u00a0<span style=\"color: #00ccff;\"><a href=\"https:\/\/www.facsa.com\/municipios\/wp-content\/uploads\/2024\/06\/VA-Info_Red-Traiguera-N\u00facleo-urbano.pdf\" target=\"_blank\" rel=\"noopener\" style=\"color: #00ccff;\" onmouseover=\"this.style.color='#00ccff';\" onmouseout=\"this.style.color='#00ccff';\">Informaci\u00f3n red<\/a><\/span><\/span><\/strong><span style=\"color: #333300;\"><strong><a href=\"https:\/\/www.facsa.com\/municipios\/wp-content\/uploads\/2023\/07\/Red-Alameda-de-la-Sagra-N\u00facleo-Urbano-1.pdf\" target=\"_blank\" rel=\"noopener\" style=\"color: #969696;\" onmouseover=\"this.style.color='#00ccff';\" onmouseout=\"this.style.color='#969696';\"><br \/><\/a><\/strong><\/span><span style=\"color: #333300;\"><\/span><strong><span style=\"color: #999999;\"><span style=\"color: #00ccff;\"><\/span><\/span><\/strong><\/p>\n<p style=\"text-align: center;\"><span style=\"color: #00ccff;\"><strong><a href=\"https:\/\/www.facsa.com\/municipios\/wp-content\/uploads\/2024\/06\/Red-Traiguera-2-Paraje-Fte.-de-la-Salud.pdf\" target=\"_blank\" rel=\"noopener\" style=\"color: #00ccff;\" onmouseover=\"this.style.color='#00ccff';\" onmouseout=\"this.style.color='#00ccff';\">Anal\u00edtica<\/a> <\/strong><\/span><strong><span style=\"color: #999999;\"><span data-sheets-root=\"1\" data-sheets-value=\"{&quot;1&quot;:2,&quot;2&quot;:&quot;Red Bej\u00eds 2 - Arteas de Abajo&quot;}\" data-sheets-userformat=\"{&quot;2&quot;:4266,&quot;4&quot;:{&quot;1&quot;:2,&quot;2&quot;:15921906},&quot;6&quot;:{&quot;1&quot;:[{&quot;1&quot;:2,&quot;2&quot;:0,&quot;5&quot;:{&quot;1&quot;:2,&quot;2&quot;:0}},{&quot;1&quot;:0,&quot;2&quot;:0,&quot;3&quot;:3},{&quot;1&quot;:1,&quot;2&quot;:0,&quot;4&quot;:1}]},&quot;8&quot;:{&quot;1&quot;:[{&quot;1&quot;:2,&quot;2&quot;:0,&quot;5&quot;:{&quot;1&quot;:2,&quot;2&quot;:0}},{&quot;1&quot;:0,&quot;2&quot;:0,&quot;3&quot;:3},{&quot;1&quot;:1,&quot;2&quot;:0,&quot;4&quot;:1}]},&quot;10&quot;:2,&quot;15&quot;:&quot;\\&quot;Calibri Light\\&quot;&quot;}\">Red Traiguera 2 &#8211; Paraje Fte. de la Salud<\/span><\/span><span style=\"color: #999999;\">\u00a0<span style=\"color: #00ccff;\"><a href=\"https:\/\/www.facsa.com\/municipios\/wp-content\/uploads\/2024\/06\/VA-Info_Red-Traiguera-2-Paraje-Fte.-De-la-Salud.pdf\" target=\"_blank\" rel=\"noopener\" style=\"color: #00ccff;\" onmouseover=\"this.style.color='#00ccff';\" onmouseout=\"this.style.color='#00ccff';\">Informaci\u00f3n red<\/a><\/span><\/span><\/strong><span style=\"color: #333300;\"><strong><a href=\"https:\/\/www.facsa.com\/municipios\/wp-content\/uploads\/2023\/07\/Red-Alameda-de-la-Sagra-N\u00facleo-Urbano-1.pdf\" target=\"_blank\" rel=\"noopener\" style=\"color: #969696;\" onmouseover=\"this.style.color='#00ccff';\" onmouseout=\"this.style.color='#969696';\"><br \/><\/a><\/strong><\/span><span style=\"color: #333300;\"><\/span><strong><span style=\"color: #999999;\"><span style=\"color: #00ccff;\"><\/span><\/span><\/strong><\/p>\n<p style=\"text-align: center;\"><strong><span style=\"color: #999999;\"><span style=\"color: #00ccff;\"><\/span><\/span><\/strong><\/p>\n<p>[\/et_pb_text][\/et_pb_column][\/et_pb_row][\/et_pb_section][et_pb_section fb_built=\u00bb1&#8243; module_id=\u00bbuserasuseres\u00bb _builder_version=\u00bb4.16&#8243; _module_preset=\u00bbdefault\u00bb global_colors_info=\u00bb{}\u00bb][et_pb_row _builder_version=\u00bb4.16&#8243; _module_preset=\u00bbdefault\u00bb global_colors_info=\u00bb{}\u00bb][et_pb_column type=\u00bb4_4&#8243; _builder_version=\u00bb4.16&#8243; _module_preset=\u00bbdefault\u00bb global_colors_info=\u00bb{}\u00bb][et_pb_text module_id=\u00bbaresdelmaestrat\u00bb _builder_version=\u00bb4.16&#8243; _module_preset=\u00bbdefault\u00bb text_font_size=\u00bb15px\u00bb header_font_size=\u00bb34px\u00bb custom_margin=\u00bb||21px||false|false\u00bb global_colors_info=\u00bb{}\u00bb]<\/p>\n<h1 style=\"text-align: center;\"><span data-sheets-value=\"{&quot;1&quot;:2,&quot;2&quot;:&quot;Useras\/Useres (Les)&quot;}\" data-sheets-userformat=\"{&quot;2&quot;:6779,&quot;3&quot;:{&quot;1&quot;:0},&quot;4&quot;:{&quot;1&quot;:2,&quot;2&quot;:15921906},&quot;6&quot;:{&quot;1&quot;:[{&quot;1&quot;:2,&quot;2&quot;:0,&quot;5&quot;:{&quot;1&quot;:2,&quot;2&quot;:0}},{&quot;1&quot;:0,&quot;2&quot;:0,&quot;3&quot;:3},{&quot;1&quot;:1,&quot;2&quot;:0,&quot;4&quot;:1}]},&quot;7&quot;:{&quot;1&quot;:[{&quot;1&quot;:2,&quot;2&quot;:0,&quot;5&quot;:{&quot;1&quot;:2,&quot;2&quot;:0}},{&quot;1&quot;:0,&quot;2&quot;:0,&quot;3&quot;:3},{&quot;1&quot;:1,&quot;2&quot;:0,&quot;4&quot;:1}]},&quot;8&quot;:{&quot;1&quot;:[{&quot;1&quot;:2,&quot;2&quot;:0,&quot;5&quot;:{&quot;1&quot;:2,&quot;2&quot;:0}},{&quot;1&quot;:0,&quot;2&quot;:0,&quot;3&quot;:3},{&quot;1&quot;:1,&quot;2&quot;:0,&quot;4&quot;:1}]},&quot;9&quot;:2,&quot;12&quot;:0,&quot;14&quot;:{&quot;1&quot;:2,&quot;2&quot;:0},&quot;15&quot;:&quot;\\&quot;Calibri Light\\&quot;, sans-serif&quot;}\">Useras\/Useres<\/span><\/h1>\n<p>[\/et_pb_text][et_pb_image src=\u00bbhttps:\/\/www.facsa.com\/municipios\/wp-content\/uploads\/2023\/07\/Icono-PDF-pdf.png\u00bb title_text=\u00bbIcono PDF-pdf\u00bb align=\u00bbcenter\u00bb _builder_version=\u00bb4.16&#8243; _module_preset=\u00bbdefault\u00bb width=\u00bb9%\u00bb max_width=\u00bb2%\u00bb custom_margin=\u00bb||25px||false|false\u00bb global_colors_info=\u00bb{}\u00bb][\/et_pb_image][et_pb_text _builder_version=\u00bb4.16&#8243; _module_preset=\u00bbdefault\u00bb custom_padding=\u00bb0px|||||\u00bb locked=\u00bboff\u00bb global_colors_info=\u00bb{}\u00bb]<\/p>\n<p style=\"text-align: center;\"><span style=\"color: #00ccff;\"><strong><a href=\"https:\/\/www.facsa.com\/municipios\/wp-content\/uploads\/2024\/06\/Red-Les-Useres-Pueblo.pdf\" target=\"_blank\" rel=\"noopener\" style=\"color: #00ccff;\" onmouseover=\"this.style.color='#00ccff';\" onmouseout=\"this.style.color='#00ccff';\">Anal\u00edtica<\/a> <\/strong><\/span><strong>\u00a0<span style=\"color: #999999;\"><span data-sheets-root=\"1\" data-sheets-value=\"{&quot;1&quot;:2,&quot;2&quot;:&quot;Red Bej\u00eds&quot;}\" data-sheets-userformat=\"{&quot;2&quot;:4266,&quot;4&quot;:{&quot;1&quot;:2,&quot;2&quot;:15921906},&quot;6&quot;:{&quot;1&quot;:[{&quot;1&quot;:2,&quot;2&quot;:0,&quot;5&quot;:{&quot;1&quot;:2,&quot;2&quot;:0}},{&quot;1&quot;:0,&quot;2&quot;:0,&quot;3&quot;:3},{&quot;1&quot;:1,&quot;2&quot;:0,&quot;4&quot;:1}]},&quot;8&quot;:{&quot;1&quot;:[{&quot;1&quot;:2,&quot;2&quot;:0,&quot;5&quot;:{&quot;1&quot;:2,&quot;2&quot;:0}},{&quot;1&quot;:0,&quot;2&quot;:0,&quot;3&quot;:3},{&quot;1&quot;:1,&quot;2&quot;:0,&quot;4&quot;:1}]},&quot;10&quot;:2,&quot;15&quot;:&quot;\\&quot;Calibri Light\\&quot;&quot;}\">Red Les Useres &#8211; Pueblo<\/span>\u00a0<span style=\"color: #00ccff;\"><a href=\"https:\/\/www.facsa.com\/municipios\/wp-content\/uploads\/2024\/06\/VA-Info_Red-Les-Useres-Pueblo.pdf\" target=\"_blank\" rel=\"noopener\" style=\"color: #00ccff;\" onmouseover=\"this.style.color='#00ccff';\" onmouseout=\"this.style.color='#00ccff';\">Informaci\u00f3n red<\/a><\/span><\/span><\/strong><span style=\"color: #333300;\"><strong><a href=\"https:\/\/www.facsa.com\/municipios\/wp-content\/uploads\/2023\/07\/Red-Alameda-de-la-Sagra-N\u00facleo-Urbano-1.pdf\" target=\"_blank\" rel=\"noopener\" style=\"color: #969696;\" onmouseover=\"this.style.color='#00ccff';\" onmouseout=\"this.style.color='#969696';\"><br \/><\/a><\/strong><\/span><span style=\"color: #333300;\"><\/span><strong><span style=\"color: #999999;\"><span style=\"color: #00ccff;\"><\/span><\/span><\/strong><\/p>\n<p style=\"text-align: center;\"><span style=\"color: #00ccff;\"><strong><a href=\"https:\/\/www.facsa.com\/municipios\/wp-content\/uploads\/2024\/06\/Red-Pla-de-Les-Useres.pdf\" target=\"_blank\" rel=\"noopener\" style=\"color: #00ccff;\" onmouseover=\"this.style.color='#00ccff';\" onmouseout=\"this.style.color='#00ccff';\">Anal\u00edtica<\/a> <\/strong><\/span><strong><span style=\"color: #999999;\"><span data-sheets-root=\"1\" data-sheets-value=\"{&quot;1&quot;:2,&quot;2&quot;:&quot;Red Bej\u00eds 2 - Arteas de Abajo&quot;}\" data-sheets-userformat=\"{&quot;2&quot;:4266,&quot;4&quot;:{&quot;1&quot;:2,&quot;2&quot;:15921906},&quot;6&quot;:{&quot;1&quot;:[{&quot;1&quot;:2,&quot;2&quot;:0,&quot;5&quot;:{&quot;1&quot;:2,&quot;2&quot;:0}},{&quot;1&quot;:0,&quot;2&quot;:0,&quot;3&quot;:3},{&quot;1&quot;:1,&quot;2&quot;:0,&quot;4&quot;:1}]},&quot;8&quot;:{&quot;1&quot;:[{&quot;1&quot;:2,&quot;2&quot;:0,&quot;5&quot;:{&quot;1&quot;:2,&quot;2&quot;:0}},{&quot;1&quot;:0,&quot;2&quot;:0,&quot;3&quot;:3},{&quot;1&quot;:1,&quot;2&quot;:0,&quot;4&quot;:1}]},&quot;10&quot;:2,&quot;15&quot;:&quot;\\&quot;Calibri Light\\&quot;&quot;}\">Red Pla de Les Useres<\/span><\/span><span style=\"color: #999999;\">\u00a0<span style=\"color: #00ccff;\"><a href=\"https:\/\/www.facsa.com\/municipios\/wp-content\/uploads\/2024\/06\/VA-Info_Red-Pla-de-Les-Useres.pdf\" target=\"_blank\" rel=\"noopener\" style=\"color: #00ccff;\" onmouseover=\"this.style.color='#00ccff';\" onmouseout=\"this.style.color='#00ccff';\">Informaci\u00f3n red<\/a><\/span><\/span><\/strong><span style=\"color: #333300;\"><strong><a href=\"https:\/\/www.facsa.com\/municipios\/wp-content\/uploads\/2023\/07\/Red-Alameda-de-la-Sagra-N\u00facleo-Urbano-1.pdf\" target=\"_blank\" rel=\"noopener\" style=\"color: #969696;\" onmouseover=\"this.style.color='#00ccff';\" onmouseout=\"this.style.color='#969696';\"><\/a><\/strong><\/span><span style=\"color: #333300;\"><\/span><strong><span style=\"color: #999999;\"><span style=\"color: #00ccff;\"><\/span><\/span><\/strong><\/p>\n<p style=\"text-align: center;\"><strong><span style=\"color: #999999;\"><span style=\"color: #00ccff;\"><\/span><\/span><\/strong><\/p>\n<p style=\"text-align: center;\"><strong><span style=\"color: #999999;\"><span style=\"color: #00ccff;\"><\/span><\/span><\/strong><\/p>\n<p>[\/et_pb_text][\/et_pb_column][\/et_pb_row][\/et_pb_section][et_pb_section fb_built=\u00bb1&#8243; module_id=\u00bbvalldalba\u00bb _builder_version=\u00bb4.16&#8243; _module_preset=\u00bbdefault\u00bb global_colors_info=\u00bb{}\u00bb][et_pb_row _builder_version=\u00bb4.16&#8243; _module_preset=\u00bbdefault\u00bb global_colors_info=\u00bb{}\u00bb][et_pb_column type=\u00bb4_4&#8243; _builder_version=\u00bb4.16&#8243; _module_preset=\u00bbdefault\u00bb global_colors_info=\u00bb{}\u00bb][et_pb_text module_id=\u00bbaresdelmaestrat\u00bb _builder_version=\u00bb4.16&#8243; _module_preset=\u00bbdefault\u00bb text_font_size=\u00bb15px\u00bb header_font_size=\u00bb34px\u00bb custom_margin=\u00bb||21px||false|false\u00bb global_colors_info=\u00bb{}\u00bb]<\/p>\n<h1 style=\"text-align: center;\"><span data-sheets-value=\"{&quot;1&quot;:2,&quot;2&quot;:&quot;Vall d'Alba&quot;}\" data-sheets-userformat=\"{&quot;2&quot;:6779,&quot;3&quot;:{&quot;1&quot;:0},&quot;4&quot;:{&quot;1&quot;:2,&quot;2&quot;:15921906},&quot;6&quot;:{&quot;1&quot;:[{&quot;1&quot;:2,&quot;2&quot;:0,&quot;5&quot;:{&quot;1&quot;:2,&quot;2&quot;:0}},{&quot;1&quot;:0,&quot;2&quot;:0,&quot;3&quot;:3},{&quot;1&quot;:1,&quot;2&quot;:0,&quot;4&quot;:1}]},&quot;7&quot;:{&quot;1&quot;:[{&quot;1&quot;:2,&quot;2&quot;:0,&quot;5&quot;:{&quot;1&quot;:2,&quot;2&quot;:0}},{&quot;1&quot;:0,&quot;2&quot;:0,&quot;3&quot;:3},{&quot;1&quot;:1,&quot;2&quot;:0,&quot;4&quot;:1}]},&quot;8&quot;:{&quot;1&quot;:[{&quot;1&quot;:2,&quot;2&quot;:0,&quot;5&quot;:{&quot;1&quot;:2,&quot;2&quot;:0}},{&quot;1&quot;:0,&quot;2&quot;:0,&quot;3&quot;:3},{&quot;1&quot;:1,&quot;2&quot;:0,&quot;4&quot;:1}]},&quot;9&quot;:2,&quot;12&quot;:0,&quot;14&quot;:{&quot;1&quot;:2,&quot;2&quot;:0},&quot;15&quot;:&quot;\\&quot;Calibri Light\\&quot;, sans-serif&quot;}\">Vall d&#8217;Alba<\/span><\/h1>\n<p>[\/et_pb_text][et_pb_image src=\u00bbhttps:\/\/www.facsa.com\/municipios\/wp-content\/uploads\/2023\/07\/Icono-PDF-pdf.png\u00bb title_text=\u00bbIcono PDF-pdf\u00bb align=\u00bbcenter\u00bb _builder_version=\u00bb4.16&#8243; _module_preset=\u00bbdefault\u00bb width=\u00bb9%\u00bb max_width=\u00bb2%\u00bb custom_margin=\u00bb||25px||false|false\u00bb global_colors_info=\u00bb{}\u00bb][\/et_pb_image][et_pb_text _builder_version=\u00bb4.16&#8243; _module_preset=\u00bbdefault\u00bb custom_padding=\u00bb0px|||||\u00bb locked=\u00bboff\u00bb global_colors_info=\u00bb{}\u00bb]<\/p>\n<p style=\"text-align: center;\"><span style=\"color: #00ccff;\"><strong><a href=\"https:\/\/www.facsa.com\/municipios\/wp-content\/uploads\/2024\/06\/Red-Vall-d\u00b4Alba-Casco-Urbano-Zona-Baja-y-Mas\u00edas.pdf\" target=\"_blank\" rel=\"noopener\" style=\"color: #00ccff;\" onmouseover=\"this.style.color='#00ccff';\" onmouseout=\"this.style.color='#00ccff';\">Anal\u00edtica<\/a> <span style=\"color: #999999;\"><span data-sheets-root=\"1\" data-sheets-value=\"{&quot;1&quot;:2,&quot;2&quot;:&quot;Red Bej\u00eds 2 - Arteas de Abajo&quot;}\" data-sheets-userformat=\"{&quot;2&quot;:4266,&quot;4&quot;:{&quot;1&quot;:2,&quot;2&quot;:15921906},&quot;6&quot;:{&quot;1&quot;:[{&quot;1&quot;:2,&quot;2&quot;:0,&quot;5&quot;:{&quot;1&quot;:2,&quot;2&quot;:0}},{&quot;1&quot;:0,&quot;2&quot;:0,&quot;3&quot;:3},{&quot;1&quot;:1,&quot;2&quot;:0,&quot;4&quot;:1}]},&quot;8&quot;:{&quot;1&quot;:[{&quot;1&quot;:2,&quot;2&quot;:0,&quot;5&quot;:{&quot;1&quot;:2,&quot;2&quot;:0}},{&quot;1&quot;:0,&quot;2&quot;:0,&quot;3&quot;:3},{&quot;1&quot;:1,&quot;2&quot;:0,&quot;4&quot;:1}]},&quot;10&quot;:2,&quot;15&quot;:&quot;\\&quot;Calibri Light\\&quot;&quot;}\">Red Vall d\u00b4Alba &#8211; Casco Urbano &#8211; Zona Baja y Mas\u00edas<\/span><\/span><span style=\"color: #999999;\">\u00a0<a href=\"https:\/\/www.facsa.com\/municipios\/wp-content\/uploads\/2024\/06\/VA-Info_Red-Vall-d\u00b4Alba-Casco-Urbano-Zona-Baja-y-Mas\u00edas.pdf\" target=\"_blank\" rel=\"noopener\" style=\"color: #00ccff;\" onmouseover=\"this.style.color='#00ccff';\" onmouseout=\"this.style.color='#00ccff';\">Informaci\u00f3n red<\/a><\/span><\/strong><\/span><span style=\"color: #00ccff;\"><strong><\/strong><\/span><\/p>\n<p style=\"text-align: center;\"><span style=\"color: #00ccff;\"><strong><a href=\"https:\/\/www.facsa.com\/municipios\/wp-content\/uploads\/2024\/06\/Red-Vall-d\u00b4Alba-1-Casco-Urbano-Zona-Alta.pdf\" target=\"_blank\" rel=\"noopener\" style=\"color: #00ccff;\" onmouseover=\"this.style.color='#00ccff';\" onmouseout=\"this.style.color='#00ccff';\">Anal\u00edtica<\/a> <\/strong><\/span><strong>\u00a0<span style=\"color: #999999;\"><span data-sheets-root=\"1\" data-sheets-value=\"{&quot;1&quot;:2,&quot;2&quot;:&quot;Red Bej\u00eds&quot;}\" data-sheets-userformat=\"{&quot;2&quot;:4266,&quot;4&quot;:{&quot;1&quot;:2,&quot;2&quot;:15921906},&quot;6&quot;:{&quot;1&quot;:[{&quot;1&quot;:2,&quot;2&quot;:0,&quot;5&quot;:{&quot;1&quot;:2,&quot;2&quot;:0}},{&quot;1&quot;:0,&quot;2&quot;:0,&quot;3&quot;:3},{&quot;1&quot;:1,&quot;2&quot;:0,&quot;4&quot;:1}]},&quot;8&quot;:{&quot;1&quot;:[{&quot;1&quot;:2,&quot;2&quot;:0,&quot;5&quot;:{&quot;1&quot;:2,&quot;2&quot;:0}},{&quot;1&quot;:0,&quot;2&quot;:0,&quot;3&quot;:3},{&quot;1&quot;:1,&quot;2&quot;:0,&quot;4&quot;:1}]},&quot;10&quot;:2,&quot;15&quot;:&quot;\\&quot;Calibri Light\\&quot;&quot;}\">Red Vall d\u00b4Alba 1 &#8211; Casco Urbano Zona Alta<\/span>\u00a0<span style=\"color: #00ccff;\"><a href=\"https:\/\/www.facsa.com\/municipios\/wp-content\/uploads\/2024\/06\/VA-Info_Red-Vall-d\u00b4Alba-1-Casco-Urbano-Zona-Alta.pdf\" target=\"_blank\" rel=\"noopener\" style=\"color: #00ccff;\" onmouseover=\"this.style.color='#00ccff';\" onmouseout=\"this.style.color='#00ccff';\">Informaci\u00f3n red<\/a><\/span><\/span><\/strong><span style=\"color: #333300;\"><strong><a href=\"https:\/\/www.facsa.com\/municipios\/wp-content\/uploads\/2023\/07\/Red-Alameda-de-la-Sagra-N\u00facleo-Urbano-1.pdf\" target=\"_blank\" rel=\"noopener\" style=\"color: #969696;\" onmouseover=\"this.style.color='#00ccff';\" onmouseout=\"this.style.color='#969696';\"><\/a><\/strong><\/span><span style=\"color: #333300;\"><\/span><strong><span style=\"color: #999999;\"><span style=\"color: #00ccff;\"><\/span><\/span><\/strong><\/p>\n<p style=\"text-align: center;\"><span style=\"color: #00ccff;\"><strong><a href=\"https:\/\/www.facsa.com\/municipios\/wp-content\/uploads\/2024\/06\/Red-Vall-d\u00b4Alba-2-La-Pelechana.pdf\" target=\"_blank\" rel=\"noopener\" style=\"color: #00ccff;\" onmouseover=\"this.style.color='#00ccff';\" onmouseout=\"this.style.color='#00ccff';\">Anal\u00edtica<\/a> <\/strong><\/span><strong><span style=\"color: #999999;\"><span data-sheets-root=\"1\" data-sheets-value=\"{&quot;1&quot;:2,&quot;2&quot;:&quot;Red Bej\u00eds 4 - Masia de los Perez&quot;}\" data-sheets-userformat=\"{&quot;2&quot;:4266,&quot;4&quot;:{&quot;1&quot;:2,&quot;2&quot;:15921906},&quot;6&quot;:{&quot;1&quot;:[{&quot;1&quot;:2,&quot;2&quot;:0,&quot;5&quot;:{&quot;1&quot;:2,&quot;2&quot;:0}},{&quot;1&quot;:0,&quot;2&quot;:0,&quot;3&quot;:3},{&quot;1&quot;:1,&quot;2&quot;:0,&quot;4&quot;:1}]},&quot;8&quot;:{&quot;1&quot;:[{&quot;1&quot;:2,&quot;2&quot;:0,&quot;5&quot;:{&quot;1&quot;:2,&quot;2&quot;:0}},{&quot;1&quot;:0,&quot;2&quot;:0,&quot;3&quot;:3},{&quot;1&quot;:1,&quot;2&quot;:0,&quot;4&quot;:1}]},&quot;10&quot;:2,&quot;15&quot;:&quot;\\&quot;Calibri Light\\&quot;&quot;}\">Red Vall d\u00b4Alba 2 &#8211; La Pelechana<\/span><\/span><span style=\"color: #999999;\">\u00a0<span style=\"color: #00ccff;\"><a href=\"https:\/\/www.facsa.com\/municipios\/wp-content\/uploads\/2024\/06\/VA-Info_Red-Vall-d\u00b4Alba-2-La-Pelechana.pdf\" target=\"_blank\" rel=\"noopener\" style=\"color: #00ccff;\" onmouseover=\"this.style.color='#00ccff';\" onmouseout=\"this.style.color='#00ccff';\">Informaci\u00f3n red<\/a><\/span><\/span><\/strong><span style=\"color: #333300;\"><strong><a href=\"https:\/\/www.facsa.com\/municipios\/wp-content\/uploads\/2023\/07\/Red-Alameda-de-la-Sagra-N\u00facleo-Urbano-1.pdf\" target=\"_blank\" rel=\"noopener\" style=\"color: #969696;\" onmouseover=\"this.style.color='#00ccff';\" onmouseout=\"this.style.color='#969696';\"><\/a><\/strong><\/span><span style=\"color: #333300;\"><strong><a href=\"https:\/\/www.facsa.com\/municipios\/wp-content\/uploads\/2023\/07\/Red-Alameda-de-la-Sagra-N\u00facleo-Urbano-1.pdf\" target=\"_blank\" rel=\"noopener\" style=\"color: #969696;\" onmouseover=\"this.style.color='#00ccff';\" onmouseout=\"this.style.color='#969696';\"><\/a><\/strong><\/span><span style=\"color: #333300;\"><\/span><strong><span style=\"color: #999999;\"><span style=\"color: #00ccff;\"><\/span><\/span><\/strong><strong><span style=\"color: #999999;\"><\/span><\/strong><span style=\"color: #333300;\"><\/span><\/p>\n<p style=\"text-align: center;\"><strong><span style=\"color: #999999;\"><span style=\"color: #00ccff;\"><\/span><\/span><\/strong><\/p>\n<p style=\"text-align: center;\"><strong><span style=\"color: #999999;\"><span style=\"color: #00ccff;\"><\/span><\/span><\/strong><\/p>\n<p>[\/et_pb_text][\/et_pb_column][\/et_pb_row][\/et_pb_section][et_pb_section fb_built=\u00bb1&#8243; module_id=\u00bbvallat\u00bb _builder_version=\u00bb4.16&#8243; _module_preset=\u00bbdefault\u00bb global_colors_info=\u00bb{}\u00bb][et_pb_row _builder_version=\u00bb4.16&#8243; _module_preset=\u00bbdefault\u00bb global_colors_info=\u00bb{}\u00bb][et_pb_column type=\u00bb4_4&#8243; _builder_version=\u00bb4.16&#8243; _module_preset=\u00bbdefault\u00bb global_colors_info=\u00bb{}\u00bb][et_pb_text module_id=\u00bbaresdelmaestrat\u00bb _builder_version=\u00bb4.16&#8243; _module_preset=\u00bbdefault\u00bb text_font_size=\u00bb15px\u00bb header_font_size=\u00bb34px\u00bb custom_margin=\u00bb||21px||false|false\u00bb global_colors_info=\u00bb{}\u00bb]<\/p>\n<h1 style=\"text-align: center;\"><span data-sheets-value=\"{&quot;1&quot;:2,&quot;2&quot;:&quot;Vallat&quot;}\" data-sheets-userformat=\"{&quot;2&quot;:6779,&quot;3&quot;:{&quot;1&quot;:0},&quot;4&quot;:{&quot;1&quot;:2,&quot;2&quot;:15921906},&quot;6&quot;:{&quot;1&quot;:[{&quot;1&quot;:2,&quot;2&quot;:0,&quot;5&quot;:{&quot;1&quot;:2,&quot;2&quot;:0}},{&quot;1&quot;:0,&quot;2&quot;:0,&quot;3&quot;:3},{&quot;1&quot;:1,&quot;2&quot;:0,&quot;4&quot;:1}]},&quot;7&quot;:{&quot;1&quot;:[{&quot;1&quot;:2,&quot;2&quot;:0,&quot;5&quot;:{&quot;1&quot;:2,&quot;2&quot;:0}},{&quot;1&quot;:0,&quot;2&quot;:0,&quot;3&quot;:3},{&quot;1&quot;:1,&quot;2&quot;:0,&quot;4&quot;:1}]},&quot;8&quot;:{&quot;1&quot;:[{&quot;1&quot;:2,&quot;2&quot;:0,&quot;5&quot;:{&quot;1&quot;:2,&quot;2&quot;:0}},{&quot;1&quot;:0,&quot;2&quot;:0,&quot;3&quot;:3},{&quot;1&quot;:1,&quot;2&quot;:0,&quot;4&quot;:1}]},&quot;9&quot;:2,&quot;12&quot;:0,&quot;14&quot;:{&quot;1&quot;:2,&quot;2&quot;:0},&quot;15&quot;:&quot;\\&quot;Calibri Light\\&quot;, sans-serif&quot;}\">Vallat<\/span><\/h1>\n<p>[\/et_pb_text][et_pb_image src=\u00bbhttps:\/\/www.facsa.com\/municipios\/wp-content\/uploads\/2023\/07\/Icono-PDF-pdf.png\u00bb title_text=\u00bbIcono PDF-pdf\u00bb align=\u00bbcenter\u00bb _builder_version=\u00bb4.16&#8243; _module_preset=\u00bbdefault\u00bb width=\u00bb9%\u00bb max_width=\u00bb2%\u00bb custom_margin=\u00bb||25px||false|false\u00bb global_colors_info=\u00bb{}\u00bb][\/et_pb_image][et_pb_text _builder_version=\u00bb4.16&#8243; _module_preset=\u00bbdefault\u00bb custom_padding=\u00bb0px|||||\u00bb locked=\u00bboff\u00bb global_colors_info=\u00bb{}\u00bb]<\/p>\n<p style=\"text-align: center;\"><span style=\"color: #00ccff;\"><strong><a href=\"https:\/\/www.facsa.com\/municipios\/wp-content\/uploads\/2024\/06\/Red-Vallat.pdf\" target=\"_blank\" rel=\"noopener\" style=\"color: #00ccff;\" onmouseover=\"this.style.color='#00ccff';\" onmouseout=\"this.style.color='#00ccff';\">Anal\u00edtica<\/a> <\/strong><\/span><strong>\u00a0<span style=\"color: #999999;\"><span data-sheets-root=\"1\" data-sheets-value=\"{&quot;1&quot;:2,&quot;2&quot;:&quot;Red Bej\u00eds&quot;}\" data-sheets-userformat=\"{&quot;2&quot;:4266,&quot;4&quot;:{&quot;1&quot;:2,&quot;2&quot;:15921906},&quot;6&quot;:{&quot;1&quot;:[{&quot;1&quot;:2,&quot;2&quot;:0,&quot;5&quot;:{&quot;1&quot;:2,&quot;2&quot;:0}},{&quot;1&quot;:0,&quot;2&quot;:0,&quot;3&quot;:3},{&quot;1&quot;:1,&quot;2&quot;:0,&quot;4&quot;:1}]},&quot;8&quot;:{&quot;1&quot;:[{&quot;1&quot;:2,&quot;2&quot;:0,&quot;5&quot;:{&quot;1&quot;:2,&quot;2&quot;:0}},{&quot;1&quot;:0,&quot;2&quot;:0,&quot;3&quot;:3},{&quot;1&quot;:1,&quot;2&quot;:0,&quot;4&quot;:1}]},&quot;10&quot;:2,&quot;15&quot;:&quot;\\&quot;Calibri Light\\&quot;&quot;}\">Red Vallat<\/span>\u00a0<span style=\"color: #00ccff;\"><a href=\"https:\/\/www.facsa.com\/municipios\/wp-content\/uploads\/2024\/06\/VA-Info_red-Vallat.pdf\" target=\"_blank\" rel=\"noopener\" style=\"color: #00ccff;\" onmouseover=\"this.style.color='#00ccff';\" onmouseout=\"this.style.color='#00ccff';\">Informaci\u00f3n red<\/a><\/span><\/span><\/strong><span style=\"color: #333300;\"><strong><a href=\"https:\/\/www.facsa.com\/municipios\/wp-content\/uploads\/2023\/07\/Red-Alameda-de-la-Sagra-N\u00facleo-Urbano-1.pdf\" target=\"_blank\" rel=\"noopener\" style=\"color: #969696;\" onmouseover=\"this.style.color='#00ccff';\" onmouseout=\"this.style.color='#969696';\"><br \/><\/a><\/strong><\/span><span style=\"color: #333300;\"><\/span><strong><span style=\"color: #999999;\"><span style=\"color: #00ccff;\"><\/span><\/span><\/strong><\/p>\n<p style=\"text-align: center;\"><strong><span style=\"color: #999999;\"><span style=\"color: #00ccff;\"><\/span><\/span><\/strong><\/p>\n<p>[\/et_pb_text][\/et_pb_column][\/et_pb_row][\/et_pb_section][et_pb_section fb_built=\u00bb1&#8243; module_id=\u00bbvilafames\u00bb _builder_version=\u00bb4.16&#8243; _module_preset=\u00bbdefault\u00bb global_colors_info=\u00bb{}\u00bb][et_pb_row _builder_version=\u00bb4.16&#8243; _module_preset=\u00bbdefault\u00bb global_colors_info=\u00bb{}\u00bb][et_pb_column type=\u00bb4_4&#8243; _builder_version=\u00bb4.16&#8243; _module_preset=\u00bbdefault\u00bb global_colors_info=\u00bb{}\u00bb][et_pb_text module_id=\u00bbaresdelmaestrat\u00bb _builder_version=\u00bb4.16&#8243; _module_preset=\u00bbdefault\u00bb text_font_size=\u00bb15px\u00bb header_font_size=\u00bb34px\u00bb custom_margin=\u00bb||21px||false|false\u00bb global_colors_info=\u00bb{}\u00bb]<\/p>\n<h1 style=\"text-align: center;\"><span data-sheets-value=\"{&quot;1&quot;:2,&quot;2&quot;:&quot;Vilafam\u00e9s&quot;}\" data-sheets-userformat=\"{&quot;2&quot;:6779,&quot;3&quot;:{&quot;1&quot;:0},&quot;4&quot;:{&quot;1&quot;:2,&quot;2&quot;:15921906},&quot;6&quot;:{&quot;1&quot;:[{&quot;1&quot;:2,&quot;2&quot;:0,&quot;5&quot;:{&quot;1&quot;:2,&quot;2&quot;:0}},{&quot;1&quot;:0,&quot;2&quot;:0,&quot;3&quot;:3},{&quot;1&quot;:1,&quot;2&quot;:0,&quot;4&quot;:1}]},&quot;7&quot;:{&quot;1&quot;:[{&quot;1&quot;:2,&quot;2&quot;:0,&quot;5&quot;:{&quot;1&quot;:2,&quot;2&quot;:0}},{&quot;1&quot;:0,&quot;2&quot;:0,&quot;3&quot;:3},{&quot;1&quot;:1,&quot;2&quot;:0,&quot;4&quot;:1}]},&quot;8&quot;:{&quot;1&quot;:[{&quot;1&quot;:2,&quot;2&quot;:0,&quot;5&quot;:{&quot;1&quot;:2,&quot;2&quot;:0}},{&quot;1&quot;:0,&quot;2&quot;:0,&quot;3&quot;:3},{&quot;1&quot;:1,&quot;2&quot;:0,&quot;4&quot;:1}]},&quot;9&quot;:2,&quot;12&quot;:0,&quot;14&quot;:{&quot;1&quot;:2,&quot;2&quot;:0},&quot;15&quot;:&quot;\\&quot;Calibri Light\\&quot;, sans-serif&quot;}\">Vilafam\u00e9s<\/span><\/h1>\n<p>[\/et_pb_text][et_pb_image src=\u00bbhttps:\/\/www.facsa.com\/municipios\/wp-content\/uploads\/2023\/07\/Icono-PDF-pdf.png\u00bb title_text=\u00bbIcono PDF-pdf\u00bb align=\u00bbcenter\u00bb _builder_version=\u00bb4.16&#8243; _module_preset=\u00bbdefault\u00bb width=\u00bb9%\u00bb max_width=\u00bb2%\u00bb custom_margin=\u00bb||25px||false|false\u00bb global_colors_info=\u00bb{}\u00bb][\/et_pb_image][et_pb_text _builder_version=\u00bb4.16&#8243; _module_preset=\u00bbdefault\u00bb custom_padding=\u00bb0px|||||\u00bb locked=\u00bboff\u00bb global_colors_info=\u00bb{}\u00bb]<\/p>\n<p style=\"text-align: center;\"><span style=\"color: #00ccff;\"><strong><a href=\"https:\/\/www.facsa.com\/municipios\/wp-content\/uploads\/2024\/06\/Red-Vilafam\u00e9s-1.pdf\" target=\"_blank\" rel=\"noopener\" style=\"color: #00ccff;\" onmouseover=\"this.style.color='#00ccff';\" onmouseout=\"this.style.color='#00ccff';\">Anal\u00edtica<\/a> <span style=\"color: #999999;\"><span data-sheets-root=\"1\" data-sheets-value=\"{&quot;1&quot;:2,&quot;2&quot;:&quot;Red Bej\u00eds 2 - Arteas de Abajo&quot;}\" data-sheets-userformat=\"{&quot;2&quot;:4266,&quot;4&quot;:{&quot;1&quot;:2,&quot;2&quot;:15921906},&quot;6&quot;:{&quot;1&quot;:[{&quot;1&quot;:2,&quot;2&quot;:0,&quot;5&quot;:{&quot;1&quot;:2,&quot;2&quot;:0}},{&quot;1&quot;:0,&quot;2&quot;:0,&quot;3&quot;:3},{&quot;1&quot;:1,&quot;2&quot;:0,&quot;4&quot;:1}]},&quot;8&quot;:{&quot;1&quot;:[{&quot;1&quot;:2,&quot;2&quot;:0,&quot;5&quot;:{&quot;1&quot;:2,&quot;2&quot;:0}},{&quot;1&quot;:0,&quot;2&quot;:0,&quot;3&quot;:3},{&quot;1&quot;:1,&quot;2&quot;:0,&quot;4&quot;:1}]},&quot;10&quot;:2,&quot;15&quot;:&quot;\\&quot;Calibri Light\\&quot;&quot;}\">Red Vilafam\u00e9s 1<\/span><\/span><span style=\"color: #999999;\">\u00a0<a href=\"https:\/\/www.facsa.com\/municipios\/wp-content\/uploads\/2024\/06\/VA-Info_Red-Vilafam\u00e9s-1.pdf\" target=\"_blank\" rel=\"noopener\" style=\"color: #00ccff;\" onmouseover=\"this.style.color='#00ccff';\" onmouseout=\"this.style.color='#00ccff';\">Informaci\u00f3n red<\/a><\/span><\/strong><\/span><span style=\"color: #00ccff;\"><strong><\/strong><\/span><\/p>\n<p style=\"text-align: center;\"><span style=\"color: #00ccff;\"><strong><a href=\"https:\/\/www.facsa.com\/municipios\/wp-content\/uploads\/2024\/06\/Red-Vilafam\u00e9s-La-Baseta.pdf\" target=\"_blank\" rel=\"noopener\" style=\"color: #00ccff;\" onmouseover=\"this.style.color='#00ccff';\" onmouseout=\"this.style.color='#00ccff';\">Anal\u00edtica<\/a> <\/strong><\/span><strong>\u00a0<span style=\"color: #999999;\"><span data-sheets-root=\"1\" data-sheets-value=\"{&quot;1&quot;:2,&quot;2&quot;:&quot;Red Bej\u00eds&quot;}\" data-sheets-userformat=\"{&quot;2&quot;:4266,&quot;4&quot;:{&quot;1&quot;:2,&quot;2&quot;:15921906},&quot;6&quot;:{&quot;1&quot;:[{&quot;1&quot;:2,&quot;2&quot;:0,&quot;5&quot;:{&quot;1&quot;:2,&quot;2&quot;:0}},{&quot;1&quot;:0,&quot;2&quot;:0,&quot;3&quot;:3},{&quot;1&quot;:1,&quot;2&quot;:0,&quot;4&quot;:1}]},&quot;8&quot;:{&quot;1&quot;:[{&quot;1&quot;:2,&quot;2&quot;:0,&quot;5&quot;:{&quot;1&quot;:2,&quot;2&quot;:0}},{&quot;1&quot;:0,&quot;2&quot;:0,&quot;3&quot;:3},{&quot;1&quot;:1,&quot;2&quot;:0,&quot;4&quot;:1}]},&quot;10&quot;:2,&quot;15&quot;:&quot;\\&quot;Calibri Light\\&quot;&quot;}\">Red Vilafam\u00e9s &#8211; La Baseta<\/span>\u00a0<span style=\"color: #00ccff;\"><a href=\"https:\/\/www.facsa.com\/municipios\/wp-content\/uploads\/2024\/06\/VA-Info_Red-Vilafam\u00e9s-La-Baseta.pdf\" target=\"_blank\" rel=\"noopener\" style=\"color: #00ccff;\" onmouseover=\"this.style.color='#00ccff';\" onmouseout=\"this.style.color='#00ccff';\">Informaci\u00f3n red<\/a><\/span><\/span><\/strong><span style=\"color: #333300;\"><strong><a href=\"https:\/\/www.facsa.com\/municipios\/wp-content\/uploads\/2023\/07\/Red-Alameda-de-la-Sagra-N\u00facleo-Urbano-1.pdf\" target=\"_blank\" rel=\"noopener\" style=\"color: #969696;\" onmouseover=\"this.style.color='#00ccff';\" onmouseout=\"this.style.color='#969696';\"><\/a><\/strong><\/span><span style=\"color: #333300;\"><\/span><strong><span style=\"color: #999999;\"><span style=\"color: #00ccff;\"><\/span><\/span><\/strong><\/p>\n<p style=\"text-align: center;\"><span style=\"color: #00ccff;\"><strong><a href=\"https:\/\/www.facsa.com\/municipios\/wp-content\/uploads\/2024\/06\/Red-Vilafam\u00e9s-4-Zona-Industrial.pdf\" target=\"_blank\" rel=\"noopener\" style=\"color: #00ccff;\" onmouseover=\"this.style.color='#00ccff';\" onmouseout=\"this.style.color='#00ccff';\">Anal\u00edtica<\/a> <\/strong><\/span><strong><span style=\"color: #999999;\"><span data-sheets-root=\"1\" data-sheets-value=\"{&quot;1&quot;:2,&quot;2&quot;:&quot;Red Bej\u00eds 4 - Masia de los Perez&quot;}\" data-sheets-userformat=\"{&quot;2&quot;:4266,&quot;4&quot;:{&quot;1&quot;:2,&quot;2&quot;:15921906},&quot;6&quot;:{&quot;1&quot;:[{&quot;1&quot;:2,&quot;2&quot;:0,&quot;5&quot;:{&quot;1&quot;:2,&quot;2&quot;:0}},{&quot;1&quot;:0,&quot;2&quot;:0,&quot;3&quot;:3},{&quot;1&quot;:1,&quot;2&quot;:0,&quot;4&quot;:1}]},&quot;8&quot;:{&quot;1&quot;:[{&quot;1&quot;:2,&quot;2&quot;:0,&quot;5&quot;:{&quot;1&quot;:2,&quot;2&quot;:0}},{&quot;1&quot;:0,&quot;2&quot;:0,&quot;3&quot;:3},{&quot;1&quot;:1,&quot;2&quot;:0,&quot;4&quot;:1}]},&quot;10&quot;:2,&quot;15&quot;:&quot;\\&quot;Calibri Light\\&quot;&quot;}\">Red Vilafam\u00e9s 4 &#8211; Zona Industrial<\/span><\/span><span style=\"color: #999999;\">\u00a0<span style=\"color: #00ccff;\"><a href=\"https:\/\/www.facsa.com\/municipios\/wp-content\/uploads\/2024\/06\/VA-Info_Red-Vilafam\u00e9s-4-Zona-Industrial.pdf\" target=\"_blank\" rel=\"noopener\" style=\"color: #00ccff;\" onmouseover=\"this.style.color='#00ccff';\" onmouseout=\"this.style.color='#00ccff';\">Informaci\u00f3n red<\/a><\/span><\/span><\/strong><span style=\"color: #333300;\"><strong><a href=\"https:\/\/www.facsa.com\/municipios\/wp-content\/uploads\/2023\/07\/Red-Alameda-de-la-Sagra-N\u00facleo-Urbano-1.pdf\" target=\"_blank\" rel=\"noopener\" style=\"color: #969696;\" onmouseover=\"this.style.color='#00ccff';\" onmouseout=\"this.style.color='#969696';\"><\/a><\/strong><\/span><span style=\"color: #333300;\"><strong><a href=\"https:\/\/www.facsa.com\/municipios\/wp-content\/uploads\/2023\/07\/Red-Alameda-de-la-Sagra-N\u00facleo-Urbano-1.pdf\" target=\"_blank\" rel=\"noopener\" style=\"color: #969696;\" onmouseover=\"this.style.color='#00ccff';\" onmouseout=\"this.style.color='#969696';\"><\/a><\/strong><\/span><span style=\"color: #333300;\"><\/span><strong><span style=\"color: #999999;\"><span style=\"color: #00ccff;\"><\/span><\/span><\/strong><strong><span style=\"color: #999999;\"><\/span><\/strong><span style=\"color: #333300;\"><\/span><\/p>\n<p style=\"text-align: center;\"><strong><span style=\"color: #999999;\"><span style=\"color: #00ccff;\"><\/span><\/span><\/strong><\/p>\n<p style=\"text-align: center;\"><strong><span style=\"color: #999999;\"><span style=\"color: #00ccff;\"><\/span><\/span><\/strong><\/p>\n<p>[\/et_pb_text][\/et_pb_column][\/et_pb_row][\/et_pb_section][et_pb_section fb_built=\u00bb1&#8243; module_id=\u00bbvilafrancavillafrancadelcid\u00bb _builder_version=\u00bb4.16&#8243; _module_preset=\u00bbdefault\u00bb global_colors_info=\u00bb{}\u00bb][et_pb_row _builder_version=\u00bb4.16&#8243; _module_preset=\u00bbdefault\u00bb global_colors_info=\u00bb{}\u00bb][et_pb_column type=\u00bb4_4&#8243; _builder_version=\u00bb4.16&#8243; _module_preset=\u00bbdefault\u00bb global_colors_info=\u00bb{}\u00bb][et_pb_text module_id=\u00bbaresdelmaestrat\u00bb _builder_version=\u00bb4.25.2&#8243; _module_preset=\u00bbdefault\u00bb text_font_size=\u00bb15px\u00bb header_font_size=\u00bb34px\u00bb custom_margin=\u00bb||21px||false|false\u00bb global_colors_info=\u00bb{}\u00bb]<\/p>\n<h1 style=\"text-align: center;\"><span data-sheets-value=\"{&quot;1&quot;:2,&quot;2&quot;:&quot;Vilafranca\/Villafranca del Cid&quot;}\" data-sheets-userformat=\"{&quot;2&quot;:6779,&quot;3&quot;:{&quot;1&quot;:0},&quot;4&quot;:{&quot;1&quot;:2,&quot;2&quot;:15921906},&quot;6&quot;:{&quot;1&quot;:[{&quot;1&quot;:2,&quot;2&quot;:0,&quot;5&quot;:{&quot;1&quot;:2,&quot;2&quot;:0}},{&quot;1&quot;:0,&quot;2&quot;:0,&quot;3&quot;:3},{&quot;1&quot;:1,&quot;2&quot;:0,&quot;4&quot;:1}]},&quot;7&quot;:{&quot;1&quot;:[{&quot;1&quot;:2,&quot;2&quot;:0,&quot;5&quot;:{&quot;1&quot;:2,&quot;2&quot;:0}},{&quot;1&quot;:0,&quot;2&quot;:0,&quot;3&quot;:3},{&quot;1&quot;:1,&quot;2&quot;:0,&quot;4&quot;:1}]},&quot;8&quot;:{&quot;1&quot;:[{&quot;1&quot;:2,&quot;2&quot;:0,&quot;5&quot;:{&quot;1&quot;:2,&quot;2&quot;:0}},{&quot;1&quot;:0,&quot;2&quot;:0,&quot;3&quot;:3},{&quot;1&quot;:1,&quot;2&quot;:0,&quot;4&quot;:1}]},&quot;9&quot;:2,&quot;12&quot;:0,&quot;14&quot;:{&quot;1&quot;:2,&quot;2&quot;:0},&quot;15&quot;:&quot;\\&quot;Calibri Light\\&quot;, sans-serif&quot;}\">Vilafranca<\/span><\/h1>\n<p>[\/et_pb_text][et_pb_image src=\u00bbhttps:\/\/www.facsa.com\/municipios\/wp-content\/uploads\/2023\/07\/Icono-PDF-pdf.png\u00bb title_text=\u00bbIcono PDF-pdf\u00bb align=\u00bbcenter\u00bb _builder_version=\u00bb4.16&#8243; _module_preset=\u00bbdefault\u00bb width=\u00bb9%\u00bb max_width=\u00bb2%\u00bb custom_margin=\u00bb||25px||false|false\u00bb global_colors_info=\u00bb{}\u00bb][\/et_pb_image][et_pb_text _builder_version=\u00bb4.25.2&#8243; _module_preset=\u00bbdefault\u00bb custom_padding=\u00bb0px|||||\u00bb locked=\u00bboff\u00bb global_colors_info=\u00bb{}\u00bb]<\/p>\n<p style=\"text-align: center;\"><span style=\"color: #00ccff;\"><strong><a href=\"https:\/\/www.facsa.com\/municipios\/wp-content\/uploads\/2024\/06\/Red-Vilafranca-y-Barrio-del-Llosar.pdf\" target=\"_blank\" rel=\"noopener\" style=\"color: #00ccff;\" onmouseover=\"this.style.color='#00ccff';\" onmouseout=\"this.style.color='#00ccff';\">Anal\u00edtica<\/a> <span style=\"color: #999999;\"><span data-sheets-root=\"1\" data-sheets-value=\"{&quot;1&quot;:2,&quot;2&quot;:&quot;Red Bej\u00eds 2 - Arteas de Abajo&quot;}\" data-sheets-userformat=\"{&quot;2&quot;:4266,&quot;4&quot;:{&quot;1&quot;:2,&quot;2&quot;:15921906},&quot;6&quot;:{&quot;1&quot;:[{&quot;1&quot;:2,&quot;2&quot;:0,&quot;5&quot;:{&quot;1&quot;:2,&quot;2&quot;:0}},{&quot;1&quot;:0,&quot;2&quot;:0,&quot;3&quot;:3},{&quot;1&quot;:1,&quot;2&quot;:0,&quot;4&quot;:1}]},&quot;8&quot;:{&quot;1&quot;:[{&quot;1&quot;:2,&quot;2&quot;:0,&quot;5&quot;:{&quot;1&quot;:2,&quot;2&quot;:0}},{&quot;1&quot;:0,&quot;2&quot;:0,&quot;3&quot;:3},{&quot;1&quot;:1,&quot;2&quot;:0,&quot;4&quot;:1}]},&quot;10&quot;:2,&quot;15&quot;:&quot;\\&quot;Calibri Light\\&quot;&quot;}\">Red Vilafranca y Barrio del Llosar<\/span><\/span><span style=\"color: #999999;\">\u00a0<a href=\"https:\/\/www.facsa.com\/municipios\/wp-content\/uploads\/2024\/06\/VA-Info_Red-Villafranca-2-Barrio-del-Llosar.pdf\" target=\"_blank\" rel=\"noopener\" style=\"color: #00ccff;\" onmouseover=\"this.style.color='#00ccff';\" onmouseout=\"this.style.color='#00ccff';\">Informaci\u00f3n red<\/a><\/span><\/strong><\/span><span style=\"color: #00ccff;\"><strong><\/strong><\/span><\/p>\n<p style=\"text-align: center;\"><span style=\"color: #00ccff;\"><strong><a href=\"https:\/\/www.facsa.com\/municipios\/wp-content\/uploads\/2024\/06\/Red-Villafranca-3-Puebla-San-Miguel.pdf\" target=\"_blank\" rel=\"noopener\" style=\"color: #00ccff;\" onmouseover=\"this.style.color='#00ccff';\" onmouseout=\"this.style.color='#00ccff';\">Anal\u00edtica<\/a> <\/strong><\/span><strong>\u00a0<span style=\"color: #999999;\"><span data-sheets-root=\"1\" data-sheets-value=\"{&quot;1&quot;:2,&quot;2&quot;:&quot;Red Bej\u00eds&quot;}\" data-sheets-userformat=\"{&quot;2&quot;:4266,&quot;4&quot;:{&quot;1&quot;:2,&quot;2&quot;:15921906},&quot;6&quot;:{&quot;1&quot;:[{&quot;1&quot;:2,&quot;2&quot;:0,&quot;5&quot;:{&quot;1&quot;:2,&quot;2&quot;:0}},{&quot;1&quot;:0,&quot;2&quot;:0,&quot;3&quot;:3},{&quot;1&quot;:1,&quot;2&quot;:0,&quot;4&quot;:1}]},&quot;8&quot;:{&quot;1&quot;:[{&quot;1&quot;:2,&quot;2&quot;:0,&quot;5&quot;:{&quot;1&quot;:2,&quot;2&quot;:0}},{&quot;1&quot;:0,&quot;2&quot;:0,&quot;3&quot;:3},{&quot;1&quot;:1,&quot;2&quot;:0,&quot;4&quot;:1}]},&quot;10&quot;:2,&quot;15&quot;:&quot;\\&quot;Calibri Light\\&quot;&quot;}\">Red Villafranca 3 &#8211; Puebla San Miguel<\/span>\u00a0<span style=\"color: #00ccff;\"><a href=\"https:\/\/www.facsa.com\/municipios\/wp-content\/uploads\/2024\/06\/VA-Info_Red-Villafranca-3-Puebla-San-Miguel.pdf\" target=\"_blank\" rel=\"noopener\" style=\"color: #00ccff;\" onmouseover=\"this.style.color='#00ccff';\" onmouseout=\"this.style.color='#00ccff';\">Informaci\u00f3n red<\/a><\/span><\/span><\/strong><span style=\"color: #333300;\"><strong><a href=\"https:\/\/www.facsa.com\/municipios\/wp-content\/uploads\/2023\/07\/Red-Alameda-de-la-Sagra-N\u00facleo-Urbano-1.pdf\" target=\"_blank\" rel=\"noopener\" style=\"color: #969696;\" onmouseover=\"this.style.color='#00ccff';\" onmouseout=\"this.style.color='#969696';\"><\/a><\/strong><\/span><span style=\"color: #333300;\"><\/span><strong><span style=\"color: #999999;\"><span style=\"color: #00ccff;\"><\/span><\/span><\/strong><\/p>\n<p style=\"text-align: center;\"><strong><span style=\"color: #999999;\"><span style=\"color: #00ccff;\"><\/span><\/span><\/strong><\/p>\n<p style=\"text-align: center;\"><strong><span style=\"color: #999999;\"><span style=\"color: #00ccff;\"><\/span><\/span><\/strong><\/p>\n<p>[\/et_pb_text][\/et_pb_column][\/et_pb_row][\/et_pb_section][et_pb_section fb_built=\u00bb1&#8243; module_id=\u00bbvilanovadalcolea\u00bb _builder_version=\u00bb4.16&#8243; _module_preset=\u00bbdefault\u00bb global_colors_info=\u00bb{}\u00bb][et_pb_row _builder_version=\u00bb4.16&#8243; _module_preset=\u00bbdefault\u00bb global_colors_info=\u00bb{}\u00bb][et_pb_column type=\u00bb4_4&#8243; _builder_version=\u00bb4.16&#8243; _module_preset=\u00bbdefault\u00bb global_colors_info=\u00bb{}\u00bb][et_pb_text module_id=\u00bbaresdelmaestrat\u00bb _builder_version=\u00bb4.16&#8243; _module_preset=\u00bbdefault\u00bb text_font_size=\u00bb15px\u00bb header_font_size=\u00bb34px\u00bb custom_margin=\u00bb||21px||false|false\u00bb global_colors_info=\u00bb{}\u00bb]<\/p>\n<h1 style=\"text-align: center;\"><span data-sheets-value=\"{&quot;1&quot;:2,&quot;2&quot;:&quot;Vilanova d'Alcolea&quot;}\" data-sheets-userformat=\"{&quot;2&quot;:6779,&quot;3&quot;:{&quot;1&quot;:0},&quot;4&quot;:{&quot;1&quot;:2,&quot;2&quot;:15921906},&quot;6&quot;:{&quot;1&quot;:[{&quot;1&quot;:2,&quot;2&quot;:0,&quot;5&quot;:{&quot;1&quot;:2,&quot;2&quot;:0}},{&quot;1&quot;:0,&quot;2&quot;:0,&quot;3&quot;:3},{&quot;1&quot;:1,&quot;2&quot;:0,&quot;4&quot;:1}]},&quot;7&quot;:{&quot;1&quot;:[{&quot;1&quot;:2,&quot;2&quot;:0,&quot;5&quot;:{&quot;1&quot;:2,&quot;2&quot;:0}},{&quot;1&quot;:0,&quot;2&quot;:0,&quot;3&quot;:3},{&quot;1&quot;:1,&quot;2&quot;:0,&quot;4&quot;:1}]},&quot;8&quot;:{&quot;1&quot;:[{&quot;1&quot;:2,&quot;2&quot;:0,&quot;5&quot;:{&quot;1&quot;:2,&quot;2&quot;:0}},{&quot;1&quot;:0,&quot;2&quot;:0,&quot;3&quot;:3},{&quot;1&quot;:1,&quot;2&quot;:0,&quot;4&quot;:1}]},&quot;9&quot;:2,&quot;12&quot;:0,&quot;14&quot;:{&quot;1&quot;:2,&quot;2&quot;:0},&quot;15&quot;:&quot;\\&quot;Calibri Light\\&quot;, sans-serif&quot;}\">Vilanova d&#8217;Alcolea<\/span><\/h1>\n<p>[\/et_pb_text][et_pb_image src=\u00bbhttps:\/\/www.facsa.com\/municipios\/wp-content\/uploads\/2023\/07\/Icono-PDF-pdf.png\u00bb title_text=\u00bbIcono PDF-pdf\u00bb align=\u00bbcenter\u00bb _builder_version=\u00bb4.16&#8243; _module_preset=\u00bbdefault\u00bb width=\u00bb9%\u00bb max_width=\u00bb2%\u00bb custom_margin=\u00bb||25px||false|false\u00bb global_colors_info=\u00bb{}\u00bb][\/et_pb_image][et_pb_text _builder_version=\u00bb4.16&#8243; _module_preset=\u00bbdefault\u00bb custom_padding=\u00bb0px|||||\u00bb locked=\u00bboff\u00bb global_colors_info=\u00bb{}\u00bb]<\/p>\n<p style=\"text-align: center;\"><span style=\"color: #00ccff;\"><strong><a href=\"https:\/\/www.facsa.com\/municipios\/wp-content\/uploads\/2024\/06\/Red-Vilanova-d\u2019Alcolea-Pueblo.pdf\" target=\"_blank\" rel=\"noopener\" style=\"color: #00ccff;\" onmouseover=\"this.style.color='#00ccff';\" onmouseout=\"this.style.color='#00ccff';\">Anal\u00edtica<\/a> <\/strong><\/span><strong>\u00a0<span style=\"color: #999999;\"><span data-sheets-root=\"1\" data-sheets-value=\"{&quot;1&quot;:2,&quot;2&quot;:&quot;Red Bej\u00eds&quot;}\" data-sheets-userformat=\"{&quot;2&quot;:4266,&quot;4&quot;:{&quot;1&quot;:2,&quot;2&quot;:15921906},&quot;6&quot;:{&quot;1&quot;:[{&quot;1&quot;:2,&quot;2&quot;:0,&quot;5&quot;:{&quot;1&quot;:2,&quot;2&quot;:0}},{&quot;1&quot;:0,&quot;2&quot;:0,&quot;3&quot;:3},{&quot;1&quot;:1,&quot;2&quot;:0,&quot;4&quot;:1}]},&quot;8&quot;:{&quot;1&quot;:[{&quot;1&quot;:2,&quot;2&quot;:0,&quot;5&quot;:{&quot;1&quot;:2,&quot;2&quot;:0}},{&quot;1&quot;:0,&quot;2&quot;:0,&quot;3&quot;:3},{&quot;1&quot;:1,&quot;2&quot;:0,&quot;4&quot;:1}]},&quot;10&quot;:2,&quot;15&quot;:&quot;\\&quot;Calibri Light\\&quot;&quot;}\">Red Vilanova d\u2019Alcolea &#8211; Pueblo<\/span>\u00a0<span style=\"color: #00ccff;\"><a href=\"https:\/\/www.facsa.com\/municipios\/wp-content\/uploads\/2024\/06\/VA-Info_Red-Vilanova-d\u2019Alcolea-Pueblo.pdf\" target=\"_blank\" rel=\"noopener\" style=\"color: #00ccff;\" onmouseover=\"this.style.color='#00ccff';\" onmouseout=\"this.style.color='#00ccff';\">Informaci\u00f3n red<\/a><\/span><\/span><\/strong><span style=\"color: #333300;\"><strong><a href=\"https:\/\/www.facsa.com\/municipios\/wp-content\/uploads\/2023\/07\/Red-Alameda-de-la-Sagra-N\u00facleo-Urbano-1.pdf\" target=\"_blank\" rel=\"noopener\" style=\"color: #969696;\" onmouseover=\"this.style.color='#00ccff';\" onmouseout=\"this.style.color='#969696';\"><br \/><\/a><\/strong><\/span><span style=\"color: #333300;\"><\/span><strong><span style=\"color: #999999;\"><span style=\"color: #00ccff;\"><\/span><\/span><\/strong><\/p>\n<p style=\"text-align: center;\"><strong><span style=\"color: #999999;\"><span style=\"color: #00ccff;\"><\/span><\/span><\/strong><\/p>\n<p>[\/et_pb_text][\/et_pb_column][\/et_pb_row][\/et_pb_section][et_pb_section fb_built=\u00bb1&#8243; module_id=\u00bbvilareal\u00bb _builder_version=\u00bb4.16&#8243; _module_preset=\u00bbdefault\u00bb global_colors_info=\u00bb{}\u00bb][et_pb_row _builder_version=\u00bb4.16&#8243; _module_preset=\u00bbdefault\u00bb global_colors_info=\u00bb{}\u00bb][et_pb_column type=\u00bb4_4&#8243; _builder_version=\u00bb4.16&#8243; _module_preset=\u00bbdefault\u00bb global_colors_info=\u00bb{}\u00bb][et_pb_text module_id=\u00bbaresdelmaestrat\u00bb _builder_version=\u00bb4.16&#8243; _module_preset=\u00bbdefault\u00bb text_font_size=\u00bb15px\u00bb header_font_size=\u00bb34px\u00bb custom_margin=\u00bb||21px||false|false\u00bb global_colors_info=\u00bb{}\u00bb]<\/p>\n<h1 style=\"text-align: center;\"><span data-sheets-value=\"{&quot;1&quot;:2,&quot;2&quot;:&quot;Vila-Real&quot;}\" data-sheets-userformat=\"{&quot;2&quot;:6779,&quot;3&quot;:{&quot;1&quot;:0},&quot;4&quot;:{&quot;1&quot;:2,&quot;2&quot;:15921906},&quot;6&quot;:{&quot;1&quot;:[{&quot;1&quot;:2,&quot;2&quot;:0,&quot;5&quot;:{&quot;1&quot;:2,&quot;2&quot;:0}},{&quot;1&quot;:0,&quot;2&quot;:0,&quot;3&quot;:3},{&quot;1&quot;:1,&quot;2&quot;:0,&quot;4&quot;:1}]},&quot;7&quot;:{&quot;1&quot;:[{&quot;1&quot;:2,&quot;2&quot;:0,&quot;5&quot;:{&quot;1&quot;:2,&quot;2&quot;:0}},{&quot;1&quot;:0,&quot;2&quot;:0,&quot;3&quot;:3},{&quot;1&quot;:1,&quot;2&quot;:0,&quot;4&quot;:1}]},&quot;8&quot;:{&quot;1&quot;:[{&quot;1&quot;:2,&quot;2&quot;:0,&quot;5&quot;:{&quot;1&quot;:2,&quot;2&quot;:0}},{&quot;1&quot;:0,&quot;2&quot;:0,&quot;3&quot;:3},{&quot;1&quot;:1,&quot;2&quot;:0,&quot;4&quot;:1}]},&quot;9&quot;:2,&quot;12&quot;:0,&quot;14&quot;:{&quot;1&quot;:2,&quot;2&quot;:0},&quot;15&quot;:&quot;\\&quot;Calibri Light\\&quot;, sans-serif&quot;}\">Vila-Real<\/span><\/h1>\n<p>[\/et_pb_text][et_pb_image src=\u00bbhttps:\/\/www.facsa.com\/municipios\/wp-content\/uploads\/2023\/07\/Icono-PDF-pdf.png\u00bb title_text=\u00bbIcono PDF-pdf\u00bb align=\u00bbcenter\u00bb _builder_version=\u00bb4.16&#8243; _module_preset=\u00bbdefault\u00bb width=\u00bb9%\u00bb max_width=\u00bb2%\u00bb custom_margin=\u00bb||25px||false|false\u00bb global_colors_info=\u00bb{}\u00bb][\/et_pb_image][et_pb_text _builder_version=\u00bb4.16&#8243; _module_preset=\u00bbdefault\u00bb custom_padding=\u00bb0px|||||\u00bb locked=\u00bboff\u00bb global_colors_info=\u00bb{}\u00bb]<\/p>\n<p style=\"text-align: center;\"><span style=\"color: #00ccff;\"><strong><a href=\"https:\/\/www.facsa.com\/municipios\/wp-content\/uploads\/2024\/06\/Red-Vila-real.pdf\" target=\"_blank\" rel=\"noopener\" style=\"color: #00ccff;\" onmouseover=\"this.style.color='#00ccff';\" onmouseout=\"this.style.color='#00ccff';\">Anal\u00edtica<\/a> <\/strong><\/span><strong>\u00a0<span style=\"color: #999999;\"><span data-sheets-root=\"1\" data-sheets-value=\"{&quot;1&quot;:2,&quot;2&quot;:&quot;Red Bej\u00eds&quot;}\" data-sheets-userformat=\"{&quot;2&quot;:4266,&quot;4&quot;:{&quot;1&quot;:2,&quot;2&quot;:15921906},&quot;6&quot;:{&quot;1&quot;:[{&quot;1&quot;:2,&quot;2&quot;:0,&quot;5&quot;:{&quot;1&quot;:2,&quot;2&quot;:0}},{&quot;1&quot;:0,&quot;2&quot;:0,&quot;3&quot;:3},{&quot;1&quot;:1,&quot;2&quot;:0,&quot;4&quot;:1}]},&quot;8&quot;:{&quot;1&quot;:[{&quot;1&quot;:2,&quot;2&quot;:0,&quot;5&quot;:{&quot;1&quot;:2,&quot;2&quot;:0}},{&quot;1&quot;:0,&quot;2&quot;:0,&quot;3&quot;:3},{&quot;1&quot;:1,&quot;2&quot;:0,&quot;4&quot;:1}]},&quot;10&quot;:2,&quot;15&quot;:&quot;\\&quot;Calibri Light\\&quot;&quot;}\">Red Vila-Real<\/span>\u00a0<span style=\"color: #00ccff;\"><a href=\"https:\/\/www.facsa.com\/municipios\/wp-content\/uploads\/2024\/06\/VA-Info_Red-Vila-real.pdf\" target=\"_blank\" rel=\"noopener\" style=\"color: #00ccff;\" onmouseover=\"this.style.color='#00ccff';\" onmouseout=\"this.style.color='#00ccff';\">Informaci\u00f3n red<\/a><\/span><\/span><\/strong><span style=\"color: #333300;\"><strong><a href=\"https:\/\/www.facsa.com\/municipios\/wp-content\/uploads\/2023\/07\/Red-Alameda-de-la-Sagra-N\u00facleo-Urbano-1.pdf\" target=\"_blank\" rel=\"noopener\" style=\"color: #969696;\" onmouseover=\"this.style.color='#00ccff';\" onmouseout=\"this.style.color='#969696';\"><br \/><\/a><\/strong><\/span><span style=\"color: #333300;\"><\/span><strong><span style=\"color: #999999;\"><span style=\"color: #00ccff;\"><\/span><\/span><\/strong><\/p>\n<p style=\"text-align: center;\"><span style=\"color: #00ccff;\"><strong><a href=\"https:\/\/www.facsa.com\/municipios\/wp-content\/uploads\/2024\/06\/Red-Vila-real-2-Ermita-Virgen-de-Gracia.pdf\" target=\"_blank\" rel=\"noopener\" style=\"color: #00ccff;\" onmouseover=\"this.style.color='#00ccff';\" onmouseout=\"this.style.color='#00ccff';\">Anal\u00edtica<\/a> <\/strong><\/span><strong><span style=\"color: #999999;\"><span data-sheets-root=\"1\" data-sheets-value=\"{&quot;1&quot;:2,&quot;2&quot;:&quot;Red Bej\u00eds 2 - Arteas de Abajo&quot;}\" data-sheets-userformat=\"{&quot;2&quot;:4266,&quot;4&quot;:{&quot;1&quot;:2,&quot;2&quot;:15921906},&quot;6&quot;:{&quot;1&quot;:[{&quot;1&quot;:2,&quot;2&quot;:0,&quot;5&quot;:{&quot;1&quot;:2,&quot;2&quot;:0}},{&quot;1&quot;:0,&quot;2&quot;:0,&quot;3&quot;:3},{&quot;1&quot;:1,&quot;2&quot;:0,&quot;4&quot;:1}]},&quot;8&quot;:{&quot;1&quot;:[{&quot;1&quot;:2,&quot;2&quot;:0,&quot;5&quot;:{&quot;1&quot;:2,&quot;2&quot;:0}},{&quot;1&quot;:0,&quot;2&quot;:0,&quot;3&quot;:3},{&quot;1&quot;:1,&quot;2&quot;:0,&quot;4&quot;:1}]},&quot;10&quot;:2,&quot;15&quot;:&quot;\\&quot;Calibri Light\\&quot;&quot;}\">Red Vila-Real 2 &#8211; Ermita Virgen de Gracia<\/span><\/span><span style=\"color: #999999;\">\u00a0<span style=\"color: #00ccff;\"><a href=\"https:\/\/www.facsa.com\/municipios\/wp-content\/uploads\/2024\/06\/VA-Info_Red-Vila-real-2-Ermita-Virgen-de-Gracia.pdf\" target=\"_blank\" rel=\"noopener\" style=\"color: #00ccff;\" onmouseover=\"this.style.color='#00ccff';\" onmouseout=\"this.style.color='#00ccff';\">Informaci\u00f3n red<\/a><\/span><\/span><\/strong><span style=\"color: #333300;\"><strong><a href=\"https:\/\/www.facsa.com\/municipios\/wp-content\/uploads\/2023\/07\/Red-Alameda-de-la-Sagra-N\u00facleo-Urbano-1.pdf\" target=\"_blank\" rel=\"noopener\" style=\"color: #969696;\" onmouseover=\"this.style.color='#00ccff';\" onmouseout=\"this.style.color='#969696';\"><\/a><\/strong><\/span><span style=\"color: #333300;\"><\/span><strong><span style=\"color: #999999;\"><span style=\"color: #00ccff;\"><\/span><\/span><\/strong><\/p>\n<p style=\"text-align: center;\"><strong><span style=\"color: #999999;\"><span style=\"color: #00ccff;\"><\/span><\/span><\/strong><\/p>\n<p style=\"text-align: center;\"><strong><span style=\"color: #999999;\"><span style=\"color: #00ccff;\"><\/span><\/span><\/strong><\/p>\n<p>[\/et_pb_text][\/et_pb_column][\/et_pb_row][\/et_pb_section][et_pb_section fb_built=\u00bb1&#8243; module_id=\u00bbvilavella\u00bb _builder_version=\u00bb4.16&#8243; _module_preset=\u00bbdefault\u00bb global_colors_info=\u00bb{}\u00bb][et_pb_row _builder_version=\u00bb4.16&#8243; _module_preset=\u00bbdefault\u00bb global_colors_info=\u00bb{}\u00bb][et_pb_column type=\u00bb4_4&#8243; _builder_version=\u00bb4.16&#8243; _module_preset=\u00bbdefault\u00bb global_colors_info=\u00bb{}\u00bb][et_pb_text module_id=\u00bbaresdelmaestrat\u00bb _builder_version=\u00bb4.16&#8243; _module_preset=\u00bbdefault\u00bb text_font_size=\u00bb15px\u00bb header_font_size=\u00bb34px\u00bb custom_margin=\u00bb||21px||false|false\u00bb global_colors_info=\u00bb{}\u00bb]<\/p>\n<h1 style=\"text-align: center;\"><span data-sheets-value=\"{&quot;1&quot;:2,&quot;2&quot;:&quot;Vilavella (La)&quot;}\" data-sheets-userformat=\"{&quot;2&quot;:6779,&quot;3&quot;:{&quot;1&quot;:0},&quot;4&quot;:{&quot;1&quot;:2,&quot;2&quot;:15921906},&quot;6&quot;:{&quot;1&quot;:[{&quot;1&quot;:2,&quot;2&quot;:0,&quot;5&quot;:{&quot;1&quot;:2,&quot;2&quot;:0}},{&quot;1&quot;:0,&quot;2&quot;:0,&quot;3&quot;:3},{&quot;1&quot;:1,&quot;2&quot;:0,&quot;4&quot;:1}]},&quot;7&quot;:{&quot;1&quot;:[{&quot;1&quot;:2,&quot;2&quot;:0,&quot;5&quot;:{&quot;1&quot;:2,&quot;2&quot;:0}},{&quot;1&quot;:0,&quot;2&quot;:0,&quot;3&quot;:3},{&quot;1&quot;:1,&quot;2&quot;:0,&quot;4&quot;:1}]},&quot;8&quot;:{&quot;1&quot;:[{&quot;1&quot;:2,&quot;2&quot;:0,&quot;5&quot;:{&quot;1&quot;:2,&quot;2&quot;:0}},{&quot;1&quot;:0,&quot;2&quot;:0,&quot;3&quot;:3},{&quot;1&quot;:1,&quot;2&quot;:0,&quot;4&quot;:1}]},&quot;9&quot;:2,&quot;12&quot;:0,&quot;14&quot;:{&quot;1&quot;:2,&quot;2&quot;:0},&quot;15&quot;:&quot;\\&quot;Calibri Light\\&quot;, sans-serif&quot;}\">Vilavella<\/span><\/h1>\n<p>[\/et_pb_text][et_pb_image src=\u00bbhttps:\/\/www.facsa.com\/municipios\/wp-content\/uploads\/2023\/07\/Icono-PDF-pdf.png\u00bb title_text=\u00bbIcono PDF-pdf\u00bb align=\u00bbcenter\u00bb _builder_version=\u00bb4.16&#8243; _module_preset=\u00bbdefault\u00bb width=\u00bb9%\u00bb max_width=\u00bb2%\u00bb custom_margin=\u00bb||25px||false|false\u00bb global_colors_info=\u00bb{}\u00bb][\/et_pb_image][et_pb_text _builder_version=\u00bb4.25.2&#8243; _module_preset=\u00bbdefault\u00bb global_colors_info=\u00bb{}\u00bb]<\/p>\n<p style=\"text-align: center; margin-top: 10px;\"><span style=\"color: #333300;\"><span style=\"color: #00ccff;\"><strong><a href=\"https:\/\/www.facsa.com\/municipios\/wp-content\/uploads\/2024\/06\/Red-La-Vilavella-Nucleo-Urbano.pdf\" target=\"_blank\" rel=\"noopener\" style=\"color: #00ccff;\" onmouseover=\"this.style.color='#00ccff';\" onmouseout=\"this.style.color='#00ccff';\">Anal\u00edtica<\/a> <\/strong><\/span><strong><span style=\"color: #999999;\"><span data-sheets-root=\"1\" data-sheets-value=\"{&quot;1&quot;:2,&quot;2&quot;:&quot;Red Bej\u00eds 4 - Masia de los Perez&quot;}\" data-sheets-userformat=\"{&quot;2&quot;:4266,&quot;4&quot;:{&quot;1&quot;:2,&quot;2&quot;:15921906},&quot;6&quot;:{&quot;1&quot;:[{&quot;1&quot;:2,&quot;2&quot;:0,&quot;5&quot;:{&quot;1&quot;:2,&quot;2&quot;:0}},{&quot;1&quot;:0,&quot;2&quot;:0,&quot;3&quot;:3},{&quot;1&quot;:1,&quot;2&quot;:0,&quot;4&quot;:1}]},&quot;8&quot;:{&quot;1&quot;:[{&quot;1&quot;:2,&quot;2&quot;:0,&quot;5&quot;:{&quot;1&quot;:2,&quot;2&quot;:0}},{&quot;1&quot;:0,&quot;2&quot;:0,&quot;3&quot;:3},{&quot;1&quot;:1,&quot;2&quot;:0,&quot;4&quot;:1}]},&quot;10&quot;:2,&quot;15&quot;:&quot;\\&quot;Calibri Light\\&quot;&quot;}\">Red La Vilavella &#8211; Nucleo Urbano<\/span><\/span><span style=\"color: #999999;\">\u00a0<span style=\"color: #00ccff;\"><a href=\"https:\/\/www.facsa.com\/municipios\/wp-content\/uploads\/2024\/06\/VA-Info_Red_La_Vilavella_Red_Esquina_Forn_Nou-CV_224.pdf\" target=\"_blank\" rel=\"noopener\" style=\"color: #00ccff;\" onmouseover=\"this.style.color='#00ccff';\" onmouseout=\"this.style.color='#00ccff';\">Informaci\u00f3n red<\/a><\/span><\/span><\/strong><\/span><\/p>\n<p>[\/et_pb_text][\/et_pb_column][\/et_pb_row][\/et_pb_section][et_pb_section fb_built=\u00bb1&#8243; module_id=\u00bbvinaros\u00bb _builder_version=\u00bb4.16&#8243; _module_preset=\u00bbdefault\u00bb global_colors_info=\u00bb{}\u00bb][et_pb_row _builder_version=\u00bb4.16&#8243; _module_preset=\u00bbdefault\u00bb global_colors_info=\u00bb{}\u00bb][et_pb_column type=\u00bb4_4&#8243; _builder_version=\u00bb4.16&#8243; _module_preset=\u00bbdefault\u00bb global_colors_info=\u00bb{}\u00bb][et_pb_text module_id=\u00bbaresdelmaestrat\u00bb _builder_version=\u00bb4.16&#8243; _module_preset=\u00bbdefault\u00bb text_font_size=\u00bb15px\u00bb header_font_size=\u00bb34px\u00bb custom_margin=\u00bb||21px||false|false\u00bb global_colors_info=\u00bb{}\u00bb]<\/p>\n<h1 style=\"text-align: center;\"><span data-sheets-value=\"{&quot;1&quot;:2,&quot;2&quot;:&quot;Vinar\u00f2s&quot;}\" data-sheets-userformat=\"{&quot;2&quot;:6779,&quot;3&quot;:{&quot;1&quot;:0},&quot;4&quot;:{&quot;1&quot;:2,&quot;2&quot;:15921906},&quot;6&quot;:{&quot;1&quot;:[{&quot;1&quot;:2,&quot;2&quot;:0,&quot;5&quot;:{&quot;1&quot;:2,&quot;2&quot;:0}},{&quot;1&quot;:0,&quot;2&quot;:0,&quot;3&quot;:3},{&quot;1&quot;:1,&quot;2&quot;:0,&quot;4&quot;:1}]},&quot;7&quot;:{&quot;1&quot;:[{&quot;1&quot;:2,&quot;2&quot;:0,&quot;5&quot;:{&quot;1&quot;:2,&quot;2&quot;:0}},{&quot;1&quot;:0,&quot;2&quot;:0,&quot;3&quot;:3},{&quot;1&quot;:1,&quot;2&quot;:0,&quot;4&quot;:1}]},&quot;8&quot;:{&quot;1&quot;:[{&quot;1&quot;:2,&quot;2&quot;:0,&quot;5&quot;:{&quot;1&quot;:2,&quot;2&quot;:0}},{&quot;1&quot;:0,&quot;2&quot;:0,&quot;3&quot;:3},{&quot;1&quot;:1,&quot;2&quot;:0,&quot;4&quot;:1}]},&quot;9&quot;:2,&quot;12&quot;:0,&quot;14&quot;:{&quot;1&quot;:2,&quot;2&quot;:0},&quot;15&quot;:&quot;\\&quot;Calibri Light\\&quot;, sans-serif&quot;}\">Vinar\u00f2s<\/span><\/h1>\n<p>[\/et_pb_text][et_pb_image src=\u00bbhttps:\/\/www.facsa.com\/municipios\/wp-content\/uploads\/2023\/07\/Icono-PDF-pdf.png\u00bb title_text=\u00bbIcono PDF-pdf\u00bb align=\u00bbcenter\u00bb _builder_version=\u00bb4.16&#8243; _module_preset=\u00bbdefault\u00bb width=\u00bb9%\u00bb max_width=\u00bb2%\u00bb custom_margin=\u00bb||25px||false|false\u00bb global_colors_info=\u00bb{}\u00bb][\/et_pb_image][et_pb_text _builder_version=\u00bb4.25.2&#8243; _module_preset=\u00bbdefault\u00bb custom_padding=\u00bb0px|||||\u00bb locked=\u00bboff\u00bb global_colors_info=\u00bb{}\u00bb]<\/p>\n<p style=\"text-align: center;\"><span style=\"color: #00ccff;\"><strong><a href=\"https:\/\/www.facsa.com\/municipios\/wp-content\/uploads\/2024\/06\/Red-Vinar\u00f2s-1.pdf\" target=\"_blank\" rel=\"noopener\" style=\"color: #00ccff;\" onmouseover=\"this.style.color='#00ccff';\" onmouseout=\"this.style.color='#00ccff';\">Anal\u00edtica<\/a> <span style=\"color: #999999;\"><span data-sheets-root=\"1\" data-sheets-value=\"{&quot;1&quot;:2,&quot;2&quot;:&quot;Red Bej\u00eds 2 - Arteas de Abajo&quot;}\" data-sheets-userformat=\"{&quot;2&quot;:4266,&quot;4&quot;:{&quot;1&quot;:2,&quot;2&quot;:15921906},&quot;6&quot;:{&quot;1&quot;:[{&quot;1&quot;:2,&quot;2&quot;:0,&quot;5&quot;:{&quot;1&quot;:2,&quot;2&quot;:0}},{&quot;1&quot;:0,&quot;2&quot;:0,&quot;3&quot;:3},{&quot;1&quot;:1,&quot;2&quot;:0,&quot;4&quot;:1}]},&quot;8&quot;:{&quot;1&quot;:[{&quot;1&quot;:2,&quot;2&quot;:0,&quot;5&quot;:{&quot;1&quot;:2,&quot;2&quot;:0}},{&quot;1&quot;:0,&quot;2&quot;:0,&quot;3&quot;:3},{&quot;1&quot;:1,&quot;2&quot;:0,&quot;4&quot;:1}]},&quot;10&quot;:2,&quot;15&quot;:&quot;\\&quot;Calibri Light\\&quot;&quot;}\">Red Vinar\u00f2s<\/span><\/span><span style=\"color: #999999;\">\u00a0<a href=\"https:\/\/www.facsa.com\/municipios\/wp-content\/uploads\/2024\/06\/VA-Info-Red-Vinar\u00f2s-1.pdf\" target=\"_blank\" rel=\"noopener\" style=\"color: #00ccff;\" onmouseover=\"this.style.color='#00ccff';\" onmouseout=\"this.style.color='#00ccff';\">Informaci\u00f3n red<\/a><\/span><\/strong><\/span><span style=\"color: #00ccff;\"><strong><\/strong><\/span><\/p>\n<p style=\"text-align: center;\"><span style=\"color: #00ccff;\"><strong><a href=\"https:\/\/www.facsa.com\/municipios\/wp-content\/uploads\/2024\/06\/Red-Ermita-Vinar\u00f2s-1.pdf\" target=\"_blank\" rel=\"noopener\" style=\"color: #00ccff;\" onmouseover=\"this.style.color='#00ccff';\" onmouseout=\"this.style.color='#00ccff';\">Anal\u00edtica<\/a> <\/strong><\/span><strong>\u00a0<span style=\"color: #999999;\"><span data-sheets-root=\"1\" data-sheets-value=\"{&quot;1&quot;:2,&quot;2&quot;:&quot;Red Bej\u00eds&quot;}\" data-sheets-userformat=\"{&quot;2&quot;:4266,&quot;4&quot;:{&quot;1&quot;:2,&quot;2&quot;:15921906},&quot;6&quot;:{&quot;1&quot;:[{&quot;1&quot;:2,&quot;2&quot;:0,&quot;5&quot;:{&quot;1&quot;:2,&quot;2&quot;:0}},{&quot;1&quot;:0,&quot;2&quot;:0,&quot;3&quot;:3},{&quot;1&quot;:1,&quot;2&quot;:0,&quot;4&quot;:1}]},&quot;8&quot;:{&quot;1&quot;:[{&quot;1&quot;:2,&quot;2&quot;:0,&quot;5&quot;:{&quot;1&quot;:2,&quot;2&quot;:0}},{&quot;1&quot;:0,&quot;2&quot;:0,&quot;3&quot;:3},{&quot;1&quot;:1,&quot;2&quot;:0,&quot;4&quot;:1}]},&quot;10&quot;:2,&quot;15&quot;:&quot;\\&quot;Calibri Light\\&quot;&quot;}\">Red Ermita &#8211; Vinar\u00f2s<\/span>\u00a0<span style=\"color: #00ccff;\"><a href=\"https:\/\/www.facsa.com\/municipios\/wp-content\/uploads\/2024\/06\/VA-Info-Red-Ermita-Vinar\u00f2s-1.pdf\" target=\"_blank\" rel=\"noopener\" style=\"color: #00ccff;\" onmouseover=\"this.style.color='#00ccff';\" onmouseout=\"this.style.color='#00ccff';\">Informaci\u00f3n red<\/a><\/span><\/span><\/strong><span style=\"color: #333300;\"><strong><a href=\"https:\/\/www.facsa.com\/municipios\/wp-content\/uploads\/2023\/07\/Red-Alameda-de-la-Sagra-N\u00facleo-Urbano-1.pdf\" target=\"_blank\" rel=\"noopener\" style=\"color: #969696;\" onmouseover=\"this.style.color='#00ccff';\" onmouseout=\"this.style.color='#969696';\"><\/a><\/strong><\/span><span style=\"color: #333300;\"><\/span><strong><span style=\"color: #999999;\"><span style=\"color: #00ccff;\"><\/span><\/span><\/strong><\/p>\n<p style=\"text-align: center;\"><span style=\"color: #00ccff;\"><strong><a href=\"https:\/\/www.facsa.com\/municipios\/wp-content\/uploads\/2024\/06\/Red-Vinar\u00f2s-5-Pol\u00edgono-Planes-Altes-1.pdf\" target=\"_blank\" rel=\"noopener\" style=\"color: #00ccff;\" onmouseover=\"this.style.color='#00ccff';\" onmouseout=\"this.style.color='#00ccff';\">Anal\u00edtica<\/a> <\/strong><\/span><strong><span style=\"color: #999999;\"><span data-sheets-root=\"1\" data-sheets-value=\"{&quot;1&quot;:2,&quot;2&quot;:&quot;Red Bej\u00eds 4 - Masia de los Perez&quot;}\" data-sheets-userformat=\"{&quot;2&quot;:4266,&quot;4&quot;:{&quot;1&quot;:2,&quot;2&quot;:15921906},&quot;6&quot;:{&quot;1&quot;:[{&quot;1&quot;:2,&quot;2&quot;:0,&quot;5&quot;:{&quot;1&quot;:2,&quot;2&quot;:0}},{&quot;1&quot;:0,&quot;2&quot;:0,&quot;3&quot;:3},{&quot;1&quot;:1,&quot;2&quot;:0,&quot;4&quot;:1}]},&quot;8&quot;:{&quot;1&quot;:[{&quot;1&quot;:2,&quot;2&quot;:0,&quot;5&quot;:{&quot;1&quot;:2,&quot;2&quot;:0}},{&quot;1&quot;:0,&quot;2&quot;:0,&quot;3&quot;:3},{&quot;1&quot;:1,&quot;2&quot;:0,&quot;4&quot;:1}]},&quot;10&quot;:2,&quot;15&quot;:&quot;\\&quot;Calibri Light\\&quot;&quot;}\">Red Vinar\u00f2s 5 &#8211; Pol\u00edgono Planes Altes<\/span><\/span><span style=\"color: #999999;\">\u00a0<span style=\"color: #00ccff;\"><a href=\"https:\/\/www.facsa.com\/municipios\/wp-content\/uploads\/2024\/06\/VA-Info-Red-Vinaros-5-Poligono-Planes-Altes.pdf\" target=\"_blank\" rel=\"noopener\" style=\"color: #00ccff;\" onmouseover=\"this.style.color='#00ccff';\" onmouseout=\"this.style.color='#00ccff';\">Informaci\u00f3n red<\/a><\/span><\/span><\/strong><span style=\"color: #333300;\"><strong><a href=\"https:\/\/www.facsa.com\/municipios\/wp-content\/uploads\/2023\/07\/Red-Alameda-de-la-Sagra-N\u00facleo-Urbano-1.pdf\" target=\"_blank\" rel=\"noopener\" style=\"color: #969696;\" onmouseover=\"this.style.color='#00ccff';\" onmouseout=\"this.style.color='#969696';\"><\/a><\/strong><\/span><span style=\"color: #333300;\"><strong><a href=\"https:\/\/www.facsa.com\/municipios\/wp-content\/uploads\/2023\/07\/Red-Alameda-de-la-Sagra-N\u00facleo-Urbano-1.pdf\" target=\"_blank\" rel=\"noopener\" style=\"color: #969696;\" onmouseover=\"this.style.color='#00ccff';\" onmouseout=\"this.style.color='#969696';\"><\/a><\/strong><\/span><span style=\"color: #333300;\"><\/span><strong><span style=\"color: #999999;\"><span style=\"color: #00ccff;\"><\/span><\/span><\/strong><strong><span style=\"color: #999999;\"><\/span><\/strong><span style=\"color: #333300;\"><\/span><\/p>\n<p style=\"text-align: center;\"><strong><span style=\"color: #999999;\"><span style=\"color: #00ccff;\"><\/span><\/span><\/strong><\/p>\n<p style=\"text-align: center;\"><strong><span style=\"color: #999999;\"><span style=\"color: #00ccff;\"><\/span><\/span><\/strong><\/p>\n<p>[\/et_pb_text][\/et_pb_column][\/et_pb_row][\/et_pb_section][et_pb_section fb_built=\u00bb1&#8243; module_id=\u00bbxilxes\u00bb _builder_version=\u00bb4.16&#8243; _module_preset=\u00bbdefault\u00bb global_colors_info=\u00bb{}\u00bb][et_pb_row _builder_version=\u00bb4.16&#8243; _module_preset=\u00bbdefault\u00bb global_colors_info=\u00bb{}\u00bb][et_pb_column type=\u00bb4_4&#8243; _builder_version=\u00bb4.16&#8243; _module_preset=\u00bbdefault\u00bb global_colors_info=\u00bb{}\u00bb][et_pb_text module_id=\u00bbaresdelmaestrat\u00bb _builder_version=\u00bb4.16&#8243; _module_preset=\u00bbdefault\u00bb text_font_size=\u00bb15px\u00bb header_font_size=\u00bb34px\u00bb custom_margin=\u00bb||21px||false|false\u00bb global_colors_info=\u00bb{}\u00bb]<\/p>\n<h1 style=\"text-align: center;\"><span data-sheets-value=\"{&quot;1&quot;:2,&quot;2&quot;:&quot;Xilxes&quot;}\" data-sheets-userformat=\"{&quot;2&quot;:6779,&quot;3&quot;:{&quot;1&quot;:0},&quot;4&quot;:{&quot;1&quot;:2,&quot;2&quot;:15921906},&quot;6&quot;:{&quot;1&quot;:[{&quot;1&quot;:2,&quot;2&quot;:0,&quot;5&quot;:{&quot;1&quot;:2,&quot;2&quot;:0}},{&quot;1&quot;:0,&quot;2&quot;:0,&quot;3&quot;:3},{&quot;1&quot;:1,&quot;2&quot;:0,&quot;4&quot;:1}]},&quot;7&quot;:{&quot;1&quot;:[{&quot;1&quot;:2,&quot;2&quot;:0,&quot;5&quot;:{&quot;1&quot;:2,&quot;2&quot;:0}},{&quot;1&quot;:0,&quot;2&quot;:0,&quot;3&quot;:3},{&quot;1&quot;:1,&quot;2&quot;:0,&quot;4&quot;:1}]},&quot;8&quot;:{&quot;1&quot;:[{&quot;1&quot;:2,&quot;2&quot;:0,&quot;5&quot;:{&quot;1&quot;:2,&quot;2&quot;:0}},{&quot;1&quot;:0,&quot;2&quot;:0,&quot;3&quot;:3},{&quot;1&quot;:1,&quot;2&quot;:0,&quot;4&quot;:1}]},&quot;9&quot;:2,&quot;12&quot;:0,&quot;14&quot;:{&quot;1&quot;:2,&quot;2&quot;:0},&quot;15&quot;:&quot;\\&quot;Calibri Light\\&quot;, sans-serif&quot;}\">Xilxes<\/span><\/h1>\n<p>[\/et_pb_text][et_pb_image src=\u00bbhttps:\/\/www.facsa.com\/municipios\/wp-content\/uploads\/2023\/07\/Icono-PDF-pdf.png\u00bb title_text=\u00bbIcono PDF-pdf\u00bb align=\u00bbcenter\u00bb _builder_version=\u00bb4.16&#8243; _module_preset=\u00bbdefault\u00bb width=\u00bb9%\u00bb max_width=\u00bb2%\u00bb custom_margin=\u00bb||25px||false|false\u00bb global_colors_info=\u00bb{}\u00bb][\/et_pb_image][et_pb_text _builder_version=\u00bb4.16&#8243; _module_preset=\u00bbdefault\u00bb custom_padding=\u00bb0px|||||\u00bb locked=\u00bboff\u00bb global_colors_info=\u00bb{}\u00bb]<\/p>\n<p style=\"text-align: center;\"><span style=\"color: #00ccff;\"><strong><a href=\"https:\/\/www.facsa.com\/municipios\/wp-content\/uploads\/2024\/06\/Red-Xilxes-Pueblo-y-Playa.pdf\" target=\"_blank\" rel=\"noopener\" style=\"color: #00ccff;\" onmouseover=\"this.style.color='#00ccff';\" onmouseout=\"this.style.color='#00ccff';\">Anal\u00edtica<\/a> <\/strong><\/span><strong>\u00a0<span style=\"color: #999999;\"><span data-sheets-root=\"1\" data-sheets-value=\"{&quot;1&quot;:2,&quot;2&quot;:&quot;Red Bej\u00eds&quot;}\" data-sheets-userformat=\"{&quot;2&quot;:4266,&quot;4&quot;:{&quot;1&quot;:2,&quot;2&quot;:15921906},&quot;6&quot;:{&quot;1&quot;:[{&quot;1&quot;:2,&quot;2&quot;:0,&quot;5&quot;:{&quot;1&quot;:2,&quot;2&quot;:0}},{&quot;1&quot;:0,&quot;2&quot;:0,&quot;3&quot;:3},{&quot;1&quot;:1,&quot;2&quot;:0,&quot;4&quot;:1}]},&quot;8&quot;:{&quot;1&quot;:[{&quot;1&quot;:2,&quot;2&quot;:0,&quot;5&quot;:{&quot;1&quot;:2,&quot;2&quot;:0}},{&quot;1&quot;:0,&quot;2&quot;:0,&quot;3&quot;:3},{&quot;1&quot;:1,&quot;2&quot;:0,&quot;4&quot;:1}]},&quot;10&quot;:2,&quot;15&quot;:&quot;\\&quot;Calibri Light\\&quot;&quot;}\">Red Xilxes Pueblo y Playa<\/span>\u00a0<span style=\"color: #00ccff;\"><a href=\"https:\/\/www.facsa.com\/municipios\/wp-content\/uploads\/2024\/06\/VA-Info_Red_Red-Xilxes-Pueblo-y-Playa.pdf\" target=\"_blank\" rel=\"noopener\" style=\"color: #00ccff;\" onmouseover=\"this.style.color='#00ccff';\" onmouseout=\"this.style.color='#00ccff';\">Informaci\u00f3n red<\/a><\/span><\/span><\/strong><span style=\"color: #333300;\"><strong><a href=\"https:\/\/www.facsa.com\/municipios\/wp-content\/uploads\/2023\/07\/Red-Alameda-de-la-Sagra-N\u00facleo-Urbano-1.pdf\" target=\"_blank\" rel=\"noopener\" style=\"color: #969696;\" onmouseover=\"this.style.color='#00ccff';\" onmouseout=\"this.style.color='#969696';\"><br \/><\/a><\/strong><\/span><span style=\"color: #333300;\"><\/span><strong><span style=\"color: #999999;\"><span style=\"color: #00ccff;\"><\/span><\/span><\/strong><\/p>\n<p style=\"text-align: center;\"><strong><span style=\"color: #999999;\"><span style=\"color: #00ccff;\"><\/span><\/span><\/strong><\/p>\n<p>[\/et_pb_text][\/et_pb_column][\/et_pb_row][\/et_pb_section]<\/p>\n","protected":false},"excerpt":{"rendered":"<p>La\u00a0Qualitat de l&#8217;Aigua\u00a0de consum est\u00e0 regulada en tots els pa\u00efsos de la UE per una mateixa normativa comunit\u00e0ria, la Directiva 2020\/2184\/CE. Aquesta normativa parteix de les recomanacions de l&#8217;Organitzaci\u00f3 Mundial de la Salut (OMS) i s&#8217;articula a Espanya a trav\u00e9s del Reial decret 3\/2023 de 10 de gener, pel qual s&#8217;estableixen els criteris t\u00e8cnic-sanitaris de [&hellip;]<\/p>\n","protected":false},"author":4,"featured_media":0,"parent":0,"menu_order":0,"comment_status":"closed","ping_status":"closed","template":"","meta":{"_et_pb_use_builder":"on","_et_pb_old_content":"","_et_gb_content_width":"","footnotes":""},"class_list":["post-13330","page","type-page","status-publish","hentry"],"yoast_head":"<!-- This site is optimized with the Yoast SEO plugin v26.7 - https:\/\/yoast.com\/wordpress\/plugins\/seo\/ -->\n<title>Qualitat de l\u00b4aigua - Municipios FACSA<\/title>\n<meta name=\"robots\" content=\"index, follow, max-snippet:-1, max-image-preview:large, max-video-preview:-1\" \/>\n<link rel=\"canonical\" href=\"https:\/\/www.facsa.com\/municipios\/qualitat-de-laigua\/\" \/>\n<meta property=\"og:locale\" content=\"es_ES\" \/>\n<meta property=\"og:type\" content=\"article\" \/>\n<meta property=\"og:title\" content=\"Qualitat de l\u00b4aigua - Municipios FACSA\" \/>\n<meta property=\"og:description\" content=\"La\u00a0Qualitat de l&#039;Aigua\u00a0de consum est\u00e0 regulada en tots els pa\u00efsos de la UE per una mateixa normativa comunit\u00e0ria, la Directiva 2020\/2184\/CE. Aquesta normativa parteix de les recomanacions de l&#039;Organitzaci\u00f3 Mundial de la Salut (OMS) i s&#039;articula a Espanya a trav\u00e9s del Reial decret 3\/2023 de 10 de gener, pel qual s&#039;estableixen els criteris t\u00e8cnic-sanitaris de [&hellip;]\" \/>\n<meta property=\"og:url\" content=\"https:\/\/www.facsa.com\/municipios\/qualitat-de-laigua\/\" \/>\n<meta property=\"og:site_name\" content=\"Municipios FACSA\" \/>\n<meta property=\"article:modified_time\" content=\"2024-09-20T03:46:58+00:00\" \/>\n<meta name=\"twitter:card\" content=\"summary_large_image\" \/>\n<meta name=\"twitter:label1\" content=\"Tiempo de lectura\" \/>\n\t<meta name=\"twitter:data1\" content=\"53 minutos\" \/>\n<script type=\"application\/ld+json\" class=\"yoast-schema-graph\">{\"@context\":\"https:\/\/schema.org\",\"@graph\":[{\"@type\":\"WebPage\",\"@id\":\"https:\/\/www.facsa.com\/municipios\/qualitat-de-laigua\/\",\"url\":\"https:\/\/www.facsa.com\/municipios\/qualitat-de-laigua\/\",\"name\":\"Qualitat de l\u00b4aigua - Municipios FACSA\",\"isPartOf\":{\"@id\":\"https:\/\/www.facsa.com\/municipios\/#website\"},\"datePublished\":\"2023-07-19T15:13:33+00:00\",\"dateModified\":\"2024-09-20T03:46:58+00:00\",\"breadcrumb\":{\"@id\":\"https:\/\/www.facsa.com\/municipios\/qualitat-de-laigua\/#breadcrumb\"},\"inLanguage\":\"es\",\"potentialAction\":[{\"@type\":\"ReadAction\",\"target\":[\"https:\/\/www.facsa.com\/municipios\/qualitat-de-laigua\/\"]}]},{\"@type\":\"BreadcrumbList\",\"@id\":\"https:\/\/www.facsa.com\/municipios\/qualitat-de-laigua\/#breadcrumb\",\"itemListElement\":[{\"@type\":\"ListItem\",\"position\":1,\"name\":\"Portada\",\"item\":\"https:\/\/www.facsa.com\/municipios\/almassora\/\"},{\"@type\":\"ListItem\",\"position\":2,\"name\":\"Qualitat de l\u00b4aigua\"}]},{\"@type\":\"WebSite\",\"@id\":\"https:\/\/www.facsa.com\/municipios\/#website\",\"url\":\"https:\/\/www.facsa.com\/municipios\/\",\"name\":\"Municipios FACSA\",\"description\":\"Web de municipios de Facsa\",\"potentialAction\":[{\"@type\":\"SearchAction\",\"target\":{\"@type\":\"EntryPoint\",\"urlTemplate\":\"https:\/\/www.facsa.com\/municipios\/?s={search_term_string}\"},\"query-input\":{\"@type\":\"PropertyValueSpecification\",\"valueRequired\":true,\"valueName\":\"search_term_string\"}}],\"inLanguage\":\"es\"}]}<\/script>\n<!-- \/ Yoast SEO plugin. -->","yoast_head_json":{"title":"Qualitat de l\u00b4aigua - Municipios FACSA","robots":{"index":"index","follow":"follow","max-snippet":"max-snippet:-1","max-image-preview":"max-image-preview:large","max-video-preview":"max-video-preview:-1"},"canonical":"https:\/\/www.facsa.com\/municipios\/qualitat-de-laigua\/","og_locale":"es_ES","og_type":"article","og_title":"Qualitat de l\u00b4aigua - Municipios FACSA","og_description":"La\u00a0Qualitat de l'Aigua\u00a0de consum est\u00e0 regulada en tots els pa\u00efsos de la UE per una mateixa normativa comunit\u00e0ria, la Directiva 2020\/2184\/CE. Aquesta normativa parteix de les recomanacions de l'Organitzaci\u00f3 Mundial de la Salut (OMS) i s'articula a Espanya a trav\u00e9s del Reial decret 3\/2023 de 10 de gener, pel qual s'estableixen els criteris t\u00e8cnic-sanitaris de [&hellip;]","og_url":"https:\/\/www.facsa.com\/municipios\/qualitat-de-laigua\/","og_site_name":"Municipios FACSA","article_modified_time":"2024-09-20T03:46:58+00:00","twitter_card":"summary_large_image","twitter_misc":{"Tiempo de lectura":"53 minutos"},"schema":{"@context":"https:\/\/schema.org","@graph":[{"@type":"WebPage","@id":"https:\/\/www.facsa.com\/municipios\/qualitat-de-laigua\/","url":"https:\/\/www.facsa.com\/municipios\/qualitat-de-laigua\/","name":"Qualitat de l\u00b4aigua - Municipios FACSA","isPartOf":{"@id":"https:\/\/www.facsa.com\/municipios\/#website"},"datePublished":"2023-07-19T15:13:33+00:00","dateModified":"2024-09-20T03:46:58+00:00","breadcrumb":{"@id":"https:\/\/www.facsa.com\/municipios\/qualitat-de-laigua\/#breadcrumb"},"inLanguage":"es","potentialAction":[{"@type":"ReadAction","target":["https:\/\/www.facsa.com\/municipios\/qualitat-de-laigua\/"]}]},{"@type":"BreadcrumbList","@id":"https:\/\/www.facsa.com\/municipios\/qualitat-de-laigua\/#breadcrumb","itemListElement":[{"@type":"ListItem","position":1,"name":"Portada","item":"https:\/\/www.facsa.com\/municipios\/almassora\/"},{"@type":"ListItem","position":2,"name":"Qualitat de l\u00b4aigua"}]},{"@type":"WebSite","@id":"https:\/\/www.facsa.com\/municipios\/#website","url":"https:\/\/www.facsa.com\/municipios\/","name":"Municipios FACSA","description":"Web de municipios de Facsa","potentialAction":[{"@type":"SearchAction","target":{"@type":"EntryPoint","urlTemplate":"https:\/\/www.facsa.com\/municipios\/?s={search_term_string}"},"query-input":{"@type":"PropertyValueSpecification","valueRequired":true,"valueName":"search_term_string"}}],"inLanguage":"es"}]}},"_links":{"self":[{"href":"https:\/\/www.facsa.com\/municipios\/wp-json\/wp\/v2\/pages\/13330","targetHints":{"allow":["GET"]}}],"collection":[{"href":"https:\/\/www.facsa.com\/municipios\/wp-json\/wp\/v2\/pages"}],"about":[{"href":"https:\/\/www.facsa.com\/municipios\/wp-json\/wp\/v2\/types\/page"}],"author":[{"embeddable":true,"href":"https:\/\/www.facsa.com\/municipios\/wp-json\/wp\/v2\/users\/4"}],"replies":[{"embeddable":true,"href":"https:\/\/www.facsa.com\/municipios\/wp-json\/wp\/v2\/comments?post=13330"}],"version-history":[{"count":79,"href":"https:\/\/www.facsa.com\/municipios\/wp-json\/wp\/v2\/pages\/13330\/revisions"}],"predecessor-version":[{"id":15534,"href":"https:\/\/www.facsa.com\/municipios\/wp-json\/wp\/v2\/pages\/13330\/revisions\/15534"}],"wp:attachment":[{"href":"https:\/\/www.facsa.com\/municipios\/wp-json\/wp\/v2\/media?parent=13330"}],"curies":[{"name":"wp","href":"https:\/\/api.w.org\/{rel}","templated":true}]}}